{"version":"1.0","provider_name":"\u00c9quipe Canada | Site officiel de l&#039;\u00e9quipe olympique","provider_url":"https:\/\/preprod.olympic.ca\/olympique","author_name":"Paula Nichols","author_url":"https:\/\/preprod.olympic.ca\/olympique\/author\/pnichols\/","title":"Karat\u00e9 - \u00c9quipe Canada | Site officiel de l&#039;\u00e9quipe olympique","type":"rich","width":600,"height":338,"html":"<blockquote class=\"wp-embedded-content\" data-secret=\"fDOXdRZ5G6\"><a href=\"https:\/\/preprod.olympic.ca\/olympique\/sports\/karate\/\">Karat\u00e9<\/a><\/blockquote><iframe sandbox=\"allow-scripts\" security=\"restricted\" src=\"https:\/\/preprod.olympic.ca\/olympique\/sports\/karate\/embed\/#?secret=fDOXdRZ5G6\" width=\"600\" height=\"338\" title=\"\u00ab\u00a0Karat\u00e9\u00a0\u00bb &#8212; \u00c9quipe Canada | Site officiel de l&#039;\u00e9quipe olympique\" data-secret=\"fDOXdRZ5G6\" frameborder=\"0\" marginwidth=\"0\" marginheight=\"0\" scrolling=\"no\" class=\"wp-embedded-content\"><\/iframe><script type=\"text\/javascript\">\n\/* <![CDATA[ *\/\n\/*! This file is auto-generated *\/\n!function(d,l){\"use strict\";l.querySelector&&d.addEventListener&&\"undefined\"!=typeof URL&&(d.wp=d.wp||{},d.wp.receiveEmbedMessage||(d.wp.receiveEmbedMessage=function(e){var t=e.data;if((t||t.secret||t.message||t.value)&&!\/[^a-zA-Z0-9]\/.test(t.secret)){for(var s,r,n,a=l.querySelectorAll('iframe[data-secret=\"'+t.secret+'\"]'),o=l.querySelectorAll('blockquote[data-secret=\"'+t.secret+'\"]'),c=new RegExp(\"^https?:$\",\"i\"),i=0;i<o.length;i++)o[i].style.display=\"none\";for(i=0;i<a.length;i++)s=a[i],e.source===s.contentWindow&&(s.removeAttribute(\"style\"),\"height\"===t.message?(1e3<(r=parseInt(t.value,10))?r=1e3:~~r<200&&(r=200),s.height=r):\"link\"===t.message&&(r=new URL(s.getAttribute(\"src\")),n=new URL(t.value),c.test(n.protocol))&&n.host===r.host&&l.activeElement===s&&(d.top.location.href=t.value))}},d.addEventListener(\"message\",d.wp.receiveEmbedMessage,!1),l.addEventListener(\"DOMContentLoaded\",function(){for(var e,t,s=l.querySelectorAll(\"iframe.wp-embedded-content\"),r=0;r<s.length;r++)(t=(e=s[r]).getAttribute(\"data-secret\"))||(t=Math.random().toString(36).substring(2,12),e.src+=\"#?secret=\"+t,e.setAttribute(\"data-secret\",t)),e.contentWindow.postMessage({message:\"ready\",secret:t},\"*\")},!1)))}(window,document);\n\/\/# sourceURL=https:\/\/preprod.olympic.ca\/olympique\/wp-includes\/js\/wp-embed.min.js\n\/* ]]> *\/\n<\/script>\n","thumbnail_url":"https:\/\/preprod.olympic.ca\/olympique\/wp-content\/uploads\/sites\/2\/2011\/08\/equipe-canada-karate.jpg?quality=100","thumbnail_width":1010,"thumbnail_height":568,"description":"Le karat\u00e9 fera ses premiers pas olympiques dans sa terre natale \u00e0 l\u2019occasion des Jeux de Tokyo 2020. Cet art martial tire ses origines d\u2019une r\u00e9gion qu\u2019on appelle aujourd\u2019hui la pr\u00e9fecture d\u2019Okinawa au Japon."}