{"version":"1.0","provider_name":"\u00c9quipe Canada | Site officiel de l&#039;\u00e9quipe olympique","provider_url":"https:\/\/preprod.olympic.ca\/olympique","author_name":"Florence Gauthier","author_url":"https:\/\/preprod.olympic.ca\/olympique\/author\/florencegauthier\/","title":"Audrey Robichaud - \u00c9quipe Canada | Site officiel de l&#039;\u00e9quipe olympique","type":"rich","width":600,"height":338,"html":"<blockquote class=\"wp-embedded-content\" data-secret=\"nQCNfZpRZv\"><a href=\"https:\/\/preprod.olympic.ca\/olympique\/team-canada\/audrey-robichaud\/\">Audrey Robichaud<\/a><\/blockquote><iframe sandbox=\"allow-scripts\" security=\"restricted\" src=\"https:\/\/preprod.olympic.ca\/olympique\/team-canada\/audrey-robichaud\/embed\/#?secret=nQCNfZpRZv\" width=\"600\" height=\"338\" title=\"\u00ab\u00a0Audrey Robichaud\u00a0\u00bb &#8212; \u00c9quipe Canada | Site officiel de l&#039;\u00e9quipe olympique\" data-secret=\"nQCNfZpRZv\" frameborder=\"0\" marginwidth=\"0\" marginheight=\"0\" scrolling=\"no\" class=\"wp-embedded-content\"><\/iframe><script type=\"text\/javascript\">\n\/* <![CDATA[ *\/\n\/*! This file is auto-generated *\/\n!function(d,l){\"use strict\";l.querySelector&&d.addEventListener&&\"undefined\"!=typeof URL&&(d.wp=d.wp||{},d.wp.receiveEmbedMessage||(d.wp.receiveEmbedMessage=function(e){var t=e.data;if((t||t.secret||t.message||t.value)&&!\/[^a-zA-Z0-9]\/.test(t.secret)){for(var s,r,n,a=l.querySelectorAll('iframe[data-secret=\"'+t.secret+'\"]'),o=l.querySelectorAll('blockquote[data-secret=\"'+t.secret+'\"]'),c=new RegExp(\"^https?:$\",\"i\"),i=0;i<o.length;i++)o[i].style.display=\"none\";for(i=0;i<a.length;i++)s=a[i],e.source===s.contentWindow&&(s.removeAttribute(\"style\"),\"height\"===t.message?(1e3<(r=parseInt(t.value,10))?r=1e3:~~r<200&&(r=200),s.height=r):\"link\"===t.message&&(r=new URL(s.getAttribute(\"src\")),n=new URL(t.value),c.test(n.protocol))&&n.host===r.host&&l.activeElement===s&&(d.top.location.href=t.value))}},d.addEventListener(\"message\",d.wp.receiveEmbedMessage,!1),l.addEventListener(\"DOMContentLoaded\",function(){for(var e,t,s=l.querySelectorAll(\"iframe.wp-embedded-content\"),r=0;r<s.length;r++)(t=(e=s[r]).getAttribute(\"data-secret\"))||(t=Math.random().toString(36).substring(2,12),e.src+=\"#?secret=\"+t,e.setAttribute(\"data-secret\",t)),e.contentWindow.postMessage({message:\"ready\",secret:t},\"*\")},!1)))}(window,document);\n\/\/# sourceURL=https:\/\/preprod.olympic.ca\/olympique\/wp-includes\/js\/wp-embed.min.js\n\/* ]]> *\/\n<\/script>\n","thumbnail_url":"https:\/\/preprod.olympic.ca\/olympique\/wp-content\/uploads\/sites\/2\/2014\/01\/audrey_robichaud_action_2006_1340px.jpg?quality=100","thumbnail_width":1340,"thumbnail_height":765,"description":"Apr\u00e8s ses d\u00e9buts olympiques \u00e0 Turin\u00a02006 \u00e0 l\u2019\u00e2ge de 17\u00a0ans, Audrey Robichaud est retourn\u00e9e aux Jeux olympiques d\u2019hiver \u00e0 Sotchi\u00a02014, n\u2019ayant pas r\u00e9ussi \u00e0 se qualifier pour Vancouver\u00a02010. Un mois avant Sotchi\u00a02014, elle s\u2019est d\u00e9chir\u00e9 partiellement un ligament, ce qui ne l\u2019a pas emp\u00each\u00e9e de se classer parmi les dix meilleures apr\u00e8s une 8e\u00a0place \u00e0 Turin. Audrey \u00e9volue sur le circuit de la Coupe du monde depuis janvier 2005."}