{"version":"1.0","provider_name":"\u00c9quipe Canada | Site officiel de l&#039;\u00e9quipe olympique","provider_url":"https:\/\/preprod.olympic.ca\/olympique","author_name":"Florence Gauthier","author_url":"https:\/\/preprod.olympic.ca\/olympique\/author\/florencegauthier\/","title":"Calynn Irwin - \u00c9quipe Canada | Site officiel de l&#039;\u00e9quipe olympique","type":"rich","width":600,"height":338,"html":"<blockquote class=\"wp-embedded-content\" data-secret=\"gP4OUofJbb\"><a href=\"https:\/\/preprod.olympic.ca\/olympique\/team-canada\/calynn-irwin\/\">Calynn Irwin<\/a><\/blockquote><iframe sandbox=\"allow-scripts\" security=\"restricted\" src=\"https:\/\/preprod.olympic.ca\/olympique\/team-canada\/calynn-irwin\/embed\/#?secret=gP4OUofJbb\" width=\"600\" height=\"338\" title=\"\u00ab\u00a0Calynn Irwin\u00a0\u00bb &#8212; \u00c9quipe Canada | Site officiel de l&#039;\u00e9quipe olympique\" data-secret=\"gP4OUofJbb\" frameborder=\"0\" marginwidth=\"0\" marginheight=\"0\" scrolling=\"no\" class=\"wp-embedded-content\"><\/iframe><script type=\"text\/javascript\">\n\/* <![CDATA[ *\/\n\/*! This file is auto-generated *\/\n!function(d,l){\"use strict\";l.querySelector&&d.addEventListener&&\"undefined\"!=typeof URL&&(d.wp=d.wp||{},d.wp.receiveEmbedMessage||(d.wp.receiveEmbedMessage=function(e){var t=e.data;if((t||t.secret||t.message||t.value)&&!\/[^a-zA-Z0-9]\/.test(t.secret)){for(var s,r,n,a=l.querySelectorAll('iframe[data-secret=\"'+t.secret+'\"]'),o=l.querySelectorAll('blockquote[data-secret=\"'+t.secret+'\"]'),c=new RegExp(\"^https?:$\",\"i\"),i=0;i<o.length;i++)o[i].style.display=\"none\";for(i=0;i<a.length;i++)s=a[i],e.source===s.contentWindow&&(s.removeAttribute(\"style\"),\"height\"===t.message?(1e3<(r=parseInt(t.value,10))?r=1e3:~~r<200&&(r=200),s.height=r):\"link\"===t.message&&(r=new URL(s.getAttribute(\"src\")),n=new URL(t.value),c.test(n.protocol))&&n.host===r.host&&l.activeElement===s&&(d.top.location.href=t.value))}},d.addEventListener(\"message\",d.wp.receiveEmbedMessage,!1),l.addEventListener(\"DOMContentLoaded\",function(){for(var e,t,s=l.querySelectorAll(\"iframe.wp-embedded-content\"),r=0;r<s.length;r++)(t=(e=s[r]).getAttribute(\"data-secret\"))||(t=Math.random().toString(36).substring(2,12),e.src+=\"#?secret=\"+t,e.setAttribute(\"data-secret\",t)),e.contentWindow.postMessage({message:\"ready\",secret:t},\"*\")},!1)))}(window,document);\n\/\/# sourceURL=https:\/\/preprod.olympic.ca\/olympique\/wp-includes\/js\/wp-embed.min.js\n\/* ]]> *\/\n<\/script>\n","thumbnail_url":"https:\/\/preprod.olympic.ca\/olympique\/wp-content\/uploads\/sites\/2\/2018\/01\/image1.jpg?quality=100","thumbnail_width":1120,"thumbnail_height":673,"description":"Calynn Irwin n\u2019avait que 16\u00a0ans au moment de participer pour la premi\u00e8re fois \u00e0 une comp\u00e9tition de Coupe du monde, en d\u00e9cembre 2005, \u00e0 Whistler. Cette \u00e9preuve a suivi les Championnats du monde juniors de la FIS qui ont eu lieu en avril 2005, o\u00f9 Calynn a termin\u00e9 en 5e\u00a0place. Mais durant l\u2019\u00e9t\u00e9 2006, elle a subi une commotion c\u00e9r\u00e9brale qui l\u2019a tenue \u00e0 l\u2019\u00e9cart de la comp\u00e9tition pendant deux ans. C\u2019est au cours de cette p\u00e9riode de r\u00e9tablissement qu\u2019elle s\u2019est rendu compte que le snowboard \u00e9tait sa passion, et elle a r\u00e9int\u00e9gr\u00e9 le circuit de la Coupe du monde en f\u00e9vrier 2009 \u00e0 l\u2019occasion de l\u2019\u00e9preuve test en vue de Vancouver\u00a02010."}