{"version":"1.0","provider_name":"\u00c9quipe Canada | Site officiel de l&#039;\u00e9quipe olympique","provider_url":"https:\/\/preprod.olympic.ca\/olympique","author_name":"Marie-Eve Leclerc","author_url":"https:\/\/preprod.olympic.ca\/olympique\/author\/marieevel18\/","title":"Kaleigh Rafter - \u00c9quipe Canada | Site officiel de l&#039;\u00e9quipe olympique","type":"rich","width":600,"height":338,"html":"<blockquote class=\"wp-embedded-content\" data-secret=\"2NZHTBCUHU\"><a href=\"https:\/\/preprod.olympic.ca\/olympique\/team-canada\/kaleigh-rafter\/\">Kaleigh Rafter<\/a><\/blockquote><iframe sandbox=\"allow-scripts\" security=\"restricted\" src=\"https:\/\/preprod.olympic.ca\/olympique\/team-canada\/kaleigh-rafter\/embed\/#?secret=2NZHTBCUHU\" width=\"600\" height=\"338\" title=\"\u00ab\u00a0Kaleigh Rafter\u00a0\u00bb &#8212; \u00c9quipe Canada | Site officiel de l&#039;\u00e9quipe olympique\" data-secret=\"2NZHTBCUHU\" frameborder=\"0\" marginwidth=\"0\" marginheight=\"0\" scrolling=\"no\" class=\"wp-embedded-content\"><\/iframe><script type=\"text\/javascript\">\n\/* <![CDATA[ *\/\n\/*! This file is auto-generated *\/\n!function(d,l){\"use strict\";l.querySelector&&d.addEventListener&&\"undefined\"!=typeof URL&&(d.wp=d.wp||{},d.wp.receiveEmbedMessage||(d.wp.receiveEmbedMessage=function(e){var t=e.data;if((t||t.secret||t.message||t.value)&&!\/[^a-zA-Z0-9]\/.test(t.secret)){for(var s,r,n,a=l.querySelectorAll('iframe[data-secret=\"'+t.secret+'\"]'),o=l.querySelectorAll('blockquote[data-secret=\"'+t.secret+'\"]'),c=new RegExp(\"^https?:$\",\"i\"),i=0;i<o.length;i++)o[i].style.display=\"none\";for(i=0;i<a.length;i++)s=a[i],e.source===s.contentWindow&&(s.removeAttribute(\"style\"),\"height\"===t.message?(1e3<(r=parseInt(t.value,10))?r=1e3:~~r<200&&(r=200),s.height=r):\"link\"===t.message&&(r=new URL(s.getAttribute(\"src\")),n=new URL(t.value),c.test(n.protocol))&&n.host===r.host&&l.activeElement===s&&(d.top.location.href=t.value))}},d.addEventListener(\"message\",d.wp.receiveEmbedMessage,!1),l.addEventListener(\"DOMContentLoaded\",function(){for(var e,t,s=l.querySelectorAll(\"iframe.wp-embedded-content\"),r=0;r<s.length;r++)(t=(e=s[r]).getAttribute(\"data-secret\"))||(t=Math.random().toString(36).substring(2,12),e.src+=\"#?secret=\"+t,e.setAttribute(\"data-secret\",t)),e.contentWindow.postMessage({message:\"ready\",secret:t},\"*\")},!1)))}(window,document);\n\/\/# sourceURL=https:\/\/preprod.olympic.ca\/olympique\/wp-includes\/js\/wp-embed.min.js\n\/* ]]> *\/\n<\/script>\n","thumbnail_url":"https:\/\/preprod.olympic.ca\/olympique\/wp-content\/uploads\/sites\/2\/2011\/10\/5418507.jpeg?quality=100","thumbnail_width":1080,"thumbnail_height":610,"description":"Une des v\u00e9t\u00e9rans comptant le plus d\u2019ann\u00e9es de service au sein de l\u2019\u00e9quipe nationale f\u00e9minine, Kaleigh Rafter fait partie d\u2019\u00c9quipe Canada depuis 2007. Au Championnat du monde de softball f\u00e9minin de WBSC, elle a repr\u00e9sent\u00e9 le Canada \u00e0 chaque \u00e9dition depuis 2010 et elle y a remport\u00e9 la m\u00e9daille de bronze en 2010, 2016 et 2018."}