{"version":"1.0","provider_name":"\u00c9quipe Canada | Site officiel de l&#039;\u00e9quipe olympique","provider_url":"https:\/\/preprod.olympic.ca\/olympique","author_name":"Marie-Eve Leclerc","author_url":"https:\/\/preprod.olympic.ca\/olympique\/author\/marieevel18\/","title":"Patrick Keane - \u00c9quipe Canada | Site officiel de l&#039;\u00e9quipe olympique","type":"rich","width":600,"height":338,"html":"<blockquote class=\"wp-embedded-content\" data-secret=\"oMzrWfbinA\"><a href=\"https:\/\/preprod.olympic.ca\/olympique\/team-canada\/patrick-keane\/\">Patrick Keane<\/a><\/blockquote><iframe sandbox=\"allow-scripts\" security=\"restricted\" src=\"https:\/\/preprod.olympic.ca\/olympique\/team-canada\/patrick-keane\/embed\/#?secret=oMzrWfbinA\" width=\"600\" height=\"338\" title=\"\u00ab\u00a0Patrick Keane\u00a0\u00bb &#8212; \u00c9quipe Canada | Site officiel de l&#039;\u00e9quipe olympique\" data-secret=\"oMzrWfbinA\" frameborder=\"0\" marginwidth=\"0\" marginheight=\"0\" scrolling=\"no\" class=\"wp-embedded-content\"><\/iframe><script type=\"text\/javascript\">\n\/* <![CDATA[ *\/\n\/*! This file is auto-generated *\/\n!function(d,l){\"use strict\";l.querySelector&&d.addEventListener&&\"undefined\"!=typeof URL&&(d.wp=d.wp||{},d.wp.receiveEmbedMessage||(d.wp.receiveEmbedMessage=function(e){var t=e.data;if((t||t.secret||t.message||t.value)&&!\/[^a-zA-Z0-9]\/.test(t.secret)){for(var s,r,n,a=l.querySelectorAll('iframe[data-secret=\"'+t.secret+'\"]'),o=l.querySelectorAll('blockquote[data-secret=\"'+t.secret+'\"]'),c=new RegExp(\"^https?:$\",\"i\"),i=0;i<o.length;i++)o[i].style.display=\"none\";for(i=0;i<a.length;i++)s=a[i],e.source===s.contentWindow&&(s.removeAttribute(\"style\"),\"height\"===t.message?(1e3<(r=parseInt(t.value,10))?r=1e3:~~r<200&&(r=200),s.height=r):\"link\"===t.message&&(r=new URL(s.getAttribute(\"src\")),n=new URL(t.value),c.test(n.protocol))&&n.host===r.host&&l.activeElement===s&&(d.top.location.href=t.value))}},d.addEventListener(\"message\",d.wp.receiveEmbedMessage,!1),l.addEventListener(\"DOMContentLoaded\",function(){for(var e,t,s=l.querySelectorAll(\"iframe.wp-embedded-content\"),r=0;r<s.length;r++)(t=(e=s[r]).getAttribute(\"data-secret\"))||(t=Math.random().toString(36).substring(2,12),e.src+=\"#?secret=\"+t,e.setAttribute(\"data-secret\",t)),e.contentWindow.postMessage({message:\"ready\",secret:t},\"*\")},!1)))}(window,document);\n\/\/# sourceURL=https:\/\/preprod.olympic.ca\/olympique\/wp-includes\/js\/wp-embed.min.js\n\/* ]]> *\/\n<\/script>\n","thumbnail_url":"https:\/\/preprod.olympic.ca\/olympique\/wp-content\/uploads\/sites\/2\/2015\/06\/MerijnSoeters-lr-8274.jpeg?quality=100","thumbnail_width":1080,"thumbnail_height":610,"description":"En 2019, Patrick Keane a connu le meilleur r\u00e9sultat de sa carri\u00e8re \u00e0 des Championnats du monde, alors qu'ils ont atteint la finale B et se sont hiss\u00e9s parmi le Top 10. Au mois de mai 2021, ils ont qualifi\u00e9 le deux de couple poids l\u00e9ger en vue des Jeux de Tokyo 2020 en remportant la derni\u00e8re r\u00e9gate de qualification."}