{"version":"1.0","provider_name":"\u00c9quipe Canada | Site officiel de l&#039;\u00e9quipe olympique","provider_url":"https:\/\/preprod.olympic.ca\/olympique","author_name":"Marie-Eve Leclerc","author_url":"https:\/\/preprod.olympic.ca\/olympique\/author\/marieevel18\/","title":"Rosie MacLennan - \u00c9quipe Canada | Site officiel de l&#039;\u00e9quipe olympique","type":"rich","width":600,"height":338,"html":"<blockquote class=\"wp-embedded-content\" data-secret=\"Sz2pcc5IcK\"><a href=\"https:\/\/preprod.olympic.ca\/olympique\/team-canada\/rosie-maclennan\/\">Rosie MacLennan<\/a><\/blockquote><iframe sandbox=\"allow-scripts\" security=\"restricted\" src=\"https:\/\/preprod.olympic.ca\/olympique\/team-canada\/rosie-maclennan\/embed\/#?secret=Sz2pcc5IcK\" width=\"600\" height=\"338\" title=\"\u00ab\u00a0Rosie MacLennan\u00a0\u00bb &#8212; \u00c9quipe Canada | Site officiel de l&#039;\u00e9quipe olympique\" data-secret=\"Sz2pcc5IcK\" frameborder=\"0\" marginwidth=\"0\" marginheight=\"0\" scrolling=\"no\" class=\"wp-embedded-content\"><\/iframe><script type=\"text\/javascript\">\n\/* <![CDATA[ *\/\n\/*! This file is auto-generated *\/\n!function(d,l){\"use strict\";l.querySelector&&d.addEventListener&&\"undefined\"!=typeof URL&&(d.wp=d.wp||{},d.wp.receiveEmbedMessage||(d.wp.receiveEmbedMessage=function(e){var t=e.data;if((t||t.secret||t.message||t.value)&&!\/[^a-zA-Z0-9]\/.test(t.secret)){for(var s,r,n,a=l.querySelectorAll('iframe[data-secret=\"'+t.secret+'\"]'),o=l.querySelectorAll('blockquote[data-secret=\"'+t.secret+'\"]'),c=new RegExp(\"^https?:$\",\"i\"),i=0;i<o.length;i++)o[i].style.display=\"none\";for(i=0;i<a.length;i++)s=a[i],e.source===s.contentWindow&&(s.removeAttribute(\"style\"),\"height\"===t.message?(1e3<(r=parseInt(t.value,10))?r=1e3:~~r<200&&(r=200),s.height=r):\"link\"===t.message&&(r=new URL(s.getAttribute(\"src\")),n=new URL(t.value),c.test(n.protocol))&&n.host===r.host&&l.activeElement===s&&(d.top.location.href=t.value))}},d.addEventListener(\"message\",d.wp.receiveEmbedMessage,!1),l.addEventListener(\"DOMContentLoaded\",function(){for(var e,t,s=l.querySelectorAll(\"iframe.wp-embedded-content\"),r=0;r<s.length;r++)(t=(e=s[r]).getAttribute(\"data-secret\"))||(t=Math.random().toString(36).substring(2,12),e.src+=\"#?secret=\"+t,e.setAttribute(\"data-secret\",t)),e.contentWindow.postMessage({message:\"ready\",secret:t},\"*\")},!1)))}(window,document);\n\/\/# sourceURL=https:\/\/preprod.olympic.ca\/olympique\/wp-includes\/js\/wp-embed.min.js\n\/* ]]> *\/\n<\/script>\n","thumbnail_url":"https:\/\/preprod.olympic.ca\/olympique\/wp-content\/uploads\/sites\/2\/2015\/07\/rosie.jpg?quality=100","thumbnail_width":1340,"thumbnail_height":754,"description":"Rosie MacLennan a \u00e9crit une page d\u2019histoire aux Jeux de Rio en 2016 quand elle est devenue la premi\u00e8re trampoliniste \u00e0 remporter deux m\u00e9dailles d\u2019or olympiques cons\u00e9cutives. Elle est aussi devenue la premi\u00e8re athl\u00e8te canadienne \u00e0 d\u00e9fendre avec succ\u00e8s son titre olympique aux des Jeux d\u2019\u00e9t\u00e9 et la premi\u00e8re Canadienne \u00e0 remporter deux m\u00e9dailles d\u2019or olympiques d\u2019une \u00e9preuve individuelle aux Jeux d\u2019\u00e9t\u00e9."}