{"id":102846,"date":"2015-05-29T20:13:02","date_gmt":"2015-05-30T00:13:02","guid":{"rendered":"http:\/\/olympique.ca\/?post_type=athletes&#038;p=102846"},"modified":"2015-05-29T20:13:02","modified_gmt":"2015-05-30T00:13:02","slug":"garrett-rank","status":"publish","type":"athletes","link":"https:\/\/preprod.olympic.ca\/olympique\/team-canada\/garrett-rank\/","title":{"rendered":"Garrett Rank"},"content":{"rendered":"<p>Garrett Rank a \u00e9t\u00e9 membre de l\u2019\u00c9quipe nationale amateur de golf jusqu\u2019en ao\u00fbt 2014, date \u00e0 laquelle il a d\u00e9cid\u00e9 de se concentrer sur sa carri\u00e8re d\u2019arbitre de hockey. Il a fait ses d\u00e9buts comme arbitre dans la LNH en janvier 2015. Aujourd\u2019hui \u00e2g\u00e9 de 27 ans, il est le plus jeune arbitre de la ligue. Il a \u00e9galement \u00e9t\u00e9 arbitre dans la Ligue de hockey am\u00e9ricaine jusqu\u2019en 2013 et auparavant, arbitre de la Ligue de hockey de l\u2019Ontario. Garrett a obtenu une bourse d\u2019\u00e9tudes de l\u2019Universit\u00e9 de Waterloo o\u00f9 il a \u00e9t\u00e9 nomm\u00e9 athl\u00e8te de l\u2019ann\u00e9e des Warriors en 2012. Au cours de ses \u00e9tudes, il a \u00e9t\u00e9 nomm\u00e9 \u00e0 deux reprises champion individuel et \u00e0 quatre reprises joueur \u00e9toile de la SUO. De plus en 2012, il s\u2019est class\u00e9 en deuxi\u00e8me position au Championnat mid-amateur des \u00c9tats-Unis o\u00f9 une victoire lui aurait permis de participer au tournoi des Masters en 2013. En 2014, il s\u2019est class\u00e9 en sixi\u00e8me position au Championnat canadien amateur et en deuxi\u00e8me position au Championnat de golf amateur des \u00c9tats-Unis. Par ailleurs, il faut souligner sa victoire en ronde \u00e9liminatoire au Championnat canadien amateur qui lui a permis d\u2019obtenir une exemption pour l\u2019Omnium canadien de golf RBC en 2015. En 2011, atteint d\u2019un cancer testiculaire qu\u2019il a vaincu, Garrett a subi une intervention chirurgicale pour lui enlever une masse, mais n\u2019a pas eu \u00e0 subir de traitements de radioth\u00e9rapie ou de chimioth\u00e9rapie.<\/p>\n<h2>\u00c0 PROPOS DE L\u2019ATHL\u00c8TE<\/h2>\n<p><strong>Famille\u00a0:<\/strong> Son p\u00e8re qui \u00e9tait un arbitre de hockey mineur s\u2019appelait Rick Frank. Sa m\u00e8re se nomme Deby, son fr\u00e8re a\u00een\u00e9, Kyle, et sa s\u0153ur cadette Caelen. <strong>D\u00e9buts\u00a0:<\/strong> Il a fait ses d\u00e9buts au golf \u00e0 l\u2019\u00e2ge de 10 ans, en suivant son fr\u00e8re a\u00een\u00e9 sur le terrain. <strong>Autres int\u00e9r\u00eats\u00a0:<\/strong> Il a obtenu son dipl\u00f4me en administration des affaires avec distinction en \u00e9conomie de l\u2019Universit\u00e9 de Waterloo. Il a commenc\u00e9 \u00e0 jouer au hockey \u00e0 l\u2019\u00e2ge de 5\u00a0ans et a poursuivi ce sport jusqu\u2019\u00e0 sa troisi\u00e8me ann\u00e9e universitaire. \u00c0 14 ans, il est devenu arbitre de hockey. Il s\u2019agissait d\u2019une fa\u00e7on facile et agr\u00e9able de gagner de l\u2019argent pendant les fins de semaine.<\/p>\n","protected":false},"excerpt":{"rendered":"<p>Garrett Rank a \u00e9t\u00e9 membre de l\u2019\u00c9quipe nationale amateur de golf jusqu\u2019en ao\u00fbt 2014, date \u00e0 laquelle il a d\u00e9cid\u00e9&#8230;<\/p>\n","protected":false},"featured_media":0,"template":"","tags":[],"hof-categories":[],"year-inducted":[],"gender":[42123],"season":[],"sport":[415984036],"game":[334881982],"team":[415982979],"event":[4092],"province":[],"class_list":["post-102846","athletes","type-athletes","status-publish","hentry","gender-masculin","sport-golf","game-2015-toronto","team-toronto-2015-golf","event-men"],"acf":[],"yoast_head":"<!-- This site is optimized with the Yoast SEO plugin v27.3 - https:\/\/yoast.com\/product\/yoast-seo-wordpress\/ -->\n<title>Garrett Rank - \u00c9quipe Canada | Site officiel de l&#039;\u00e9quipe olympique<\/title>\n<meta name=\"robots\" content=\"index, follow, max-snippet:-1, max-image-preview:large, max-video-preview:-1\" \/>\n<link rel=\"canonical\" href=\"https:\/\/preprod.olympic.ca\/olympique\/team-canada\/garrett-rank\/\" \/>\n<meta property=\"og:locale\" content=\"fr_FR\" \/>\n<meta property=\"og:type\" content=\"article\" \/>\n<meta property=\"og:title\" content=\"Garrett Rank - \u00c9quipe Canada | Site officiel de l&#039;\u00e9quipe olympique\" \/>\n<meta property=\"og:description\" content=\"Garrett Rank a \u00e9t\u00e9 membre de l\u2019\u00c9quipe nationale amateur de golf jusqu\u2019en ao\u00fbt 2014, date \u00e0 laquelle il a d\u00e9cid\u00e9...\" \/>\n<meta property=\"og:url\" content=\"https:\/\/preprod.olympic.ca\/olympique\/team-canada\/garrett-rank\/\" \/>\n<meta property=\"og:site_name\" content=\"\u00c9quipe Canada | Site officiel de l&#039;\u00e9quipe olympique\" \/>\n<meta name=\"twitter:card\" content=\"summary_large_image\" \/>\n<meta name=\"twitter:label1\" content=\"Est. reading time\" \/>\n\t<meta name=\"twitter:data1\" content=\"2 minutes\" \/>\n\t<meta name=\"twitter:label2\" content=\"Written by\" \/>\n\t<meta name=\"twitter:data2\" content=\"joshsu\" \/>\n<script type=\"application\/ld+json\" class=\"yoast-schema-graph\">{\"@context\":\"https:\\\/\\\/schema.org\",\"@graph\":[{\"@type\":\"WebPage\",\"@id\":\"https:\\\/\\\/preprod.olympic.ca\\\/olympique\\\/team-canada\\\/garrett-rank\\\/\",\"url\":\"https:\\\/\\\/preprod.olympic.ca\\\/olympique\\\/team-canada\\\/garrett-rank\\\/\",\"name\":\"Garrett Rank - \u00c9quipe Canada | Site officiel de l&#039;\u00e9quipe olympique\",\"isPartOf\":{\"@id\":\"https:\\\/\\\/preprod.olympic.ca\\\/olympique\\\/#website\"},\"datePublished\":\"2015-05-30T00:13:02+00:00\",\"inLanguage\":\"fr-FR\",\"potentialAction\":[{\"@type\":\"ReadAction\",\"target\":[\"https:\\\/\\\/preprod.olympic.ca\\\/olympique\\\/team-canada\\\/garrett-rank\\\/\"]}]},{\"@type\":\"WebSite\",\"@id\":\"https:\\\/\\\/preprod.olympic.ca\\\/olympique\\\/#website\",\"url\":\"https:\\\/\\\/preprod.olympic.ca\\\/olympique\\\/\",\"name\":\"\u00c9quipe Canada | Site officiel de l&#039;\u00e9quipe olympique\",\"description\":\"Votre source pour l\u2019\u00c9quipe olympique canadienne. Retrouvez les r\u00e9cits, vid\u00e9os et photos des athl\u00e8tes canadiens, sports olympiques, Jeux olympiques de 2020 et bien plus!\",\"potentialAction\":[{\"@type\":\"SearchAction\",\"target\":{\"@type\":\"EntryPoint\",\"urlTemplate\":\"https:\\\/\\\/preprod.olympic.ca\\\/olympique\\\/?s={search_term_string}\"},\"query-input\":{\"@type\":\"PropertyValueSpecification\",\"valueRequired\":true,\"valueName\":\"search_term_string\"}}],\"inLanguage\":\"fr-FR\"}]}<\/script>\n<!-- \/ Yoast SEO plugin. -->","yoast_head_json":{"title":"Garrett Rank - \u00c9quipe Canada | Site officiel de l&#039;\u00e9quipe olympique","robots":{"index":"index","follow":"follow","max-snippet":"max-snippet:-1","max-image-preview":"max-image-preview:large","max-video-preview":"max-video-preview:-1"},"canonical":"https:\/\/preprod.olympic.ca\/olympique\/team-canada\/garrett-rank\/","og_locale":"fr_FR","og_type":"article","og_title":"Garrett Rank - \u00c9quipe Canada | Site officiel de l&#039;\u00e9quipe olympique","og_description":"Garrett Rank a \u00e9t\u00e9 membre de l\u2019\u00c9quipe nationale amateur de golf jusqu\u2019en ao\u00fbt 2014, date \u00e0 laquelle il a d\u00e9cid\u00e9...","og_url":"https:\/\/preprod.olympic.ca\/olympique\/team-canada\/garrett-rank\/","og_site_name":"\u00c9quipe Canada | Site officiel de l&#039;\u00e9quipe olympique","twitter_card":"summary_large_image","twitter_misc":{"Est. reading time":"2 minutes","Written by":"joshsu"},"schema":{"@context":"https:\/\/schema.org","@graph":[{"@type":"WebPage","@id":"https:\/\/preprod.olympic.ca\/olympique\/team-canada\/garrett-rank\/","url":"https:\/\/preprod.olympic.ca\/olympique\/team-canada\/garrett-rank\/","name":"Garrett Rank - \u00c9quipe Canada | Site officiel de l&#039;\u00e9quipe olympique","isPartOf":{"@id":"https:\/\/preprod.olympic.ca\/olympique\/#website"},"datePublished":"2015-05-30T00:13:02+00:00","inLanguage":"fr-FR","potentialAction":[{"@type":"ReadAction","target":["https:\/\/preprod.olympic.ca\/olympique\/team-canada\/garrett-rank\/"]}]},{"@type":"WebSite","@id":"https:\/\/preprod.olympic.ca\/olympique\/#website","url":"https:\/\/preprod.olympic.ca\/olympique\/","name":"\u00c9quipe Canada | Site officiel de l&#039;\u00e9quipe olympique","description":"Votre source pour l\u2019\u00c9quipe olympique canadienne. Retrouvez les r\u00e9cits, vid\u00e9os et photos des athl\u00e8tes canadiens, sports olympiques, Jeux olympiques de 2020 et bien plus!","potentialAction":[{"@type":"SearchAction","target":{"@type":"EntryPoint","urlTemplate":"https:\/\/preprod.olympic.ca\/olympique\/?s={search_term_string}"},"query-input":{"@type":"PropertyValueSpecification","valueRequired":true,"valueName":"search_term_string"}}],"inLanguage":"fr-FR"}]}},"featured_image_url":"","category_names":[],"tag_names":[],"sport_names":[445],"game_names":["Toronto 2015"],"season_names":[],"team_names":["Toronto 2015 - Golf"],"province_names":[],"social_facebook":"","social_twitter":"","social_linkedin":"","social_gplus":"","social_instagram":"","social_website":"","total_medal_count_gold":"","total_medal_count_silver":"","total_medal_count_bronze":"","athlete_headshot":"","athlete_height":"","athlete_weight":"","athlete_hometown":"Elmira (Ont.)","athlete_birthplace":"Elmira (Ont.)","coc_gracenote_id":"","athlete_dob":"January 1, 1970","athlete_age":56,"jetpack_sharing_enabled":true,"_links":{"self":[{"href":"https:\/\/preprod.olympic.ca\/olympique\/wp-json\/wp\/v2\/athletes\/102846","targetHints":{"allow":["GET"]}}],"collection":[{"href":"https:\/\/preprod.olympic.ca\/olympique\/wp-json\/wp\/v2\/athletes"}],"about":[{"href":"https:\/\/preprod.olympic.ca\/olympique\/wp-json\/wp\/v2\/types\/athletes"}],"version-history":[{"count":0,"href":"https:\/\/preprod.olympic.ca\/olympique\/wp-json\/wp\/v2\/athletes\/102846\/revisions"}],"wp:attachment":[{"href":"https:\/\/preprod.olympic.ca\/olympique\/wp-json\/wp\/v2\/media?parent=102846"}],"wp:term":[{"taxonomy":"post_tag","embeddable":true,"href":"https:\/\/preprod.olympic.ca\/olympique\/wp-json\/wp\/v2\/tags?post=102846"},{"taxonomy":"hof-categories","embeddable":true,"href":"https:\/\/preprod.olympic.ca\/olympique\/wp-json\/wp\/v2\/hof-categories?post=102846"},{"taxonomy":"year-inducted","embeddable":true,"href":"https:\/\/preprod.olympic.ca\/olympique\/wp-json\/wp\/v2\/year-inducted?post=102846"},{"taxonomy":"gender","embeddable":true,"href":"https:\/\/preprod.olympic.ca\/olympique\/wp-json\/wp\/v2\/gender?post=102846"},{"taxonomy":"season","embeddable":true,"href":"https:\/\/preprod.olympic.ca\/olympique\/wp-json\/wp\/v2\/season?post=102846"},{"taxonomy":"sport","embeddable":true,"href":"https:\/\/preprod.olympic.ca\/olympique\/wp-json\/wp\/v2\/sport?post=102846"},{"taxonomy":"game","embeddable":true,"href":"https:\/\/preprod.olympic.ca\/olympique\/wp-json\/wp\/v2\/game?post=102846"},{"taxonomy":"team","embeddable":true,"href":"https:\/\/preprod.olympic.ca\/olympique\/wp-json\/wp\/v2\/team?post=102846"},{"taxonomy":"event","embeddable":true,"href":"https:\/\/preprod.olympic.ca\/olympique\/wp-json\/wp\/v2\/event?post=102846"},{"taxonomy":"province","embeddable":true,"href":"https:\/\/preprod.olympic.ca\/olympique\/wp-json\/wp\/v2\/province?post=102846"}],"curies":[{"name":"wp","href":"https:\/\/api.w.org\/{rel}","templated":true}]}}