{"id":102887,"date":"2015-06-01T08:55:03","date_gmt":"2015-06-01T12:55:03","guid":{"rendered":"http:\/\/olympique.ca\/?post_type=athletes&#038;p=102887"},"modified":"2020-02-11T11:18:00","modified_gmt":"2020-02-11T16:18:00","slug":"kirsti-lay","status":"publish","type":"athletes","link":"https:\/\/preprod.olympic.ca\/olympique\/team-canada\/kirsti-lay\/","title":{"rendered":"Kirsti Lay"},"content":{"rendered":"<p>Kirsti Lay a entrepris sa carri\u00e8re sportive de haut niveau en patinage de vitesse sur longue piste. Elle a concouru \u00e0 trois championnats du monde juniors de l\u2019ISU et \u00e0 plusieurs comp\u00e9titions de la Coupe du monde. C\u2019est en s\u2019entra\u00eenant \u00e0 l\u2019Anneau olympique de Calgary et en voyant des olympiennes comme <a href=\"http:\/\/olympique.ca\/team-canada\/clara-hughes\/\">Clara Hughes<\/a> et <a href=\"http:\/\/olympique.ca\/team-canada\/cindy-klassen\/\">Cindy Klassen<\/a> s\u2019entra\u00eener dans leur uniforme du Canada qu\u2019elle a su qu\u2019elle voulait arborer l\u2019unifoli\u00e9 au plus haut sommet.<\/p>\n<p>Forc\u00e9e de prendre sa retraite du patinage en raison d\u2019une blessure, elle s\u2019est tourn\u00e9e vers le cyclisme, et en trois ans, son impact s\u2019est fait sentir sur ce sport. Apr\u00e8s avoir agi \u00e0 titre de rempla\u00e7ante \u00e0 l\u2019\u00e9preuve de poursuite par \u00e9quipes aux Championnats du monde de cyclisme sur piste\u00a02014 de l\u2019UCI, elle a fait ses d\u00e9buts en Coupe du monde \u00e0 l\u2019automne et gagn\u00e9 une m\u00e9daille d\u2019argent \u00e0 son premier d\u00e9part en poursuite par \u00e9quipes \u00e0 Guadalajara. Elle a fait suivre cette m\u00e9daille par une m\u00e9daille de bronze \u00e0 Londres avant de d\u00e9crocher une autre m\u00e9daille de bronze aux Championnats du monde de cyclisme sur piste\u00a02015 de l\u2019UCI avec <a href=\"http:\/\/olympique.ca\/team-canada\/allison-beveridge\/\">Allison Beveridge<\/a>, <a href=\"http:\/\/olympique.ca\/team-canada\/jasmin-glaesser\/\">Jasmin Glaesser<\/a> et <a href=\"http:\/\/olympique.ca\/team-canada\/stephanie-roorda\/\">Steph Roorda<\/a>.<\/p>\n<p>Aux Jeux panam\u00e9ricains de Toronto, elle a remport\u00e9 la poursuite par \u00e9quipes avec Allison Beveridge, Jasmin Glaesser et <a href=\"http:\/\/olympique.ca\/team-canada\/laura-brown\/\">Laura Brown<\/a>. Lors de la saison de la Coupe du monde 2015-2016, elle a remport\u00e9, avec l\u2019\u00e9quipe canadienne, une m\u00e9daille d\u2019or et une d\u2019argent. Peu de temps apr\u00e8s, elle a obtenu la m\u00e9daille d\u2019argent \u00e0 Londres aux Championnats du monde avec Allison Beveridge, Jasmin Glaesser et <a href=\"http:\/\/olympique.ca\/team-canada\/georgia-simmerling\/\">Georgia Simmerling<\/a>.<\/p>\n<p>Lors de ses premiers Jeux olympiques en 2016 \u00e0 Rio, Kirsti a remport\u00e9 la m\u00e9daille de bronze de la poursuite par \u00e9quipes tout en inscrivant un record canadien en compagnie d\u2019Allison Beveridge, de Jasmin Glaesser, de Georgia Simmerling et de Laura Brown. Kirsti a \u00e9galement connu du succ\u00e8s sur la route, ayant enlev\u00e9 le titre de Queen of the Mountain au Tour de Californie\u00a02015.<\/p>\n<h3>\u00c0 PROPOS DE KIRSTI<\/h3>\n<p><strong>Famille\u00a0:<\/strong> Les parents de Kirsti se nomment Brad et Marlene Lay. Elle a \u00e9galement un fr\u00e8re a\u00een\u00e9, Cameron et un fr\u00e8re cadet, Kristian. Son mari, Mathieu Giroux, est double m\u00e9daill\u00e9 olympique en patinage de vitesse et m\u00e9daill\u00e9 d\u2019or en poursuite par \u00e9quipes de Vancouver\u00a02010.<\/p>\n<p><strong>D\u00e9buts\u00a0:<\/strong> Elle a commenc\u00e9 le cyclisme \u00e0 l\u2019\u00e2ge de 24\u00a0ans apr\u00e8s avoir \u00e9t\u00e9 forc\u00e9e de prendre sa retraite du patinage de vitesse en raison d\u2019une blessure. Elle aimait encore le sport et elle avait toujours en elle le feu de la comp\u00e9tition, alors elle a trouv\u00e9 du r\u00e9confort dans le fait de pouvoir concourir en cyclisme.<\/p>\n<p><strong>Au-del\u00e0 du cyclisme\u00a0:<\/strong> Elle a obtenu un baccalaur\u00e9at en commerce sp\u00e9cialis\u00e9 en comptabilit\u00e9 \u00e0 l\u2019Universit\u00e9 de Calgary au printemps\u00a02014. Elle aime faire la cuisine et la p\u00e2tisserie pour l\u2019\u00e9quipe lors des camps d\u2019entra\u00eenement, se d\u00e9tendre sur la plage, surfer et courir. Elle est ambassadrice de l\u2019organisme Rapides et Radieuses. Elle voyage toujours avec sa liseuse Kindle. Elle essaie de sortir et de manger des mets locaux d\u00e8s qu\u2019elle a fini de concourir. Elle a des \u00ab\u00a0brownies porte-bonheur\u00a0\u00bb qu\u2019elle mange le soir pr\u00e9c\u00e9dant son d\u00e9part pour une comp\u00e9tition. On la surnomme Kirst. Citation favorite\u00a0: \u00ab\u00a0Fortifiez-vous et ayez du courage! Ne craignez point et ne soyez point effray\u00e9s devant eux; car l\u2019Eternel, ton Dieu, marchera lui-m\u00eame avec toi, il ne te d\u00e9laissera point, il ne t\u2019abandonnera point.\u00a0\u00bb Deut\u00e9ronome\u00a031:6<\/p>\n","protected":false},"excerpt":{"rendered":"<p>Kirsti Lay a entrepris sa carri\u00e8re sportive de haut niveau en patinage de vitesse sur longue piste. Elle a concouru \u00e0 trois championnats du monde juniors de l\u2019ISU et \u00e0 plusieurs comp\u00e9titions de la Coupe du monde. C\u2019est en s\u2019entra\u00eenant \u00e0 l\u2019Anneau olympique de Calgary et en voyant des olympiennes comme Clara Hughes et Cindy Klassen s\u2019entra\u00eener dans leur uniforme du Canada qu\u2019elle a su qu\u2019elle voulait arborer l\u2019unifoli\u00e9 au plus haut sommet.<\/p>\n","protected":false},"featured_media":117433,"template":"","tags":[415986548,415988705,415987910,48771,367377031,1104411,739228,97780758,104868,415987281,713425,20292794],"hof-categories":[],"year-inducted":[],"gender":[23319],"season":[415983968],"sport":[45096687],"game":[415984561,334881982],"team":[415983079,415982976,87705094],"event":[203533,181823250],"province":[415983152],"class_list":["post-102887","athletes","type-athletes","status-publish","has-post-thumbnail","hentry","tag-athlete","tag-athlete-canadienne","tag-athlete-olympique","tag-cyclisme","tag-cyclisme-sur-piste-3","tag-equipe-canada","tag-jeux-olympiques","tag-kirsti-lay","tag-olympique","tag-poursuite-par-equipes","tag-rio-2016","tag-toronto-2015","gender-feminin","season-ete","sport-cyclisme-sur-piste","game-2016-rio","game-2015-toronto","team-rio-2016-cyclisme-sur-piste","team-toronto-2015-cyclisme-sur-route","team-toronto-2015-cyclisme-piste","event-femmes","event-poursuite-par-equipes-femmes","province-alberta"],"acf":[],"yoast_head":"<!-- This site is optimized with the Yoast SEO plugin v27.3 - https:\/\/yoast.com\/product\/yoast-seo-wordpress\/ -->\n<title>Kirsti Lay - \u00c9quipe Canada | Site officiel de l&#039;\u00e9quipe olympique<\/title>\n<meta name=\"robots\" content=\"index, follow, max-snippet:-1, max-image-preview:large, max-video-preview:-1\" \/>\n<link rel=\"canonical\" href=\"https:\/\/preprod.olympic.ca\/olympique\/team-canada\/kirsti-lay\/\" \/>\n<meta property=\"og:locale\" content=\"fr_FR\" \/>\n<meta property=\"og:type\" content=\"article\" \/>\n<meta property=\"og:title\" content=\"Kirsti Lay - \u00c9quipe Canada | Site officiel de l&#039;\u00e9quipe olympique\" \/>\n<meta property=\"og:description\" content=\"Kirsti Lay a entrepris sa carri\u00e8re sportive de haut niveau en patinage de vitesse sur longue piste. Elle a concouru \u00e0 trois championnats du monde juniors de l\u2019ISU et \u00e0 plusieurs comp\u00e9titions de la Coupe du monde. C\u2019est en s\u2019entra\u00eenant \u00e0 l\u2019Anneau olympique de Calgary et en voyant des olympiennes comme Clara Hughes et Cindy Klassen s\u2019entra\u00eener dans leur uniforme du Canada qu\u2019elle a su qu\u2019elle voulait arborer l\u2019unifoli\u00e9 au plus haut sommet.\" \/>\n<meta property=\"og:url\" content=\"https:\/\/preprod.olympic.ca\/olympique\/team-canada\/kirsti-lay\/\" \/>\n<meta property=\"og:site_name\" content=\"\u00c9quipe Canada | Site officiel de l&#039;\u00e9quipe olympique\" \/>\n<meta property=\"article:modified_time\" content=\"2020-02-11T16:18:00+00:00\" \/>\n<meta property=\"og:image\" content=\"https:\/\/preprod.olympic.ca\/olympique\/wp-content\/uploads\/sites\/2\/2015\/06\/kirsti-lay.jpeg?quality=100\" \/>\n\t<meta property=\"og:image:width\" content=\"1336\" \/>\n\t<meta property=\"og:image:height\" content=\"754\" \/>\n\t<meta property=\"og:image:type\" content=\"image\/jpeg\" \/>\n<meta name=\"twitter:card\" content=\"summary_large_image\" \/>\n<meta name=\"twitter:label1\" content=\"Est. reading time\" \/>\n\t<meta name=\"twitter:data1\" content=\"3 minutes\" \/>\n\t<meta name=\"twitter:label2\" content=\"Written by\" \/>\n\t<meta name=\"twitter:data2\" content=\"joshsu\" \/>\n<script type=\"application\/ld+json\" class=\"yoast-schema-graph\">{\"@context\":\"https:\\\/\\\/schema.org\",\"@graph\":[{\"@type\":\"WebPage\",\"@id\":\"https:\\\/\\\/preprod.olympic.ca\\\/olympique\\\/team-canada\\\/kirsti-lay\\\/\",\"url\":\"https:\\\/\\\/preprod.olympic.ca\\\/olympique\\\/team-canada\\\/kirsti-lay\\\/\",\"name\":\"Kirsti Lay - \u00c9quipe Canada | Site officiel de l&#039;\u00e9quipe olympique\",\"isPartOf\":{\"@id\":\"https:\\\/\\\/preprod.olympic.ca\\\/olympique\\\/#website\"},\"primaryImageOfPage\":{\"@id\":\"https:\\\/\\\/preprod.olympic.ca\\\/olympique\\\/team-canada\\\/kirsti-lay\\\/#primaryimage\"},\"image\":{\"@id\":\"https:\\\/\\\/preprod.olympic.ca\\\/olympique\\\/team-canada\\\/kirsti-lay\\\/#primaryimage\"},\"thumbnailUrl\":\"https:\\\/\\\/preprod.olympic.ca\\\/olympique\\\/wp-content\\\/uploads\\\/sites\\\/2\\\/2015\\\/06\\\/kirsti-lay.jpeg?quality=100\",\"datePublished\":\"2015-06-01T12:55:03+00:00\",\"dateModified\":\"2020-02-11T16:18:00+00:00\",\"inLanguage\":\"fr-FR\",\"potentialAction\":[{\"@type\":\"ReadAction\",\"target\":[\"https:\\\/\\\/preprod.olympic.ca\\\/olympique\\\/team-canada\\\/kirsti-lay\\\/\"]}]},{\"@type\":\"ImageObject\",\"inLanguage\":\"fr-FR\",\"@id\":\"https:\\\/\\\/preprod.olympic.ca\\\/olympique\\\/team-canada\\\/kirsti-lay\\\/#primaryimage\",\"url\":\"https:\\\/\\\/preprod.olympic.ca\\\/olympique\\\/wp-content\\\/uploads\\\/sites\\\/2\\\/2015\\\/06\\\/kirsti-lay.jpeg?quality=100\",\"contentUrl\":\"https:\\\/\\\/preprod.olympic.ca\\\/olympique\\\/wp-content\\\/uploads\\\/sites\\\/2\\\/2015\\\/06\\\/kirsti-lay.jpeg?quality=100\",\"width\":1336,\"height\":754,\"caption\":\"Kirsti Lay, Jasmin Glaesser, Allison Beveridge and Laura Brown win gold in the women' team pursuit at the Pan American Games in Toronto, July 17, 2015. COC Photo by Jason Ransom\"},{\"@type\":\"WebSite\",\"@id\":\"https:\\\/\\\/preprod.olympic.ca\\\/olympique\\\/#website\",\"url\":\"https:\\\/\\\/preprod.olympic.ca\\\/olympique\\\/\",\"name\":\"\u00c9quipe Canada | Site officiel de l&#039;\u00e9quipe olympique\",\"description\":\"Votre source pour l\u2019\u00c9quipe olympique canadienne. Retrouvez les r\u00e9cits, vid\u00e9os et photos des athl\u00e8tes canadiens, sports olympiques, Jeux olympiques de 2020 et bien plus!\",\"potentialAction\":[{\"@type\":\"SearchAction\",\"target\":{\"@type\":\"EntryPoint\",\"urlTemplate\":\"https:\\\/\\\/preprod.olympic.ca\\\/olympique\\\/?s={search_term_string}\"},\"query-input\":{\"@type\":\"PropertyValueSpecification\",\"valueRequired\":true,\"valueName\":\"search_term_string\"}}],\"inLanguage\":\"fr-FR\"}]}<\/script>\n<!-- \/ Yoast SEO plugin. -->","yoast_head_json":{"title":"Kirsti Lay - \u00c9quipe Canada | Site officiel de l&#039;\u00e9quipe olympique","robots":{"index":"index","follow":"follow","max-snippet":"max-snippet:-1","max-image-preview":"max-image-preview:large","max-video-preview":"max-video-preview:-1"},"canonical":"https:\/\/preprod.olympic.ca\/olympique\/team-canada\/kirsti-lay\/","og_locale":"fr_FR","og_type":"article","og_title":"Kirsti Lay - \u00c9quipe Canada | Site officiel de l&#039;\u00e9quipe olympique","og_description":"Kirsti Lay a entrepris sa carri\u00e8re sportive de haut niveau en patinage de vitesse sur longue piste. Elle a concouru \u00e0 trois championnats du monde juniors de l\u2019ISU et \u00e0 plusieurs comp\u00e9titions de la Coupe du monde. C\u2019est en s\u2019entra\u00eenant \u00e0 l\u2019Anneau olympique de Calgary et en voyant des olympiennes comme Clara Hughes et Cindy Klassen s\u2019entra\u00eener dans leur uniforme du Canada qu\u2019elle a su qu\u2019elle voulait arborer l\u2019unifoli\u00e9 au plus haut sommet.","og_url":"https:\/\/preprod.olympic.ca\/olympique\/team-canada\/kirsti-lay\/","og_site_name":"\u00c9quipe Canada | Site officiel de l&#039;\u00e9quipe olympique","article_modified_time":"2020-02-11T16:18:00+00:00","og_image":[{"width":1336,"height":754,"url":"https:\/\/preprod.olympic.ca\/olympique\/wp-content\/uploads\/sites\/2\/2015\/06\/kirsti-lay.jpeg?quality=100","type":"image\/jpeg"}],"twitter_card":"summary_large_image","twitter_misc":{"Est. reading time":"3 minutes","Written by":"joshsu"},"schema":{"@context":"https:\/\/schema.org","@graph":[{"@type":"WebPage","@id":"https:\/\/preprod.olympic.ca\/olympique\/team-canada\/kirsti-lay\/","url":"https:\/\/preprod.olympic.ca\/olympique\/team-canada\/kirsti-lay\/","name":"Kirsti Lay - \u00c9quipe Canada | Site officiel de l&#039;\u00e9quipe olympique","isPartOf":{"@id":"https:\/\/preprod.olympic.ca\/olympique\/#website"},"primaryImageOfPage":{"@id":"https:\/\/preprod.olympic.ca\/olympique\/team-canada\/kirsti-lay\/#primaryimage"},"image":{"@id":"https:\/\/preprod.olympic.ca\/olympique\/team-canada\/kirsti-lay\/#primaryimage"},"thumbnailUrl":"https:\/\/preprod.olympic.ca\/olympique\/wp-content\/uploads\/sites\/2\/2015\/06\/kirsti-lay.jpeg?quality=100","datePublished":"2015-06-01T12:55:03+00:00","dateModified":"2020-02-11T16:18:00+00:00","inLanguage":"fr-FR","potentialAction":[{"@type":"ReadAction","target":["https:\/\/preprod.olympic.ca\/olympique\/team-canada\/kirsti-lay\/"]}]},{"@type":"ImageObject","inLanguage":"fr-FR","@id":"https:\/\/preprod.olympic.ca\/olympique\/team-canada\/kirsti-lay\/#primaryimage","url":"https:\/\/preprod.olympic.ca\/olympique\/wp-content\/uploads\/sites\/2\/2015\/06\/kirsti-lay.jpeg?quality=100","contentUrl":"https:\/\/preprod.olympic.ca\/olympique\/wp-content\/uploads\/sites\/2\/2015\/06\/kirsti-lay.jpeg?quality=100","width":1336,"height":754,"caption":"Kirsti Lay, Jasmin Glaesser, Allison Beveridge and Laura Brown win gold in the women' team pursuit at the Pan American Games in Toronto, July 17, 2015. COC Photo by Jason Ransom"},{"@type":"WebSite","@id":"https:\/\/preprod.olympic.ca\/olympique\/#website","url":"https:\/\/preprod.olympic.ca\/olympique\/","name":"\u00c9quipe Canada | Site officiel de l&#039;\u00e9quipe olympique","description":"Votre source pour l\u2019\u00c9quipe olympique canadienne. Retrouvez les r\u00e9cits, vid\u00e9os et photos des athl\u00e8tes canadiens, sports olympiques, Jeux olympiques de 2020 et bien plus!","potentialAction":[{"@type":"SearchAction","target":{"@type":"EntryPoint","urlTemplate":"https:\/\/preprod.olympic.ca\/olympique\/?s={search_term_string}"},"query-input":{"@type":"PropertyValueSpecification","valueRequired":true,"valueName":"search_term_string"}}],"inLanguage":"fr-FR"}]}},"featured_image_url":"https:\/\/preprod.olympic.ca\/olympique\/wp-content\/uploads\/sites\/2\/2015\/06\/kirsti-lay.jpeg?quality=100","category_names":[],"tag_names":["athl\u00e8te","Athl\u00e8te canadienne","Athl\u00e8te olympique","cyclisme","cyclisme sur piste","\u00c9quipe canada","Jeux Olympiques","Kirsti Lay","olympique","poursuite par \u00e9quipes","Rio 2016","Toronto 2015"],"sport_names":[402],"game_names":["Rio 2016","Toronto 2015"],"season_names":["\u00c9t\u00e9"],"team_names":["Rio 2016 Cyclisme sur piste","Toronto 2015 Cyclisme - Sur route","Toronto 2015 Cyclisme sur piste"],"province_names":["Alberta"],"social_facebook":"Facebook.com\/kirsti.lay","social_twitter":"layk88","social_linkedin":"","social_gplus":"","social_instagram":"","social_website":"","total_medal_count_gold":"","total_medal_count_silver":"","total_medal_count_bronze":"1","athlete_headshot":"https:\/\/preprod.olympic.ca\/wp-content\/uploads\/sites\/2\/2015\/06\/kirsti-lay.jpg?quality=75","athlete_height":"173","athlete_weight":"64","athlete_hometown":"Montr\u00e9al (Qc)","athlete_birthplace":"Medicine Hat (Alb.)","coc_gracenote_id":"","athlete_dob":"April 7, 1988","athlete_age":38,"jetpack_sharing_enabled":true,"_links":{"self":[{"href":"https:\/\/preprod.olympic.ca\/olympique\/wp-json\/wp\/v2\/athletes\/102887","targetHints":{"allow":["GET"]}}],"collection":[{"href":"https:\/\/preprod.olympic.ca\/olympique\/wp-json\/wp\/v2\/athletes"}],"about":[{"href":"https:\/\/preprod.olympic.ca\/olympique\/wp-json\/wp\/v2\/types\/athletes"}],"version-history":[{"count":3,"href":"https:\/\/preprod.olympic.ca\/olympique\/wp-json\/wp\/v2\/athletes\/102887\/revisions"}],"predecessor-version":[{"id":155502,"href":"https:\/\/preprod.olympic.ca\/olympique\/wp-json\/wp\/v2\/athletes\/102887\/revisions\/155502"}],"wp:featuredmedia":[{"embeddable":true,"href":"https:\/\/preprod.olympic.ca\/olympique\/wp-json\/wp\/v2\/media\/117433"}],"wp:attachment":[{"href":"https:\/\/preprod.olympic.ca\/olympique\/wp-json\/wp\/v2\/media?parent=102887"}],"wp:term":[{"taxonomy":"post_tag","embeddable":true,"href":"https:\/\/preprod.olympic.ca\/olympique\/wp-json\/wp\/v2\/tags?post=102887"},{"taxonomy":"hof-categories","embeddable":true,"href":"https:\/\/preprod.olympic.ca\/olympique\/wp-json\/wp\/v2\/hof-categories?post=102887"},{"taxonomy":"year-inducted","embeddable":true,"href":"https:\/\/preprod.olympic.ca\/olympique\/wp-json\/wp\/v2\/year-inducted?post=102887"},{"taxonomy":"gender","embeddable":true,"href":"https:\/\/preprod.olympic.ca\/olympique\/wp-json\/wp\/v2\/gender?post=102887"},{"taxonomy":"season","embeddable":true,"href":"https:\/\/preprod.olympic.ca\/olympique\/wp-json\/wp\/v2\/season?post=102887"},{"taxonomy":"sport","embeddable":true,"href":"https:\/\/preprod.olympic.ca\/olympique\/wp-json\/wp\/v2\/sport?post=102887"},{"taxonomy":"game","embeddable":true,"href":"https:\/\/preprod.olympic.ca\/olympique\/wp-json\/wp\/v2\/game?post=102887"},{"taxonomy":"team","embeddable":true,"href":"https:\/\/preprod.olympic.ca\/olympique\/wp-json\/wp\/v2\/team?post=102887"},{"taxonomy":"event","embeddable":true,"href":"https:\/\/preprod.olympic.ca\/olympique\/wp-json\/wp\/v2\/event?post=102887"},{"taxonomy":"province","embeddable":true,"href":"https:\/\/preprod.olympic.ca\/olympique\/wp-json\/wp\/v2\/province?post=102887"}],"curies":[{"name":"wp","href":"https:\/\/api.w.org\/{rel}","templated":true}]}}