{"id":103239,"date":"2015-06-08T17:44:03","date_gmt":"2015-06-08T21:44:03","guid":{"rendered":"http:\/\/olympique.ca\/?post_type=athletes&#038;p=103239"},"modified":"2015-06-09T08:43:38","modified_gmt":"2015-06-09T12:43:38","slug":"francoise-abanda","status":"publish","type":"athletes","link":"https:\/\/preprod.olympic.ca\/olympique\/team-canada\/francoise-abanda\/","title":{"rendered":"Fran\u00e7oise Abanda"},"content":{"rendered":"<p>Fran\u00e7oise Aba<img loading=\"lazy\" decoding=\"async\" class=\"  wp-image-103240 alignleft\" src=\"https:\/\/preprod.olympic.ca\/wp-content\/uploads\/sites\/2\/2015\/06\/francoise-abanda.jpg?quality=100&amp;w=371\" alt=\"Francoise Abanda\" width=\"195\" height=\"195\" srcset=\"https:\/\/preprod.olympic.ca\/olympique\/wp-content\/uploads\/sites\/2\/2015\/06\/francoise-abanda.jpg 1553w, https:\/\/preprod.olympic.ca\/olympique\/wp-content\/uploads\/sites\/2\/2015\/06\/francoise-abanda.jpg?resize=158,158 158w, https:\/\/preprod.olympic.ca\/olympique\/wp-content\/uploads\/sites\/2\/2015\/06\/francoise-abanda.jpg?resize=371,371 371w, https:\/\/preprod.olympic.ca\/olympique\/wp-content\/uploads\/sites\/2\/2015\/06\/francoise-abanda.jpg?resize=768,768 768w, https:\/\/preprod.olympic.ca\/olympique\/wp-content\/uploads\/sites\/2\/2015\/06\/francoise-abanda.jpg?resize=754,754 754w, https:\/\/preprod.olympic.ca\/olympique\/wp-content\/uploads\/sites\/2\/2015\/06\/francoise-abanda.jpg?resize=1536,1536 1536w\" sizes=\"(max-width: 195px) 100vw, 195px\" \/>nda s\u2019est r\u00e9v\u00e9l\u00e9e une vedette en herbe sur la sc\u00e8ne canadienne du tennis depuis 2009, ann\u00e9e o\u00f9 elle a commenc\u00e9 \u00e0 s\u2019entra\u00eener au Centre d\u2019entra\u00eenement national, \u00e0 Montr\u00e9al. En 2012, lorsqu\u2019elle avait 15\u00a0ans, Fran\u00e7oise a atteint la demi-finale du tournoi junior de Wimbledon et est venue \u00e0 une manche d\u2019affronter Eugenie Bouchard dans ce qui aurait \u00e9t\u00e9 une finale exclusivement canadienne. Fran\u00e7oise s\u2019est class\u00e9e au quatri\u00e8me rang du circuit junior en avril 2013, un sommet en carri\u00e8re. Mais, pendant cette saison-l\u00e0, elle a \u00e9t\u00e9 ennuy\u00e9e par une blessure \u00e0 l\u2019\u00e9paule. En janvier 2014, \u00e0 Port St. Lucie, elle a remport\u00e9 son premier championnat professionnel \u00e0 l\u2019occasion du tournoi ITF, dont la bourse \u00e9tait de 25\u00a0000\u00a0$. Aux Internationaux de France qui se sont d\u00e9roul\u00e9s en juin de la m\u00eame ann\u00e9e, elle s\u2019est rendue pour la deuxi\u00e8me fois en demi-finale d\u2019un tournoi du Grand Chelem; toutefois, elle a subi la d\u00e9faite contre la t\u00eate de s\u00e9rie. Elle a particip\u00e9 \u00e0 son premier tournoi du Grand Chelem apr\u00e8s s\u2019\u00eatre qualifi\u00e9e pour une s\u00e9lection au tableau principal des Internationaux des \u00c9tats-Unis de 2014. Elle a repr\u00e9sent\u00e9 le Canada pour la premi\u00e8re fois \u00e0 l\u2019occasion de la Coupe Fed en 2015. En avril, \u00e0 l\u2019occasion des \u00e9liminatoires du groupe du monde contre la Roumanie, Fran\u00e7oise a remport\u00e9 sa premi\u00e8re victoire contre une adversaire du Top\u00a050 lorsqu\u2019elle a vaincu Irina-Camelia Begu, alors class\u00e9e au 33<sup>e<\/sup> rang du circuit. En octobre 2014, Fran\u00e7oise s\u2019est class\u00e9e au 175<sup>e<\/sup> rang de la WTA en simple pour ainsi atteindre un jalon personnel.<\/p>\n<h2><strong>\u00c0 PROPOS DE L\u2019ATHL\u00c8TE<\/strong><\/h2>\n<p><strong>Famille\u00a0:<\/strong> Ses parents, Blaise Abanda et Cicle Assono Ahibena, sont originaires du Cameroun. Sa s\u0153ur a\u00een\u00e9e \u00c9lisabeth joue au tennis dans la NCAA \u00e0 la Barry University. <strong>D\u00e9buts\u00a0: <\/strong>Elle s\u2019est initi\u00e9e au tennis \u00e0 l\u2019\u00e2ge de 7\u00a0ans pour ainsi embo\u00eeter le pas \u00e0 sa s\u0153ur a\u00een\u00e9e. Le patinage de vitesse est le premier sport qu\u2019elle a pratiqu\u00e9. <strong>De tout et de rien\u00a0:<\/strong> L\u2019\u00e9quipe nationale de soccer du Cameroun, Les Lions Indomptables, est son \u00e9quipe de sport favorite. Ses idoles d\u2019enfance \u00e9taient Serena et Venus Williams.<\/p>\n","protected":false},"excerpt":{"rendered":"<p>Fran\u00e7oise Abanda s\u2019est r\u00e9v\u00e9l\u00e9e une vedette en herbe sur la sc\u00e8ne canadienne du tennis depuis 2009, ann\u00e9e o\u00f9 elle a&#8230;<\/p>\n","protected":false},"featured_media":0,"template":"","tags":[],"hof-categories":[],"year-inducted":[],"gender":[23319],"season":[],"sport":[1999],"game":[334881982],"team":[415982994],"event":[181823523,7727387],"province":[],"class_list":["post-103239","athletes","type-athletes","status-publish","hentry","gender-feminin","sport-tennis","game-2015-toronto","team-toronto-2015-tennis","event-simple-femmes","event-singles-women"],"acf":[],"yoast_head":"<!-- This site is optimized with the Yoast SEO plugin v27.3 - https:\/\/yoast.com\/product\/yoast-seo-wordpress\/ -->\n<title>Fran\u00e7oise Abanda - \u00c9quipe Canada | Site officiel de l&#039;\u00e9quipe olympique<\/title>\n<meta name=\"robots\" content=\"index, follow, max-snippet:-1, max-image-preview:large, max-video-preview:-1\" \/>\n<link rel=\"canonical\" href=\"https:\/\/preprod.olympic.ca\/olympique\/team-canada\/francoise-abanda\/\" \/>\n<meta property=\"og:locale\" content=\"fr_FR\" \/>\n<meta property=\"og:type\" content=\"article\" \/>\n<meta property=\"og:title\" content=\"Fran\u00e7oise Abanda - \u00c9quipe Canada | Site officiel de l&#039;\u00e9quipe olympique\" \/>\n<meta property=\"og:description\" content=\"Fran\u00e7oise Abanda s\u2019est r\u00e9v\u00e9l\u00e9e une vedette en herbe sur la sc\u00e8ne canadienne du tennis depuis 2009, ann\u00e9e o\u00f9 elle a...\" \/>\n<meta property=\"og:url\" content=\"https:\/\/preprod.olympic.ca\/olympique\/team-canada\/francoise-abanda\/\" \/>\n<meta property=\"og:site_name\" content=\"\u00c9quipe Canada | Site officiel de l&#039;\u00e9quipe olympique\" \/>\n<meta property=\"article:modified_time\" content=\"2015-06-09T12:43:38+00:00\" \/>\n<meta property=\"og:image\" content=\"https:\/\/preprod.olympic.ca\/wp-content\/uploads\/sites\/2\/2015\/06\/francoise-abanda.jpg?quality=100&amp;w=371\" \/>\n<meta name=\"twitter:card\" content=\"summary_large_image\" \/>\n<meta name=\"twitter:label1\" content=\"Est. reading time\" \/>\n\t<meta name=\"twitter:data1\" content=\"2 minutes\" \/>\n\t<meta name=\"twitter:label2\" content=\"Written by\" \/>\n\t<meta name=\"twitter:data2\" content=\"joshsu\" \/>\n<script type=\"application\/ld+json\" class=\"yoast-schema-graph\">{\"@context\":\"https:\\\/\\\/schema.org\",\"@graph\":[{\"@type\":\"WebPage\",\"@id\":\"https:\\\/\\\/preprod.olympic.ca\\\/olympique\\\/team-canada\\\/francoise-abanda\\\/\",\"url\":\"https:\\\/\\\/preprod.olympic.ca\\\/olympique\\\/team-canada\\\/francoise-abanda\\\/\",\"name\":\"Fran\u00e7oise Abanda - \u00c9quipe Canada | Site officiel de l&#039;\u00e9quipe olympique\",\"isPartOf\":{\"@id\":\"https:\\\/\\\/preprod.olympic.ca\\\/olympique\\\/#website\"},\"primaryImageOfPage\":{\"@id\":\"https:\\\/\\\/preprod.olympic.ca\\\/olympique\\\/team-canada\\\/francoise-abanda\\\/#primaryimage\"},\"image\":{\"@id\":\"https:\\\/\\\/preprod.olympic.ca\\\/olympique\\\/team-canada\\\/francoise-abanda\\\/#primaryimage\"},\"thumbnailUrl\":\"https:\\\/\\\/preprod.olympic.ca\\\/wp-content\\\/uploads\\\/sites\\\/2\\\/2015\\\/06\\\/francoise-abanda.jpg?quality=100&amp;w=371\",\"datePublished\":\"2015-06-08T21:44:03+00:00\",\"dateModified\":\"2015-06-09T12:43:38+00:00\",\"inLanguage\":\"fr-FR\",\"potentialAction\":[{\"@type\":\"ReadAction\",\"target\":[\"https:\\\/\\\/preprod.olympic.ca\\\/olympique\\\/team-canada\\\/francoise-abanda\\\/\"]}]},{\"@type\":\"ImageObject\",\"inLanguage\":\"fr-FR\",\"@id\":\"https:\\\/\\\/preprod.olympic.ca\\\/olympique\\\/team-canada\\\/francoise-abanda\\\/#primaryimage\",\"url\":\"https:\\\/\\\/preprod.olympic.ca\\\/wp-content\\\/uploads\\\/sites\\\/2\\\/2015\\\/06\\\/francoise-abanda.jpg?quality=100&amp;w=371\",\"contentUrl\":\"https:\\\/\\\/preprod.olympic.ca\\\/wp-content\\\/uploads\\\/sites\\\/2\\\/2015\\\/06\\\/francoise-abanda.jpg?quality=100&amp;w=371\"},{\"@type\":\"WebSite\",\"@id\":\"https:\\\/\\\/preprod.olympic.ca\\\/olympique\\\/#website\",\"url\":\"https:\\\/\\\/preprod.olympic.ca\\\/olympique\\\/\",\"name\":\"\u00c9quipe Canada | Site officiel de l&#039;\u00e9quipe olympique\",\"description\":\"Votre source pour l\u2019\u00c9quipe olympique canadienne. Retrouvez les r\u00e9cits, vid\u00e9os et photos des athl\u00e8tes canadiens, sports olympiques, Jeux olympiques de 2020 et bien plus!\",\"potentialAction\":[{\"@type\":\"SearchAction\",\"target\":{\"@type\":\"EntryPoint\",\"urlTemplate\":\"https:\\\/\\\/preprod.olympic.ca\\\/olympique\\\/?s={search_term_string}\"},\"query-input\":{\"@type\":\"PropertyValueSpecification\",\"valueRequired\":true,\"valueName\":\"search_term_string\"}}],\"inLanguage\":\"fr-FR\"}]}<\/script>\n<!-- \/ Yoast SEO plugin. -->","yoast_head_json":{"title":"Fran\u00e7oise Abanda - \u00c9quipe Canada | Site officiel de l&#039;\u00e9quipe olympique","robots":{"index":"index","follow":"follow","max-snippet":"max-snippet:-1","max-image-preview":"max-image-preview:large","max-video-preview":"max-video-preview:-1"},"canonical":"https:\/\/preprod.olympic.ca\/olympique\/team-canada\/francoise-abanda\/","og_locale":"fr_FR","og_type":"article","og_title":"Fran\u00e7oise Abanda - \u00c9quipe Canada | Site officiel de l&#039;\u00e9quipe olympique","og_description":"Fran\u00e7oise Abanda s\u2019est r\u00e9v\u00e9l\u00e9e une vedette en herbe sur la sc\u00e8ne canadienne du tennis depuis 2009, ann\u00e9e o\u00f9 elle a...","og_url":"https:\/\/preprod.olympic.ca\/olympique\/team-canada\/francoise-abanda\/","og_site_name":"\u00c9quipe Canada | Site officiel de l&#039;\u00e9quipe olympique","article_modified_time":"2015-06-09T12:43:38+00:00","og_image":[{"url":"https:\/\/preprod.olympic.ca\/wp-content\/uploads\/sites\/2\/2015\/06\/francoise-abanda.jpg?quality=100&amp;w=371","type":"","width":"","height":""}],"twitter_card":"summary_large_image","twitter_misc":{"Est. reading time":"2 minutes","Written by":"joshsu"},"schema":{"@context":"https:\/\/schema.org","@graph":[{"@type":"WebPage","@id":"https:\/\/preprod.olympic.ca\/olympique\/team-canada\/francoise-abanda\/","url":"https:\/\/preprod.olympic.ca\/olympique\/team-canada\/francoise-abanda\/","name":"Fran\u00e7oise Abanda - \u00c9quipe Canada | Site officiel de l&#039;\u00e9quipe olympique","isPartOf":{"@id":"https:\/\/preprod.olympic.ca\/olympique\/#website"},"primaryImageOfPage":{"@id":"https:\/\/preprod.olympic.ca\/olympique\/team-canada\/francoise-abanda\/#primaryimage"},"image":{"@id":"https:\/\/preprod.olympic.ca\/olympique\/team-canada\/francoise-abanda\/#primaryimage"},"thumbnailUrl":"https:\/\/preprod.olympic.ca\/wp-content\/uploads\/sites\/2\/2015\/06\/francoise-abanda.jpg?quality=100&amp;w=371","datePublished":"2015-06-08T21:44:03+00:00","dateModified":"2015-06-09T12:43:38+00:00","inLanguage":"fr-FR","potentialAction":[{"@type":"ReadAction","target":["https:\/\/preprod.olympic.ca\/olympique\/team-canada\/francoise-abanda\/"]}]},{"@type":"ImageObject","inLanguage":"fr-FR","@id":"https:\/\/preprod.olympic.ca\/olympique\/team-canada\/francoise-abanda\/#primaryimage","url":"https:\/\/preprod.olympic.ca\/wp-content\/uploads\/sites\/2\/2015\/06\/francoise-abanda.jpg?quality=100&amp;w=371","contentUrl":"https:\/\/preprod.olympic.ca\/wp-content\/uploads\/sites\/2\/2015\/06\/francoise-abanda.jpg?quality=100&amp;w=371"},{"@type":"WebSite","@id":"https:\/\/preprod.olympic.ca\/olympique\/#website","url":"https:\/\/preprod.olympic.ca\/olympique\/","name":"\u00c9quipe Canada | Site officiel de l&#039;\u00e9quipe olympique","description":"Votre source pour l\u2019\u00c9quipe olympique canadienne. Retrouvez les r\u00e9cits, vid\u00e9os et photos des athl\u00e8tes canadiens, sports olympiques, Jeux olympiques de 2020 et bien plus!","potentialAction":[{"@type":"SearchAction","target":{"@type":"EntryPoint","urlTemplate":"https:\/\/preprod.olympic.ca\/olympique\/?s={search_term_string}"},"query-input":{"@type":"PropertyValueSpecification","valueRequired":true,"valueName":"search_term_string"}}],"inLanguage":"fr-FR"}]}},"featured_image_url":"","category_names":[],"tag_names":[],"sport_names":[555],"game_names":["Toronto 2015"],"season_names":[],"team_names":["Toronto 2015 Tennis"],"province_names":[],"social_facebook":"","social_twitter":"franckie12345","social_linkedin":"","social_gplus":"","social_instagram":"franckie_Abanda","social_website":"","total_medal_count_gold":"","total_medal_count_silver":"","total_medal_count_bronze":"","athlete_headshot":"","athlete_height":"178","athlete_weight":"66","athlete_hometown":"Montr\u00e9al (Qc)","athlete_birthplace":"Montr\u00e9al (Qc)","coc_gracenote_id":"","athlete_dob":"February 5, 1997","athlete_age":29,"jetpack_sharing_enabled":true,"_links":{"self":[{"href":"https:\/\/preprod.olympic.ca\/olympique\/wp-json\/wp\/v2\/athletes\/103239","targetHints":{"allow":["GET"]}}],"collection":[{"href":"https:\/\/preprod.olympic.ca\/olympique\/wp-json\/wp\/v2\/athletes"}],"about":[{"href":"https:\/\/preprod.olympic.ca\/olympique\/wp-json\/wp\/v2\/types\/athletes"}],"version-history":[{"count":1,"href":"https:\/\/preprod.olympic.ca\/olympique\/wp-json\/wp\/v2\/athletes\/103239\/revisions"}],"predecessor-version":[{"id":103272,"href":"https:\/\/preprod.olympic.ca\/olympique\/wp-json\/wp\/v2\/athletes\/103239\/revisions\/103272"}],"wp:attachment":[{"href":"https:\/\/preprod.olympic.ca\/olympique\/wp-json\/wp\/v2\/media?parent=103239"}],"wp:term":[{"taxonomy":"post_tag","embeddable":true,"href":"https:\/\/preprod.olympic.ca\/olympique\/wp-json\/wp\/v2\/tags?post=103239"},{"taxonomy":"hof-categories","embeddable":true,"href":"https:\/\/preprod.olympic.ca\/olympique\/wp-json\/wp\/v2\/hof-categories?post=103239"},{"taxonomy":"year-inducted","embeddable":true,"href":"https:\/\/preprod.olympic.ca\/olympique\/wp-json\/wp\/v2\/year-inducted?post=103239"},{"taxonomy":"gender","embeddable":true,"href":"https:\/\/preprod.olympic.ca\/olympique\/wp-json\/wp\/v2\/gender?post=103239"},{"taxonomy":"season","embeddable":true,"href":"https:\/\/preprod.olympic.ca\/olympique\/wp-json\/wp\/v2\/season?post=103239"},{"taxonomy":"sport","embeddable":true,"href":"https:\/\/preprod.olympic.ca\/olympique\/wp-json\/wp\/v2\/sport?post=103239"},{"taxonomy":"game","embeddable":true,"href":"https:\/\/preprod.olympic.ca\/olympique\/wp-json\/wp\/v2\/game?post=103239"},{"taxonomy":"team","embeddable":true,"href":"https:\/\/preprod.olympic.ca\/olympique\/wp-json\/wp\/v2\/team?post=103239"},{"taxonomy":"event","embeddable":true,"href":"https:\/\/preprod.olympic.ca\/olympique\/wp-json\/wp\/v2\/event?post=103239"},{"taxonomy":"province","embeddable":true,"href":"https:\/\/preprod.olympic.ca\/olympique\/wp-json\/wp\/v2\/province?post=103239"}],"curies":[{"name":"wp","href":"https:\/\/api.w.org\/{rel}","templated":true}]}}