{"id":103525,"date":"2015-06-13T22:09:28","date_gmt":"2015-06-14T02:09:28","guid":{"rendered":"http:\/\/olympique.ca\/?post_type=athletes&#038;p=103525"},"modified":"2018-07-12T09:43:33","modified_gmt":"2018-07-12T13:43:33","slug":"ariane-fortin","status":"publish","type":"athletes","link":"https:\/\/preprod.olympic.ca\/olympique\/team-canada\/ariane-fortin\/","title":{"rendered":"Ariane Fortin"},"content":{"rendered":"<p>Ariane Fortin conna\u00eet un moment marquant dans sa carri\u00e8re aux Jeux du Commonwealth de 2014 lorsqu\u2019elle remporte la m\u00e9daille d\u2019argent apr\u00e8s sa seule d\u00e9faite contre la championne du monde de 2012, Savannah Marshall, par suite d\u2019une d\u00e9cision majoritaire. Double championne du monde, Ariane rate sa chance de participer aux Jeux olympiques de 2012 et c\u00e8de la seule participation canadienne de la cat\u00e9gorie 75\u00a0kg \u00e0 Mary Spencer. La bataille d\u00e9cisive entre les amies devenues rivales a \u00e9t\u00e9 expos\u00e9e dans le documentaire <em>Last Woman Standing. <\/em>Encore plus d\u00e9termin\u00e9e \u00e0 se qualifier pour les Jeux olympiques, Ariane reprend l\u2019entra\u00eenement de plus belle et r\u00e9ussit \u00e0 retrouver sa place au sein de l\u2019\u00e9quipe nationale apr\u00e8s une victoire contre Mary au Championnat canadien de 2013, puis au tournoi de s\u00e9lection finale de l\u2019\u00e9quipe nationale de la m\u00eame ann\u00e9e.<\/p>\n<p>En 2014, elle est de retour aux Championnats du monde, o\u00f9 elle d\u00e9croche la m\u00e9daille de bronze, subissant sa seule d\u00e9faite \u00e0 la demi-finale contre la championne olympique Claressa Shield. Selon l\u2019athl\u00e8te canadienne, celle-ci serait la seule boxeuse du monde \u00e0 disposer d\u2019un avantage sur elle en mati\u00e8re de vitesse. Aux Jeux panam\u00e9ricains de 2015 \u00e0 Toronto, Ariane a ajout\u00e9 une m\u00e9daille de bronze \u00e0 sa collection en l\u2019emportant contre la V\u00e9n\u00e9zu\u00e9lienne Carmona Paez Franceli en quarts de finale. Elle a confirm\u00e9 sa pr\u00e9sence \u00e0 Rio\u00a02016 avec sa position de vice-championne derri\u00e8re Claressa Shields lors de la qualification olympique des Am\u00e9riques de mars\u00a02016. \u00c0 ses d\u00e9buts olympiques \u00e0 Rio, Ariane a \u00e9t\u00e9 \u00e9limin\u00e9e en premi\u00e8re ronde.\u00a0 Boxe Canada a nomm\u00e9 Ariane boxeuse f\u00e9minine de l\u2019ann\u00e9e en 2006, 2008 et 2009.<\/p>\n<p><strong style=\"line-height:1.5;\">\u00c0 propos d&rsquo;Ariane<\/strong><\/p>\n<p><strong>Famille\u00a0:<\/strong> Ses parents se nomment Roger Fortin et Evelyne Brochu. Elle a une s\u0153ur cadette qui s\u2019appelle Dominique. <strong>D\u00e9buts\u00a0:<\/strong> Elle a commenc\u00e9 la boxe \u00e0 l\u2019\u00e2ge de 16\u00a0ans. Le film <em>Girlfight<\/em> (<em>La pugiliste<\/em>) l\u2019a inspir\u00e9e \u00e0 s\u2019adonner au sport. Elle a suivi deux amis au club et a livr\u00e9 son premier combat trois mois plus tard. Il s\u2019agissait du premier sport individuel auquel elle participait, et elle a aim\u00e9 comment il mettait sa force de caract\u00e8re \u00e0 l\u2019\u00e9preuve. <strong>Au-del\u00e0 de la boxe\u00a0:<\/strong> Elle d\u00e9tient un baccalaur\u00e9at int\u00e9gr\u00e9 en langue fran\u00e7aise et r\u00e9daction professionnelle. Elle fait ses \u00e9tudes \u00e0 distance par le biais de T\u00e9luq (Universit\u00e9 du Qu\u00e9bec). Elle adore le sushi. Ses mod\u00e8les sont Lucian Bute, Adrian Diaconnu et Jojo Dan, \u00e0 c\u00f4t\u00e9 de qui elle s\u2019est entra\u00een\u00e9e tous les jours et a appris son \u00e9thique de travail. Elle regarde des vid\u00e9os comiques sur YouTube si elle est nerveuse avant un combat. Sa devise\u00a0: \u00ab\u00a0S\u2019\u00e9lever pour vaincre\u00a0\u00bb. Elle croit qu\u2019elle se heurte \u00e0 des obstacles parce qu\u2019elle a les outils pour les surmonter.<\/p>\n","protected":false},"excerpt":{"rendered":"<p>Ariane Fortin conna\u00eet un moment marquant dans sa carri\u00e8re aux Jeux du Commonwealth de 2014 lorsqu\u2019elle remporte la m\u00e9daille d\u2019argent apr\u00e8s sa seule d\u00e9faite contre la championne du monde de 2012, Savannah Marshall, par suite d\u2019une d\u00e9cision majoritaire.<\/p>\n","protected":false},"featured_media":117653,"template":"","tags":[30870414,415984552,1104411,713425,20292794],"hof-categories":[],"year-inducted":[],"gender":[23319],"season":[415983968],"sport":[420465],"game":[415984561,334881982],"team":[415983073,415982972],"event":[181822039],"province":[415983157],"class_list":["post-103525","athletes","type-athletes","status-publish","has-post-thumbnail","hentry","tag-ariane-fortin","tag-boxe","tag-equipe-canada","tag-rio-2016","tag-toronto-2015","gender-feminin","season-ete","sport-boxe","game-2016-rio","game-2015-toronto","team-rio-2016-boxe","team-toronto-2015-boxe","event-75-kg-femmes","province-quebec"],"acf":[],"yoast_head":"<!-- This site is optimized with the Yoast SEO plugin v27.3 - https:\/\/yoast.com\/product\/yoast-seo-wordpress\/ -->\n<title>Ariane Fortin - \u00c9quipe Canada | Site officiel de l&#039;\u00e9quipe olympique<\/title>\n<meta name=\"robots\" content=\"index, follow, max-snippet:-1, max-image-preview:large, max-video-preview:-1\" \/>\n<link rel=\"canonical\" href=\"https:\/\/preprod.olympic.ca\/olympique\/team-canada\/ariane-fortin\/\" \/>\n<meta property=\"og:locale\" content=\"fr_FR\" \/>\n<meta property=\"og:type\" content=\"article\" \/>\n<meta property=\"og:title\" content=\"Ariane Fortin - \u00c9quipe Canada | Site officiel de l&#039;\u00e9quipe olympique\" \/>\n<meta property=\"og:description\" content=\"Ariane Fortin conna\u00eet un moment marquant dans sa carri\u00e8re aux Jeux du Commonwealth de 2014 lorsqu\u2019elle remporte la m\u00e9daille d\u2019argent apr\u00e8s sa seule d\u00e9faite contre la championne du monde de 2012, Savannah Marshall, par suite d\u2019une d\u00e9cision majoritaire.\" \/>\n<meta property=\"og:url\" content=\"https:\/\/preprod.olympic.ca\/olympique\/team-canada\/ariane-fortin\/\" \/>\n<meta property=\"og:site_name\" content=\"\u00c9quipe Canada | Site officiel de l&#039;\u00e9quipe olympique\" \/>\n<meta property=\"article:modified_time\" content=\"2018-07-12T13:43:33+00:00\" \/>\n<meta property=\"og:image\" content=\"https:\/\/preprod.olympic.ca\/olympique\/wp-content\/uploads\/sites\/2\/2015\/06\/ariane-fortin-f.jpg?quality=100\" \/>\n\t<meta property=\"og:image:width\" content=\"1242\" \/>\n\t<meta property=\"og:image:height\" content=\"707\" \/>\n\t<meta property=\"og:image:type\" content=\"image\/jpeg\" \/>\n<meta name=\"twitter:card\" content=\"summary_large_image\" \/>\n<meta name=\"twitter:label1\" content=\"Est. reading time\" \/>\n\t<meta name=\"twitter:data1\" content=\"2 minutes\" \/>\n\t<meta name=\"twitter:label2\" content=\"Written by\" \/>\n\t<meta name=\"twitter:data2\" content=\"joshsu\" \/>\n<script type=\"application\/ld+json\" class=\"yoast-schema-graph\">{\"@context\":\"https:\\\/\\\/schema.org\",\"@graph\":[{\"@type\":\"WebPage\",\"@id\":\"https:\\\/\\\/preprod.olympic.ca\\\/olympique\\\/team-canada\\\/ariane-fortin\\\/\",\"url\":\"https:\\\/\\\/preprod.olympic.ca\\\/olympique\\\/team-canada\\\/ariane-fortin\\\/\",\"name\":\"Ariane Fortin - \u00c9quipe Canada | Site officiel de l&#039;\u00e9quipe olympique\",\"isPartOf\":{\"@id\":\"https:\\\/\\\/preprod.olympic.ca\\\/olympique\\\/#website\"},\"primaryImageOfPage\":{\"@id\":\"https:\\\/\\\/preprod.olympic.ca\\\/olympique\\\/team-canada\\\/ariane-fortin\\\/#primaryimage\"},\"image\":{\"@id\":\"https:\\\/\\\/preprod.olympic.ca\\\/olympique\\\/team-canada\\\/ariane-fortin\\\/#primaryimage\"},\"thumbnailUrl\":\"https:\\\/\\\/preprod.olympic.ca\\\/olympique\\\/wp-content\\\/uploads\\\/sites\\\/2\\\/2015\\\/06\\\/ariane-fortin-f.jpg?quality=100\",\"datePublished\":\"2015-06-14T02:09:28+00:00\",\"dateModified\":\"2018-07-12T13:43:33+00:00\",\"inLanguage\":\"fr-FR\",\"potentialAction\":[{\"@type\":\"ReadAction\",\"target\":[\"https:\\\/\\\/preprod.olympic.ca\\\/olympique\\\/team-canada\\\/ariane-fortin\\\/\"]}]},{\"@type\":\"ImageObject\",\"inLanguage\":\"fr-FR\",\"@id\":\"https:\\\/\\\/preprod.olympic.ca\\\/olympique\\\/team-canada\\\/ariane-fortin\\\/#primaryimage\",\"url\":\"https:\\\/\\\/preprod.olympic.ca\\\/olympique\\\/wp-content\\\/uploads\\\/sites\\\/2\\\/2015\\\/06\\\/ariane-fortin-f.jpg?quality=100\",\"contentUrl\":\"https:\\\/\\\/preprod.olympic.ca\\\/olympique\\\/wp-content\\\/uploads\\\/sites\\\/2\\\/2015\\\/06\\\/ariane-fortin-f.jpg?quality=100\",\"width\":1242,\"height\":707,\"caption\":\"Ariane Fortin during the middle weight women's quarter finals in boxing at the Pan American Games in Toronto Sunday, July 20, 2015..COC Photo by David Jackson\"},{\"@type\":\"WebSite\",\"@id\":\"https:\\\/\\\/preprod.olympic.ca\\\/olympique\\\/#website\",\"url\":\"https:\\\/\\\/preprod.olympic.ca\\\/olympique\\\/\",\"name\":\"\u00c9quipe Canada | Site officiel de l&#039;\u00e9quipe olympique\",\"description\":\"Votre source pour l\u2019\u00c9quipe olympique canadienne. Retrouvez les r\u00e9cits, vid\u00e9os et photos des athl\u00e8tes canadiens, sports olympiques, Jeux olympiques de 2020 et bien plus!\",\"potentialAction\":[{\"@type\":\"SearchAction\",\"target\":{\"@type\":\"EntryPoint\",\"urlTemplate\":\"https:\\\/\\\/preprod.olympic.ca\\\/olympique\\\/?s={search_term_string}\"},\"query-input\":{\"@type\":\"PropertyValueSpecification\",\"valueRequired\":true,\"valueName\":\"search_term_string\"}}],\"inLanguage\":\"fr-FR\"}]}<\/script>\n<!-- \/ Yoast SEO plugin. -->","yoast_head_json":{"title":"Ariane Fortin - \u00c9quipe Canada | Site officiel de l&#039;\u00e9quipe olympique","robots":{"index":"index","follow":"follow","max-snippet":"max-snippet:-1","max-image-preview":"max-image-preview:large","max-video-preview":"max-video-preview:-1"},"canonical":"https:\/\/preprod.olympic.ca\/olympique\/team-canada\/ariane-fortin\/","og_locale":"fr_FR","og_type":"article","og_title":"Ariane Fortin - \u00c9quipe Canada | Site officiel de l&#039;\u00e9quipe olympique","og_description":"Ariane Fortin conna\u00eet un moment marquant dans sa carri\u00e8re aux Jeux du Commonwealth de 2014 lorsqu\u2019elle remporte la m\u00e9daille d\u2019argent apr\u00e8s sa seule d\u00e9faite contre la championne du monde de 2012, Savannah Marshall, par suite d\u2019une d\u00e9cision majoritaire.","og_url":"https:\/\/preprod.olympic.ca\/olympique\/team-canada\/ariane-fortin\/","og_site_name":"\u00c9quipe Canada | Site officiel de l&#039;\u00e9quipe olympique","article_modified_time":"2018-07-12T13:43:33+00:00","og_image":[{"width":1242,"height":707,"url":"https:\/\/preprod.olympic.ca\/olympique\/wp-content\/uploads\/sites\/2\/2015\/06\/ariane-fortin-f.jpg?quality=100","type":"image\/jpeg"}],"twitter_card":"summary_large_image","twitter_misc":{"Est. reading time":"2 minutes","Written by":"joshsu"},"schema":{"@context":"https:\/\/schema.org","@graph":[{"@type":"WebPage","@id":"https:\/\/preprod.olympic.ca\/olympique\/team-canada\/ariane-fortin\/","url":"https:\/\/preprod.olympic.ca\/olympique\/team-canada\/ariane-fortin\/","name":"Ariane Fortin - \u00c9quipe Canada | Site officiel de l&#039;\u00e9quipe olympique","isPartOf":{"@id":"https:\/\/preprod.olympic.ca\/olympique\/#website"},"primaryImageOfPage":{"@id":"https:\/\/preprod.olympic.ca\/olympique\/team-canada\/ariane-fortin\/#primaryimage"},"image":{"@id":"https:\/\/preprod.olympic.ca\/olympique\/team-canada\/ariane-fortin\/#primaryimage"},"thumbnailUrl":"https:\/\/preprod.olympic.ca\/olympique\/wp-content\/uploads\/sites\/2\/2015\/06\/ariane-fortin-f.jpg?quality=100","datePublished":"2015-06-14T02:09:28+00:00","dateModified":"2018-07-12T13:43:33+00:00","inLanguage":"fr-FR","potentialAction":[{"@type":"ReadAction","target":["https:\/\/preprod.olympic.ca\/olympique\/team-canada\/ariane-fortin\/"]}]},{"@type":"ImageObject","inLanguage":"fr-FR","@id":"https:\/\/preprod.olympic.ca\/olympique\/team-canada\/ariane-fortin\/#primaryimage","url":"https:\/\/preprod.olympic.ca\/olympique\/wp-content\/uploads\/sites\/2\/2015\/06\/ariane-fortin-f.jpg?quality=100","contentUrl":"https:\/\/preprod.olympic.ca\/olympique\/wp-content\/uploads\/sites\/2\/2015\/06\/ariane-fortin-f.jpg?quality=100","width":1242,"height":707,"caption":"Ariane Fortin during the middle weight women's quarter finals in boxing at the Pan American Games in Toronto Sunday, July 20, 2015..COC Photo by David Jackson"},{"@type":"WebSite","@id":"https:\/\/preprod.olympic.ca\/olympique\/#website","url":"https:\/\/preprod.olympic.ca\/olympique\/","name":"\u00c9quipe Canada | Site officiel de l&#039;\u00e9quipe olympique","description":"Votre source pour l\u2019\u00c9quipe olympique canadienne. Retrouvez les r\u00e9cits, vid\u00e9os et photos des athl\u00e8tes canadiens, sports olympiques, Jeux olympiques de 2020 et bien plus!","potentialAction":[{"@type":"SearchAction","target":{"@type":"EntryPoint","urlTemplate":"https:\/\/preprod.olympic.ca\/olympique\/?s={search_term_string}"},"query-input":{"@type":"PropertyValueSpecification","valueRequired":true,"valueName":"search_term_string"}}],"inLanguage":"fr-FR"}]}},"featured_image_url":"https:\/\/preprod.olympic.ca\/olympique\/wp-content\/uploads\/sites\/2\/2015\/06\/ariane-fortin-f.jpg?quality=100","category_names":[],"tag_names":["Ariane Fortin","Boxe","\u00c9quipe canada","Rio 2016","Toronto 2015"],"sport_names":[365],"game_names":["Rio 2016","Toronto 2015"],"season_names":["\u00c9t\u00e9"],"team_names":["Rio 2016 Boxe","Toronto 2015 Boxe"],"province_names":["Qu\u00e9bec"],"social_facebook":"https:\/\/www.facebook.com\/pages\/Ariane-Fortin\/204787339740","social_twitter":"AryFortin","social_linkedin":"","social_gplus":"","social_instagram":"","social_website":"www.arianefortin.com","total_medal_count_gold":"","total_medal_count_silver":"","total_medal_count_bronze":"","athlete_headshot":"https:\/\/preprod.olympic.ca\/wp-content\/uploads\/sites\/2\/2015\/06\/ariane-fortin11.jpg?quality=100","athlete_height":"175","athlete_weight":"75","athlete_hometown":"St-Nicolas (Qc)","athlete_birthplace":"Quebec (Qc)","coc_gracenote_id":"","athlete_dob":"November 30, 1984","athlete_age":41,"jetpack_sharing_enabled":true,"_links":{"self":[{"href":"https:\/\/preprod.olympic.ca\/olympique\/wp-json\/wp\/v2\/athletes\/103525","targetHints":{"allow":["GET"]}}],"collection":[{"href":"https:\/\/preprod.olympic.ca\/olympique\/wp-json\/wp\/v2\/athletes"}],"about":[{"href":"https:\/\/preprod.olympic.ca\/olympique\/wp-json\/wp\/v2\/types\/athletes"}],"version-history":[{"count":2,"href":"https:\/\/preprod.olympic.ca\/olympique\/wp-json\/wp\/v2\/athletes\/103525\/revisions"}],"predecessor-version":[{"id":141513,"href":"https:\/\/preprod.olympic.ca\/olympique\/wp-json\/wp\/v2\/athletes\/103525\/revisions\/141513"}],"wp:featuredmedia":[{"embeddable":true,"href":"https:\/\/preprod.olympic.ca\/olympique\/wp-json\/wp\/v2\/media\/117653"}],"wp:attachment":[{"href":"https:\/\/preprod.olympic.ca\/olympique\/wp-json\/wp\/v2\/media?parent=103525"}],"wp:term":[{"taxonomy":"post_tag","embeddable":true,"href":"https:\/\/preprod.olympic.ca\/olympique\/wp-json\/wp\/v2\/tags?post=103525"},{"taxonomy":"hof-categories","embeddable":true,"href":"https:\/\/preprod.olympic.ca\/olympique\/wp-json\/wp\/v2\/hof-categories?post=103525"},{"taxonomy":"year-inducted","embeddable":true,"href":"https:\/\/preprod.olympic.ca\/olympique\/wp-json\/wp\/v2\/year-inducted?post=103525"},{"taxonomy":"gender","embeddable":true,"href":"https:\/\/preprod.olympic.ca\/olympique\/wp-json\/wp\/v2\/gender?post=103525"},{"taxonomy":"season","embeddable":true,"href":"https:\/\/preprod.olympic.ca\/olympique\/wp-json\/wp\/v2\/season?post=103525"},{"taxonomy":"sport","embeddable":true,"href":"https:\/\/preprod.olympic.ca\/olympique\/wp-json\/wp\/v2\/sport?post=103525"},{"taxonomy":"game","embeddable":true,"href":"https:\/\/preprod.olympic.ca\/olympique\/wp-json\/wp\/v2\/game?post=103525"},{"taxonomy":"team","embeddable":true,"href":"https:\/\/preprod.olympic.ca\/olympique\/wp-json\/wp\/v2\/team?post=103525"},{"taxonomy":"event","embeddable":true,"href":"https:\/\/preprod.olympic.ca\/olympique\/wp-json\/wp\/v2\/event?post=103525"},{"taxonomy":"province","embeddable":true,"href":"https:\/\/preprod.olympic.ca\/olympique\/wp-json\/wp\/v2\/province?post=103525"}],"curies":[{"name":"wp","href":"https:\/\/api.w.org\/{rel}","templated":true}]}}