{"id":103870,"date":"2015-06-18T17:56:09","date_gmt":"2015-06-18T21:56:09","guid":{"rendered":"http:\/\/olympique.ca\/?post_type=athletes&#038;p=103870"},"modified":"2015-07-10T14:47:25","modified_gmt":"2015-07-10T18:47:25","slug":"shanice-marcelle","status":"publish","type":"athletes","link":"https:\/\/preprod.olympic.ca\/olympique\/team-canada\/shanice-marcelle\/","title":{"rendered":"Shanice Marcelle"},"content":{"rendered":"<p><a href=\"https:\/\/preprod.olympic.ca\/wp-content\/uploads\/sites\/2\/2015\/06\/shanice-marcelle.jpg?quality=100\"><img loading=\"lazy\" decoding=\"async\" class=\"  alignleft wp-image-103872 size-thumbnail\" src=\"https:\/\/preprod.olympic.ca\/wp-content\/uploads\/sites\/2\/2015\/06\/shanice-marcelle.jpg?quality=100&amp;w=158\" alt=\"Shanice-Marcelle\" width=\"158\" height=\"158\" srcset=\"https:\/\/preprod.olympic.ca\/olympique\/wp-content\/uploads\/sites\/2\/2015\/06\/shanice-marcelle.jpg 600w, https:\/\/preprod.olympic.ca\/olympique\/wp-content\/uploads\/sites\/2\/2015\/06\/shanice-marcelle.jpg?resize=158,158 158w, https:\/\/preprod.olympic.ca\/olympique\/wp-content\/uploads\/sites\/2\/2015\/06\/shanice-marcelle.jpg?resize=371,371 371w\" sizes=\"(max-width: 158px) 100vw, 158px\" \/><\/a><\/p>\n<p>Shanice Marcelle s\u2019est jointe \u00e0 l\u2019\u00e9quipe nationale jeunesse de volleyball en 2006 et la m\u00eame ann\u00e9e, elle a particip\u00e9 au Championnat jeunesse de la NORCECA avant de prendre une pause de quelques ann\u00e9es pour jouer au volleyball de plage sur la sc\u00e8ne internationale. C\u2019est dans ce sport qu\u2019elle a pris part aux Championnats du monde jeunesse en 2007 et aux Championnats du monde juniors en 2010. En m\u00eame temps, elle jouait pour l\u2019\u00e9quipe de volleyball des Thunderbirds de l\u2019Universit\u00e9 de la Colombie-Britannique avec qui elle a remport\u00e9 cinq championnats canadiens de SIC cons\u00e9cutifs (2009-2013) ainsi que deux prix de joueuses de l\u2019ann\u00e9e de SIC (2011, 2013) en volleyball. En 2011, elle a \u00e9t\u00e9 nomm\u00e9e joueuse par excellence du Championnat de SIC et en 2013, elle a re\u00e7u le prix BLG de l\u2019athl\u00e8te f\u00e9minine de l\u2019ann\u00e9e de SIC, tous sports confondus. Shanice est devenue membre de l\u2019\u00e9quipe nationale senior en 2011. En 2013, elle a commenc\u00e9 \u00e0 jouer au niveau professionnel pour l\u2019\u00e9quipe de Dresde en Allemagne et en 2014, elle a aid\u00e9 son \u00e9quipe \u00e0 d\u00e9crocher le titre de championne de ligue. Cette m\u00eame ann\u00e9e, elle a repr\u00e9sent\u00e9 le Canada au Championnat du monde de la FIVB.<\/p>\n<h2>\u00c0 PROPOS DE L\u2019ATHL\u00c8TE<\/h2>\n<p>Famille : Ses parents s\u2019appellent Roger et Tracy Marcelle. Sa s\u0153ur a\u00een\u00e9e s\u2019appelle Tanisha et son fr\u00e8re cadet, Jordan. D\u00e9buts : Elle a commenc\u00e9 \u00e0 jouer au volleyball \u00e0 l\u2019\u00e2ge de 11 ans. Autres int\u00e9r\u00eats : Elle a obtenu son dipl\u00f4me en kin\u00e9siologie de l\u2019Universit\u00e9 de la Colombie-Britannique en 2013. Pour se changer les id\u00e9es, elle peint ou dessine. De tout et de rien : Sa devise : \u00ab Le d\u00e9sir est le point de d\u00e9part de toutes les r\u00e9alisations. \u00bb Avant un match, elle \u00e9coute toujours de la musique \u00e0 plein volume. En voyage, elle apporte toujours son journal. On la surnomme Shan.<\/p>\n<h2>PALMAR\u00c8S INTERNATIONAL<\/h2>\n<p>ChM FIVB : 2014 \u2013 17e<\/p>\n<p>FISU : 2013 \u2013 6e; 2011 \u2013 11e<\/p>\n<p>Coupe panam : 2014 \u2013 6e; 2013 \u2013 7e; 2012 \u2013 8e; 2011 \u2013 7e<\/p>\n<p>NORCECA : 2013 \u2013 4e<\/p>\n","protected":false},"excerpt":{"rendered":"<p>Shanice Marcelle s\u2019est jointe \u00e0 l\u2019\u00e9quipe nationale jeunesse de volleyball en 2006 et la m\u00eame ann\u00e9e, elle a particip\u00e9 au&#8230;<\/p>\n","protected":false},"featured_media":88525,"template":"","tags":[81411678],"hof-categories":[],"year-inducted":[],"gender":[23319],"season":[],"sport":[24641],"game":[334881982],"team":[374370273],"event":[203533],"province":[],"class_list":["post-103870","athletes","type-athletes","status-publish","has-post-thumbnail","hentry","tag-shanice-marcelle","gender-feminin","sport-volleyball-interieur","game-2015-toronto","team-toronto-2015-volleyball-femmes-2","event-femmes"],"acf":[],"yoast_head":"<!-- This site is optimized with the Yoast SEO plugin v27.3 - https:\/\/yoast.com\/product\/yoast-seo-wordpress\/ -->\n<title>Shanice Marcelle - \u00c9quipe Canada | Site officiel de l&#039;\u00e9quipe olympique<\/title>\n<meta name=\"robots\" content=\"index, follow, max-snippet:-1, max-image-preview:large, max-video-preview:-1\" \/>\n<link rel=\"canonical\" href=\"https:\/\/preprod.olympic.ca\/olympique\/team-canada\/shanice-marcelle\/\" \/>\n<meta property=\"og:locale\" content=\"fr_FR\" \/>\n<meta property=\"og:type\" content=\"article\" \/>\n<meta property=\"og:title\" content=\"Shanice Marcelle - \u00c9quipe Canada | Site officiel de l&#039;\u00e9quipe olympique\" \/>\n<meta property=\"og:description\" content=\"Shanice Marcelle s\u2019est jointe \u00e0 l\u2019\u00e9quipe nationale jeunesse de volleyball en 2006 et la m\u00eame ann\u00e9e, elle a particip\u00e9 au...\" \/>\n<meta property=\"og:url\" content=\"https:\/\/preprod.olympic.ca\/olympique\/team-canada\/shanice-marcelle\/\" \/>\n<meta property=\"og:site_name\" content=\"\u00c9quipe Canada | Site officiel de l&#039;\u00e9quipe olympique\" \/>\n<meta property=\"article:modified_time\" content=\"2015-07-10T18:47:25+00:00\" \/>\n<meta property=\"og:image\" content=\"https:\/\/preprod.olympic.ca\/olympique\/wp-content\/uploads\/sites\/2\/2013\/12\/coc_men_feature_placeholder_1340x754.png\" \/>\n\t<meta property=\"og:image:width\" content=\"670\" \/>\n\t<meta property=\"og:image:height\" content=\"377\" \/>\n\t<meta property=\"og:image:type\" content=\"image\/png\" \/>\n<meta name=\"twitter:card\" content=\"summary_large_image\" \/>\n<meta name=\"twitter:label1\" content=\"Est. reading time\" \/>\n\t<meta name=\"twitter:data1\" content=\"2 minutes\" \/>\n\t<meta name=\"twitter:label2\" content=\"Written by\" \/>\n\t<meta name=\"twitter:data2\" content=\"joshsu\" \/>\n<script type=\"application\/ld+json\" class=\"yoast-schema-graph\">{\"@context\":\"https:\\\/\\\/schema.org\",\"@graph\":[{\"@type\":\"WebPage\",\"@id\":\"https:\\\/\\\/preprod.olympic.ca\\\/olympique\\\/team-canada\\\/shanice-marcelle\\\/\",\"url\":\"https:\\\/\\\/preprod.olympic.ca\\\/olympique\\\/team-canada\\\/shanice-marcelle\\\/\",\"name\":\"Shanice Marcelle - \u00c9quipe Canada | Site officiel de l&#039;\u00e9quipe olympique\",\"isPartOf\":{\"@id\":\"https:\\\/\\\/preprod.olympic.ca\\\/olympique\\\/#website\"},\"primaryImageOfPage\":{\"@id\":\"https:\\\/\\\/preprod.olympic.ca\\\/olympique\\\/team-canada\\\/shanice-marcelle\\\/#primaryimage\"},\"image\":{\"@id\":\"https:\\\/\\\/preprod.olympic.ca\\\/olympique\\\/team-canada\\\/shanice-marcelle\\\/#primaryimage\"},\"thumbnailUrl\":\"https:\\\/\\\/preprod.olympic.ca\\\/olympique\\\/wp-content\\\/uploads\\\/sites\\\/2\\\/2013\\\/12\\\/coc_men_feature_placeholder_1340x754.png\",\"datePublished\":\"2015-06-18T21:56:09+00:00\",\"dateModified\":\"2015-07-10T18:47:25+00:00\",\"inLanguage\":\"fr-FR\",\"potentialAction\":[{\"@type\":\"ReadAction\",\"target\":[\"https:\\\/\\\/preprod.olympic.ca\\\/olympique\\\/team-canada\\\/shanice-marcelle\\\/\"]}]},{\"@type\":\"ImageObject\",\"inLanguage\":\"fr-FR\",\"@id\":\"https:\\\/\\\/preprod.olympic.ca\\\/olympique\\\/team-canada\\\/shanice-marcelle\\\/#primaryimage\",\"url\":\"https:\\\/\\\/preprod.olympic.ca\\\/olympique\\\/wp-content\\\/uploads\\\/sites\\\/2\\\/2013\\\/12\\\/coc_men_feature_placeholder_1340x754.png\",\"contentUrl\":\"https:\\\/\\\/preprod.olympic.ca\\\/olympique\\\/wp-content\\\/uploads\\\/sites\\\/2\\\/2013\\\/12\\\/coc_men_feature_placeholder_1340x754.png\",\"width\":670,\"height\":377},{\"@type\":\"WebSite\",\"@id\":\"https:\\\/\\\/preprod.olympic.ca\\\/olympique\\\/#website\",\"url\":\"https:\\\/\\\/preprod.olympic.ca\\\/olympique\\\/\",\"name\":\"\u00c9quipe Canada | Site officiel de l&#039;\u00e9quipe olympique\",\"description\":\"Votre source pour l\u2019\u00c9quipe olympique canadienne. Retrouvez les r\u00e9cits, vid\u00e9os et photos des athl\u00e8tes canadiens, sports olympiques, Jeux olympiques de 2020 et bien plus!\",\"potentialAction\":[{\"@type\":\"SearchAction\",\"target\":{\"@type\":\"EntryPoint\",\"urlTemplate\":\"https:\\\/\\\/preprod.olympic.ca\\\/olympique\\\/?s={search_term_string}\"},\"query-input\":{\"@type\":\"PropertyValueSpecification\",\"valueRequired\":true,\"valueName\":\"search_term_string\"}}],\"inLanguage\":\"fr-FR\"}]}<\/script>\n<!-- \/ Yoast SEO plugin. -->","yoast_head_json":{"title":"Shanice Marcelle - \u00c9quipe Canada | Site officiel de l&#039;\u00e9quipe olympique","robots":{"index":"index","follow":"follow","max-snippet":"max-snippet:-1","max-image-preview":"max-image-preview:large","max-video-preview":"max-video-preview:-1"},"canonical":"https:\/\/preprod.olympic.ca\/olympique\/team-canada\/shanice-marcelle\/","og_locale":"fr_FR","og_type":"article","og_title":"Shanice Marcelle - \u00c9quipe Canada | Site officiel de l&#039;\u00e9quipe olympique","og_description":"Shanice Marcelle s\u2019est jointe \u00e0 l\u2019\u00e9quipe nationale jeunesse de volleyball en 2006 et la m\u00eame ann\u00e9e, elle a particip\u00e9 au...","og_url":"https:\/\/preprod.olympic.ca\/olympique\/team-canada\/shanice-marcelle\/","og_site_name":"\u00c9quipe Canada | Site officiel de l&#039;\u00e9quipe olympique","article_modified_time":"2015-07-10T18:47:25+00:00","og_image":[{"width":670,"height":377,"url":"https:\/\/preprod.olympic.ca\/olympique\/wp-content\/uploads\/sites\/2\/2013\/12\/coc_men_feature_placeholder_1340x754.png","type":"image\/png"}],"twitter_card":"summary_large_image","twitter_misc":{"Est. reading time":"2 minutes","Written by":"joshsu"},"schema":{"@context":"https:\/\/schema.org","@graph":[{"@type":"WebPage","@id":"https:\/\/preprod.olympic.ca\/olympique\/team-canada\/shanice-marcelle\/","url":"https:\/\/preprod.olympic.ca\/olympique\/team-canada\/shanice-marcelle\/","name":"Shanice Marcelle - \u00c9quipe Canada | Site officiel de l&#039;\u00e9quipe olympique","isPartOf":{"@id":"https:\/\/preprod.olympic.ca\/olympique\/#website"},"primaryImageOfPage":{"@id":"https:\/\/preprod.olympic.ca\/olympique\/team-canada\/shanice-marcelle\/#primaryimage"},"image":{"@id":"https:\/\/preprod.olympic.ca\/olympique\/team-canada\/shanice-marcelle\/#primaryimage"},"thumbnailUrl":"https:\/\/preprod.olympic.ca\/olympique\/wp-content\/uploads\/sites\/2\/2013\/12\/coc_men_feature_placeholder_1340x754.png","datePublished":"2015-06-18T21:56:09+00:00","dateModified":"2015-07-10T18:47:25+00:00","inLanguage":"fr-FR","potentialAction":[{"@type":"ReadAction","target":["https:\/\/preprod.olympic.ca\/olympique\/team-canada\/shanice-marcelle\/"]}]},{"@type":"ImageObject","inLanguage":"fr-FR","@id":"https:\/\/preprod.olympic.ca\/olympique\/team-canada\/shanice-marcelle\/#primaryimage","url":"https:\/\/preprod.olympic.ca\/olympique\/wp-content\/uploads\/sites\/2\/2013\/12\/coc_men_feature_placeholder_1340x754.png","contentUrl":"https:\/\/preprod.olympic.ca\/olympique\/wp-content\/uploads\/sites\/2\/2013\/12\/coc_men_feature_placeholder_1340x754.png","width":670,"height":377},{"@type":"WebSite","@id":"https:\/\/preprod.olympic.ca\/olympique\/#website","url":"https:\/\/preprod.olympic.ca\/olympique\/","name":"\u00c9quipe Canada | Site officiel de l&#039;\u00e9quipe olympique","description":"Votre source pour l\u2019\u00c9quipe olympique canadienne. Retrouvez les r\u00e9cits, vid\u00e9os et photos des athl\u00e8tes canadiens, sports olympiques, Jeux olympiques de 2020 et bien plus!","potentialAction":[{"@type":"SearchAction","target":{"@type":"EntryPoint","urlTemplate":"https:\/\/preprod.olympic.ca\/olympique\/?s={search_term_string}"},"query-input":{"@type":"PropertyValueSpecification","valueRequired":true,"valueName":"search_term_string"}}],"inLanguage":"fr-FR"}]}},"featured_image_url":"https:\/\/preprod.olympic.ca\/olympique\/wp-content\/uploads\/sites\/2\/2013\/12\/coc_men_feature_placeholder_1340x754.png","category_names":[],"tag_names":["Shanice Marcelle"],"sport_names":[581],"game_names":["Toronto 2015"],"season_names":[],"team_names":["Toronto 2015 - Volleyball (femmes)"],"province_names":[],"social_facebook":"","social_twitter":"shanicem","social_linkedin":"","social_gplus":"","social_instagram":"","social_website":"","total_medal_count_gold":"","total_medal_count_silver":"","total_medal_count_bronze":"","athlete_headshot":"","athlete_height":"180","athlete_weight":"64","athlete_hometown":"Victoria (C.-B.)","athlete_birthplace":"Toronto (Ont.)","coc_gracenote_id":"","athlete_dob":"May 28, 1990","athlete_age":35,"jetpack_sharing_enabled":true,"_links":{"self":[{"href":"https:\/\/preprod.olympic.ca\/olympique\/wp-json\/wp\/v2\/athletes\/103870","targetHints":{"allow":["GET"]}}],"collection":[{"href":"https:\/\/preprod.olympic.ca\/olympique\/wp-json\/wp\/v2\/athletes"}],"about":[{"href":"https:\/\/preprod.olympic.ca\/olympique\/wp-json\/wp\/v2\/types\/athletes"}],"version-history":[{"count":1,"href":"https:\/\/preprod.olympic.ca\/olympique\/wp-json\/wp\/v2\/athletes\/103870\/revisions"}],"predecessor-version":[{"id":105717,"href":"https:\/\/preprod.olympic.ca\/olympique\/wp-json\/wp\/v2\/athletes\/103870\/revisions\/105717"}],"wp:featuredmedia":[{"embeddable":true,"href":"https:\/\/preprod.olympic.ca\/olympique\/wp-json\/wp\/v2\/media\/88525"}],"wp:attachment":[{"href":"https:\/\/preprod.olympic.ca\/olympique\/wp-json\/wp\/v2\/media?parent=103870"}],"wp:term":[{"taxonomy":"post_tag","embeddable":true,"href":"https:\/\/preprod.olympic.ca\/olympique\/wp-json\/wp\/v2\/tags?post=103870"},{"taxonomy":"hof-categories","embeddable":true,"href":"https:\/\/preprod.olympic.ca\/olympique\/wp-json\/wp\/v2\/hof-categories?post=103870"},{"taxonomy":"year-inducted","embeddable":true,"href":"https:\/\/preprod.olympic.ca\/olympique\/wp-json\/wp\/v2\/year-inducted?post=103870"},{"taxonomy":"gender","embeddable":true,"href":"https:\/\/preprod.olympic.ca\/olympique\/wp-json\/wp\/v2\/gender?post=103870"},{"taxonomy":"season","embeddable":true,"href":"https:\/\/preprod.olympic.ca\/olympique\/wp-json\/wp\/v2\/season?post=103870"},{"taxonomy":"sport","embeddable":true,"href":"https:\/\/preprod.olympic.ca\/olympique\/wp-json\/wp\/v2\/sport?post=103870"},{"taxonomy":"game","embeddable":true,"href":"https:\/\/preprod.olympic.ca\/olympique\/wp-json\/wp\/v2\/game?post=103870"},{"taxonomy":"team","embeddable":true,"href":"https:\/\/preprod.olympic.ca\/olympique\/wp-json\/wp\/v2\/team?post=103870"},{"taxonomy":"event","embeddable":true,"href":"https:\/\/preprod.olympic.ca\/olympique\/wp-json\/wp\/v2\/event?post=103870"},{"taxonomy":"province","embeddable":true,"href":"https:\/\/preprod.olympic.ca\/olympique\/wp-json\/wp\/v2\/province?post=103870"}],"curies":[{"name":"wp","href":"https:\/\/api.w.org\/{rel}","templated":true}]}}