{"id":104088,"date":"2015-06-20T19:05:20","date_gmt":"2015-06-20T23:05:20","guid":{"rendered":"http:\/\/olympique.ca\/?post_type=athletes&#038;p=104088"},"modified":"2024-07-11T11:02:32","modified_gmt":"2024-07-11T15:02:32","slug":"nirra-fields","status":"publish","type":"athletes","link":"https:\/\/preprod.olympic.ca\/olympique\/team-canada\/nirra-fields\/","title":{"rendered":"Nirra Fields"},"content":{"rendered":"<p><span style=\"font-weight: 400\">Nirra Fields a repr\u00e9sent\u00e9 le Canada pour la premi\u00e8re fois en 2009 lors des Championnats des Am\u00e9riques des moins de 16\u00a0ans de la FIBA. Elle a ensuite particip\u00e9 aux Championnats du monde des moins de 17\u00a0ans de la FIBA en 2010 et au Championnat du monde des moins de 19 ans en 2011.<\/span><\/p>\n<p><span style=\"font-weight: 400\">Apr\u00e8s ses d\u00e9buts au sein de l\u2019\u00e9quipe nationale senior en 2013, elle a fait partie de l\u2019\u00e9quipe canadienne qui a obtenu le meilleur r\u00e9sultat depuis 1986, soit une cinqui\u00e8me place au Championnat du monde de la FIBA de 2014 o\u00f9 elle a inscrit une moyenne de 5,7 points et de 2,6 rebonds par match. En 2015, elle a marqu\u00e9 8,6 points en moyenne par match pour le Canada qui a remport\u00e9 l\u2019or aux Jeux panam\u00e9ricains de Toronto. Elle a de plus aid\u00e9 son pays \u00e0 se qualifier pour les Jeux olympiques de Rio en remportant la m\u00e9daille d\u2019or du Tournoi de l\u2019AmeriCup de la FIBA en 2015.<\/span><\/p>\n<p><span style=\"font-weight: 400\">Fields a inscrit 34 points et a ajout\u00e9 11 rebonds en six rencontres \u00e0 ses d\u00e9buts olympiques aux Jeux de Rio en 2016, aidant le Canada \u00e0 atteindre les quarts de finale. Un an plus tard, elle a amass\u00e9 87 points au Tournoi de l\u2019AmeriCup de la FIBA 2017, remportant sa deuxi\u00e8me m\u00e9daille d\u2019or cons\u00e9cutive \u00e0 ce tournoi.\u00a0<\/span><\/p>\n<p><span style=\"font-weight: 400\">\u00c0 sa deuxi\u00e8me Coupe du monde de la FIBA en 2018, Fields a jou\u00e9 tous les matchs alors que le Canada a pris le septi\u00e8me rang. Elle a repris l\u2019action sur la sc\u00e8ne internationale au Tournoi de l\u2019AmeriCup de la FIBA 2021 o\u00f9 elle a affich\u00e9 des moyennes de 9,2 points et 4,8 rebonds par match alors que le Canada a pris le quatri\u00e8me rang. \u00c0 Tokyo 2020, Fields s&rsquo;est retrouv\u00e9e \u00e0 \u00e9galit\u00e9 en tant que deuxi\u00e8me meilleure marqueuse d&rsquo;\u00c9quipe Canada avec un total de 34 points, tout en \u00e9tant quatri\u00e8me de l&rsquo;\u00e9quipe au chapitre des minutes jou\u00e9es.<\/span><\/p>\n<p><span style=\"font-weight: 400\">Fields a jou\u00e9 avec UCLA dans les rangs universitaires o\u00f9 elle a \u00e9t\u00e9 choisie au sein de l\u2019\u00e9quipe d\u2019\u00e9toiles de l\u2019Association Pac-12 \u00e0 sa deuxi\u00e8me saison. Elle a conclu son parcours chez les Bruins parmi les 10 meilleures de l\u2019histoire de l\u2019\u00e9cole dans huit cat\u00e9gories de statistiques, notamment pour les points (3<\/span><span style=\"font-weight: 400\">e<\/span><span style=\"font-weight: 400\">), les paniers de trois points (3<\/span><span style=\"font-weight: 400\">e<\/span><span style=\"font-weight: 400\">), les interceptions (6<\/span><span style=\"font-weight: 400\">e<\/span><span style=\"font-weight: 400\">) et les matchs de 20 points (6<\/span><span style=\"font-weight: 400\">e<\/span><span style=\"font-weight: 400\">).<\/span><\/p>\n<p><span style=\"font-weight: 400\">Avant de rejoindre l\u2019UCLA, Fields a \u00e9t\u00e9 nomm\u00e9e Joueuse f\u00e9minine de l\u2019ann\u00e9e Gatorade de la Californie et est devenue la premi\u00e8re Canadienne s\u00e9lectionn\u00e9e au match des \u00e9toiles nationales McDonald\u2019s.\u00a0<\/span><\/p>\n<p><span style=\"font-weight: 400\">Elle a \u00e9t\u00e9 r\u00e9clam\u00e9e au 32e rang du Rep\u00eachage de la WNBA en 2016 par le Mercury de Phoenix et a fait ses premiers pas chez les professionnelles quelques mois plus tard. Elle a jou\u00e9 une saison en Turquie avant de rejoindre le club UNI Gyor en Hongrie. Elle a \u00e9t\u00e9 nomm\u00e9e D\u00e9fenseure par excellence et Joueuse internationale de l\u2019ann\u00e9e de la D1 de Hongrie en 2018.<\/span><\/p>\n<h4><b>\u00c0 propos de Nirra<\/b><\/h4>\n<p><b>D\u00e9buts : <\/b><span style=\"font-weight: 400\">Elle a commenc\u00e9 \u00e0 jouer au basketball \u00e0 l\u2019\u00e2ge de 13 ans\u2026 Ce sont le caract\u00e8re passionn\u00e9 et la rapidit\u00e9 du sport qui l\u2019ont attir\u00e9es vers le basketball\u2026 <\/span><b>Autres int\u00e9r\u00eats: <\/b><span style=\"font-weight: 400\">Elle a termin\u00e9 ses \u00e9tudes \u00e0 UCLA avec une majeure en communications\u2026 Elle aime la lecture, le magasinage et le cin\u00e9ma\u2026<\/span> <b>De tout et de rien : <\/b><span style=\"font-weight: 400\">Son dicton favori : \u00ab\u00a0La douleur est temporaire\u00a0\u00bb. On la surnomme \u00ab\u00a0<\/span><i><span style=\"font-weight: 400\">Ni Ni<\/span><\/i><span style=\"font-weight: 400\">\u00a0\u00bb.<\/span><\/p>\n","protected":false},"excerpt":{"rendered":"<p>Nirra Fields a inscrit 34 points et a ajout\u00e9 11 rebonds en six rencontres \u00e0 ses d\u00e9buts olympiques aux Jeux de Rio en 2016, aidant le Canada \u00e0 atteindre les quarts de finale. Un an plus tard, elle a amass\u00e9 87 points au Tournoi de l\u2019AmeriCup de la FIBA 2017, remportant sa deuxi\u00e8me m\u00e9daille d\u2019or cons\u00e9cutive \u00e0 ce tournoi.\u00a0<\/p>\n","protected":false},"featured_media":248010,"template":"","tags":[47453,30961412,1104411,126874727,415985124,713425,57868344,20292794,415987431],"hof-categories":[],"year-inducted":[],"gender":[23319],"season":[415983968],"sport":[1985],"game":[415985140,415984561,193413370,334881982],"team":[682166677,415983098,682163184,374043789],"event":[181822490,203533],"province":[415983157],"class_list":["post-104088","athletes","type-athletes","status-publish","has-post-thumbnail","hentry","tag-basket-ball","tag-basketball-2","tag-equipe-canada","tag-nirra-fields","tag-paris-2024","tag-rio-2016","tag-tokyo-2020","tag-toronto-2015","tag-wnba","gender-feminin","season-ete","sport-basketball","game-paris-2024","game-2016-rio","game-tokyo-2020","game-2015-toronto","team-paris-2024-basketball-femmes","team-rio-2016-basketball","team-tokyo-2020-basketball-femmes","team-toronto-2015-basketball-femmes","event-equipes-femmes","event-femmes","province-quebec"],"acf":[],"yoast_head":"<!-- This site is optimized with the Yoast SEO plugin v27.3 - https:\/\/yoast.com\/product\/yoast-seo-wordpress\/ -->\n<title>Nirra Fields - \u00c9quipe Canada | Site officiel de l&#039;\u00e9quipe olympique<\/title>\n<meta name=\"description\" content=\"Une biographie de l&#039;athl\u00e8te de basketball Nirra Fields.\" \/>\n<meta name=\"robots\" content=\"index, follow, max-snippet:-1, max-image-preview:large, max-video-preview:-1\" \/>\n<link rel=\"canonical\" href=\"https:\/\/preprod.olympic.ca\/olympique\/team-canada\/nirra-fields\/\" \/>\n<meta property=\"og:locale\" content=\"fr_FR\" \/>\n<meta property=\"og:type\" content=\"article\" \/>\n<meta property=\"og:title\" content=\"Nirra Fields - \u00c9quipe Canada | Site officiel de l&#039;\u00e9quipe olympique\" \/>\n<meta property=\"og:description\" content=\"Une biographie de l&#039;athl\u00e8te de basketball Nirra Fields.\" \/>\n<meta property=\"og:url\" content=\"https:\/\/preprod.olympic.ca\/olympique\/team-canada\/nirra-fields\/\" \/>\n<meta property=\"og:site_name\" content=\"\u00c9quipe Canada | Site officiel de l&#039;\u00e9quipe olympique\" \/>\n<meta property=\"article:modified_time\" content=\"2024-07-11T15:02:32+00:00\" \/>\n<meta property=\"og:image\" content=\"https:\/\/preprod.olympic.ca\/olympique\/wp-content\/uploads\/sites\/2\/2015\/06\/LH_20210726_706-e1719751505504.jpg?quality=100\" \/>\n\t<meta property=\"og:image:width\" content=\"1200\" \/>\n\t<meta property=\"og:image:height\" content=\"678\" \/>\n\t<meta property=\"og:image:type\" content=\"image\/jpeg\" \/>\n<meta name=\"twitter:card\" content=\"summary_large_image\" \/>\n<meta name=\"twitter:label1\" content=\"Est. reading time\" \/>\n\t<meta name=\"twitter:data1\" content=\"4 minutes\" \/>\n\t<meta name=\"twitter:label2\" content=\"Written by\" \/>\n\t<meta name=\"twitter:data2\" content=\"Caela Fenton\" \/>\n<script type=\"application\/ld+json\" class=\"yoast-schema-graph\">{\"@context\":\"https:\\\/\\\/schema.org\",\"@graph\":[{\"@type\":\"WebPage\",\"@id\":\"https:\\\/\\\/preprod.olympic.ca\\\/olympique\\\/team-canada\\\/nirra-fields\\\/\",\"url\":\"https:\\\/\\\/preprod.olympic.ca\\\/olympique\\\/team-canada\\\/nirra-fields\\\/\",\"name\":\"Nirra Fields - \u00c9quipe Canada | Site officiel de l&#039;\u00e9quipe olympique\",\"isPartOf\":{\"@id\":\"https:\\\/\\\/preprod.olympic.ca\\\/olympique\\\/#website\"},\"primaryImageOfPage\":{\"@id\":\"https:\\\/\\\/preprod.olympic.ca\\\/olympique\\\/team-canada\\\/nirra-fields\\\/#primaryimage\"},\"image\":{\"@id\":\"https:\\\/\\\/preprod.olympic.ca\\\/olympique\\\/team-canada\\\/nirra-fields\\\/#primaryimage\"},\"thumbnailUrl\":\"https:\\\/\\\/preprod.olympic.ca\\\/olympique\\\/wp-content\\\/uploads\\\/sites\\\/2\\\/2015\\\/06\\\/LH_20210726_706-e1719751505504.jpg?quality=100\",\"datePublished\":\"2015-06-20T23:05:20+00:00\",\"dateModified\":\"2024-07-11T15:02:32+00:00\",\"description\":\"Une biographie de l'athl\u00e8te de basketball Nirra Fields.\",\"inLanguage\":\"fr-FR\",\"potentialAction\":[{\"@type\":\"ReadAction\",\"target\":[\"https:\\\/\\\/preprod.olympic.ca\\\/olympique\\\/team-canada\\\/nirra-fields\\\/\"]}]},{\"@type\":\"ImageObject\",\"inLanguage\":\"fr-FR\",\"@id\":\"https:\\\/\\\/preprod.olympic.ca\\\/olympique\\\/team-canada\\\/nirra-fields\\\/#primaryimage\",\"url\":\"https:\\\/\\\/preprod.olympic.ca\\\/olympique\\\/wp-content\\\/uploads\\\/sites\\\/2\\\/2015\\\/06\\\/LH_20210726_706-e1719751505504.jpg?quality=100\",\"contentUrl\":\"https:\\\/\\\/preprod.olympic.ca\\\/olympique\\\/wp-content\\\/uploads\\\/sites\\\/2\\\/2015\\\/06\\\/LH_20210726_706-e1719751505504.jpg?quality=100\",\"width\":1200,\"height\":678,\"caption\":\"Nirra Fields #21 de l'\u00e9quipe canadienne joue le ballon contre Jelena Brooks #9 de l'\u00e9quipe serbe lors du tour pr\u00e9liminaire des Jeux Olympiques de Tokyo 2020, le lundi 26 juillet 2021. Photo par Leah Hennel\\\/COC *CREDIT OBLIGATOIRE*\"},{\"@type\":\"WebSite\",\"@id\":\"https:\\\/\\\/preprod.olympic.ca\\\/olympique\\\/#website\",\"url\":\"https:\\\/\\\/preprod.olympic.ca\\\/olympique\\\/\",\"name\":\"\u00c9quipe Canada | Site officiel de l&#039;\u00e9quipe olympique\",\"description\":\"Votre source pour l\u2019\u00c9quipe olympique canadienne. Retrouvez les r\u00e9cits, vid\u00e9os et photos des athl\u00e8tes canadiens, sports olympiques, Jeux olympiques de 2020 et bien plus!\",\"potentialAction\":[{\"@type\":\"SearchAction\",\"target\":{\"@type\":\"EntryPoint\",\"urlTemplate\":\"https:\\\/\\\/preprod.olympic.ca\\\/olympique\\\/?s={search_term_string}\"},\"query-input\":{\"@type\":\"PropertyValueSpecification\",\"valueRequired\":true,\"valueName\":\"search_term_string\"}}],\"inLanguage\":\"fr-FR\"}]}<\/script>\n<!-- \/ Yoast SEO plugin. -->","yoast_head_json":{"title":"Nirra Fields - \u00c9quipe Canada | Site officiel de l&#039;\u00e9quipe olympique","description":"Une biographie de l'athl\u00e8te de basketball Nirra Fields.","robots":{"index":"index","follow":"follow","max-snippet":"max-snippet:-1","max-image-preview":"max-image-preview:large","max-video-preview":"max-video-preview:-1"},"canonical":"https:\/\/preprod.olympic.ca\/olympique\/team-canada\/nirra-fields\/","og_locale":"fr_FR","og_type":"article","og_title":"Nirra Fields - \u00c9quipe Canada | Site officiel de l&#039;\u00e9quipe olympique","og_description":"Une biographie de l'athl\u00e8te de basketball Nirra Fields.","og_url":"https:\/\/preprod.olympic.ca\/olympique\/team-canada\/nirra-fields\/","og_site_name":"\u00c9quipe Canada | Site officiel de l&#039;\u00e9quipe olympique","article_modified_time":"2024-07-11T15:02:32+00:00","og_image":[{"width":1200,"height":678,"url":"https:\/\/preprod.olympic.ca\/olympique\/wp-content\/uploads\/sites\/2\/2015\/06\/LH_20210726_706-e1719751505504.jpg?quality=100","type":"image\/jpeg"}],"twitter_card":"summary_large_image","twitter_misc":{"Est. reading time":"4 minutes","Written by":"Caela Fenton"},"schema":{"@context":"https:\/\/schema.org","@graph":[{"@type":"WebPage","@id":"https:\/\/preprod.olympic.ca\/olympique\/team-canada\/nirra-fields\/","url":"https:\/\/preprod.olympic.ca\/olympique\/team-canada\/nirra-fields\/","name":"Nirra Fields - \u00c9quipe Canada | Site officiel de l&#039;\u00e9quipe olympique","isPartOf":{"@id":"https:\/\/preprod.olympic.ca\/olympique\/#website"},"primaryImageOfPage":{"@id":"https:\/\/preprod.olympic.ca\/olympique\/team-canada\/nirra-fields\/#primaryimage"},"image":{"@id":"https:\/\/preprod.olympic.ca\/olympique\/team-canada\/nirra-fields\/#primaryimage"},"thumbnailUrl":"https:\/\/preprod.olympic.ca\/olympique\/wp-content\/uploads\/sites\/2\/2015\/06\/LH_20210726_706-e1719751505504.jpg?quality=100","datePublished":"2015-06-20T23:05:20+00:00","dateModified":"2024-07-11T15:02:32+00:00","description":"Une biographie de l'athl\u00e8te de basketball Nirra Fields.","inLanguage":"fr-FR","potentialAction":[{"@type":"ReadAction","target":["https:\/\/preprod.olympic.ca\/olympique\/team-canada\/nirra-fields\/"]}]},{"@type":"ImageObject","inLanguage":"fr-FR","@id":"https:\/\/preprod.olympic.ca\/olympique\/team-canada\/nirra-fields\/#primaryimage","url":"https:\/\/preprod.olympic.ca\/olympique\/wp-content\/uploads\/sites\/2\/2015\/06\/LH_20210726_706-e1719751505504.jpg?quality=100","contentUrl":"https:\/\/preprod.olympic.ca\/olympique\/wp-content\/uploads\/sites\/2\/2015\/06\/LH_20210726_706-e1719751505504.jpg?quality=100","width":1200,"height":678,"caption":"Nirra Fields #21 de l'\u00e9quipe canadienne joue le ballon contre Jelena Brooks #9 de l'\u00e9quipe serbe lors du tour pr\u00e9liminaire des Jeux Olympiques de Tokyo 2020, le lundi 26 juillet 2021. Photo par Leah Hennel\/COC *CREDIT OBLIGATOIRE*"},{"@type":"WebSite","@id":"https:\/\/preprod.olympic.ca\/olympique\/#website","url":"https:\/\/preprod.olympic.ca\/olympique\/","name":"\u00c9quipe Canada | Site officiel de l&#039;\u00e9quipe olympique","description":"Votre source pour l\u2019\u00c9quipe olympique canadienne. Retrouvez les r\u00e9cits, vid\u00e9os et photos des athl\u00e8tes canadiens, sports olympiques, Jeux olympiques de 2020 et bien plus!","potentialAction":[{"@type":"SearchAction","target":{"@type":"EntryPoint","urlTemplate":"https:\/\/preprod.olympic.ca\/olympique\/?s={search_term_string}"},"query-input":{"@type":"PropertyValueSpecification","valueRequired":true,"valueName":"search_term_string"}}],"inLanguage":"fr-FR"}]}},"featured_image_url":"https:\/\/preprod.olympic.ca\/olympique\/wp-content\/uploads\/sites\/2\/2015\/06\/LH_20210726_706-e1719751505504.jpg?quality=100","category_names":[],"tag_names":["basket-ball","basketball","\u00c9quipe canada","Nirra Fields","Paris 2024","Rio 2016","Tokyo 2020","Toronto 2015","WNBA"],"sport_names":[360],"game_names":["Paris 2024","Rio 2016","Tokyo 2020","Toronto 2015"],"season_names":["\u00c9t\u00e9"],"team_names":["Paris 2024 Basketball (Femmes)","Rio 2016 Basketball Femmes","Tokyo 2020 Basketball (femmes)","Toronto 2015 Basketball Femmes"],"province_names":["Qu\u00e9bec"],"social_facebook":"Facebook.com\/nirra.fields ","social_twitter":"nirrafields","social_linkedin":"","social_gplus":"","social_instagram":"nirrafields","social_website":"","total_medal_count_gold":"","total_medal_count_silver":"","total_medal_count_bronze":"","athlete_headshot":"https:\/\/preprod.olympic.ca\/olympique\/wp-content\/uploads\/sites\/2\/2015\/06\/Fields_Nirra_02-e1719751425749.jpg?quality=100","athlete_height":"175","athlete_weight":"","athlete_hometown":" Montr\u00e9al, Qu\u00e9bec","athlete_birthplace":"New Westminister, Colombie-Britannique","coc_gracenote_id":"","athlete_dob":"August 19, 1970","athlete_age":55,"jetpack_sharing_enabled":true,"_links":{"self":[{"href":"https:\/\/preprod.olympic.ca\/olympique\/wp-json\/wp\/v2\/athletes\/104088","targetHints":{"allow":["GET"]}}],"collection":[{"href":"https:\/\/preprod.olympic.ca\/olympique\/wp-json\/wp\/v2\/athletes"}],"about":[{"href":"https:\/\/preprod.olympic.ca\/olympique\/wp-json\/wp\/v2\/types\/athletes"}],"version-history":[{"count":4,"href":"https:\/\/preprod.olympic.ca\/olympique\/wp-json\/wp\/v2\/athletes\/104088\/revisions"}],"predecessor-version":[{"id":249189,"href":"https:\/\/preprod.olympic.ca\/olympique\/wp-json\/wp\/v2\/athletes\/104088\/revisions\/249189"}],"wp:featuredmedia":[{"embeddable":true,"href":"https:\/\/preprod.olympic.ca\/olympique\/wp-json\/wp\/v2\/media\/248010"}],"wp:attachment":[{"href":"https:\/\/preprod.olympic.ca\/olympique\/wp-json\/wp\/v2\/media?parent=104088"}],"wp:term":[{"taxonomy":"post_tag","embeddable":true,"href":"https:\/\/preprod.olympic.ca\/olympique\/wp-json\/wp\/v2\/tags?post=104088"},{"taxonomy":"hof-categories","embeddable":true,"href":"https:\/\/preprod.olympic.ca\/olympique\/wp-json\/wp\/v2\/hof-categories?post=104088"},{"taxonomy":"year-inducted","embeddable":true,"href":"https:\/\/preprod.olympic.ca\/olympique\/wp-json\/wp\/v2\/year-inducted?post=104088"},{"taxonomy":"gender","embeddable":true,"href":"https:\/\/preprod.olympic.ca\/olympique\/wp-json\/wp\/v2\/gender?post=104088"},{"taxonomy":"season","embeddable":true,"href":"https:\/\/preprod.olympic.ca\/olympique\/wp-json\/wp\/v2\/season?post=104088"},{"taxonomy":"sport","embeddable":true,"href":"https:\/\/preprod.olympic.ca\/olympique\/wp-json\/wp\/v2\/sport?post=104088"},{"taxonomy":"game","embeddable":true,"href":"https:\/\/preprod.olympic.ca\/olympique\/wp-json\/wp\/v2\/game?post=104088"},{"taxonomy":"team","embeddable":true,"href":"https:\/\/preprod.olympic.ca\/olympique\/wp-json\/wp\/v2\/team?post=104088"},{"taxonomy":"event","embeddable":true,"href":"https:\/\/preprod.olympic.ca\/olympique\/wp-json\/wp\/v2\/event?post=104088"},{"taxonomy":"province","embeddable":true,"href":"https:\/\/preprod.olympic.ca\/olympique\/wp-json\/wp\/v2\/province?post=104088"}],"curies":[{"name":"wp","href":"https:\/\/api.w.org\/{rel}","templated":true}]}}