{"id":118177,"date":"2016-07-11T16:33:40","date_gmt":"2016-07-11T20:33:40","guid":{"rendered":"http:\/\/olympique.ca\/?post_type=athletes&#038;p=118177"},"modified":"2022-06-19T13:25:49","modified_gmt":"2022-06-19T17:25:49","slug":"gabriela-stafford","status":"publish","type":"athletes","link":"https:\/\/preprod.olympic.ca\/olympique\/team-canada\/gabriela-stafford\/","title":{"rendered":"Gabriela DeBues-Stafford"},"content":{"rendered":"<p><span style=\"font-weight: 400\">Gabriela DeBues-Stafford a r\u00e9ussi une performance remarquable \u00e0 ses deuxi\u00e8mes Jeux olympiques en atteignant la finale du 1500 m \u00e0 Tokyo 2020. Sa cinqui\u00e8me place vient \u00e9galiser le deuxi\u00e8me meilleur r\u00e9sultat de l&rsquo;histoire du Canada \u00e0 cette \u00e9preuve.&nbsp;<\/span><\/p>\n<p><span style=\"font-weight: 400\">\u00c0 sa premi\u00e8re course comme senior aux Championnats canadiens, Gabriela DeBues-Stafford a remport\u00e9 le titre national du 1500 m, en 2016, un mois seulement apr\u00e8s avoir inscrit un record personnel de 4:06,53, sous le standard olympique de Rio, o\u00f9 elle a effectu\u00e9 ses d\u00e9buts olympiques. Plus t\u00f4t, en 2016, elle a particip\u00e9 \u00e0 ses premiers Championnats du monde en salle de World Athletics en Pologne.<\/span><\/p>\n<p><span style=\"font-weight: 400\">DeBues-Stafford a disput\u00e9 ses premiers Championnats du monde de World Athletics en 2017, o\u00f9 elle a atteint les demi-finales du 1500 m. Cette bonne performance s&rsquo;est ajout\u00e9e au deuxi\u00e8me titre national qu&rsquo;elle a d\u00e9croch\u00e9 et \u00e0 la premi\u00e8re place qu&rsquo;elle a enregistr\u00e9e \u00e0 la Classique Prefontaine disput\u00e9e \u00e0 Eugene, dans l&rsquo;Oregon.&nbsp;<\/span><\/p>\n<p><span style=\"font-weight: 400\">En premi\u00e8re portion de la saison 2018, elle a particip\u00e9 aux Jeux du Commonwealth \u00e0 Gold Coast, en Australie, en plus de d\u00e9crocher un troisi\u00e8me titre du 1500 m d&rsquo;affil\u00e9e aux Championnats canadiens. Elle a ensuite obtenu une m\u00e9daille de bronze aux Championnats de la NACAC \u00e0 Toronto.&nbsp;<\/span><\/p>\n<p><span style=\"font-weight: 400\">C&rsquo;est toutefois en 2019 qu&rsquo;elle a accumul\u00e9 les succ\u00e8s. DeBues-Stafford a d&rsquo;abord r\u00e9\u00e9dit\u00e9 le record canadien du 5000 m en salle en retranchant 27,2 secondes \u00e0 la marque pr\u00e9c\u00e9dente. Moins d&rsquo;un mois plus tard, elle a am\u00e9lior\u00e9 le record canadien du mille en salle. Quand la saison ext\u00e9rieure a commenc\u00e9 en Europe, elle a abaiss\u00e9 le record national du 5000 m en place depuis 16 ans, pour ensuite l&rsquo;abaisser \u00e0 nouveau \u00e0 14:44,12 en septembre. Elle a couronn\u00e9 sa saison de belle fa\u00e7on aux Championnats du monde de World Athletics \u00e0 Doha, au Qatar, o\u00f9 elle a atteint la finale du 1500 m et fini sixi\u00e8me avec un temps record \u00e0 l&rsquo;\u00e9chelle nationale de 3:56,12, ce qui \u00e9tait plus de huit secondes sous la norme de qualification olympique.&nbsp;<\/span><\/p>\n<p><span style=\"font-weight: 400\">Apr\u00e8s seulement deux courses sur des pistes ext\u00e9rieures en 2020, la pand\u00e9mie de COVID-19 \u00e9tant venue interrompre la saison, DeBues-Stafford a enregistr\u00e9 un sommet personnel de 1:58,70 au 800 m au mois de mai 2021. Elle est ainsi devenue la premi\u00e8re femme canadienne \u00e0 passer sous la barre des deux minutes au 800 m, des quatre minutes au 1500 m et des 15 minutes au 5000 m.&nbsp;<\/span><\/p>\n<p><span style=\"font-weight: 400\">Comme m\u00e9daill\u00e9e d\u2019argent junior canadienne au 1500 m, Gabriela a concouru aux Championnats panam\u00e9ricains juniors de 2013. La m\u00eame ann\u00e9e, elle a aussi particip\u00e9 aux Championnats du monde juniors de cross-country. En 2014, elle a remport\u00e9 le titre national junior du 3000 m et s\u2019est class\u00e9e parmi les 10 meilleures aux Championnats du monde juniors de l\u2019IAAF.<\/span><\/p>\n<p><span style=\"font-weight: 400\">Lorsqu\u2019elle repr\u00e9sentait l\u2019Universit\u00e9 de Toronto, elle a termin\u00e9 2e au 1000 m et 3e au 1500 m des Championnats SIC. Elle a ensuite gagn\u00e9 l\u2019argent au 1500 m des Jeux mondiaux universitaires de 2015. En 2016, elle a remport\u00e9 le titre SIC sur les deux distances, ce qui lui a valu le titre d\u2019athl\u00e8te par excellence de l\u2019\u00e9preuve, tandis que l\u2019\u00e9quipe f\u00e9minine de l\u2019Universit\u00e9 de Toronto a remport\u00e9 la banni\u00e8re nationale.<\/span><\/p>\n<h3><b>\u00c0 propos de Gabriela<\/b><\/h3>\n<p><b>D\u00e9buts&nbsp;:<\/b><span style=\"font-weight: 400\">&nbsp;Elle a commenc\u00e9 \u00e0 faire de la course de comp\u00e9tition en quatri\u00e8me ann\u00e9e quand son \u00e9cole a proc\u00e9d\u00e9 \u00e0 des essais de cross-country.&nbsp;<\/span><b>Autres int\u00e9r\u00eats :<\/b><span style=\"font-weight: 400\">&nbsp;Elle \u00e9tudie la psychologie \u00e0 l\u2019Universit\u00e9 de Toronto. Elle est musicienne b\u00e9n\u00e9vole \u00e0 la maison pour a\u00een\u00e9s Belmont House. On la surnomme \u00ab&nbsp;G&nbsp;\u00bb. <\/span><span style=\"font-weight: 400\">Sa s\u0153ur cadette Lucia est aussi membre de l\u2019\u00e9quipe olympique pour les Jeux de Tokyo 2020\u2026 <\/span><\/p>\n","protected":false},"excerpt":{"rendered":"<p>\u00c0 sa premi\u00e8re course comme senior aux Championnats canadiens, Gabriela DeBues-Stafford a remport\u00e9 le titre national du 1500 m, en 2016, un mois seulement apr\u00e8s avoir inscrit un record personnel de 4:06,53, sous le standard olympique de Rio, o\u00f9 elle a effectu\u00e9 ses d\u00e9buts olympiques.<\/p>\n","protected":false},"featured_media":141665,"template":"","tags":[415987031,415984548,7851,1104411,415988703,415984125,713425,57868344],"hof-categories":[],"year-inducted":[],"gender":[23319],"season":[415983968],"sport":[48770],"game":[415984561,193413370],"team":[415983070,682163182],"event":[181821773],"province":[415983158],"class_list":["post-118177","athletes","type-athletes","status-publish","has-post-thumbnail","hentry","tag-1500-m","tag-athletisme","tag-cross-country","tag-equipe-canada","tag-gabriela-debues-stafford","tag-gabriela-stafford","tag-rio-2016","tag-tokyo-2020","gender-feminin","season-ete","sport-athletisme","game-2016-rio","game-tokyo-2020","team-rio-2016-athletisme","team-tokyo-2020-athletisme","event-1-500-m-femmes","province-ontario"],"acf":[],"yoast_head":"<!-- This site is optimized with the Yoast SEO plugin v27.3 - https:\/\/yoast.com\/product\/yoast-seo-wordpress\/ -->\n<title>Gabriela DeBues-Stafford - \u00c9quipe Canada | Site officiel de l&#039;\u00e9quipe olympique<\/title>\n<meta name=\"description\" content=\"\u00c0 sa premi\u00e8re course comme senior aux Championnats canadiens, Gabriela DeBues-Stafford a remport\u00e9 le titre national du 1500 m, en 2016, un mois seulement apr\u00e8s avoir inscrit un record personnel de 4:06,53, sous le standard olympique de Rio, o\u00f9 elle a effectu\u00e9 ses d\u00e9buts olympiques.\" \/>\n<meta name=\"robots\" content=\"index, follow, max-snippet:-1, max-image-preview:large, max-video-preview:-1\" \/>\n<link rel=\"canonical\" href=\"https:\/\/preprod.olympic.ca\/olympique\/team-canada\/gabriela-stafford\/\" \/>\n<meta property=\"og:locale\" content=\"fr_FR\" \/>\n<meta property=\"og:type\" content=\"article\" \/>\n<meta property=\"og:title\" content=\"Gabriela DeBues-Stafford - \u00c9quipe Canada | Site officiel de l&#039;\u00e9quipe olympique\" \/>\n<meta property=\"og:description\" content=\"\u00c0 sa premi\u00e8re course comme senior aux Championnats canadiens, Gabriela DeBues-Stafford a remport\u00e9 le titre national du 1500 m, en 2016, un mois seulement apr\u00e8s avoir inscrit un record personnel de 4:06,53, sous le standard olympique de Rio, o\u00f9 elle a effectu\u00e9 ses d\u00e9buts olympiques.\" \/>\n<meta property=\"og:url\" content=\"https:\/\/preprod.olympic.ca\/olympique\/team-canada\/gabriela-stafford\/\" \/>\n<meta property=\"og:site_name\" content=\"\u00c9quipe Canada | Site officiel de l&#039;\u00e9quipe olympique\" \/>\n<meta property=\"article:modified_time\" content=\"2022-06-19T17:25:49+00:00\" \/>\n<meta property=\"og:image\" content=\"https:\/\/preprod.olympic.ca\/olympique\/wp-content\/uploads\/sites\/2\/2016\/07\/gabrielastafford_1500m_heats_stephenhosierphoto_-e1531254385234.jpg?quality=100\" \/>\n\t<meta property=\"og:image:width\" content=\"1010\" \/>\n\t<meta property=\"og:image:height\" content=\"568\" \/>\n\t<meta property=\"og:image:type\" content=\"image\/jpeg\" \/>\n<meta name=\"twitter:card\" content=\"summary_large_image\" \/>\n<meta name=\"twitter:label1\" content=\"Est. reading time\" \/>\n\t<meta name=\"twitter:data1\" content=\"4 minutes\" \/>\n\t<meta name=\"twitter:label2\" content=\"Written by\" \/>\n\t<meta name=\"twitter:data2\" content=\"Maxime Bernier\" \/>\n<script type=\"application\/ld+json\" class=\"yoast-schema-graph\">{\"@context\":\"https:\\\/\\\/schema.org\",\"@graph\":[{\"@type\":\"WebPage\",\"@id\":\"https:\\\/\\\/preprod.olympic.ca\\\/olympique\\\/team-canada\\\/gabriela-stafford\\\/\",\"url\":\"https:\\\/\\\/preprod.olympic.ca\\\/olympique\\\/team-canada\\\/gabriela-stafford\\\/\",\"name\":\"Gabriela DeBues-Stafford - \u00c9quipe Canada | Site officiel de l&#039;\u00e9quipe olympique\",\"isPartOf\":{\"@id\":\"https:\\\/\\\/preprod.olympic.ca\\\/olympique\\\/#website\"},\"primaryImageOfPage\":{\"@id\":\"https:\\\/\\\/preprod.olympic.ca\\\/olympique\\\/team-canada\\\/gabriela-stafford\\\/#primaryimage\"},\"image\":{\"@id\":\"https:\\\/\\\/preprod.olympic.ca\\\/olympique\\\/team-canada\\\/gabriela-stafford\\\/#primaryimage\"},\"thumbnailUrl\":\"https:\\\/\\\/preprod.olympic.ca\\\/olympique\\\/wp-content\\\/uploads\\\/sites\\\/2\\\/2016\\\/07\\\/gabrielastafford_1500m_heats_stephenhosierphoto_-e1531254385234.jpg?quality=100\",\"datePublished\":\"2016-07-11T20:33:40+00:00\",\"dateModified\":\"2022-06-19T17:25:49+00:00\",\"description\":\"\u00c0 sa premi\u00e8re course comme senior aux Championnats canadiens, Gabriela DeBues-Stafford a remport\u00e9 le titre national du 1500 m, en 2016, un mois seulement apr\u00e8s avoir inscrit un record personnel de 4:06,53, sous le standard olympique de Rio, o\u00f9 elle a effectu\u00e9 ses d\u00e9buts olympiques.\",\"inLanguage\":\"fr-FR\",\"potentialAction\":[{\"@type\":\"ReadAction\",\"target\":[\"https:\\\/\\\/preprod.olympic.ca\\\/olympique\\\/team-canada\\\/gabriela-stafford\\\/\"]}]},{\"@type\":\"ImageObject\",\"inLanguage\":\"fr-FR\",\"@id\":\"https:\\\/\\\/preprod.olympic.ca\\\/olympique\\\/team-canada\\\/gabriela-stafford\\\/#primaryimage\",\"url\":\"https:\\\/\\\/preprod.olympic.ca\\\/olympique\\\/wp-content\\\/uploads\\\/sites\\\/2\\\/2016\\\/07\\\/gabrielastafford_1500m_heats_stephenhosierphoto_-e1531254385234.jpg?quality=100\",\"contentUrl\":\"https:\\\/\\\/preprod.olympic.ca\\\/olympique\\\/wp-content\\\/uploads\\\/sites\\\/2\\\/2016\\\/07\\\/gabrielastafford_1500m_heats_stephenhosierphoto_-e1531254385234.jpg?quality=100\",\"width\":1010,\"height\":568},{\"@type\":\"WebSite\",\"@id\":\"https:\\\/\\\/preprod.olympic.ca\\\/olympique\\\/#website\",\"url\":\"https:\\\/\\\/preprod.olympic.ca\\\/olympique\\\/\",\"name\":\"\u00c9quipe Canada | Site officiel de l&#039;\u00e9quipe olympique\",\"description\":\"Votre source pour l\u2019\u00c9quipe olympique canadienne. Retrouvez les r\u00e9cits, vid\u00e9os et photos des athl\u00e8tes canadiens, sports olympiques, Jeux olympiques de 2020 et bien plus!\",\"potentialAction\":[{\"@type\":\"SearchAction\",\"target\":{\"@type\":\"EntryPoint\",\"urlTemplate\":\"https:\\\/\\\/preprod.olympic.ca\\\/olympique\\\/?s={search_term_string}\"},\"query-input\":{\"@type\":\"PropertyValueSpecification\",\"valueRequired\":true,\"valueName\":\"search_term_string\"}}],\"inLanguage\":\"fr-FR\"}]}<\/script>\n<!-- \/ Yoast SEO plugin. -->","yoast_head_json":{"title":"Gabriela DeBues-Stafford - \u00c9quipe Canada | Site officiel de l&#039;\u00e9quipe olympique","description":"\u00c0 sa premi\u00e8re course comme senior aux Championnats canadiens, Gabriela DeBues-Stafford a remport\u00e9 le titre national du 1500 m, en 2016, un mois seulement apr\u00e8s avoir inscrit un record personnel de 4:06,53, sous le standard olympique de Rio, o\u00f9 elle a effectu\u00e9 ses d\u00e9buts olympiques.","robots":{"index":"index","follow":"follow","max-snippet":"max-snippet:-1","max-image-preview":"max-image-preview:large","max-video-preview":"max-video-preview:-1"},"canonical":"https:\/\/preprod.olympic.ca\/olympique\/team-canada\/gabriela-stafford\/","og_locale":"fr_FR","og_type":"article","og_title":"Gabriela DeBues-Stafford - \u00c9quipe Canada | Site officiel de l&#039;\u00e9quipe olympique","og_description":"\u00c0 sa premi\u00e8re course comme senior aux Championnats canadiens, Gabriela DeBues-Stafford a remport\u00e9 le titre national du 1500 m, en 2016, un mois seulement apr\u00e8s avoir inscrit un record personnel de 4:06,53, sous le standard olympique de Rio, o\u00f9 elle a effectu\u00e9 ses d\u00e9buts olympiques.","og_url":"https:\/\/preprod.olympic.ca\/olympique\/team-canada\/gabriela-stafford\/","og_site_name":"\u00c9quipe Canada | Site officiel de l&#039;\u00e9quipe olympique","article_modified_time":"2022-06-19T17:25:49+00:00","og_image":[{"width":1010,"height":568,"url":"https:\/\/preprod.olympic.ca\/olympique\/wp-content\/uploads\/sites\/2\/2016\/07\/gabrielastafford_1500m_heats_stephenhosierphoto_-e1531254385234.jpg?quality=100","type":"image\/jpeg"}],"twitter_card":"summary_large_image","twitter_misc":{"Est. reading time":"4 minutes","Written by":"Maxime Bernier"},"schema":{"@context":"https:\/\/schema.org","@graph":[{"@type":"WebPage","@id":"https:\/\/preprod.olympic.ca\/olympique\/team-canada\/gabriela-stafford\/","url":"https:\/\/preprod.olympic.ca\/olympique\/team-canada\/gabriela-stafford\/","name":"Gabriela DeBues-Stafford - \u00c9quipe Canada | Site officiel de l&#039;\u00e9quipe olympique","isPartOf":{"@id":"https:\/\/preprod.olympic.ca\/olympique\/#website"},"primaryImageOfPage":{"@id":"https:\/\/preprod.olympic.ca\/olympique\/team-canada\/gabriela-stafford\/#primaryimage"},"image":{"@id":"https:\/\/preprod.olympic.ca\/olympique\/team-canada\/gabriela-stafford\/#primaryimage"},"thumbnailUrl":"https:\/\/preprod.olympic.ca\/olympique\/wp-content\/uploads\/sites\/2\/2016\/07\/gabrielastafford_1500m_heats_stephenhosierphoto_-e1531254385234.jpg?quality=100","datePublished":"2016-07-11T20:33:40+00:00","dateModified":"2022-06-19T17:25:49+00:00","description":"\u00c0 sa premi\u00e8re course comme senior aux Championnats canadiens, Gabriela DeBues-Stafford a remport\u00e9 le titre national du 1500 m, en 2016, un mois seulement apr\u00e8s avoir inscrit un record personnel de 4:06,53, sous le standard olympique de Rio, o\u00f9 elle a effectu\u00e9 ses d\u00e9buts olympiques.","inLanguage":"fr-FR","potentialAction":[{"@type":"ReadAction","target":["https:\/\/preprod.olympic.ca\/olympique\/team-canada\/gabriela-stafford\/"]}]},{"@type":"ImageObject","inLanguage":"fr-FR","@id":"https:\/\/preprod.olympic.ca\/olympique\/team-canada\/gabriela-stafford\/#primaryimage","url":"https:\/\/preprod.olympic.ca\/olympique\/wp-content\/uploads\/sites\/2\/2016\/07\/gabrielastafford_1500m_heats_stephenhosierphoto_-e1531254385234.jpg?quality=100","contentUrl":"https:\/\/preprod.olympic.ca\/olympique\/wp-content\/uploads\/sites\/2\/2016\/07\/gabrielastafford_1500m_heats_stephenhosierphoto_-e1531254385234.jpg?quality=100","width":1010,"height":568},{"@type":"WebSite","@id":"https:\/\/preprod.olympic.ca\/olympique\/#website","url":"https:\/\/preprod.olympic.ca\/olympique\/","name":"\u00c9quipe Canada | Site officiel de l&#039;\u00e9quipe olympique","description":"Votre source pour l\u2019\u00c9quipe olympique canadienne. Retrouvez les r\u00e9cits, vid\u00e9os et photos des athl\u00e8tes canadiens, sports olympiques, Jeux olympiques de 2020 et bien plus!","potentialAction":[{"@type":"SearchAction","target":{"@type":"EntryPoint","urlTemplate":"https:\/\/preprod.olympic.ca\/olympique\/?s={search_term_string}"},"query-input":{"@type":"PropertyValueSpecification","valueRequired":true,"valueName":"search_term_string"}}],"inLanguage":"fr-FR"}]}},"featured_image_url":"https:\/\/preprod.olympic.ca\/olympique\/wp-content\/uploads\/sites\/2\/2016\/07\/gabrielastafford_1500m_heats_stephenhosierphoto_-e1531254385234.jpg?quality=100","category_names":[],"tag_names":["1500 m","Athl\u00e9tisme","cross-country","\u00c9quipe canada","Gabriela DeBues-Stafford","Gabriela Stafford","Rio 2016","Tokyo 2020"],"sport_names":[342],"game_names":["Rio 2016","Tokyo 2020"],"season_names":["\u00c9t\u00e9"],"team_names":["Rio 2016 Athl\u00e9tisme","Tokyo 2020 Athl\u00e9tisme"],"province_names":["Ontario"],"social_facebook":"","social_twitter":"gstafford13","social_linkedin":"","social_gplus":"","social_instagram":"gabriellastafford","social_website":"","total_medal_count_gold":"","total_medal_count_silver":"","total_medal_count_bronze":"","athlete_headshot":"https:\/\/preprod.olympic.ca\/wp-content\/uploads\/sites\/2\/2016\/07\/gabriela-stafford.png","athlete_height":"163","athlete_weight":"50","athlete_hometown":"Toronto, Ontario","athlete_birthplace":"London, Ontario","coc_gracenote_id":"","athlete_dob":"September 13, 1995","athlete_age":30,"jetpack_sharing_enabled":true,"_links":{"self":[{"href":"https:\/\/preprod.olympic.ca\/olympique\/wp-json\/wp\/v2\/athletes\/118177","targetHints":{"allow":["GET"]}}],"collection":[{"href":"https:\/\/preprod.olympic.ca\/olympique\/wp-json\/wp\/v2\/athletes"}],"about":[{"href":"https:\/\/preprod.olympic.ca\/olympique\/wp-json\/wp\/v2\/types\/athletes"}],"version-history":[{"count":2,"href":"https:\/\/preprod.olympic.ca\/olympique\/wp-json\/wp\/v2\/athletes\/118177\/revisions"}],"predecessor-version":[{"id":208858,"href":"https:\/\/preprod.olympic.ca\/olympique\/wp-json\/wp\/v2\/athletes\/118177\/revisions\/208858"}],"wp:featuredmedia":[{"embeddable":true,"href":"https:\/\/preprod.olympic.ca\/olympique\/wp-json\/wp\/v2\/media\/141665"}],"wp:attachment":[{"href":"https:\/\/preprod.olympic.ca\/olympique\/wp-json\/wp\/v2\/media?parent=118177"}],"wp:term":[{"taxonomy":"post_tag","embeddable":true,"href":"https:\/\/preprod.olympic.ca\/olympique\/wp-json\/wp\/v2\/tags?post=118177"},{"taxonomy":"hof-categories","embeddable":true,"href":"https:\/\/preprod.olympic.ca\/olympique\/wp-json\/wp\/v2\/hof-categories?post=118177"},{"taxonomy":"year-inducted","embeddable":true,"href":"https:\/\/preprod.olympic.ca\/olympique\/wp-json\/wp\/v2\/year-inducted?post=118177"},{"taxonomy":"gender","embeddable":true,"href":"https:\/\/preprod.olympic.ca\/olympique\/wp-json\/wp\/v2\/gender?post=118177"},{"taxonomy":"season","embeddable":true,"href":"https:\/\/preprod.olympic.ca\/olympique\/wp-json\/wp\/v2\/season?post=118177"},{"taxonomy":"sport","embeddable":true,"href":"https:\/\/preprod.olympic.ca\/olympique\/wp-json\/wp\/v2\/sport?post=118177"},{"taxonomy":"game","embeddable":true,"href":"https:\/\/preprod.olympic.ca\/olympique\/wp-json\/wp\/v2\/game?post=118177"},{"taxonomy":"team","embeddable":true,"href":"https:\/\/preprod.olympic.ca\/olympique\/wp-json\/wp\/v2\/team?post=118177"},{"taxonomy":"event","embeddable":true,"href":"https:\/\/preprod.olympic.ca\/olympique\/wp-json\/wp\/v2\/event?post=118177"},{"taxonomy":"province","embeddable":true,"href":"https:\/\/preprod.olympic.ca\/olympique\/wp-json\/wp\/v2\/province?post=118177"}],"curies":[{"name":"wp","href":"https:\/\/api.w.org\/{rel}","templated":true}]}}