{"id":12054,"date":"2011-09-18T21:59:50","date_gmt":"2011-09-19T01:59:50","guid":{"rendered":"http:\/\/preprod.olympic.ca\/team-canada\/etienne-desmarteau-2\/"},"modified":"2021-12-08T16:28:08","modified_gmt":"2021-12-08T21:28:08","slug":"etienne-desmarteau","status":"publish","type":"athletes","link":"https:\/\/preprod.olympic.ca\/olympique\/team-canada\/etienne-desmarteau\/","title":{"rendered":"Etienne Desmarteau"},"content":{"rendered":"\n<p><em>Le Canadien \u00c9tienne Desmarteau a remport\u00e9 la m\u00e9daille d\u2019or au lancer du poids \u00e0 St. Louis 1904.<\/em><\/p>\n\n\n\n<p>Pour participer \u00e0 <a href=\"https:\/\/olympique.ca\/jeux\/1904-st-louis\/\">St. Louis 1904<\/a>, \u00c9tienne Desmarteau a d\u00fb demander \u00e0 s\u2019absenter de son poste de policier de la Ville de Montr\u00e9al, ce qui lui a \u00e9t\u00e9 refus\u00e9. Il a choisi de participer aux Olympiques quand m\u00eame et a perdu son emploi. Il a disput\u00e9 l\u2019\u00e9preuve dans la cat\u00e9gorie du poids de 56 lb, faisant partie des favoris. \u00c0 sa premi\u00e8re tentative, il a r\u00e9ussi un lancer de 10,46 m (34-pieds-4), qui a suffi pour battre son rival et champion olympique, l\u2019Am\u00e9ricain John&nbsp; Flanagan. \u00c0 son retour \u00e0 Montr\u00e9al, le nouveau champion olympique a \u00e9t\u00e9 re\u00e7u en h\u00e9ros et il a retrouv\u00e9 son poste de policier. On a longtemps cru que Desmarteau a \u00e9t\u00e9 le premier champion olympique canadien, jusqu\u2019\u00e0 ce que l\u2019on d\u00e9couvre que le champion du steeplechase aux Jeux de Paris en 1900, George Orton, qui courait pour une universit\u00e9 am\u00e9ricaine, \u00e9tait aussi Canadien.&nbsp;<\/p>\n\n\n\n<p>Desmarteau a d\u00e9m\u00e9nag\u00e9 \u00e0 Montr\u00e9al \u00e0 un jeune \u00e2ge et a travaill\u00e9 pour le chemin de fer Canadien Pacifique comme fondeur de m\u00e9tal, avant de se joindre au service de police en 1901. Membre du Montreal Athletic Club, Desmarteau a remport\u00e9 le Championnat AAU des \u00c9tats-Unis, battant l\u2019\u00e9ventuel d\u00e9tenteur du record du monde, l\u2019Am\u00e9ricain Flanahan. Talentueux au lancer du poids, du tronc d\u2019arbre et du marteau de 16 lb, Desmarteau participait annuellement aux Jeux policiers de Montr\u00e9al, Toronto, New York et Boston. En 1902, Desmarteau est devenu un h\u00e9ros quand il a sauv\u00e9 quatre enfants et leurs parents d\u2019un potentiel pyromane dans un magasin.Il a \u00e9tabli un record canadien au lancer du poids de 56 lb en juillet 1905 et plus tard cette ann\u00e9e-l\u00e0, il a succomb\u00e9 \u00e0 une fi\u00e8vre typho\u00efde, juste avant son 33<sup>e<\/sup> anniversaire de naissance.<\/p>\n","protected":false},"excerpt":{"rendered":"<p>Le Canadien \u00c9tienne Desmarteau a remport\u00e9 la m\u00e9daille d\u2019or au lancer du poids \u00e0 St. Louis 1904. Pour participer \u00e0&#8230;<\/p>\n","protected":false},"featured_media":84736,"template":"","tags":[415984548,12039153,9114162,415984518],"hof-categories":[682162651],"year-inducted":[682162660],"gender":[42123],"season":[415983968],"sport":[48770],"game":[9241436],"team":[415983245],"event":[181822898],"province":[],"class_list":["post-12054","athletes","type-athletes","status-publish","has-post-thumbnail","hentry","tag-athletisme","tag-lancer-du-marteau","tag-medaille-dor","tag-st-louis-1904","hof-categories-athlete","year-inducted-682162660","gender-masculin","season-ete","sport-athletisme","game-1904-st-louis","team-st-louis-1904-athletisme","event-lancer-de-marteau-56-lb-hommes"],"acf":[],"yoast_head":"<!-- This site is optimized with the Yoast SEO plugin v27.3 - https:\/\/yoast.com\/product\/yoast-seo-wordpress\/ -->\n<title>Etienne Desmarteau - \u00c9quipe Canada | Site officiel de l&#039;\u00e9quipe olympique<\/title>\n<meta name=\"description\" content=\"Le Canadien \u00c9tienne Desmarteau a remport\u00e9 la m\u00e9daille d\u2019or au lancer du poids \u00e0 St. Louis 1904.\" \/>\n<meta name=\"robots\" content=\"index, follow, max-snippet:-1, max-image-preview:large, max-video-preview:-1\" \/>\n<link rel=\"canonical\" href=\"https:\/\/preprod.olympic.ca\/olympique\/team-canada\/etienne-desmarteau\/\" \/>\n<meta property=\"og:locale\" content=\"fr_FR\" \/>\n<meta property=\"og:type\" content=\"article\" \/>\n<meta property=\"og:title\" content=\"Etienne Desmarteau - \u00c9quipe Canada | Site officiel de l&#039;\u00e9quipe olympique\" \/>\n<meta property=\"og:description\" content=\"Le Canadien \u00c9tienne Desmarteau a remport\u00e9 la m\u00e9daille d\u2019or au lancer du poids \u00e0 St. Louis 1904.\" \/>\n<meta property=\"og:url\" content=\"https:\/\/preprod.olympic.ca\/olympique\/team-canada\/etienne-desmarteau\/\" \/>\n<meta property=\"og:site_name\" content=\"\u00c9quipe Canada | Site officiel de l&#039;\u00e9quipe olympique\" \/>\n<meta property=\"article:modified_time\" content=\"2021-12-08T21:28:08+00:00\" \/>\n<meta property=\"og:image\" content=\"https:\/\/preprod.olympic.ca\/olympique\/wp-content\/uploads\/sites\/2\/2013\/09\/1426722-e1547583632956.jpg?quality=100\" \/>\n\t<meta property=\"og:image:width\" content=\"1000\" \/>\n\t<meta property=\"og:image:height\" content=\"562\" \/>\n\t<meta property=\"og:image:type\" content=\"image\/jpeg\" \/>\n<meta name=\"twitter:card\" content=\"summary_large_image\" \/>\n<meta name=\"twitter:label1\" content=\"Est. reading time\" \/>\n\t<meta name=\"twitter:data1\" content=\"2 minutes\" \/>\n\t<meta name=\"twitter:label2\" content=\"Written by\" \/>\n\t<meta name=\"twitter:data2\" content=\"Florence Gauthier\" \/>\n<script type=\"application\/ld+json\" class=\"yoast-schema-graph\">{\"@context\":\"https:\\\/\\\/schema.org\",\"@graph\":[{\"@type\":\"WebPage\",\"@id\":\"https:\\\/\\\/preprod.olympic.ca\\\/olympique\\\/team-canada\\\/etienne-desmarteau\\\/\",\"url\":\"https:\\\/\\\/preprod.olympic.ca\\\/olympique\\\/team-canada\\\/etienne-desmarteau\\\/\",\"name\":\"Etienne Desmarteau - \u00c9quipe Canada | Site officiel de l&#039;\u00e9quipe olympique\",\"isPartOf\":{\"@id\":\"https:\\\/\\\/preprod.olympic.ca\\\/olympique\\\/#website\"},\"primaryImageOfPage\":{\"@id\":\"https:\\\/\\\/preprod.olympic.ca\\\/olympique\\\/team-canada\\\/etienne-desmarteau\\\/#primaryimage\"},\"image\":{\"@id\":\"https:\\\/\\\/preprod.olympic.ca\\\/olympique\\\/team-canada\\\/etienne-desmarteau\\\/#primaryimage\"},\"thumbnailUrl\":\"https:\\\/\\\/preprod.olympic.ca\\\/olympique\\\/wp-content\\\/uploads\\\/sites\\\/2\\\/2013\\\/09\\\/1426722-e1547583632956.jpg?quality=100\",\"datePublished\":\"2011-09-19T01:59:50+00:00\",\"dateModified\":\"2021-12-08T21:28:08+00:00\",\"description\":\"Le Canadien \u00c9tienne Desmarteau a remport\u00e9 la m\u00e9daille d\u2019or au lancer du poids \u00e0 St. Louis 1904.\",\"inLanguage\":\"fr-FR\",\"potentialAction\":[{\"@type\":\"ReadAction\",\"target\":[\"https:\\\/\\\/preprod.olympic.ca\\\/olympique\\\/team-canada\\\/etienne-desmarteau\\\/\"]}]},{\"@type\":\"ImageObject\",\"inLanguage\":\"fr-FR\",\"@id\":\"https:\\\/\\\/preprod.olympic.ca\\\/olympique\\\/team-canada\\\/etienne-desmarteau\\\/#primaryimage\",\"url\":\"https:\\\/\\\/preprod.olympic.ca\\\/olympique\\\/wp-content\\\/uploads\\\/sites\\\/2\\\/2013\\\/09\\\/1426722-e1547583632956.jpg?quality=100\",\"contentUrl\":\"https:\\\/\\\/preprod.olympic.ca\\\/olympique\\\/wp-content\\\/uploads\\\/sites\\\/2\\\/2013\\\/09\\\/1426722-e1547583632956.jpg?quality=100\",\"width\":1000,\"height\":562},{\"@type\":\"WebSite\",\"@id\":\"https:\\\/\\\/preprod.olympic.ca\\\/olympique\\\/#website\",\"url\":\"https:\\\/\\\/preprod.olympic.ca\\\/olympique\\\/\",\"name\":\"\u00c9quipe Canada | Site officiel de l&#039;\u00e9quipe olympique\",\"description\":\"Votre source pour l\u2019\u00c9quipe olympique canadienne. Retrouvez les r\u00e9cits, vid\u00e9os et photos des athl\u00e8tes canadiens, sports olympiques, Jeux olympiques de 2020 et bien plus!\",\"potentialAction\":[{\"@type\":\"SearchAction\",\"target\":{\"@type\":\"EntryPoint\",\"urlTemplate\":\"https:\\\/\\\/preprod.olympic.ca\\\/olympique\\\/?s={search_term_string}\"},\"query-input\":{\"@type\":\"PropertyValueSpecification\",\"valueRequired\":true,\"valueName\":\"search_term_string\"}}],\"inLanguage\":\"fr-FR\"}]}<\/script>\n<!-- \/ Yoast SEO plugin. -->","yoast_head_json":{"title":"Etienne Desmarteau - \u00c9quipe Canada | Site officiel de l&#039;\u00e9quipe olympique","description":"Le Canadien \u00c9tienne Desmarteau a remport\u00e9 la m\u00e9daille d\u2019or au lancer du poids \u00e0 St. Louis 1904.","robots":{"index":"index","follow":"follow","max-snippet":"max-snippet:-1","max-image-preview":"max-image-preview:large","max-video-preview":"max-video-preview:-1"},"canonical":"https:\/\/preprod.olympic.ca\/olympique\/team-canada\/etienne-desmarteau\/","og_locale":"fr_FR","og_type":"article","og_title":"Etienne Desmarteau - \u00c9quipe Canada | Site officiel de l&#039;\u00e9quipe olympique","og_description":"Le Canadien \u00c9tienne Desmarteau a remport\u00e9 la m\u00e9daille d\u2019or au lancer du poids \u00e0 St. Louis 1904.","og_url":"https:\/\/preprod.olympic.ca\/olympique\/team-canada\/etienne-desmarteau\/","og_site_name":"\u00c9quipe Canada | Site officiel de l&#039;\u00e9quipe olympique","article_modified_time":"2021-12-08T21:28:08+00:00","og_image":[{"width":1000,"height":562,"url":"https:\/\/preprod.olympic.ca\/olympique\/wp-content\/uploads\/sites\/2\/2013\/09\/1426722-e1547583632956.jpg?quality=100","type":"image\/jpeg"}],"twitter_card":"summary_large_image","twitter_misc":{"Est. reading time":"2 minutes","Written by":"Florence Gauthier"},"schema":{"@context":"https:\/\/schema.org","@graph":[{"@type":"WebPage","@id":"https:\/\/preprod.olympic.ca\/olympique\/team-canada\/etienne-desmarteau\/","url":"https:\/\/preprod.olympic.ca\/olympique\/team-canada\/etienne-desmarteau\/","name":"Etienne Desmarteau - \u00c9quipe Canada | Site officiel de l&#039;\u00e9quipe olympique","isPartOf":{"@id":"https:\/\/preprod.olympic.ca\/olympique\/#website"},"primaryImageOfPage":{"@id":"https:\/\/preprod.olympic.ca\/olympique\/team-canada\/etienne-desmarteau\/#primaryimage"},"image":{"@id":"https:\/\/preprod.olympic.ca\/olympique\/team-canada\/etienne-desmarteau\/#primaryimage"},"thumbnailUrl":"https:\/\/preprod.olympic.ca\/olympique\/wp-content\/uploads\/sites\/2\/2013\/09\/1426722-e1547583632956.jpg?quality=100","datePublished":"2011-09-19T01:59:50+00:00","dateModified":"2021-12-08T21:28:08+00:00","description":"Le Canadien \u00c9tienne Desmarteau a remport\u00e9 la m\u00e9daille d\u2019or au lancer du poids \u00e0 St. Louis 1904.","inLanguage":"fr-FR","potentialAction":[{"@type":"ReadAction","target":["https:\/\/preprod.olympic.ca\/olympique\/team-canada\/etienne-desmarteau\/"]}]},{"@type":"ImageObject","inLanguage":"fr-FR","@id":"https:\/\/preprod.olympic.ca\/olympique\/team-canada\/etienne-desmarteau\/#primaryimage","url":"https:\/\/preprod.olympic.ca\/olympique\/wp-content\/uploads\/sites\/2\/2013\/09\/1426722-e1547583632956.jpg?quality=100","contentUrl":"https:\/\/preprod.olympic.ca\/olympique\/wp-content\/uploads\/sites\/2\/2013\/09\/1426722-e1547583632956.jpg?quality=100","width":1000,"height":562},{"@type":"WebSite","@id":"https:\/\/preprod.olympic.ca\/olympique\/#website","url":"https:\/\/preprod.olympic.ca\/olympique\/","name":"\u00c9quipe Canada | Site officiel de l&#039;\u00e9quipe olympique","description":"Votre source pour l\u2019\u00c9quipe olympique canadienne. Retrouvez les r\u00e9cits, vid\u00e9os et photos des athl\u00e8tes canadiens, sports olympiques, Jeux olympiques de 2020 et bien plus!","potentialAction":[{"@type":"SearchAction","target":{"@type":"EntryPoint","urlTemplate":"https:\/\/preprod.olympic.ca\/olympique\/?s={search_term_string}"},"query-input":{"@type":"PropertyValueSpecification","valueRequired":true,"valueName":"search_term_string"}}],"inLanguage":"fr-FR"}]}},"featured_image_url":"https:\/\/preprod.olympic.ca\/olympique\/wp-content\/uploads\/sites\/2\/2013\/09\/1426722-e1547583632956.jpg?quality=100","category_names":[],"tag_names":["Athl\u00e9tisme","Lancer du marteau","M\u00e9daille d'Or","St. Louis 1904"],"sport_names":[342],"game_names":["St. Louis 1904"],"season_names":["\u00c9t\u00e9"],"team_names":["St. Louis 1904 Athl\u00e9tisme"],"province_names":[],"social_facebook":"","social_twitter":"","social_linkedin":"","social_gplus":"","social_instagram":"","social_website":"","total_medal_count_gold":"1","total_medal_count_silver":"","total_medal_count_bronze":"","athlete_headshot":"https:\/\/preprod.olympic.ca\/wp-content\/uploads\/sites\/2\/2013\/07\/1426723-e1547583652584.jpg?quality=100","athlete_height":"","athlete_weight":"","athlete_hometown":"","athlete_birthplace":"Montr\u00e9al, Quebec","coc_gracenote_id":"","athlete_dob":"February 4, 1873","athlete_age":"","jetpack_sharing_enabled":true,"_links":{"self":[{"href":"https:\/\/preprod.olympic.ca\/olympique\/wp-json\/wp\/v2\/athletes\/12054","targetHints":{"allow":["GET"]}}],"collection":[{"href":"https:\/\/preprod.olympic.ca\/olympique\/wp-json\/wp\/v2\/athletes"}],"about":[{"href":"https:\/\/preprod.olympic.ca\/olympique\/wp-json\/wp\/v2\/types\/athletes"}],"version-history":[{"count":5,"href":"https:\/\/preprod.olympic.ca\/olympique\/wp-json\/wp\/v2\/athletes\/12054\/revisions"}],"predecessor-version":[{"id":195499,"href":"https:\/\/preprod.olympic.ca\/olympique\/wp-json\/wp\/v2\/athletes\/12054\/revisions\/195499"}],"wp:featuredmedia":[{"embeddable":true,"href":"https:\/\/preprod.olympic.ca\/olympique\/wp-json\/wp\/v2\/media\/84736"}],"wp:attachment":[{"href":"https:\/\/preprod.olympic.ca\/olympique\/wp-json\/wp\/v2\/media?parent=12054"}],"wp:term":[{"taxonomy":"post_tag","embeddable":true,"href":"https:\/\/preprod.olympic.ca\/olympique\/wp-json\/wp\/v2\/tags?post=12054"},{"taxonomy":"hof-categories","embeddable":true,"href":"https:\/\/preprod.olympic.ca\/olympique\/wp-json\/wp\/v2\/hof-categories?post=12054"},{"taxonomy":"year-inducted","embeddable":true,"href":"https:\/\/preprod.olympic.ca\/olympique\/wp-json\/wp\/v2\/year-inducted?post=12054"},{"taxonomy":"gender","embeddable":true,"href":"https:\/\/preprod.olympic.ca\/olympique\/wp-json\/wp\/v2\/gender?post=12054"},{"taxonomy":"season","embeddable":true,"href":"https:\/\/preprod.olympic.ca\/olympique\/wp-json\/wp\/v2\/season?post=12054"},{"taxonomy":"sport","embeddable":true,"href":"https:\/\/preprod.olympic.ca\/olympique\/wp-json\/wp\/v2\/sport?post=12054"},{"taxonomy":"game","embeddable":true,"href":"https:\/\/preprod.olympic.ca\/olympique\/wp-json\/wp\/v2\/game?post=12054"},{"taxonomy":"team","embeddable":true,"href":"https:\/\/preprod.olympic.ca\/olympique\/wp-json\/wp\/v2\/team?post=12054"},{"taxonomy":"event","embeddable":true,"href":"https:\/\/preprod.olympic.ca\/olympique\/wp-json\/wp\/v2\/event?post=12054"},{"taxonomy":"province","embeddable":true,"href":"https:\/\/preprod.olympic.ca\/olympique\/wp-json\/wp\/v2\/province?post=12054"}],"curies":[{"name":"wp","href":"https:\/\/api.w.org\/{rel}","templated":true}]}}