{"id":13386,"date":"2011-09-18T21:48:32","date_gmt":"2011-09-19T01:48:32","guid":{"rendered":"http:\/\/preprod.olympic.ca\/team-canada\/jean-luc-brassard-2\/"},"modified":"2021-02-18T11:24:24","modified_gmt":"2021-02-18T16:24:24","slug":"jean-luc-brassard","status":"publish","type":"athletes","link":"https:\/\/preprod.olympic.ca\/olympique\/team-canada\/jean-luc-brassard\/","title":{"rendered":"Jean-Luc Brassard"},"content":{"rendered":"<p>Jean-Luc Brassard s\u2019est joint \u00e0 l\u2019\u00e9quipe canadienne de ski acrobatique \u00e0 l\u2019\u00e2ge de 17\u00a0ans et a connu une brillante carri\u00e8re qui s\u2019est d\u00e9ploy\u00e9e sur 12\u00a0ans. Au cours de cette p\u00e9riode, il a particip\u00e9 \u00e0 quatre Jeux olympiques et a gagn\u00e9 l\u2019or olympique \u00e0 Lillehammer\u00a01994 \u00e0 l\u2019\u00e9preuve masculine de bosses en ski acrobatique.<\/p>\n<p>Il a fait ses d\u00e9buts olympiques en 1992, \u00e0 Albertville, o\u00f9 il a termin\u00e9 \u00e0 la 7<sup>e<\/sup> place. Deux ans plus tard, il montait sur la plus haute marche du podium olympique. En tant que champion olympique en titre, il a eu l\u2019honneur d\u2019\u00eatre le porte-drapeau du Canada \u00e0 la c\u00e9r\u00e9monie d\u2019ouverture de Nagano\u00a01998, o\u00f9 il a obtenu la 4<sup>e<\/sup>\u00a0place. Il a conclu sa carri\u00e8re olympique \u00e0 Salt Lake City en 2002.<\/p>\n<p>Jean-Luc a particip\u00e9 \u00e0 cinq Championnats du monde de ski acrobatique de la FIS (1991, 1993, 1995, 1997 et 1999), et il a gagn\u00e9 l\u2019or en bosses en 1993 et en 1997, ainsi qu\u2019une m\u00e9daille d\u2019argent en 1995. Il occupe le 2<sup>e<\/sup>\u00a0rang du classement de tous les temps de l\u2019\u00e9preuve des bosses pour ce qui est du nombre de podiums r\u00e9colt\u00e9s chez les hommes en Coupe du monde, soit 44, et le 3<sup>e<\/sup>\u00a0rang du classement de tous les temps avec 18\u00a0victoires. En 1993, 1996 et 1997, il a \u00e9t\u00e9 champion de la Coupe du monde de bosses.<\/p>\n<p>Jean-Luc est bien connu pour son travail caritatif, et il a re\u00e7u le Gillette Sport Award en 2000 pour son d\u00e9vouement \u00e0 l\u2019\u00e9gard d\u2019\u0153uvres de bienfaisance. Depuis sa retraite sportive, il fait entendre sa voix comme commentateur \u00e0 la radio, narrateur et membre du National Speakers Bureau. Apr\u00e8s avoir agi en qualit\u00e9 de chef de mission adjoint de l\u2019\u00c9quipe olympique canadienne \u00e0 Sotchi, il a \u00e9t\u00e9 nomm\u00e9, le 4\u00a0d\u00e9cembre 2014, chef de mission du Canada \u00e0 Rio\u00a02016.<\/p>\n","protected":false},"excerpt":{"rendered":"<p>Jean-Luc Brassard s\u2019est joint \u00e0 l\u2019\u00e9quipe canadienne de ski acrobatique \u00e0 l\u2019\u00e2ge de 17\u00a0ans et a connu une brillante carri\u00e8re&#8230;<\/p>\n","protected":false},"featured_media":84192,"template":"","tags":[],"hof-categories":[682162651],"year-inducted":[682162677],"gender":[42123],"season":[],"sport":[181823549],"game":[9300037,9300252,9241255,8561468],"team":[],"event":[181822152],"province":[],"class_list":["post-13386","athletes","type-athletes","status-publish","has-post-thumbnail","hentry","hof-categories-athlete","year-inducted-682162677","gender-masculin","sport-ski-ski-acrobatique","game-1992-albertville","game-1994-lillehammer","game-1998-nagano","game-2002-salt-lake-city","event-bosses-hommes"],"acf":[],"yoast_head":"<!-- This site is optimized with the Yoast SEO plugin v27.3 - https:\/\/yoast.com\/product\/yoast-seo-wordpress\/ -->\n<title>Jean-Luc Brassard - \u00c9quipe Canada | Site officiel de l&#039;\u00e9quipe olympique<\/title>\n<meta name=\"robots\" content=\"index, follow, max-snippet:-1, max-image-preview:large, max-video-preview:-1\" \/>\n<link rel=\"canonical\" href=\"https:\/\/preprod.olympic.ca\/olympique\/team-canada\/jean-luc-brassard\/\" \/>\n<meta property=\"og:locale\" content=\"fr_FR\" \/>\n<meta property=\"og:type\" content=\"article\" \/>\n<meta property=\"og:title\" content=\"Jean-Luc Brassard - \u00c9quipe Canada | Site officiel de l&#039;\u00e9quipe olympique\" \/>\n<meta property=\"og:description\" content=\"Jean-Luc Brassard s\u2019est joint \u00e0 l\u2019\u00e9quipe canadienne de ski acrobatique \u00e0 l\u2019\u00e2ge de 17\u00a0ans et a connu une brillante carri\u00e8re...\" \/>\n<meta property=\"og:url\" content=\"https:\/\/preprod.olympic.ca\/olympique\/team-canada\/jean-luc-brassard\/\" \/>\n<meta property=\"og:site_name\" content=\"\u00c9quipe Canada | Site officiel de l&#039;\u00e9quipe olympique\" \/>\n<meta property=\"article:modified_time\" content=\"2021-02-18T16:24:24+00:00\" \/>\n<meta property=\"og:image\" content=\"https:\/\/preprod.olympic.ca\/olympique\/wp-content\/uploads\/sites\/2\/2011\/09\/jean-luc_brassard_action_1994_1340px.jpg?quality=100\" \/>\n\t<meta property=\"og:image:width\" content=\"1340\" \/>\n\t<meta property=\"og:image:height\" content=\"1092\" \/>\n\t<meta property=\"og:image:type\" content=\"image\/jpeg\" \/>\n<meta name=\"twitter:card\" content=\"summary_large_image\" \/>\n<meta name=\"twitter:label1\" content=\"Est. reading time\" \/>\n\t<meta name=\"twitter:data1\" content=\"2 minutes\" \/>\n\t<meta name=\"twitter:label2\" content=\"Written by\" \/>\n\t<meta name=\"twitter:data2\" content=\"cdnolympicteam\" \/>\n<script type=\"application\/ld+json\" class=\"yoast-schema-graph\">{\"@context\":\"https:\\\/\\\/schema.org\",\"@graph\":[{\"@type\":\"WebPage\",\"@id\":\"https:\\\/\\\/preprod.olympic.ca\\\/olympique\\\/team-canada\\\/jean-luc-brassard\\\/\",\"url\":\"https:\\\/\\\/preprod.olympic.ca\\\/olympique\\\/team-canada\\\/jean-luc-brassard\\\/\",\"name\":\"Jean-Luc Brassard - \u00c9quipe Canada | Site officiel de l&#039;\u00e9quipe olympique\",\"isPartOf\":{\"@id\":\"https:\\\/\\\/preprod.olympic.ca\\\/olympique\\\/#website\"},\"primaryImageOfPage\":{\"@id\":\"https:\\\/\\\/preprod.olympic.ca\\\/olympique\\\/team-canada\\\/jean-luc-brassard\\\/#primaryimage\"},\"image\":{\"@id\":\"https:\\\/\\\/preprod.olympic.ca\\\/olympique\\\/team-canada\\\/jean-luc-brassard\\\/#primaryimage\"},\"thumbnailUrl\":\"https:\\\/\\\/preprod.olympic.ca\\\/olympique\\\/wp-content\\\/uploads\\\/sites\\\/2\\\/2011\\\/09\\\/jean-luc_brassard_action_1994_1340px.jpg?quality=100\",\"datePublished\":\"2011-09-19T01:48:32+00:00\",\"dateModified\":\"2021-02-18T16:24:24+00:00\",\"inLanguage\":\"fr-FR\",\"potentialAction\":[{\"@type\":\"ReadAction\",\"target\":[\"https:\\\/\\\/preprod.olympic.ca\\\/olympique\\\/team-canada\\\/jean-luc-brassard\\\/\"]}]},{\"@type\":\"ImageObject\",\"inLanguage\":\"fr-FR\",\"@id\":\"https:\\\/\\\/preprod.olympic.ca\\\/olympique\\\/team-canada\\\/jean-luc-brassard\\\/#primaryimage\",\"url\":\"https:\\\/\\\/preprod.olympic.ca\\\/olympique\\\/wp-content\\\/uploads\\\/sites\\\/2\\\/2011\\\/09\\\/jean-luc_brassard_action_1994_1340px.jpg?quality=100\",\"contentUrl\":\"https:\\\/\\\/preprod.olympic.ca\\\/olympique\\\/wp-content\\\/uploads\\\/sites\\\/2\\\/2011\\\/09\\\/jean-luc_brassard_action_1994_1340px.jpg?quality=100\",\"width\":1340,\"height\":1092},{\"@type\":\"WebSite\",\"@id\":\"https:\\\/\\\/preprod.olympic.ca\\\/olympique\\\/#website\",\"url\":\"https:\\\/\\\/preprod.olympic.ca\\\/olympique\\\/\",\"name\":\"\u00c9quipe Canada | Site officiel de l&#039;\u00e9quipe olympique\",\"description\":\"Votre source pour l\u2019\u00c9quipe olympique canadienne. Retrouvez les r\u00e9cits, vid\u00e9os et photos des athl\u00e8tes canadiens, sports olympiques, Jeux olympiques de 2020 et bien plus!\",\"potentialAction\":[{\"@type\":\"SearchAction\",\"target\":{\"@type\":\"EntryPoint\",\"urlTemplate\":\"https:\\\/\\\/preprod.olympic.ca\\\/olympique\\\/?s={search_term_string}\"},\"query-input\":{\"@type\":\"PropertyValueSpecification\",\"valueRequired\":true,\"valueName\":\"search_term_string\"}}],\"inLanguage\":\"fr-FR\"}]}<\/script>\n<!-- \/ Yoast SEO plugin. -->","yoast_head_json":{"title":"Jean-Luc Brassard - \u00c9quipe Canada | Site officiel de l&#039;\u00e9quipe olympique","robots":{"index":"index","follow":"follow","max-snippet":"max-snippet:-1","max-image-preview":"max-image-preview:large","max-video-preview":"max-video-preview:-1"},"canonical":"https:\/\/preprod.olympic.ca\/olympique\/team-canada\/jean-luc-brassard\/","og_locale":"fr_FR","og_type":"article","og_title":"Jean-Luc Brassard - \u00c9quipe Canada | Site officiel de l&#039;\u00e9quipe olympique","og_description":"Jean-Luc Brassard s\u2019est joint \u00e0 l\u2019\u00e9quipe canadienne de ski acrobatique \u00e0 l\u2019\u00e2ge de 17\u00a0ans et a connu une brillante carri\u00e8re...","og_url":"https:\/\/preprod.olympic.ca\/olympique\/team-canada\/jean-luc-brassard\/","og_site_name":"\u00c9quipe Canada | Site officiel de l&#039;\u00e9quipe olympique","article_modified_time":"2021-02-18T16:24:24+00:00","og_image":[{"width":1340,"height":1092,"url":"https:\/\/preprod.olympic.ca\/olympique\/wp-content\/uploads\/sites\/2\/2011\/09\/jean-luc_brassard_action_1994_1340px.jpg?quality=100","type":"image\/jpeg"}],"twitter_card":"summary_large_image","twitter_misc":{"Est. reading time":"2 minutes","Written by":"cdnolympicteam"},"schema":{"@context":"https:\/\/schema.org","@graph":[{"@type":"WebPage","@id":"https:\/\/preprod.olympic.ca\/olympique\/team-canada\/jean-luc-brassard\/","url":"https:\/\/preprod.olympic.ca\/olympique\/team-canada\/jean-luc-brassard\/","name":"Jean-Luc Brassard - \u00c9quipe Canada | Site officiel de l&#039;\u00e9quipe olympique","isPartOf":{"@id":"https:\/\/preprod.olympic.ca\/olympique\/#website"},"primaryImageOfPage":{"@id":"https:\/\/preprod.olympic.ca\/olympique\/team-canada\/jean-luc-brassard\/#primaryimage"},"image":{"@id":"https:\/\/preprod.olympic.ca\/olympique\/team-canada\/jean-luc-brassard\/#primaryimage"},"thumbnailUrl":"https:\/\/preprod.olympic.ca\/olympique\/wp-content\/uploads\/sites\/2\/2011\/09\/jean-luc_brassard_action_1994_1340px.jpg?quality=100","datePublished":"2011-09-19T01:48:32+00:00","dateModified":"2021-02-18T16:24:24+00:00","inLanguage":"fr-FR","potentialAction":[{"@type":"ReadAction","target":["https:\/\/preprod.olympic.ca\/olympique\/team-canada\/jean-luc-brassard\/"]}]},{"@type":"ImageObject","inLanguage":"fr-FR","@id":"https:\/\/preprod.olympic.ca\/olympique\/team-canada\/jean-luc-brassard\/#primaryimage","url":"https:\/\/preprod.olympic.ca\/olympique\/wp-content\/uploads\/sites\/2\/2011\/09\/jean-luc_brassard_action_1994_1340px.jpg?quality=100","contentUrl":"https:\/\/preprod.olympic.ca\/olympique\/wp-content\/uploads\/sites\/2\/2011\/09\/jean-luc_brassard_action_1994_1340px.jpg?quality=100","width":1340,"height":1092},{"@type":"WebSite","@id":"https:\/\/preprod.olympic.ca\/olympique\/#website","url":"https:\/\/preprod.olympic.ca\/olympique\/","name":"\u00c9quipe Canada | Site officiel de l&#039;\u00e9quipe olympique","description":"Votre source pour l\u2019\u00c9quipe olympique canadienne. Retrouvez les r\u00e9cits, vid\u00e9os et photos des athl\u00e8tes canadiens, sports olympiques, Jeux olympiques de 2020 et bien plus!","potentialAction":[{"@type":"SearchAction","target":{"@type":"EntryPoint","urlTemplate":"https:\/\/preprod.olympic.ca\/olympique\/?s={search_term_string}"},"query-input":{"@type":"PropertyValueSpecification","valueRequired":true,"valueName":"search_term_string"}}],"inLanguage":"fr-FR"}]}},"featured_image_url":"https:\/\/preprod.olympic.ca\/olympique\/wp-content\/uploads\/sites\/2\/2011\/09\/jean-luc_brassard_action_1994_1340px.jpg?quality=100","category_names":[],"tag_names":[],"sport_names":[237],"game_names":["Albertville 1992","Lillehammer 1994","Nagano 1998","Salt Lake City 2002"],"season_names":[],"team_names":[],"province_names":[],"social_facebook":"","social_twitter":"","social_linkedin":"","social_gplus":"","social_instagram":"","social_website":"","total_medal_count_gold":"1","total_medal_count_silver":"","total_medal_count_bronze":"","athlete_headshot":"https:\/\/preprod.olympic.ca\/wp-content\/uploads\/sites\/2\/2011\/09\/equipe-canada-bosses-jean-luc-brassard.jpg?quality=100","athlete_height":"","athlete_weight":"","athlete_hometown":"","athlete_birthplace":"Valleyfield, Quebec","coc_gracenote_id":"","athlete_dob":"August 24, 1972","athlete_age":53,"jetpack_sharing_enabled":true,"_links":{"self":[{"href":"https:\/\/preprod.olympic.ca\/olympique\/wp-json\/wp\/v2\/athletes\/13386","targetHints":{"allow":["GET"]}}],"collection":[{"href":"https:\/\/preprod.olympic.ca\/olympique\/wp-json\/wp\/v2\/athletes"}],"about":[{"href":"https:\/\/preprod.olympic.ca\/olympique\/wp-json\/wp\/v2\/types\/athletes"}],"version-history":[{"count":2,"href":"https:\/\/preprod.olympic.ca\/olympique\/wp-json\/wp\/v2\/athletes\/13386\/revisions"}],"predecessor-version":[{"id":141581,"href":"https:\/\/preprod.olympic.ca\/olympique\/wp-json\/wp\/v2\/athletes\/13386\/revisions\/141581"}],"wp:featuredmedia":[{"embeddable":true,"href":"https:\/\/preprod.olympic.ca\/olympique\/wp-json\/wp\/v2\/media\/84192"}],"wp:attachment":[{"href":"https:\/\/preprod.olympic.ca\/olympique\/wp-json\/wp\/v2\/media?parent=13386"}],"wp:term":[{"taxonomy":"post_tag","embeddable":true,"href":"https:\/\/preprod.olympic.ca\/olympique\/wp-json\/wp\/v2\/tags?post=13386"},{"taxonomy":"hof-categories","embeddable":true,"href":"https:\/\/preprod.olympic.ca\/olympique\/wp-json\/wp\/v2\/hof-categories?post=13386"},{"taxonomy":"year-inducted","embeddable":true,"href":"https:\/\/preprod.olympic.ca\/olympique\/wp-json\/wp\/v2\/year-inducted?post=13386"},{"taxonomy":"gender","embeddable":true,"href":"https:\/\/preprod.olympic.ca\/olympique\/wp-json\/wp\/v2\/gender?post=13386"},{"taxonomy":"season","embeddable":true,"href":"https:\/\/preprod.olympic.ca\/olympique\/wp-json\/wp\/v2\/season?post=13386"},{"taxonomy":"sport","embeddable":true,"href":"https:\/\/preprod.olympic.ca\/olympique\/wp-json\/wp\/v2\/sport?post=13386"},{"taxonomy":"game","embeddable":true,"href":"https:\/\/preprod.olympic.ca\/olympique\/wp-json\/wp\/v2\/game?post=13386"},{"taxonomy":"team","embeddable":true,"href":"https:\/\/preprod.olympic.ca\/olympique\/wp-json\/wp\/v2\/team?post=13386"},{"taxonomy":"event","embeddable":true,"href":"https:\/\/preprod.olympic.ca\/olympique\/wp-json\/wp\/v2\/event?post=13386"},{"taxonomy":"province","embeddable":true,"href":"https:\/\/preprod.olympic.ca\/olympique\/wp-json\/wp\/v2\/province?post=13386"}],"curies":[{"name":"wp","href":"https:\/\/api.w.org\/{rel}","templated":true}]}}