{"id":151995,"date":"2019-06-13T12:56:25","date_gmt":"2019-06-13T16:56:25","guid":{"rendered":"http:\/\/olympique.ca\/?post_type=athletes&#038;p=151995"},"modified":"2019-07-02T07:38:39","modified_gmt":"2019-07-02T11:38:39","slug":"haya-jumaa","status":"publish","type":"athletes","link":"https:\/\/preprod.olympic.ca\/olympique\/team-canada\/haya-jumaa\/","title":{"rendered":"Haya Jumaa"},"content":{"rendered":"<ul>\n<li>A remport\u00e9 un total de trois m\u00e9dailles en Karate 1 Premier League en 2017 et 2018 (deux d\u2019argent et une de bronze) et trois m\u00e9dailles de S\u00e9rie A (une d\u2019or, une d\u2019argent et une de bronze)<\/li>\n<li>Class\u00e9e sixi\u00e8me au monde dans sa cat\u00e9gorie de poids en date du 13 juin 2019<\/li>\n<li>A repr\u00e9sent\u00e9 les \u00c9mirats arabes unis au taekwondo \u00e0 l\u2019occasion des Jeux olympiques de la jeunesse de 2010, terminant cinqui\u00e8me \u00e0 l\u2019\u00e9preuve du 49 kg<\/li>\n<li>\u00c9tait b\u00e9n\u00e9vole aux Jeux panam\u00e9ricains 2015 de Toronto, participant \u00e0 un spectacle de d\u00e9monstration de karat\u00e9<\/li>\n<\/ul>\n<h2>\u00c0 PROPOS DE HAYA<\/h2>\n<p><strong>D\u00e9buts :<\/strong> Ses deux parents sont des karat\u00e9kas accomplis de niveau international et dirigent un dojo o\u00f9 Haya a d\u00e9but\u00e9 l\u2019entra\u00eenement \u00e0 l\u2019\u00e2ge de quatre ans et la comp\u00e9tition \u00e0 l\u2019\u00e2ge de six ans\u2026 A pratiqu\u00e9 le karat\u00e9, le taekwondo et le kickboxing, se concentrant uniquement sur le karat\u00e9 en entendant que \u00e7a deviendrait un sport olympique aux Jeux de Tokyo en 2020\u2026 <strong>Autres int\u00e9r\u00eats : <\/strong>Dipl\u00f4m\u00e9e de l\u2019Universit\u00e9 York en juin 2019 avec un baccalaur\u00e9at en science en kin\u00e9siologie et sciences de la sant\u00e9\u2026 Souhaite commencer des \u00e9tudes sup\u00e9rieures en physioth\u00e9rapie et chiropractie en septembre 2019\u2026 Son objectif \u00e0 long terme est d\u2019ouvrir sa propre clinique\u2026 B\u00e9n\u00e9vole pour l\u2019UNICEF sur le campus\u2026 <strong>De tout et de rien\u00a0:<\/strong> Est arriv\u00e9e au Canada des \u00c9mirats arabes unis en novembre 2013\u2026 Veut devenir une Olympienne canadienne depuis qu\u2019elle a regard\u00e9 \u00c9quipe Canada faire son entr\u00e9e aux Jeux d\u2019Ath\u00e8nes en 2004, le pays o\u00f9 les Jeux olympiques ont d\u00e9but\u00e9s\u2026 Citation favorite : \u00ab Les gagnants ne sont pas les personnes qui n\u2019\u00e9chouent jamais, mais celles qui n\u2019abandonnent jamais. Votre volont\u00e9 pour r\u00e9aliser l\u2019objectif devrait \u00eatre plus fort que tout obstacle. \u00bb<\/p>\n","protected":false},"excerpt":{"rendered":"<p>A remport\u00e9 un total de trois m\u00e9dailles en Karate 1 Premier League en 2017 et 2018 (deux d\u2019argent et une&#8230;<\/p>\n","protected":false},"featured_media":151660,"template":"","tags":[1104411,415988774,415984545,415987822],"hof-categories":[],"year-inducted":[],"gender":[23319],"season":[415983968],"sport":[32069],"game":[415988487],"team":[415988507],"event":[],"province":[415983158],"class_list":["post-151995","athletes","type-athletes","status-publish","has-post-thumbnail","hentry","tag-equipe-canada","tag-haya-jumaa","tag-karate","tag-lima-2019","gender-feminin","season-ete","sport-karate","game-lima-2019","team-lima-2019-karate","province-ontario"],"acf":[],"yoast_head":"<!-- This site is optimized with the Yoast SEO plugin v27.3 - https:\/\/yoast.com\/product\/yoast-seo-wordpress\/ -->\n<title>Haya Jumaa - \u00c9quipe Canada | Site officiel de l&#039;\u00e9quipe olympique<\/title>\n<meta name=\"robots\" content=\"index, follow, max-snippet:-1, max-image-preview:large, max-video-preview:-1\" \/>\n<link rel=\"canonical\" href=\"https:\/\/preprod.olympic.ca\/olympique\/team-canada\/haya-jumaa\/\" \/>\n<meta property=\"og:locale\" content=\"fr_FR\" \/>\n<meta property=\"og:type\" content=\"article\" \/>\n<meta property=\"og:title\" content=\"Haya Jumaa - \u00c9quipe Canada | Site officiel de l&#039;\u00e9quipe olympique\" \/>\n<meta property=\"og:description\" content=\"A remport\u00e9 un total de trois m\u00e9dailles en Karate 1 Premier League en 2017 et 2018 (deux d\u2019argent et une...\" \/>\n<meta property=\"og:url\" content=\"https:\/\/preprod.olympic.ca\/olympique\/team-canada\/haya-jumaa\/\" \/>\n<meta property=\"og:site_name\" content=\"\u00c9quipe Canada | Site officiel de l&#039;\u00e9quipe olympique\" \/>\n<meta property=\"article:modified_time\" content=\"2019-07-02T11:38:39+00:00\" \/>\n<meta property=\"og:image\" content=\"https:\/\/preprod.olympic.ca\/olympique\/wp-content\/uploads\/sites\/2\/2019\/05\/coc_men_ph_1340x754.png\" \/>\n\t<meta property=\"og:image:width\" content=\"1010\" \/>\n\t<meta property=\"og:image:height\" content=\"568\" \/>\n\t<meta property=\"og:image:type\" content=\"image\/png\" \/>\n<meta name=\"twitter:card\" content=\"summary_large_image\" \/>\n<meta name=\"twitter:label1\" content=\"Est. reading time\" \/>\n\t<meta name=\"twitter:data1\" content=\"2 minutes\" \/>\n\t<meta name=\"twitter:label2\" content=\"Written by\" \/>\n\t<meta name=\"twitter:data2\" content=\"Ariane Desrosiers\" \/>\n<script type=\"application\/ld+json\" class=\"yoast-schema-graph\">{\"@context\":\"https:\\\/\\\/schema.org\",\"@graph\":[{\"@type\":\"WebPage\",\"@id\":\"https:\\\/\\\/preprod.olympic.ca\\\/olympique\\\/team-canada\\\/haya-jumaa\\\/\",\"url\":\"https:\\\/\\\/preprod.olympic.ca\\\/olympique\\\/team-canada\\\/haya-jumaa\\\/\",\"name\":\"Haya Jumaa - \u00c9quipe Canada | Site officiel de l&#039;\u00e9quipe olympique\",\"isPartOf\":{\"@id\":\"https:\\\/\\\/preprod.olympic.ca\\\/olympique\\\/#website\"},\"primaryImageOfPage\":{\"@id\":\"https:\\\/\\\/preprod.olympic.ca\\\/olympique\\\/team-canada\\\/haya-jumaa\\\/#primaryimage\"},\"image\":{\"@id\":\"https:\\\/\\\/preprod.olympic.ca\\\/olympique\\\/team-canada\\\/haya-jumaa\\\/#primaryimage\"},\"thumbnailUrl\":\"https:\\\/\\\/preprod.olympic.ca\\\/olympique\\\/wp-content\\\/uploads\\\/sites\\\/2\\\/2019\\\/05\\\/coc_men_ph_1340x754.png\",\"datePublished\":\"2019-06-13T16:56:25+00:00\",\"dateModified\":\"2019-07-02T11:38:39+00:00\",\"inLanguage\":\"fr-FR\",\"potentialAction\":[{\"@type\":\"ReadAction\",\"target\":[\"https:\\\/\\\/preprod.olympic.ca\\\/olympique\\\/team-canada\\\/haya-jumaa\\\/\"]}]},{\"@type\":\"ImageObject\",\"inLanguage\":\"fr-FR\",\"@id\":\"https:\\\/\\\/preprod.olympic.ca\\\/olympique\\\/team-canada\\\/haya-jumaa\\\/#primaryimage\",\"url\":\"https:\\\/\\\/preprod.olympic.ca\\\/olympique\\\/wp-content\\\/uploads\\\/sites\\\/2\\\/2019\\\/05\\\/coc_men_ph_1340x754.png\",\"contentUrl\":\"https:\\\/\\\/preprod.olympic.ca\\\/olympique\\\/wp-content\\\/uploads\\\/sites\\\/2\\\/2019\\\/05\\\/coc_men_ph_1340x754.png\",\"width\":1010,\"height\":568},{\"@type\":\"WebSite\",\"@id\":\"https:\\\/\\\/preprod.olympic.ca\\\/olympique\\\/#website\",\"url\":\"https:\\\/\\\/preprod.olympic.ca\\\/olympique\\\/\",\"name\":\"\u00c9quipe Canada | Site officiel de l&#039;\u00e9quipe olympique\",\"description\":\"Votre source pour l\u2019\u00c9quipe olympique canadienne. Retrouvez les r\u00e9cits, vid\u00e9os et photos des athl\u00e8tes canadiens, sports olympiques, Jeux olympiques de 2020 et bien plus!\",\"potentialAction\":[{\"@type\":\"SearchAction\",\"target\":{\"@type\":\"EntryPoint\",\"urlTemplate\":\"https:\\\/\\\/preprod.olympic.ca\\\/olympique\\\/?s={search_term_string}\"},\"query-input\":{\"@type\":\"PropertyValueSpecification\",\"valueRequired\":true,\"valueName\":\"search_term_string\"}}],\"inLanguage\":\"fr-FR\"}]}<\/script>\n<!-- \/ Yoast SEO plugin. -->","yoast_head_json":{"title":"Haya Jumaa - \u00c9quipe Canada | Site officiel de l&#039;\u00e9quipe olympique","robots":{"index":"index","follow":"follow","max-snippet":"max-snippet:-1","max-image-preview":"max-image-preview:large","max-video-preview":"max-video-preview:-1"},"canonical":"https:\/\/preprod.olympic.ca\/olympique\/team-canada\/haya-jumaa\/","og_locale":"fr_FR","og_type":"article","og_title":"Haya Jumaa - \u00c9quipe Canada | Site officiel de l&#039;\u00e9quipe olympique","og_description":"A remport\u00e9 un total de trois m\u00e9dailles en Karate 1 Premier League en 2017 et 2018 (deux d\u2019argent et une...","og_url":"https:\/\/preprod.olympic.ca\/olympique\/team-canada\/haya-jumaa\/","og_site_name":"\u00c9quipe Canada | Site officiel de l&#039;\u00e9quipe olympique","article_modified_time":"2019-07-02T11:38:39+00:00","og_image":[{"width":1010,"height":568,"url":"https:\/\/preprod.olympic.ca\/olympique\/wp-content\/uploads\/sites\/2\/2019\/05\/coc_men_ph_1340x754.png","type":"image\/png"}],"twitter_card":"summary_large_image","twitter_misc":{"Est. reading time":"2 minutes","Written by":"Ariane Desrosiers"},"schema":{"@context":"https:\/\/schema.org","@graph":[{"@type":"WebPage","@id":"https:\/\/preprod.olympic.ca\/olympique\/team-canada\/haya-jumaa\/","url":"https:\/\/preprod.olympic.ca\/olympique\/team-canada\/haya-jumaa\/","name":"Haya Jumaa - \u00c9quipe Canada | Site officiel de l&#039;\u00e9quipe olympique","isPartOf":{"@id":"https:\/\/preprod.olympic.ca\/olympique\/#website"},"primaryImageOfPage":{"@id":"https:\/\/preprod.olympic.ca\/olympique\/team-canada\/haya-jumaa\/#primaryimage"},"image":{"@id":"https:\/\/preprod.olympic.ca\/olympique\/team-canada\/haya-jumaa\/#primaryimage"},"thumbnailUrl":"https:\/\/preprod.olympic.ca\/olympique\/wp-content\/uploads\/sites\/2\/2019\/05\/coc_men_ph_1340x754.png","datePublished":"2019-06-13T16:56:25+00:00","dateModified":"2019-07-02T11:38:39+00:00","inLanguage":"fr-FR","potentialAction":[{"@type":"ReadAction","target":["https:\/\/preprod.olympic.ca\/olympique\/team-canada\/haya-jumaa\/"]}]},{"@type":"ImageObject","inLanguage":"fr-FR","@id":"https:\/\/preprod.olympic.ca\/olympique\/team-canada\/haya-jumaa\/#primaryimage","url":"https:\/\/preprod.olympic.ca\/olympique\/wp-content\/uploads\/sites\/2\/2019\/05\/coc_men_ph_1340x754.png","contentUrl":"https:\/\/preprod.olympic.ca\/olympique\/wp-content\/uploads\/sites\/2\/2019\/05\/coc_men_ph_1340x754.png","width":1010,"height":568},{"@type":"WebSite","@id":"https:\/\/preprod.olympic.ca\/olympique\/#website","url":"https:\/\/preprod.olympic.ca\/olympique\/","name":"\u00c9quipe Canada | Site officiel de l&#039;\u00e9quipe olympique","description":"Votre source pour l\u2019\u00c9quipe olympique canadienne. Retrouvez les r\u00e9cits, vid\u00e9os et photos des athl\u00e8tes canadiens, sports olympiques, Jeux olympiques de 2020 et bien plus!","potentialAction":[{"@type":"SearchAction","target":{"@type":"EntryPoint","urlTemplate":"https:\/\/preprod.olympic.ca\/olympique\/?s={search_term_string}"},"query-input":{"@type":"PropertyValueSpecification","valueRequired":true,"valueName":"search_term_string"}}],"inLanguage":"fr-FR"}]}},"featured_image_url":"https:\/\/preprod.olympic.ca\/olympique\/wp-content\/uploads\/sites\/2\/2019\/05\/coc_men_ph_1340x754.png","category_names":[],"tag_names":["\u00c9quipe canada","Haya Jumaa","Karat\u00e9","Lima 2019"],"sport_names":[481],"game_names":["Lima 2019"],"season_names":["\u00c9t\u00e9"],"team_names":["Lima 2019 Karat\u00e9"],"province_names":["Ontario"],"social_facebook":"","social_twitter":"","social_linkedin":"","social_gplus":"","social_instagram":"","social_website":"","total_medal_count_gold":"","total_medal_count_silver":"","total_medal_count_bronze":"","athlete_headshot":"https:\/\/preprod.olympic.ca\/wp-content\/uploads\/sites\/2\/2019\/05\/athlete_placeholder.jpg?quality=100","athlete_height":"172","athlete_weight":"61","athlete_hometown":"Mississauga, Ontario","athlete_birthplace":"Duba\u00ef (\u00c9mirats arabes unis)","coc_gracenote_id":"","athlete_dob":"","athlete_age":56,"jetpack_sharing_enabled":true,"_links":{"self":[{"href":"https:\/\/preprod.olympic.ca\/olympique\/wp-json\/wp\/v2\/athletes\/151995","targetHints":{"allow":["GET"]}}],"collection":[{"href":"https:\/\/preprod.olympic.ca\/olympique\/wp-json\/wp\/v2\/athletes"}],"about":[{"href":"https:\/\/preprod.olympic.ca\/olympique\/wp-json\/wp\/v2\/types\/athletes"}],"version-history":[{"count":0,"href":"https:\/\/preprod.olympic.ca\/olympique\/wp-json\/wp\/v2\/athletes\/151995\/revisions"}],"wp:featuredmedia":[{"embeddable":true,"href":"https:\/\/preprod.olympic.ca\/olympique\/wp-json\/wp\/v2\/media\/151660"}],"wp:attachment":[{"href":"https:\/\/preprod.olympic.ca\/olympique\/wp-json\/wp\/v2\/media?parent=151995"}],"wp:term":[{"taxonomy":"post_tag","embeddable":true,"href":"https:\/\/preprod.olympic.ca\/olympique\/wp-json\/wp\/v2\/tags?post=151995"},{"taxonomy":"hof-categories","embeddable":true,"href":"https:\/\/preprod.olympic.ca\/olympique\/wp-json\/wp\/v2\/hof-categories?post=151995"},{"taxonomy":"year-inducted","embeddable":true,"href":"https:\/\/preprod.olympic.ca\/olympique\/wp-json\/wp\/v2\/year-inducted?post=151995"},{"taxonomy":"gender","embeddable":true,"href":"https:\/\/preprod.olympic.ca\/olympique\/wp-json\/wp\/v2\/gender?post=151995"},{"taxonomy":"season","embeddable":true,"href":"https:\/\/preprod.olympic.ca\/olympique\/wp-json\/wp\/v2\/season?post=151995"},{"taxonomy":"sport","embeddable":true,"href":"https:\/\/preprod.olympic.ca\/olympique\/wp-json\/wp\/v2\/sport?post=151995"},{"taxonomy":"game","embeddable":true,"href":"https:\/\/preprod.olympic.ca\/olympique\/wp-json\/wp\/v2\/game?post=151995"},{"taxonomy":"team","embeddable":true,"href":"https:\/\/preprod.olympic.ca\/olympique\/wp-json\/wp\/v2\/team?post=151995"},{"taxonomy":"event","embeddable":true,"href":"https:\/\/preprod.olympic.ca\/olympique\/wp-json\/wp\/v2\/event?post=151995"},{"taxonomy":"province","embeddable":true,"href":"https:\/\/preprod.olympic.ca\/olympique\/wp-json\/wp\/v2\/province?post=151995"}],"curies":[{"name":"wp","href":"https:\/\/api.w.org\/{rel}","templated":true}]}}