{"id":16696,"date":"2011-09-18T22:07:21","date_gmt":"2011-09-19T02:07:21","guid":{"rendered":"http:\/\/preprod.olympic.ca\/team-canada\/douglas-mcdonald-2\/"},"modified":"2021-12-09T11:39:57","modified_gmt":"2021-12-09T16:39:57","slug":"douglas-mcdonald","status":"publish","type":"athletes","link":"https:\/\/preprod.olympic.ca\/olympique\/team-canada\/douglas-mcdonald\/","title":{"rendered":"Douglas McDonald"},"content":{"rendered":"\n<p>Le rameur Douglas McDonald a \u00e9t\u00e9 membre de l\u2019\u00e9quipage du huit de l\u2019Universit\u00e9 de la Colombie-Britannique (UBC) qui a \u00e9t\u00e9 s\u00e9lectionn\u00e9 pour repr\u00e9senter le Canada \u00e0 <a href=\"https:\/\/olympique.ca\/jeux\/1956-melbourne\/\">Melbourne 1956<\/a>. Seulement la moiti\u00e9 de l\u2019\u00e9quipage avait une r\u00e9elle exp\u00e9rience en aviron, et avec seulement un an pour se pr\u00e9parer pour les Jeux, une \u00e9quipe comp\u00e9titive a \u00e9t\u00e9 mise en place pour aspirer pour la m\u00e9daille d\u2019or olympique. McDonald a remport\u00e9 une m\u00e9daille d\u2019argent pour le Canada, derri\u00e8re les Am\u00e9ricains par seulement deux secondes, avec ses co\u00e9quipiers <a href=\"https:\/\/olympique.ca\/team-canada\/david-helliwell\/\">David Helliwell<\/a>, Philip Kueber, <a href=\"https:\/\/olympique.ca\/team-canada\/richard-mcclure\/\">Richard McClure<\/a>, <a href=\"https:\/\/olympique.ca\/team-canada\/william-mckerlich\/\">Bill McKerlich<\/a>, <a href=\"https:\/\/olympique.ca\/team-canada\/carlton-ogawa\/\">Carl Ogawa<\/a>, <a href=\"https:\/\/olympique.ca\/team-canada\/waynne-pretty\/\">Donald Pretty<\/a>, <a href=\"https:\/\/olympique.ca\/team-canada\/lawrence-west\/\">Lawrence West<\/a> et <a href=\"https:\/\/olympique.ca\/team-canada\/robert-wilson\/\">Robert Wilson<\/a>.<\/p>\n\n\n\n<p>En remportant le titre national de 1954 \u00e0 l\u2019\u00e9preuve du huit, McDonald et son \u00e9quipage compos\u00e9 de Lawrence West, Robert Wilson, Ken Drummond, Mike Harris, Ray Sierpina, Glen Smith, Tom Tonybee et Herman Zloklikovits sont all\u00e9s repr\u00e9senter le Canada aux Jeux du Commonwealth de 1954, o\u00f9 ils ont remport\u00e9 l\u2019or. L\u2019\u00e9quipage s\u2019est ensuite s\u00e9par\u00e9 apr\u00e8s avoir termin\u00e9 deuxi\u00e8me \u00e0 la r\u00e9gate Royal Henley de 1955, mais McDonald remportera un deuxi\u00e8me titre national en 1956.<\/p>\n\n\n\n<p>McDonald a \u00e9t\u00e9 intronis\u00e9 au Temple de la renomm\u00e9e des sports de l\u2019UBC en 1999 avec son \u00e9quipage gagnant de la m\u00e9daille d\u2019or aux Jeux du Commonwealth de 1954, au Temple de la renomm\u00e9e olympique du Canada en 1958, au Temple de la renomm\u00e9e des sports de la Colombie-Britannique en 1976 et au Temple de la renomm\u00e9e des sports de l\u2019Universit\u00e9 de la Colombie-Britannique en 2010 avec son \u00e9quipage gagnant de la m\u00e9daille d\u2019argent.<\/p>\n","protected":false},"excerpt":{"rendered":"<p>Le rameur Douglas McDonald a \u00e9t\u00e9 membre de l\u2019\u00e9quipage du huit de l\u2019Universit\u00e9 de la Colombie-Britannique (UBC) qui a \u00e9t\u00e9&#8230;<\/p>\n","protected":false},"featured_media":83203,"template":"","tags":[415966755,9949311,9274940],"hof-categories":[682162651],"year-inducted":[682162665],"gender":[42123],"season":[415983968],"sport":[392824],"game":[9241357],"team":[415983550],"event":[181822689],"province":[],"class_list":["post-16696","athletes","type-athletes","status-publish","has-post-thumbnail","hentry","tag-aviron","tag-medaille-dargent","tag-melbourne-1956","hof-categories-athlete","year-inducted-682162665","gender-masculin","season-ete","sport-aviron","game-1956-melbourne","team-melbourne-1956-aviron","event-huit-en-pointe-avec-barreur-hommes"],"acf":[],"yoast_head":"<!-- This site is optimized with the Yoast SEO plugin v27.3 - https:\/\/yoast.com\/product\/yoast-seo-wordpress\/ -->\n<title>Douglas McDonald - \u00c9quipe Canada | Site officiel de l&#039;\u00e9quipe olympique<\/title>\n<meta name=\"description\" content=\"Le rameur canadien Douglas McDonald a \u00e9t\u00e9 membre de l\u2019\u00e9quipage du huit qui a remport\u00e9 l\u2019argent \u00e0 Melbourne 1956.\" \/>\n<meta name=\"robots\" content=\"index, follow, max-snippet:-1, max-image-preview:large, max-video-preview:-1\" \/>\n<link rel=\"canonical\" href=\"https:\/\/preprod.olympic.ca\/olympique\/team-canada\/douglas-mcdonald\/\" \/>\n<meta property=\"og:locale\" content=\"fr_FR\" \/>\n<meta property=\"og:type\" content=\"article\" \/>\n<meta property=\"og:title\" content=\"Douglas McDonald - \u00c9quipe Canada | Site officiel de l&#039;\u00e9quipe olympique\" \/>\n<meta property=\"og:description\" content=\"Le rameur canadien Douglas McDonald a \u00e9t\u00e9 membre de l\u2019\u00e9quipage du huit qui a remport\u00e9 l\u2019argent \u00e0 Melbourne 1956.\" \/>\n<meta property=\"og:url\" content=\"https:\/\/preprod.olympic.ca\/olympique\/team-canada\/douglas-mcdonald\/\" \/>\n<meta property=\"og:site_name\" content=\"\u00c9quipe Canada | Site officiel de l&#039;\u00e9quipe olympique\" \/>\n<meta property=\"article:modified_time\" content=\"2021-12-09T16:39:57+00:00\" \/>\n<meta property=\"og:image\" content=\"https:\/\/preprod.olympic.ca\/olympique\/wp-content\/uploads\/sites\/2\/2013\/08\/coc_men_ph_1340x754.png\" \/>\n\t<meta property=\"og:image:width\" content=\"1340\" \/>\n\t<meta property=\"og:image:height\" content=\"755\" \/>\n\t<meta property=\"og:image:type\" content=\"image\/png\" \/>\n<meta name=\"twitter:card\" content=\"summary_large_image\" \/>\n<meta name=\"twitter:label1\" content=\"Est. reading time\" \/>\n\t<meta name=\"twitter:data1\" content=\"2 minutes\" \/>\n\t<meta name=\"twitter:label2\" content=\"Written by\" \/>\n\t<meta name=\"twitter:data2\" content=\"Florence Gauthier\" \/>\n<script type=\"application\/ld+json\" class=\"yoast-schema-graph\">{\"@context\":\"https:\\\/\\\/schema.org\",\"@graph\":[{\"@type\":\"WebPage\",\"@id\":\"https:\\\/\\\/preprod.olympic.ca\\\/olympique\\\/team-canada\\\/douglas-mcdonald\\\/\",\"url\":\"https:\\\/\\\/preprod.olympic.ca\\\/olympique\\\/team-canada\\\/douglas-mcdonald\\\/\",\"name\":\"Douglas McDonald - \u00c9quipe Canada | Site officiel de l&#039;\u00e9quipe olympique\",\"isPartOf\":{\"@id\":\"https:\\\/\\\/preprod.olympic.ca\\\/olympique\\\/#website\"},\"primaryImageOfPage\":{\"@id\":\"https:\\\/\\\/preprod.olympic.ca\\\/olympique\\\/team-canada\\\/douglas-mcdonald\\\/#primaryimage\"},\"image\":{\"@id\":\"https:\\\/\\\/preprod.olympic.ca\\\/olympique\\\/team-canada\\\/douglas-mcdonald\\\/#primaryimage\"},\"thumbnailUrl\":\"https:\\\/\\\/preprod.olympic.ca\\\/olympique\\\/wp-content\\\/uploads\\\/sites\\\/2\\\/2013\\\/08\\\/coc_men_ph_1340x754.png\",\"datePublished\":\"2011-09-19T02:07:21+00:00\",\"dateModified\":\"2021-12-09T16:39:57+00:00\",\"description\":\"Le rameur canadien Douglas McDonald a \u00e9t\u00e9 membre de l\u2019\u00e9quipage du huit qui a remport\u00e9 l\u2019argent \u00e0 Melbourne 1956.\",\"inLanguage\":\"fr-FR\",\"potentialAction\":[{\"@type\":\"ReadAction\",\"target\":[\"https:\\\/\\\/preprod.olympic.ca\\\/olympique\\\/team-canada\\\/douglas-mcdonald\\\/\"]}]},{\"@type\":\"ImageObject\",\"inLanguage\":\"fr-FR\",\"@id\":\"https:\\\/\\\/preprod.olympic.ca\\\/olympique\\\/team-canada\\\/douglas-mcdonald\\\/#primaryimage\",\"url\":\"https:\\\/\\\/preprod.olympic.ca\\\/olympique\\\/wp-content\\\/uploads\\\/sites\\\/2\\\/2013\\\/08\\\/coc_men_ph_1340x754.png\",\"contentUrl\":\"https:\\\/\\\/preprod.olympic.ca\\\/olympique\\\/wp-content\\\/uploads\\\/sites\\\/2\\\/2013\\\/08\\\/coc_men_ph_1340x754.png\",\"width\":1340,\"height\":755},{\"@type\":\"WebSite\",\"@id\":\"https:\\\/\\\/preprod.olympic.ca\\\/olympique\\\/#website\",\"url\":\"https:\\\/\\\/preprod.olympic.ca\\\/olympique\\\/\",\"name\":\"\u00c9quipe Canada | Site officiel de l&#039;\u00e9quipe olympique\",\"description\":\"Votre source pour l\u2019\u00c9quipe olympique canadienne. Retrouvez les r\u00e9cits, vid\u00e9os et photos des athl\u00e8tes canadiens, sports olympiques, Jeux olympiques de 2020 et bien plus!\",\"potentialAction\":[{\"@type\":\"SearchAction\",\"target\":{\"@type\":\"EntryPoint\",\"urlTemplate\":\"https:\\\/\\\/preprod.olympic.ca\\\/olympique\\\/?s={search_term_string}\"},\"query-input\":{\"@type\":\"PropertyValueSpecification\",\"valueRequired\":true,\"valueName\":\"search_term_string\"}}],\"inLanguage\":\"fr-FR\"}]}<\/script>\n<!-- \/ Yoast SEO plugin. -->","yoast_head_json":{"title":"Douglas McDonald - \u00c9quipe Canada | Site officiel de l&#039;\u00e9quipe olympique","description":"Le rameur canadien Douglas McDonald a \u00e9t\u00e9 membre de l\u2019\u00e9quipage du huit qui a remport\u00e9 l\u2019argent \u00e0 Melbourne 1956.","robots":{"index":"index","follow":"follow","max-snippet":"max-snippet:-1","max-image-preview":"max-image-preview:large","max-video-preview":"max-video-preview:-1"},"canonical":"https:\/\/preprod.olympic.ca\/olympique\/team-canada\/douglas-mcdonald\/","og_locale":"fr_FR","og_type":"article","og_title":"Douglas McDonald - \u00c9quipe Canada | Site officiel de l&#039;\u00e9quipe olympique","og_description":"Le rameur canadien Douglas McDonald a \u00e9t\u00e9 membre de l\u2019\u00e9quipage du huit qui a remport\u00e9 l\u2019argent \u00e0 Melbourne 1956.","og_url":"https:\/\/preprod.olympic.ca\/olympique\/team-canada\/douglas-mcdonald\/","og_site_name":"\u00c9quipe Canada | Site officiel de l&#039;\u00e9quipe olympique","article_modified_time":"2021-12-09T16:39:57+00:00","og_image":[{"width":1340,"height":755,"url":"https:\/\/preprod.olympic.ca\/olympique\/wp-content\/uploads\/sites\/2\/2013\/08\/coc_men_ph_1340x754.png","type":"image\/png"}],"twitter_card":"summary_large_image","twitter_misc":{"Est. reading time":"2 minutes","Written by":"Florence Gauthier"},"schema":{"@context":"https:\/\/schema.org","@graph":[{"@type":"WebPage","@id":"https:\/\/preprod.olympic.ca\/olympique\/team-canada\/douglas-mcdonald\/","url":"https:\/\/preprod.olympic.ca\/olympique\/team-canada\/douglas-mcdonald\/","name":"Douglas McDonald - \u00c9quipe Canada | Site officiel de l&#039;\u00e9quipe olympique","isPartOf":{"@id":"https:\/\/preprod.olympic.ca\/olympique\/#website"},"primaryImageOfPage":{"@id":"https:\/\/preprod.olympic.ca\/olympique\/team-canada\/douglas-mcdonald\/#primaryimage"},"image":{"@id":"https:\/\/preprod.olympic.ca\/olympique\/team-canada\/douglas-mcdonald\/#primaryimage"},"thumbnailUrl":"https:\/\/preprod.olympic.ca\/olympique\/wp-content\/uploads\/sites\/2\/2013\/08\/coc_men_ph_1340x754.png","datePublished":"2011-09-19T02:07:21+00:00","dateModified":"2021-12-09T16:39:57+00:00","description":"Le rameur canadien Douglas McDonald a \u00e9t\u00e9 membre de l\u2019\u00e9quipage du huit qui a remport\u00e9 l\u2019argent \u00e0 Melbourne 1956.","inLanguage":"fr-FR","potentialAction":[{"@type":"ReadAction","target":["https:\/\/preprod.olympic.ca\/olympique\/team-canada\/douglas-mcdonald\/"]}]},{"@type":"ImageObject","inLanguage":"fr-FR","@id":"https:\/\/preprod.olympic.ca\/olympique\/team-canada\/douglas-mcdonald\/#primaryimage","url":"https:\/\/preprod.olympic.ca\/olympique\/wp-content\/uploads\/sites\/2\/2013\/08\/coc_men_ph_1340x754.png","contentUrl":"https:\/\/preprod.olympic.ca\/olympique\/wp-content\/uploads\/sites\/2\/2013\/08\/coc_men_ph_1340x754.png","width":1340,"height":755},{"@type":"WebSite","@id":"https:\/\/preprod.olympic.ca\/olympique\/#website","url":"https:\/\/preprod.olympic.ca\/olympique\/","name":"\u00c9quipe Canada | Site officiel de l&#039;\u00e9quipe olympique","description":"Votre source pour l\u2019\u00c9quipe olympique canadienne. Retrouvez les r\u00e9cits, vid\u00e9os et photos des athl\u00e8tes canadiens, sports olympiques, Jeux olympiques de 2020 et bien plus!","potentialAction":[{"@type":"SearchAction","target":{"@type":"EntryPoint","urlTemplate":"https:\/\/preprod.olympic.ca\/olympique\/?s={search_term_string}"},"query-input":{"@type":"PropertyValueSpecification","valueRequired":true,"valueName":"search_term_string"}}],"inLanguage":"fr-FR"}]}},"featured_image_url":"https:\/\/preprod.olympic.ca\/olympique\/wp-content\/uploads\/sites\/2\/2013\/08\/coc_men_ph_1340x754.png","category_names":[],"tag_names":["aviron","M\u00e9daille d'Argent","Melbourne 1956"],"sport_names":[515],"game_names":["Melbourne 1956"],"season_names":["\u00c9t\u00e9"],"team_names":["Melbourne 1956 Aviron"],"province_names":[],"social_facebook":"","social_twitter":"","social_linkedin":"","social_gplus":"","social_instagram":"","social_website":"","total_medal_count_gold":"","total_medal_count_silver":"1","total_medal_count_bronze":"","athlete_headshot":"","athlete_height":"","athlete_weight":"","athlete_hometown":"","athlete_birthplace":"Thorsby, Alberta","coc_gracenote_id":"","athlete_dob":"May 11, 1935","athlete_age":"","jetpack_sharing_enabled":true,"_links":{"self":[{"href":"https:\/\/preprod.olympic.ca\/olympique\/wp-json\/wp\/v2\/athletes\/16696","targetHints":{"allow":["GET"]}}],"collection":[{"href":"https:\/\/preprod.olympic.ca\/olympique\/wp-json\/wp\/v2\/athletes"}],"about":[{"href":"https:\/\/preprod.olympic.ca\/olympique\/wp-json\/wp\/v2\/types\/athletes"}],"version-history":[{"count":1,"href":"https:\/\/preprod.olympic.ca\/olympique\/wp-json\/wp\/v2\/athletes\/16696\/revisions"}],"predecessor-version":[{"id":194223,"href":"https:\/\/preprod.olympic.ca\/olympique\/wp-json\/wp\/v2\/athletes\/16696\/revisions\/194223"}],"wp:featuredmedia":[{"embeddable":true,"href":"https:\/\/preprod.olympic.ca\/olympique\/wp-json\/wp\/v2\/media\/83203"}],"wp:attachment":[{"href":"https:\/\/preprod.olympic.ca\/olympique\/wp-json\/wp\/v2\/media?parent=16696"}],"wp:term":[{"taxonomy":"post_tag","embeddable":true,"href":"https:\/\/preprod.olympic.ca\/olympique\/wp-json\/wp\/v2\/tags?post=16696"},{"taxonomy":"hof-categories","embeddable":true,"href":"https:\/\/preprod.olympic.ca\/olympique\/wp-json\/wp\/v2\/hof-categories?post=16696"},{"taxonomy":"year-inducted","embeddable":true,"href":"https:\/\/preprod.olympic.ca\/olympique\/wp-json\/wp\/v2\/year-inducted?post=16696"},{"taxonomy":"gender","embeddable":true,"href":"https:\/\/preprod.olympic.ca\/olympique\/wp-json\/wp\/v2\/gender?post=16696"},{"taxonomy":"season","embeddable":true,"href":"https:\/\/preprod.olympic.ca\/olympique\/wp-json\/wp\/v2\/season?post=16696"},{"taxonomy":"sport","embeddable":true,"href":"https:\/\/preprod.olympic.ca\/olympique\/wp-json\/wp\/v2\/sport?post=16696"},{"taxonomy":"game","embeddable":true,"href":"https:\/\/preprod.olympic.ca\/olympique\/wp-json\/wp\/v2\/game?post=16696"},{"taxonomy":"team","embeddable":true,"href":"https:\/\/preprod.olympic.ca\/olympique\/wp-json\/wp\/v2\/team?post=16696"},{"taxonomy":"event","embeddable":true,"href":"https:\/\/preprod.olympic.ca\/olympique\/wp-json\/wp\/v2\/event?post=16696"},{"taxonomy":"province","embeddable":true,"href":"https:\/\/preprod.olympic.ca\/olympique\/wp-json\/wp\/v2\/province?post=16696"}],"curies":[{"name":"wp","href":"https:\/\/api.w.org\/{rel}","templated":true}]}}