{"id":17962,"date":"2011-09-18T22:14:35","date_gmt":"2011-09-19T02:14:35","guid":{"rendered":"http:\/\/preprod.olympic.ca\/team-canada\/cyril-coaffee-2\/"},"modified":"2021-12-08T16:06:49","modified_gmt":"2021-12-08T21:06:49","slug":"cyril-coaffee","status":"publish","type":"athletes","link":"https:\/\/preprod.olympic.ca\/olympique\/team-canada\/cyril-coaffee\/","title":{"rendered":"Cyril Coaffee"},"content":{"rendered":"\n<p>Cyril Coaffee a \u00e9t\u00e9 en mesure de concourir \u00e0 <a href=\"https:\/\/olympique.ca\/jeux\/1920-antwerp\/\">Anvers 1920<\/a> qu\u2019apr\u00e8s avoir vu les gens de la ville de Winnipeg amasser des fonds pour lui permettre de se rendre en Belgique. Il a particip\u00e9 aux \u00e9preuves du 100 m et du 200 m, mais a \u00e9t\u00e9 \u00e9limin\u00e9 d\u00e8s les premi\u00e8res rondes. \u00c0 <a href=\"https:\/\/olympique.ca\/jeux\/1924-paris\/\">Paris 1924<\/a>, il a \u00e9t\u00e9 le capitaine de l\u2019\u00e9quipe canadienne et a atteint les demi-finales aux \u00e9preuves de sprint et au relais 4&#215;100 m.<\/p>\n\n\n\n<p>Coaffee a \u00e9gal\u00e9 le record du monde de 9.6 secondes de Charlie Paddock au 100 m aux Championnats canadiens de 1922, l\u00e0 o\u00f9 il a aussi remport\u00e9 l\u2019\u00e9preuve du 200 m, un doubl\u00e9 qu\u2019il a refait en 1926 et en 1927. Coaffee a sign\u00e9 plusieurs victoires dans une s\u00e9rie de comp\u00e9titions en Europe, ses plus importantes \u00e9tant contre la vedette canadienne Percy Williams en 1926 et 1928.<\/p>\n\n\n\n<p>N\u00e9 en Angleterre, Coaffee a immigr\u00e9 au Canada en 1905. Il a d\u00e9marr\u00e9 sa carri\u00e8re comp\u00e9titive avec le North End Amateur Athletic Club en 1915. Coaffee a souffert d\u2019une paralysie partielle au bras, menant \u00e0 un style de sprint unique et \u00e0 une inclinaison extr\u00eame vers l\u2019avant. Quand sa tentative de se tailler une place au sein d\u2019une troisi\u00e8me \u00e9quipe olympique a \u00e9t\u00e9 infructueuse pour Amsterdam 1928, Coaffee s\u2019est retir\u00e9 de la comp\u00e9tition. Il a servi au sein du Corps m\u00e9dical de l\u2019arm\u00e9e canadienne pendant la Deuxi\u00e8me Guerre mondiale de 1939 \u00e0 1943. Coaffee avait seulement 48 ans quand il est d\u00e9c\u00e9d\u00e9 d\u2019une crise cardiaque, en 1945, chez ses parents, \u00e0 Winnipeg.<\/p>\n\n\n\n<p>Coaffee a \u00e9t\u00e9 intronis\u00e9 au Panth\u00e9on des sports canadiens en 1956, au Temple de la renomm\u00e9e olympique du Canada en 1960, au Temple de la renomm\u00e9e des sports du Manitoba en 1982 et son nom est inscrit au M\u00e9morial virtuel de guerre du Canada.<\/p>\n","protected":false},"excerpt":{"rendered":"<p>Cyril Coaffee a \u00e9t\u00e9 en mesure de concourir \u00e0 Anvers 1920 qu\u2019apr\u00e8s avoir vu les gens de la ville de&#8230;<\/p>\n","protected":false},"featured_media":83203,"template":"","tags":[415984548,415984528],"hof-categories":[682162651],"year-inducted":[682162679],"gender":[42123],"season":[415983968],"sport":[48770],"game":[181821847,9241409],"team":[415983248,415983249],"event":[181821803,181821898,181823370],"province":[],"class_list":["post-17962","athletes","type-athletes","status-publish","has-post-thumbnail","hentry","tag-athletisme","tag-jeux-olympiques-dete","hof-categories-athlete","year-inducted-682162679","gender-masculin","season-ete","sport-athletisme","game-1920-antwerp","game-1924-paris","team-anvers-1920-athletisme","team-paris-1924-athletisme","event-100-m-hommes","event-200-m-hommes","event-relais-4-x-100-m-hommes"],"acf":[],"yoast_head":"<!-- This site is optimized with the Yoast SEO plugin v27.3 - https:\/\/yoast.com\/product\/yoast-seo-wordpress\/ -->\n<title>Cyril Coaffee - \u00c9quipe Canada | Site officiel de l&#039;\u00e9quipe olympique<\/title>\n<meta name=\"description\" content=\"Sprinteur olympique de deux Jeux, Cyril Coaffee a repr\u00e9sent\u00e9 le Canada \u00e0 Anvers 1920 et \u00e0 Paris 1924.\" \/>\n<meta name=\"robots\" content=\"index, follow, max-snippet:-1, max-image-preview:large, max-video-preview:-1\" \/>\n<link rel=\"canonical\" href=\"https:\/\/preprod.olympic.ca\/olympique\/team-canada\/cyril-coaffee\/\" \/>\n<meta property=\"og:locale\" content=\"fr_FR\" \/>\n<meta property=\"og:type\" content=\"article\" \/>\n<meta property=\"og:title\" content=\"Cyril Coaffee - \u00c9quipe Canada | Site officiel de l&#039;\u00e9quipe olympique\" \/>\n<meta property=\"og:description\" content=\"Sprinteur olympique de deux Jeux, Cyril Coaffee a repr\u00e9sent\u00e9 le Canada \u00e0 Anvers 1920 et \u00e0 Paris 1924.\" \/>\n<meta property=\"og:url\" content=\"https:\/\/preprod.olympic.ca\/olympique\/team-canada\/cyril-coaffee\/\" \/>\n<meta property=\"og:site_name\" content=\"\u00c9quipe Canada | Site officiel de l&#039;\u00e9quipe olympique\" \/>\n<meta property=\"article:modified_time\" content=\"2021-12-08T21:06:49+00:00\" \/>\n<meta property=\"og:image\" content=\"https:\/\/preprod.olympic.ca\/olympique\/wp-content\/uploads\/sites\/2\/2013\/08\/coc_men_ph_1340x754.png\" \/>\n\t<meta property=\"og:image:width\" content=\"1340\" \/>\n\t<meta property=\"og:image:height\" content=\"755\" \/>\n\t<meta property=\"og:image:type\" content=\"image\/png\" \/>\n<meta name=\"twitter:card\" content=\"summary_large_image\" \/>\n<meta name=\"twitter:label1\" content=\"Est. reading time\" \/>\n\t<meta name=\"twitter:data1\" content=\"2 minutes\" \/>\n\t<meta name=\"twitter:label2\" content=\"Written by\" \/>\n\t<meta name=\"twitter:data2\" content=\"Florence Gauthier\" \/>\n<script type=\"application\/ld+json\" class=\"yoast-schema-graph\">{\"@context\":\"https:\\\/\\\/schema.org\",\"@graph\":[{\"@type\":\"WebPage\",\"@id\":\"https:\\\/\\\/preprod.olympic.ca\\\/olympique\\\/team-canada\\\/cyril-coaffee\\\/\",\"url\":\"https:\\\/\\\/preprod.olympic.ca\\\/olympique\\\/team-canada\\\/cyril-coaffee\\\/\",\"name\":\"Cyril Coaffee - \u00c9quipe Canada | Site officiel de l&#039;\u00e9quipe olympique\",\"isPartOf\":{\"@id\":\"https:\\\/\\\/preprod.olympic.ca\\\/olympique\\\/#website\"},\"primaryImageOfPage\":{\"@id\":\"https:\\\/\\\/preprod.olympic.ca\\\/olympique\\\/team-canada\\\/cyril-coaffee\\\/#primaryimage\"},\"image\":{\"@id\":\"https:\\\/\\\/preprod.olympic.ca\\\/olympique\\\/team-canada\\\/cyril-coaffee\\\/#primaryimage\"},\"thumbnailUrl\":\"https:\\\/\\\/preprod.olympic.ca\\\/olympique\\\/wp-content\\\/uploads\\\/sites\\\/2\\\/2013\\\/08\\\/coc_men_ph_1340x754.png\",\"datePublished\":\"2011-09-19T02:14:35+00:00\",\"dateModified\":\"2021-12-08T21:06:49+00:00\",\"description\":\"Sprinteur olympique de deux Jeux, Cyril Coaffee a repr\u00e9sent\u00e9 le Canada \u00e0 Anvers 1920 et \u00e0 Paris 1924.\",\"inLanguage\":\"fr-FR\",\"potentialAction\":[{\"@type\":\"ReadAction\",\"target\":[\"https:\\\/\\\/preprod.olympic.ca\\\/olympique\\\/team-canada\\\/cyril-coaffee\\\/\"]}]},{\"@type\":\"ImageObject\",\"inLanguage\":\"fr-FR\",\"@id\":\"https:\\\/\\\/preprod.olympic.ca\\\/olympique\\\/team-canada\\\/cyril-coaffee\\\/#primaryimage\",\"url\":\"https:\\\/\\\/preprod.olympic.ca\\\/olympique\\\/wp-content\\\/uploads\\\/sites\\\/2\\\/2013\\\/08\\\/coc_men_ph_1340x754.png\",\"contentUrl\":\"https:\\\/\\\/preprod.olympic.ca\\\/olympique\\\/wp-content\\\/uploads\\\/sites\\\/2\\\/2013\\\/08\\\/coc_men_ph_1340x754.png\",\"width\":1340,\"height\":755},{\"@type\":\"WebSite\",\"@id\":\"https:\\\/\\\/preprod.olympic.ca\\\/olympique\\\/#website\",\"url\":\"https:\\\/\\\/preprod.olympic.ca\\\/olympique\\\/\",\"name\":\"\u00c9quipe Canada | Site officiel de l&#039;\u00e9quipe olympique\",\"description\":\"Votre source pour l\u2019\u00c9quipe olympique canadienne. Retrouvez les r\u00e9cits, vid\u00e9os et photos des athl\u00e8tes canadiens, sports olympiques, Jeux olympiques de 2020 et bien plus!\",\"potentialAction\":[{\"@type\":\"SearchAction\",\"target\":{\"@type\":\"EntryPoint\",\"urlTemplate\":\"https:\\\/\\\/preprod.olympic.ca\\\/olympique\\\/?s={search_term_string}\"},\"query-input\":{\"@type\":\"PropertyValueSpecification\",\"valueRequired\":true,\"valueName\":\"search_term_string\"}}],\"inLanguage\":\"fr-FR\"}]}<\/script>\n<!-- \/ Yoast SEO plugin. -->","yoast_head_json":{"title":"Cyril Coaffee - \u00c9quipe Canada | Site officiel de l&#039;\u00e9quipe olympique","description":"Sprinteur olympique de deux Jeux, Cyril Coaffee a repr\u00e9sent\u00e9 le Canada \u00e0 Anvers 1920 et \u00e0 Paris 1924.","robots":{"index":"index","follow":"follow","max-snippet":"max-snippet:-1","max-image-preview":"max-image-preview:large","max-video-preview":"max-video-preview:-1"},"canonical":"https:\/\/preprod.olympic.ca\/olympique\/team-canada\/cyril-coaffee\/","og_locale":"fr_FR","og_type":"article","og_title":"Cyril Coaffee - \u00c9quipe Canada | Site officiel de l&#039;\u00e9quipe olympique","og_description":"Sprinteur olympique de deux Jeux, Cyril Coaffee a repr\u00e9sent\u00e9 le Canada \u00e0 Anvers 1920 et \u00e0 Paris 1924.","og_url":"https:\/\/preprod.olympic.ca\/olympique\/team-canada\/cyril-coaffee\/","og_site_name":"\u00c9quipe Canada | Site officiel de l&#039;\u00e9quipe olympique","article_modified_time":"2021-12-08T21:06:49+00:00","og_image":[{"width":1340,"height":755,"url":"https:\/\/preprod.olympic.ca\/olympique\/wp-content\/uploads\/sites\/2\/2013\/08\/coc_men_ph_1340x754.png","type":"image\/png"}],"twitter_card":"summary_large_image","twitter_misc":{"Est. reading time":"2 minutes","Written by":"Florence Gauthier"},"schema":{"@context":"https:\/\/schema.org","@graph":[{"@type":"WebPage","@id":"https:\/\/preprod.olympic.ca\/olympique\/team-canada\/cyril-coaffee\/","url":"https:\/\/preprod.olympic.ca\/olympique\/team-canada\/cyril-coaffee\/","name":"Cyril Coaffee - \u00c9quipe Canada | Site officiel de l&#039;\u00e9quipe olympique","isPartOf":{"@id":"https:\/\/preprod.olympic.ca\/olympique\/#website"},"primaryImageOfPage":{"@id":"https:\/\/preprod.olympic.ca\/olympique\/team-canada\/cyril-coaffee\/#primaryimage"},"image":{"@id":"https:\/\/preprod.olympic.ca\/olympique\/team-canada\/cyril-coaffee\/#primaryimage"},"thumbnailUrl":"https:\/\/preprod.olympic.ca\/olympique\/wp-content\/uploads\/sites\/2\/2013\/08\/coc_men_ph_1340x754.png","datePublished":"2011-09-19T02:14:35+00:00","dateModified":"2021-12-08T21:06:49+00:00","description":"Sprinteur olympique de deux Jeux, Cyril Coaffee a repr\u00e9sent\u00e9 le Canada \u00e0 Anvers 1920 et \u00e0 Paris 1924.","inLanguage":"fr-FR","potentialAction":[{"@type":"ReadAction","target":["https:\/\/preprod.olympic.ca\/olympique\/team-canada\/cyril-coaffee\/"]}]},{"@type":"ImageObject","inLanguage":"fr-FR","@id":"https:\/\/preprod.olympic.ca\/olympique\/team-canada\/cyril-coaffee\/#primaryimage","url":"https:\/\/preprod.olympic.ca\/olympique\/wp-content\/uploads\/sites\/2\/2013\/08\/coc_men_ph_1340x754.png","contentUrl":"https:\/\/preprod.olympic.ca\/olympique\/wp-content\/uploads\/sites\/2\/2013\/08\/coc_men_ph_1340x754.png","width":1340,"height":755},{"@type":"WebSite","@id":"https:\/\/preprod.olympic.ca\/olympique\/#website","url":"https:\/\/preprod.olympic.ca\/olympique\/","name":"\u00c9quipe Canada | Site officiel de l&#039;\u00e9quipe olympique","description":"Votre source pour l\u2019\u00c9quipe olympique canadienne. Retrouvez les r\u00e9cits, vid\u00e9os et photos des athl\u00e8tes canadiens, sports olympiques, Jeux olympiques de 2020 et bien plus!","potentialAction":[{"@type":"SearchAction","target":{"@type":"EntryPoint","urlTemplate":"https:\/\/preprod.olympic.ca\/olympique\/?s={search_term_string}"},"query-input":{"@type":"PropertyValueSpecification","valueRequired":true,"valueName":"search_term_string"}}],"inLanguage":"fr-FR"}]}},"featured_image_url":"https:\/\/preprod.olympic.ca\/olympique\/wp-content\/uploads\/sites\/2\/2013\/08\/coc_men_ph_1340x754.png","category_names":[],"tag_names":["Athl\u00e9tisme","Jeux olympiques d'\u00e9t\u00e9"],"sport_names":[342],"game_names":["Anvers 1920","Paris 1924"],"season_names":["\u00c9t\u00e9"],"team_names":["Anvers 1920 Athl\u00e9tisme","Paris 1924 Athl\u00e9tisme"],"province_names":[],"social_facebook":"","social_twitter":"","social_linkedin":"","social_gplus":"","social_instagram":"","social_website":"","total_medal_count_gold":"","total_medal_count_silver":"","total_medal_count_bronze":"","athlete_headshot":"","athlete_height":"","athlete_weight":"","athlete_hometown":"","athlete_birthplace":"Winnipeg, Manitoba","coc_gracenote_id":"","athlete_dob":"February 14, 1897","athlete_age":"","jetpack_sharing_enabled":true,"_links":{"self":[{"href":"https:\/\/preprod.olympic.ca\/olympique\/wp-json\/wp\/v2\/athletes\/17962","targetHints":{"allow":["GET"]}}],"collection":[{"href":"https:\/\/preprod.olympic.ca\/olympique\/wp-json\/wp\/v2\/athletes"}],"about":[{"href":"https:\/\/preprod.olympic.ca\/olympique\/wp-json\/wp\/v2\/types\/athletes"}],"version-history":[{"count":2,"href":"https:\/\/preprod.olympic.ca\/olympique\/wp-json\/wp\/v2\/athletes\/17962\/revisions"}],"predecessor-version":[{"id":192828,"href":"https:\/\/preprod.olympic.ca\/olympique\/wp-json\/wp\/v2\/athletes\/17962\/revisions\/192828"}],"wp:featuredmedia":[{"embeddable":true,"href":"https:\/\/preprod.olympic.ca\/olympique\/wp-json\/wp\/v2\/media\/83203"}],"wp:attachment":[{"href":"https:\/\/preprod.olympic.ca\/olympique\/wp-json\/wp\/v2\/media?parent=17962"}],"wp:term":[{"taxonomy":"post_tag","embeddable":true,"href":"https:\/\/preprod.olympic.ca\/olympique\/wp-json\/wp\/v2\/tags?post=17962"},{"taxonomy":"hof-categories","embeddable":true,"href":"https:\/\/preprod.olympic.ca\/olympique\/wp-json\/wp\/v2\/hof-categories?post=17962"},{"taxonomy":"year-inducted","embeddable":true,"href":"https:\/\/preprod.olympic.ca\/olympique\/wp-json\/wp\/v2\/year-inducted?post=17962"},{"taxonomy":"gender","embeddable":true,"href":"https:\/\/preprod.olympic.ca\/olympique\/wp-json\/wp\/v2\/gender?post=17962"},{"taxonomy":"season","embeddable":true,"href":"https:\/\/preprod.olympic.ca\/olympique\/wp-json\/wp\/v2\/season?post=17962"},{"taxonomy":"sport","embeddable":true,"href":"https:\/\/preprod.olympic.ca\/olympique\/wp-json\/wp\/v2\/sport?post=17962"},{"taxonomy":"game","embeddable":true,"href":"https:\/\/preprod.olympic.ca\/olympique\/wp-json\/wp\/v2\/game?post=17962"},{"taxonomy":"team","embeddable":true,"href":"https:\/\/preprod.olympic.ca\/olympique\/wp-json\/wp\/v2\/team?post=17962"},{"taxonomy":"event","embeddable":true,"href":"https:\/\/preprod.olympic.ca\/olympique\/wp-json\/wp\/v2\/event?post=17962"},{"taxonomy":"province","embeddable":true,"href":"https:\/\/preprod.olympic.ca\/olympique\/wp-json\/wp\/v2\/province?post=17962"}],"curies":[{"name":"wp","href":"https:\/\/api.w.org\/{rel}","templated":true}]}}