{"id":182325,"date":"2021-06-24T09:57:00","date_gmt":"2021-06-24T13:57:00","guid":{"rendered":"https:\/\/olympique.ca\/?post_type=athletes&#038;p=182325"},"modified":"2024-05-21T17:11:23","modified_gmt":"2024-05-21T21:11:23","slug":"summer-mcintosh","status":"publish","type":"athletes","link":"https:\/\/preprod.olympic.ca\/olympique\/team-canada\/summer-mcintosh\/","title":{"rendered":"Summer McIntosh"},"content":{"rendered":"\n<p>Depuis qu\u2019elle a particip\u00e9 \u00e0 ses premiers Jeux olympiques \u00e0 l\u2019\u00e2ge de 14 ans, Summer McIntosh est devenue une des nageuses canadiennes les plus performantes de tous les temps.<\/p>\n\n\n\n<p>\u00c0 ses deux premi\u00e8res pr\u00e9sences aux Championnats du monde de World Aquatics, en 2022 et 2023, McIntosh a remport\u00e9 un total de huit m\u00e9dailles, dont quatre d\u2019or. Elle est la premi\u00e8re athl\u00e8te canadienne en natation \u00e0 avoir remport\u00e9 quatre m\u00e9dailles d\u2019or en carri\u00e8re aux Championnats du monde de World Aquatics.&nbsp;<\/p>\n\n\n\n<p>Aux Essais canadiens 2023, McIntosh a \u00e9tabli des records du monde au 400 m style libre f\u00e9minin et au 400 m QNI f\u00e9minin. \u00c0 l\u2019\u00e2ge de 16 ans, elle a \u00e9t\u00e9 la premi\u00e8re athl\u00e8te en natation, homme ou femme, \u00e0 d\u00e9tenir les records du monde en grand bassin dans chacune de ces deux \u00e9preuves. Elle a \u00e9t\u00e9 la premi\u00e8re athl\u00e8te canadienne en natation, depuis Alex Baumann en 1984, \u00e0 d\u00e9tenir deux records en grand bassin en m\u00eame temps et la premi\u00e8re femme canadienne \u00e0 r\u00e9aliser cet exploit depuis Elaine Tanner en 1967.&nbsp;<\/p>\n\n\n\n<p>McIntosh \u00e9tait la plus jeune athl\u00e8te d\u2019\u00c9quipe Canada \u00e0 Tokyo 2020. Elle a termin\u00e9 quatri\u00e8me dans l\u2019\u00e9preuve individuelle du 400 m style libre. Elle a aussi nag\u00e9 la premi\u00e8re portion du relais 4\u00d7200 m style libre. Elle a manqu\u00e9 d\u2019atteindre la finale du 200 m style libre de seulement une place et a particip\u00e9 au 800 m style libre.<\/p>\n\n\n\n<p>\u00c0 ses premiers Championnats du monde de World Athletics en 2022, McIntosh a gagn\u00e9 l\u2019or au 200 m papillon, femmes (2:05,20) et au 400 m QNI, femmes (4:32,04) en battant du m\u00eame coup les records du monde junior dans les deux \u00e9preuves. Elle \u00e9tait la premi\u00e8re nageuse canadienne, tous genres confondus, \u00e0 gagner deux m\u00e9dailles d\u2019or au cours d\u2019une m\u00eame \u00e9dition des Championnats du monde de World Aquatics. \u00c0 l\u2019\u00e2ge de 15 ans, elle a \u00e9t\u00e9 la plus jeune nageuse canadienne \u00e0 remporter l\u2019or aux Championnats du monde de World Aquatics ou aux Jeux olympiques. Elle a aussi mis la main sur l\u2019argent au 400 m style libre, femmes et le bronze au relais f\u00e9minin 4\u00d7200 m style libre, femmes. Premi\u00e8re relayeuse de ce relais, elle a amorc\u00e9 la course pour son \u00e9quipe en battant le record du monde junior pour cette section du relais.<\/p>\n\n\n\n<p>Un mois plus tard, aux Jeux du Commonwealth Games de 2022 un mois plus tard, McIntosh a gagn\u00e9 six m\u00e9dailles pour devenir l\u2019athl\u00e8te du Canada ayant gagn\u00e9 le plus de m\u00e9dailles \u00e0 Birmingham. Sa r\u00e9colte inclut des m\u00e9dailles d\u2019or au 200 m QNI, femmes (2:08,70) et 400 m QNI, femmes (4:29,01) ainsi que l\u2019argent au 400 m style libre, femmes, m\u00e9dailles auxquelles s\u2019ajoutent trois m\u00e9dailles remport\u00e9es en relais, soit l\u2019argent au 4&#215;200 m style libre, femmes, l\u2019argent au 4&#215;100 m quatre nages, femmes, le bronze au 4&#215;100 m style libre, femmes. Elle a am\u00e9lior\u00e9 les records du monde junior dans les deux \u00e9preuves individuelles de quatre nages.<\/p>\n\n\n\n<p>Aux Essais canadiens de natation de 2023, McIntosh a \u00e9tabli son premier record du monde senior. Elle a nag\u00e9 le 400 m style libre, femmes en 3:56,08, soit plus de trois dixi\u00e8mes de seconde de moins que la marque pr\u00e9c\u00e9demment d\u00e9tenue par la championne olympique Ariarne Titmus (qui a r\u00e9\u00e9dit\u00e9 le record mondial aux Championnats du monde de World Aquatics de 2023).<\/p>\n\n\n\n<p>Quelques jours plus tard, McIntosh a r\u00e9\u00e9dit\u00e9 le record du monde du 400 m QNI chez les femmes, l\u2019abaissant \u00e0 4:25,87 pour ainsi am\u00e9liorer la marque pr\u00e9c\u00e9dente de Katinka Hosszu, \u00e9tablie en 2016, par plus d\u2019une demi-seconde.&nbsp;<\/p>\n\n\n\n<p>Aux Championnats du monde de World Aquatics 2023, McIntosh a acc\u00e9d\u00e9 au podium dans quatre de ses sept \u00e9preuves. Elle a r\u00e9ussi \u00e0 d\u00e9fendre les titres mondiaux qu\u2019elle avait obtenus en 2022 dans l\u2019\u00e9preuve du 200 m papillon et celle du 400 m QNI. Elle a ajout\u00e9 une m\u00e9daille de bronze au 200 m style libre f\u00e9minin (\u00e9tablissant du m\u00eame coup un record du monde junior) et elle a disput\u00e9 la derni\u00e8re portion du relais f\u00e9minin 4&#215;100 m quatre nages qui a rafl\u00e9 le bronze. Elle a \u00e9tabli un record des Championnats du monde s\u2019\u00e9levant \u00e0 4:27,11 au 400 m QNI. Son temps vainqueur de 2:04,06 au 200 m papillon s\u2019est av\u00e9r\u00e9 un record du monde junior ainsi qu\u2019un record des Am\u00e9riques.<\/p>\n\n\n\n<p>McIntosh est devenue l\u2019une des candidates pour l\u2019obtention d\u2019un poste au sein de l\u2019\u00e9quipe des Jeux de Tokyo 2020 en mai 2021 quand elle a r\u00e9alis\u00e9 le crit\u00e8re \u00ab&nbsp;A&nbsp;\u00bb de qualification olympique au 400 m style libre. Elle a am\u00e9lior\u00e9 sa marque personnelle par plus de 10 secondes et a abaiss\u00e9 l\u2019ancienne marque nationale chez les filles de 13-14 ans de huit secondes. Au cours de sa jeune carri\u00e8re, McIntosh a abaiss\u00e9 plus de 75 records canadiens de groupes d\u2019\u00e2ge.<\/p>\n\n\n\n<p>McIntosh a assur\u00e9 sa place au sein de sa premi\u00e8re \u00e9quipe olympique en remportant l\u2019\u00e9preuve du 200 m style libre aux Essais olympiques canadiens \u00e0 la fin juin 2021, touchant au mur avant Penny Oleksiak. Du m\u00eame coup, elle a abaiss\u00e9 son propre record national dans la cat\u00e9gorie des 13-14 ans \u00e0 1:56,19. Le lendemain, elle e remport\u00e9 le 800 m style libre pour se qualifier pour sa deuxi\u00e8me \u00e9preuve pour les Jeux de Tokyo 2020.<\/p>\n\n\n\n<p>Depuis ce temps, McIntosh n\u2019a plus disput\u00e9 d\u2019\u00e9preuve du 800 m style libre dans une rencontre internationale d\u2019importance en grand bassin. Cependant en f\u00e9vrier 2024, elle a d\u00e9fait la l\u00e9gendaire nageuse am\u00e9ricaine Katie Ledecky, pulv\u00e9risant le record canadien dans cette \u00e9preuve par pr\u00e8s de neuf secondes. Le chrono de 8:11,39 affich\u00e9 par McIntosh a fait d\u2019elle la deuxi\u00e8me nageuse la plus rapide de l\u2019histoire au 800 m style libre f\u00e9minin. Personne n\u2019avait r\u00e9ussi \u00e0 vaincre Ledecky \u00e0 l\u2019occasion d\u2019un 800 m style libre en 13 ans.&nbsp;<\/p>\n\n\n\n<p>En janvier 2019, McIntosh a effac\u00e9 un record national qui avait surv\u00e9cu 45 ans au 800 m style libre chez les 11-12 ans en affichant un chrono de 9:07,16. Avant la fin de la saison, elle a de nouveau abaiss\u00e9 cette marque avec un temps de 8:51,71, soit 20 secondes de moins que le record original, \u00e0 sa participation aux Championnats canadiens seniors. Alors \u00e2g\u00e9e de 12 ans, elle a remport\u00e9 le bronze au 800 m style libre et au 400 m QNI.<\/p>\n\n\n\n<p>Elle est une athl\u00e8te olympique de deuxi\u00e8me g\u00e9n\u00e9ration puisque sa m\u00e8re Jill (n\u00e9e Horstead) a repr\u00e9sent\u00e9 le Canada en natation aux Jeux de Los Angeles en 1984.<\/p>\n\n\n\n<h4 class=\"wp-block-heading\"><strong>\u00c0 propos de Summer<\/strong><\/h4>\n\n\n\n<p><strong>D\u00e9buts<\/strong>&nbsp;: A commenc\u00e9 \u00e0 participer \u00e0 des comp\u00e9titions de natation \u00e0 l\u2019\u00e2ge de huit ans en 2014\u2026 Souhaite se qualifier pour l\u2019\u00e9quipe olympique depuis 2016 o\u00f9 elle a assist\u00e9 aux Essais olympiques sur place et elle a pu rencontrer chacun des membres de l\u2019\u00e9quipe canadienne de natation pour Rio 2016\u2026&nbsp;<strong>Autres int\u00e9r\u00eats<\/strong>&nbsp;: Aime cr\u00e9er des clips TikTok avec sa s\u0153ur et pratiquer des sports nautiques comme le surf, le wakeboard, le ski nautique, et la glisse sur tube au chalet familial\u2026&nbsp;<strong>De tout et de rien<\/strong>&nbsp;: Sa s\u0153ur a\u00een\u00e9e, Brooke, a concouru aux Jeux olympiques de la jeunesse de Lausanne en 2020 en patinage artistique en couple et a remport\u00e9 la m\u00e9daille de bronze aux Championnats du monde juniors en 2022 \u2026 Inspir\u00e9e par Michael Phelps et le travail acharn\u00e9 qu\u2019il a accompli pour devenir le meilleur\u2026 A nomm\u00e9 l\u2019un de ses deux chats \u00ab&nbsp;<em>Mikey<\/em>&nbsp;\u00bb, inspir\u00e9 par Phelps parce qu\u2019il aime l\u2019eau\u2026 Pendant la pand\u00e9mie de la COVID-19, elle a re\u00e7u des messages vid\u00e9o de la championne olympique espagnole, Mireira Belmonte Garcia, pour l\u2019encourager \u00e0 continuer \u00e0 travailler sur ses habilet\u00e9s en nage papillon\u2026 Devise pr\u00e9f\u00e9r\u00e9e : \u00ab Travaille plus fort que les autres et amuses-toi autant que possible et sois toujours pr\u00eat \u00e0 faire ce que les autres ne sont pas pr\u00eats \u00e0 faire \u00bb\u2026<strong> <\/strong><strong><\/strong><\/p>\n","protected":false},"excerpt":{"rendered":"<p>Au cours de sa jeune carri\u00e8re, Summer McIntosh a \u00e9tabli plus de 50 records canadiens dans son groupe d\u2019\u00e2ge.<\/p>\n","protected":false},"featured_media":243629,"template":"","tags":[1104411,415930299,415985124,682164464,57868344],"hof-categories":[],"year-inducted":[],"gender":[23319],"season":[415983968],"sport":[763074],"game":[415985140,193413370],"team":[682166697,682163177],"event":[181823716,181823726],"province":[415983158],"class_list":["post-182325","athletes","type-athletes","status-publish","has-post-thumbnail","hentry","tag-equipe-canada","tag-natation","tag-paris-2024","tag-summermcintosh","tag-tokyo-2020","gender-feminin","season-ete","sport-sports-aquatiques-natation","game-paris-2024","game-tokyo-2020","team-paris-2024-natation","team-tokyo-2020-natation","event-style-libre-200-m-femmes","event-style-libre-800-m-femmes","province-ontario"],"acf":[],"yoast_head":"<!-- This site is optimized with the Yoast SEO plugin v27.3 - https:\/\/yoast.com\/product\/yoast-seo-wordpress\/ -->\n<title>Summer McIntosh - \u00c9quipe Canada | Site officiel de l&#039;\u00e9quipe olympique<\/title>\n<meta name=\"description\" content=\"Une biographie de l&#039;athl\u00e8te de natation Summer McIntosh.\" \/>\n<meta name=\"robots\" content=\"index, follow, max-snippet:-1, max-image-preview:large, max-video-preview:-1\" \/>\n<link rel=\"canonical\" href=\"https:\/\/preprod.olympic.ca\/olympique\/team-canada\/summer-mcintosh\/\" \/>\n<meta property=\"og:locale\" content=\"fr_FR\" \/>\n<meta property=\"og:type\" content=\"article\" \/>\n<meta property=\"og:title\" content=\"Summer McIntosh - \u00c9quipe Canada | Site officiel de l&#039;\u00e9quipe olympique\" \/>\n<meta property=\"og:description\" content=\"Une biographie de l&#039;athl\u00e8te de natation Summer McIntosh.\" \/>\n<meta property=\"og:url\" content=\"https:\/\/preprod.olympic.ca\/olympique\/team-canada\/summer-mcintosh\/\" \/>\n<meta property=\"og:site_name\" content=\"\u00c9quipe Canada | Site officiel de l&#039;\u00e9quipe olympique\" \/>\n<meta property=\"article:modified_time\" content=\"2024-05-21T21:11:23+00:00\" \/>\n<meta property=\"og:image\" content=\"https:\/\/preprod.olympic.ca\/olympique\/wp-content\/uploads\/sites\/2\/2021\/06\/LH_20210727_750-e1716148483175.jpg?quality=100\" \/>\n\t<meta property=\"og:image:width\" content=\"1200\" \/>\n\t<meta property=\"og:image:height\" content=\"678\" \/>\n\t<meta property=\"og:image:type\" content=\"image\/jpeg\" \/>\n<meta name=\"twitter:card\" content=\"summary_large_image\" \/>\n<meta name=\"twitter:label1\" content=\"Est. reading time\" \/>\n\t<meta name=\"twitter:data1\" content=\"7 minutes\" \/>\n\t<meta name=\"twitter:label2\" content=\"Written by\" \/>\n\t<meta name=\"twitter:data2\" content=\"Maxime Bernier\" \/>\n<script type=\"application\/ld+json\" class=\"yoast-schema-graph\">{\"@context\":\"https:\\\/\\\/schema.org\",\"@graph\":[{\"@type\":\"WebPage\",\"@id\":\"https:\\\/\\\/preprod.olympic.ca\\\/olympique\\\/team-canada\\\/summer-mcintosh\\\/\",\"url\":\"https:\\\/\\\/preprod.olympic.ca\\\/olympique\\\/team-canada\\\/summer-mcintosh\\\/\",\"name\":\"Summer McIntosh - \u00c9quipe Canada | Site officiel de l&#039;\u00e9quipe olympique\",\"isPartOf\":{\"@id\":\"https:\\\/\\\/preprod.olympic.ca\\\/olympique\\\/#website\"},\"primaryImageOfPage\":{\"@id\":\"https:\\\/\\\/preprod.olympic.ca\\\/olympique\\\/team-canada\\\/summer-mcintosh\\\/#primaryimage\"},\"image\":{\"@id\":\"https:\\\/\\\/preprod.olympic.ca\\\/olympique\\\/team-canada\\\/summer-mcintosh\\\/#primaryimage\"},\"thumbnailUrl\":\"https:\\\/\\\/preprod.olympic.ca\\\/olympique\\\/wp-content\\\/uploads\\\/sites\\\/2\\\/2021\\\/06\\\/LH_20210727_750-e1716148483175.jpg?quality=100\",\"datePublished\":\"2021-06-24T13:57:00+00:00\",\"dateModified\":\"2024-05-21T21:11:23+00:00\",\"description\":\"Une biographie de l'athl\u00e8te de natation Summer McIntosh.\",\"inLanguage\":\"fr-FR\",\"potentialAction\":[{\"@type\":\"ReadAction\",\"target\":[\"https:\\\/\\\/preprod.olympic.ca\\\/olympique\\\/team-canada\\\/summer-mcintosh\\\/\"]}]},{\"@type\":\"ImageObject\",\"inLanguage\":\"fr-FR\",\"@id\":\"https:\\\/\\\/preprod.olympic.ca\\\/olympique\\\/team-canada\\\/summer-mcintosh\\\/#primaryimage\",\"url\":\"https:\\\/\\\/preprod.olympic.ca\\\/olympique\\\/wp-content\\\/uploads\\\/sites\\\/2\\\/2021\\\/06\\\/LH_20210727_750-e1716148483175.jpg?quality=100\",\"contentUrl\":\"https:\\\/\\\/preprod.olympic.ca\\\/olympique\\\/wp-content\\\/uploads\\\/sites\\\/2\\\/2021\\\/06\\\/LH_20210727_750-e1716148483175.jpg?quality=100\",\"width\":1200,\"height\":678,\"caption\":\"CLa nageuse canadienne Summer McIntosh participe au 200m nage libre f\u00e9minin lors des Jeux Olympiques de Tokyo 2020, mardi 27 juillet 2021. Photo par Leah Hennel\\\/COC CR\u00c9DIT OBLIGATOIRE\"},{\"@type\":\"WebSite\",\"@id\":\"https:\\\/\\\/preprod.olympic.ca\\\/olympique\\\/#website\",\"url\":\"https:\\\/\\\/preprod.olympic.ca\\\/olympique\\\/\",\"name\":\"\u00c9quipe Canada | Site officiel de l&#039;\u00e9quipe olympique\",\"description\":\"Votre source pour l\u2019\u00c9quipe olympique canadienne. Retrouvez les r\u00e9cits, vid\u00e9os et photos des athl\u00e8tes canadiens, sports olympiques, Jeux olympiques de 2020 et bien plus!\",\"potentialAction\":[{\"@type\":\"SearchAction\",\"target\":{\"@type\":\"EntryPoint\",\"urlTemplate\":\"https:\\\/\\\/preprod.olympic.ca\\\/olympique\\\/?s={search_term_string}\"},\"query-input\":{\"@type\":\"PropertyValueSpecification\",\"valueRequired\":true,\"valueName\":\"search_term_string\"}}],\"inLanguage\":\"fr-FR\"}]}<\/script>\n<!-- \/ Yoast SEO plugin. -->","yoast_head_json":{"title":"Summer McIntosh - \u00c9quipe Canada | Site officiel de l&#039;\u00e9quipe olympique","description":"Une biographie de l'athl\u00e8te de natation Summer McIntosh.","robots":{"index":"index","follow":"follow","max-snippet":"max-snippet:-1","max-image-preview":"max-image-preview:large","max-video-preview":"max-video-preview:-1"},"canonical":"https:\/\/preprod.olympic.ca\/olympique\/team-canada\/summer-mcintosh\/","og_locale":"fr_FR","og_type":"article","og_title":"Summer McIntosh - \u00c9quipe Canada | Site officiel de l&#039;\u00e9quipe olympique","og_description":"Une biographie de l'athl\u00e8te de natation Summer McIntosh.","og_url":"https:\/\/preprod.olympic.ca\/olympique\/team-canada\/summer-mcintosh\/","og_site_name":"\u00c9quipe Canada | Site officiel de l&#039;\u00e9quipe olympique","article_modified_time":"2024-05-21T21:11:23+00:00","og_image":[{"width":1200,"height":678,"url":"https:\/\/preprod.olympic.ca\/olympique\/wp-content\/uploads\/sites\/2\/2021\/06\/LH_20210727_750-e1716148483175.jpg?quality=100","type":"image\/jpeg"}],"twitter_card":"summary_large_image","twitter_misc":{"Est. reading time":"7 minutes","Written by":"Maxime Bernier"},"schema":{"@context":"https:\/\/schema.org","@graph":[{"@type":"WebPage","@id":"https:\/\/preprod.olympic.ca\/olympique\/team-canada\/summer-mcintosh\/","url":"https:\/\/preprod.olympic.ca\/olympique\/team-canada\/summer-mcintosh\/","name":"Summer McIntosh - \u00c9quipe Canada | Site officiel de l&#039;\u00e9quipe olympique","isPartOf":{"@id":"https:\/\/preprod.olympic.ca\/olympique\/#website"},"primaryImageOfPage":{"@id":"https:\/\/preprod.olympic.ca\/olympique\/team-canada\/summer-mcintosh\/#primaryimage"},"image":{"@id":"https:\/\/preprod.olympic.ca\/olympique\/team-canada\/summer-mcintosh\/#primaryimage"},"thumbnailUrl":"https:\/\/preprod.olympic.ca\/olympique\/wp-content\/uploads\/sites\/2\/2021\/06\/LH_20210727_750-e1716148483175.jpg?quality=100","datePublished":"2021-06-24T13:57:00+00:00","dateModified":"2024-05-21T21:11:23+00:00","description":"Une biographie de l'athl\u00e8te de natation Summer McIntosh.","inLanguage":"fr-FR","potentialAction":[{"@type":"ReadAction","target":["https:\/\/preprod.olympic.ca\/olympique\/team-canada\/summer-mcintosh\/"]}]},{"@type":"ImageObject","inLanguage":"fr-FR","@id":"https:\/\/preprod.olympic.ca\/olympique\/team-canada\/summer-mcintosh\/#primaryimage","url":"https:\/\/preprod.olympic.ca\/olympique\/wp-content\/uploads\/sites\/2\/2021\/06\/LH_20210727_750-e1716148483175.jpg?quality=100","contentUrl":"https:\/\/preprod.olympic.ca\/olympique\/wp-content\/uploads\/sites\/2\/2021\/06\/LH_20210727_750-e1716148483175.jpg?quality=100","width":1200,"height":678,"caption":"CLa nageuse canadienne Summer McIntosh participe au 200m nage libre f\u00e9minin lors des Jeux Olympiques de Tokyo 2020, mardi 27 juillet 2021. Photo par Leah Hennel\/COC CR\u00c9DIT OBLIGATOIRE"},{"@type":"WebSite","@id":"https:\/\/preprod.olympic.ca\/olympique\/#website","url":"https:\/\/preprod.olympic.ca\/olympique\/","name":"\u00c9quipe Canada | Site officiel de l&#039;\u00e9quipe olympique","description":"Votre source pour l\u2019\u00c9quipe olympique canadienne. Retrouvez les r\u00e9cits, vid\u00e9os et photos des athl\u00e8tes canadiens, sports olympiques, Jeux olympiques de 2020 et bien plus!","potentialAction":[{"@type":"SearchAction","target":{"@type":"EntryPoint","urlTemplate":"https:\/\/preprod.olympic.ca\/olympique\/?s={search_term_string}"},"query-input":{"@type":"PropertyValueSpecification","valueRequired":true,"valueName":"search_term_string"}}],"inLanguage":"fr-FR"}]}},"featured_image_url":"https:\/\/preprod.olympic.ca\/olympique\/wp-content\/uploads\/sites\/2\/2021\/06\/LH_20210727_750-e1716148483175.jpg?quality=100","category_names":[],"tag_names":["\u00c9quipe canada","Natation","Paris 2024","SummerMcIntosh","Tokyo 2020"],"sport_names":[],"game_names":["Paris 2024","Tokyo 2020"],"season_names":["\u00c9t\u00e9"],"team_names":["Paris 2024 Natation","Tokyo 2020 Natation"],"province_names":["Ontario"],"social_facebook":"","social_twitter":"","social_linkedin":"","social_gplus":"","social_instagram":"summerrmcintosh","social_website":"","total_medal_count_gold":"","total_medal_count_silver":"","total_medal_count_bronze":"","athlete_headshot":"https:\/\/preprod.olympic.ca\/olympique\/wp-content\/uploads\/sites\/2\/2021\/06\/McIntosh_Summer_01.jpg?quality=100","athlete_height":"","athlete_weight":"","athlete_hometown":"Toronto, Ontario","athlete_birthplace":"Toronto, Ontario","coc_gracenote_id":"","athlete_dob":"August 21, 1970","athlete_age":55,"jetpack_sharing_enabled":true,"_links":{"self":[{"href":"https:\/\/preprod.olympic.ca\/olympique\/wp-json\/wp\/v2\/athletes\/182325","targetHints":{"allow":["GET"]}}],"collection":[{"href":"https:\/\/preprod.olympic.ca\/olympique\/wp-json\/wp\/v2\/athletes"}],"about":[{"href":"https:\/\/preprod.olympic.ca\/olympique\/wp-json\/wp\/v2\/types\/athletes"}],"version-history":[{"count":11,"href":"https:\/\/preprod.olympic.ca\/olympique\/wp-json\/wp\/v2\/athletes\/182325\/revisions"}],"predecessor-version":[{"id":243877,"href":"https:\/\/preprod.olympic.ca\/olympique\/wp-json\/wp\/v2\/athletes\/182325\/revisions\/243877"}],"wp:featuredmedia":[{"embeddable":true,"href":"https:\/\/preprod.olympic.ca\/olympique\/wp-json\/wp\/v2\/media\/243629"}],"wp:attachment":[{"href":"https:\/\/preprod.olympic.ca\/olympique\/wp-json\/wp\/v2\/media?parent=182325"}],"wp:term":[{"taxonomy":"post_tag","embeddable":true,"href":"https:\/\/preprod.olympic.ca\/olympique\/wp-json\/wp\/v2\/tags?post=182325"},{"taxonomy":"hof-categories","embeddable":true,"href":"https:\/\/preprod.olympic.ca\/olympique\/wp-json\/wp\/v2\/hof-categories?post=182325"},{"taxonomy":"year-inducted","embeddable":true,"href":"https:\/\/preprod.olympic.ca\/olympique\/wp-json\/wp\/v2\/year-inducted?post=182325"},{"taxonomy":"gender","embeddable":true,"href":"https:\/\/preprod.olympic.ca\/olympique\/wp-json\/wp\/v2\/gender?post=182325"},{"taxonomy":"season","embeddable":true,"href":"https:\/\/preprod.olympic.ca\/olympique\/wp-json\/wp\/v2\/season?post=182325"},{"taxonomy":"sport","embeddable":true,"href":"https:\/\/preprod.olympic.ca\/olympique\/wp-json\/wp\/v2\/sport?post=182325"},{"taxonomy":"game","embeddable":true,"href":"https:\/\/preprod.olympic.ca\/olympique\/wp-json\/wp\/v2\/game?post=182325"},{"taxonomy":"team","embeddable":true,"href":"https:\/\/preprod.olympic.ca\/olympique\/wp-json\/wp\/v2\/team?post=182325"},{"taxonomy":"event","embeddable":true,"href":"https:\/\/preprod.olympic.ca\/olympique\/wp-json\/wp\/v2\/event?post=182325"},{"taxonomy":"province","embeddable":true,"href":"https:\/\/preprod.olympic.ca\/olympique\/wp-json\/wp\/v2\/province?post=182325"}],"curies":[{"name":"wp","href":"https:\/\/api.w.org\/{rel}","templated":true}]}}