{"id":18494,"date":"2011-09-18T22:18:12","date_gmt":"2011-09-19T02:18:12","guid":{"rendered":"http:\/\/preprod.olympic.ca\/team-canada\/maelle-ricker-2\/"},"modified":"2020-04-07T11:42:54","modified_gmt":"2020-04-07T15:42:54","slug":"maelle-ricker","status":"publish","type":"athletes","link":"https:\/\/preprod.olympic.ca\/olympique\/team-canada\/maelle-ricker\/","title":{"rendered":"Ma\u00eblle Ricker"},"content":{"rendered":"<p>Ma\u00eblle Ricker a pris part \u00e0 ses quatri\u00e8mes Jeux olympiques \u00e0 Sotchi\u00a02014 en tant que championne olympique en titre de snowboard cross f\u00e9minin, mais aussi avec un pl\u00e2tre au poignet gauche en raison d\u2019une fracture subie lors d\u2019un accident \u00e0 l\u2019entra\u00eenement, le 28 janvier. Elle a conclu la comp\u00e9tition \u00e0 la 21<sup>e\u00a0<\/sup>place apr\u00e8s avoir chut\u00e9 en quart de finale.<\/p>\n<p>&nbsp;<\/p>\n<p>Elle a inscrit son nom dans les livres d\u2019histoire \u00e0 Vancouver\u00a02010 en devenant la premi\u00e8re athl\u00e8te canadienne de sexe f\u00e9minin \u00e0 gagner une m\u00e9daille d\u2019or olympique en sol canadien. Elle a termin\u00e9 1<sup>re<\/sup> en quart de finale et en demi-finale pour avancer \u00e0 la finale o\u00f9 elle s\u2019est forg\u00e9e une avance confortable d\u00e8s le d\u00e9but de la comp\u00e9tition pour remporter une victoire facile.<\/p>\n<p>&nbsp;<\/p>\n<p>C\u2019est l\u2019exp\u00e9rience v\u00e9cue quatre ans auparavant, \u00e0 Turin\u00a02006, lorsque le snowboard cross en \u00e9tait \u00e0 ses d\u00e9buts sur la sc\u00e8ne olympique qui l\u2019a motiv\u00e9e. Alors qu\u2019elle participait \u00e0 la finale, elle a subi une chute brutale dont les cons\u00e9quences ont \u00e9t\u00e9 une commotion et des d\u00e9chirures aux muscles du dos et du cou. Elle n\u2019a aucun souvenir de la chute. D\u2019ailleurs, c\u2019est \u00e0 son r\u00e9veil dans l\u2019h\u00e9licopt\u00e8re qui la conduisait \u00e0 l\u2019h\u00f4pital qu\u2019on lui a appris qu\u2019elle avait termin\u00e9 \u00e0 la 4<sup>e<\/sup> place.<\/p>\n<p>&nbsp;<\/p>\n<p>Ma\u00eblle Ricker a toujours \u00e9t\u00e9 pr\u00e9sente sur la sc\u00e8ne internationale du surf des neiges depuis ses d\u00e9buts sur le circuit de la Coupe du monde, en d\u00e9cembre 1996. Pendant de nombreuses ann\u00e9es, elle a concouru \u00e0 la fois en snowboard cross et en demi-lune. Ses d\u00e9buts olympiques se sont sold\u00e9s par une 5<sup>e<\/sup>\u00a0place en demi-lune \u00e0 Nagano\u00a01998. Quatre ans plus tard, une blessure \u00e0 un genou l\u2019a priv\u00e9e d\u2019une participation \u00e0 Salt Lake City\u00a02002.<\/p>\n<p>&nbsp;<\/p>\n<p>Lors de la saison\u00a02009-2010, elle a remport\u00e9 le globe de cristal \u00e0 titre de championne de la Coupe du monde FIS de surf des neiges. Aux Championnats du monde de 2011, elle a subi une blessure \u00e0 la main gauche en plus d\u2019avoir eu les nerfs de l\u2019\u00e9paule gauche endommag\u00e9s, ce qui l\u2019a tenue \u00e0 l\u2019\u00e9cart de la comp\u00e9tition jusqu\u2019en d\u00e9cembre 2011. Son retour a \u00e9t\u00e9 couronn\u00e9 de succ\u00e8s, ayant remport\u00e9 son premier titre aux Championnats du monde\u00a02013.<\/p>\n<h2><\/h2>\n<h2>FAITS SAILLANTS EN CARRI\u00c8RE<\/h2>\n<p>Championne olympique\u00a02010.<\/p>\n<p>Championne du monde FIS 2013.<\/p>\n<p>Gagnante du globe de cristal 2009-2010 (championne de la Coupe du monde FIS de surf des neiges).<\/p>\n<p>M\u00e9daill\u00e9e de bronze aux Championnats du monde FIS 2005.<\/p>\n<p>Championne des X Games d\u2019hiver\u00a01999 et 2006.<\/p>\n<p>&nbsp;<\/p>\n<h2>\u00c0 PROPOS DE L\u2019ATHL\u00c8TE<\/h2>\n<p><strong>Introduction au sport :<\/strong> C\u2019est gr\u00e2ce \u00e0 son fr\u00e8re a\u00een\u00e9, Jorli, qu\u2019elle s\u2019est mise au surf des neiges. Ce dernier se faisait taquiner par ses amis lorsque sa s\u0153ur l\u2019accompagnait aux excursions \u00e0 Whistler&#8230;<\/p>\n<p><strong>De tout et de rien :<\/strong> On la surnomme \u00ab\u00a0Mighty Mouse\u00a0\u00bb. Elle est une grande admiratrice de la patineuse de vitesse et cycliste olympique Clara Hughes. Elle aime jouer au Scrabble et faire du v\u00e9lo de montagne, du surf et de la randonn\u00e9e. Elle est ambassadrice pour SportJeunesse pour inciter les enfants \u00e0 faire du sport. Son plus beau souvenir des Jeux olympiques est la m\u00e9daille d\u2019or de Mark Tewksbury au 100\u00a0m dos lors des Jeux de 1992 \u00e0 Barcelone et celle de Clara Hughes au 5000\u00a0m en 2006 \u00e0 Turin. Elle poss\u00e8de une paire de combinaisons porte-bonheur. Sur la route, elle collectionne les tasses \u00e0 caf\u00e9 pour son copain.<\/p>\n<h2><\/h2>\n<h2>PALMAR\u00c8S INTERNATIONAL<\/h2>\n<p>Jeux olympiques d\u2019hiver\u00a0: <strong>2014<\/strong> \u2013 21<sup>e<\/sup> (SBX); <strong>2010 <\/strong>\u2013 OR (SBX); <strong>2006<\/strong> \u2013 4<sup>e<\/sup> (SBX), 23<sup>e<\/sup> (demi-lune), <strong>1998<\/strong> \u2013 5<sup>e<\/sup>\u00a0(demi-lune).<\/p>\n<p>&nbsp;<\/p>\n<p>Championnats du monde FIS\u00a0: <strong>2013<\/strong> \u2013 OR (SBX); <strong>2011<\/strong> \u2013 4<sup>e<\/sup> (SBX); <strong>2009<\/strong> \u2013 4<sup>e<\/sup> (SBX); <strong>2007<\/strong> \u2013 5<sup>e<\/sup> (SBX); <strong>2005<\/strong> \u2013 BRONZE (SBX), 12<sup>e<\/sup> (demi-lune); <strong>2003<\/strong> \u2013 7<sup>e<\/sup> (demi-lune); <strong>2001 <\/strong>\u2013 8<sup>e<\/sup> (SBX), 34<sup>e<\/sup> (demi-lune); <strong>1997<\/strong> \u2013 4<sup>e<\/sup> (SBX), 11<sup>e<\/sup> (demi-lune).<\/p>\n<p>&nbsp;<\/p>\n<p>X Games d\u2019hiver\u00a0: <strong>2012<\/strong> \u2013 BRONZE (SBX); <strong>2009<\/strong> \u2013 4<sup>e<\/sup> (SBX); <strong>2008 <\/strong>\u2013 9<sup>e<\/sup> (SBX); <strong>2007<\/strong> \u2013 BRONZE (SBX); <strong>2006<\/strong> \u2013 OR (SBX); <strong>2001<\/strong> \u2013 4<sup>e<\/sup> (SBX); <strong>1999<\/strong> \u2013 GOLD (SBX).<\/p>\n","protected":false},"excerpt":{"rendered":"<p>Championne olympique 2010. Championne du monde FIS 2013. Gagnante du globe de cristal 2009-2010 (championne de la Coupe du monde FIS de surf des neiges). M\u00e9daill\u00e9e de bronze aux Championnats du monde FIS 2005. Championne des X Games d\u2019hiver 1999 et 2006.<\/p>\n","protected":false},"featured_media":83710,"template":"","tags":[21412,22277118,206660220],"hof-categories":[],"year-inducted":[],"gender":[23319],"season":[],"sport":[18758654],"game":[9241255,191933058,8561476,7906021],"team":[415983840,209268990,415983842,415983843],"event":[181822371,181823630],"province":[],"class_list":["post-18494","athletes","type-athletes","status-publish","has-post-thumbnail","hentry","tag-snowboard","tag-sotchi-2014","tag-surf-des-neiges-3","gender-feminin","sport-snowboard","game-1998-nagano","game-2014-sotchi","game-2006-turin","game-2010-vancouver","team-nagano-1998-surf-des-neiges","team-sotchi-2014-surf-des-neiges","team-turin-2006-surf-des-neiges","team-vancouver-2010-surf-des-neiges","event-demi-lune-femmes","event-snowboard-cross-femmes"],"acf":[],"yoast_head":"<!-- This site is optimized with the Yoast SEO plugin v27.3 - https:\/\/yoast.com\/product\/yoast-seo-wordpress\/ -->\n<title>Ma\u00eblle Ricker - \u00c9quipe Canada | Site officiel de l&#039;\u00e9quipe olympique<\/title>\n<meta name=\"robots\" content=\"index, follow, max-snippet:-1, max-image-preview:large, max-video-preview:-1\" \/>\n<link rel=\"canonical\" href=\"https:\/\/preprod.olympic.ca\/olympique\/team-canada\/maelle-ricker\/\" \/>\n<meta property=\"og:locale\" content=\"fr_FR\" \/>\n<meta property=\"og:type\" content=\"article\" \/>\n<meta property=\"og:title\" content=\"Ma\u00eblle Ricker - \u00c9quipe Canada | Site officiel de l&#039;\u00e9quipe olympique\" \/>\n<meta property=\"og:description\" content=\"Championne olympique 2010. Championne du monde FIS 2013. Gagnante du globe de cristal 2009-2010 (championne de la Coupe du monde FIS de surf des neiges). M\u00e9daill\u00e9e de bronze aux Championnats du monde FIS 2005. Championne des X Games d\u2019hiver 1999 et 2006.\" \/>\n<meta property=\"og:url\" content=\"https:\/\/preprod.olympic.ca\/olympique\/team-canada\/maelle-ricker\/\" \/>\n<meta property=\"og:site_name\" content=\"\u00c9quipe Canada | Site officiel de l&#039;\u00e9quipe olympique\" \/>\n<meta property=\"article:modified_time\" content=\"2020-04-07T15:42:54+00:00\" \/>\n<meta property=\"og:image\" content=\"https:\/\/preprod.olympic.ca\/olympique\/wp-content\/uploads\/sites\/2\/2011\/09\/maelle_ricker_2010_action_e_1340px.jpg?quality=100\" \/>\n\t<meta property=\"og:image:width\" content=\"1340\" \/>\n\t<meta property=\"og:image:height\" content=\"801\" \/>\n\t<meta property=\"og:image:type\" content=\"image\/jpeg\" \/>\n<meta name=\"twitter:card\" content=\"summary_large_image\" \/>\n<meta name=\"twitter:label1\" content=\"Est. reading time\" \/>\n\t<meta name=\"twitter:data1\" content=\"3 minutes\" \/>\n\t<meta name=\"twitter:label2\" content=\"Written by\" \/>\n\t<meta name=\"twitter:data2\" content=\"cdnolympicteam\" \/>\n<script type=\"application\/ld+json\" class=\"yoast-schema-graph\">{\"@context\":\"https:\\\/\\\/schema.org\",\"@graph\":[{\"@type\":\"WebPage\",\"@id\":\"https:\\\/\\\/preprod.olympic.ca\\\/olympique\\\/team-canada\\\/maelle-ricker\\\/\",\"url\":\"https:\\\/\\\/preprod.olympic.ca\\\/olympique\\\/team-canada\\\/maelle-ricker\\\/\",\"name\":\"Ma\u00eblle Ricker - \u00c9quipe Canada | Site officiel de l&#039;\u00e9quipe olympique\",\"isPartOf\":{\"@id\":\"https:\\\/\\\/preprod.olympic.ca\\\/olympique\\\/#website\"},\"primaryImageOfPage\":{\"@id\":\"https:\\\/\\\/preprod.olympic.ca\\\/olympique\\\/team-canada\\\/maelle-ricker\\\/#primaryimage\"},\"image\":{\"@id\":\"https:\\\/\\\/preprod.olympic.ca\\\/olympique\\\/team-canada\\\/maelle-ricker\\\/#primaryimage\"},\"thumbnailUrl\":\"https:\\\/\\\/preprod.olympic.ca\\\/olympique\\\/wp-content\\\/uploads\\\/sites\\\/2\\\/2011\\\/09\\\/maelle_ricker_2010_action_e_1340px.jpg?quality=100\",\"datePublished\":\"2011-09-19T02:18:12+00:00\",\"dateModified\":\"2020-04-07T15:42:54+00:00\",\"inLanguage\":\"fr-FR\",\"potentialAction\":[{\"@type\":\"ReadAction\",\"target\":[\"https:\\\/\\\/preprod.olympic.ca\\\/olympique\\\/team-canada\\\/maelle-ricker\\\/\"]}]},{\"@type\":\"ImageObject\",\"inLanguage\":\"fr-FR\",\"@id\":\"https:\\\/\\\/preprod.olympic.ca\\\/olympique\\\/team-canada\\\/maelle-ricker\\\/#primaryimage\",\"url\":\"https:\\\/\\\/preprod.olympic.ca\\\/olympique\\\/wp-content\\\/uploads\\\/sites\\\/2\\\/2011\\\/09\\\/maelle_ricker_2010_action_e_1340px.jpg?quality=100\",\"contentUrl\":\"https:\\\/\\\/preprod.olympic.ca\\\/olympique\\\/wp-content\\\/uploads\\\/sites\\\/2\\\/2011\\\/09\\\/maelle_ricker_2010_action_e_1340px.jpg?quality=100\",\"width\":1340,\"height\":801},{\"@type\":\"WebSite\",\"@id\":\"https:\\\/\\\/preprod.olympic.ca\\\/olympique\\\/#website\",\"url\":\"https:\\\/\\\/preprod.olympic.ca\\\/olympique\\\/\",\"name\":\"\u00c9quipe Canada | Site officiel de l&#039;\u00e9quipe olympique\",\"description\":\"Votre source pour l\u2019\u00c9quipe olympique canadienne. Retrouvez les r\u00e9cits, vid\u00e9os et photos des athl\u00e8tes canadiens, sports olympiques, Jeux olympiques de 2020 et bien plus!\",\"potentialAction\":[{\"@type\":\"SearchAction\",\"target\":{\"@type\":\"EntryPoint\",\"urlTemplate\":\"https:\\\/\\\/preprod.olympic.ca\\\/olympique\\\/?s={search_term_string}\"},\"query-input\":{\"@type\":\"PropertyValueSpecification\",\"valueRequired\":true,\"valueName\":\"search_term_string\"}}],\"inLanguage\":\"fr-FR\"}]}<\/script>\n<!-- \/ Yoast SEO plugin. -->","yoast_head_json":{"title":"Ma\u00eblle Ricker - \u00c9quipe Canada | Site officiel de l&#039;\u00e9quipe olympique","robots":{"index":"index","follow":"follow","max-snippet":"max-snippet:-1","max-image-preview":"max-image-preview:large","max-video-preview":"max-video-preview:-1"},"canonical":"https:\/\/preprod.olympic.ca\/olympique\/team-canada\/maelle-ricker\/","og_locale":"fr_FR","og_type":"article","og_title":"Ma\u00eblle Ricker - \u00c9quipe Canada | Site officiel de l&#039;\u00e9quipe olympique","og_description":"Championne olympique 2010. Championne du monde FIS 2013. Gagnante du globe de cristal 2009-2010 (championne de la Coupe du monde FIS de surf des neiges). M\u00e9daill\u00e9e de bronze aux Championnats du monde FIS 2005. Championne des X Games d\u2019hiver 1999 et 2006.","og_url":"https:\/\/preprod.olympic.ca\/olympique\/team-canada\/maelle-ricker\/","og_site_name":"\u00c9quipe Canada | Site officiel de l&#039;\u00e9quipe olympique","article_modified_time":"2020-04-07T15:42:54+00:00","og_image":[{"width":1340,"height":801,"url":"https:\/\/preprod.olympic.ca\/olympique\/wp-content\/uploads\/sites\/2\/2011\/09\/maelle_ricker_2010_action_e_1340px.jpg?quality=100","type":"image\/jpeg"}],"twitter_card":"summary_large_image","twitter_misc":{"Est. reading time":"3 minutes","Written by":"cdnolympicteam"},"schema":{"@context":"https:\/\/schema.org","@graph":[{"@type":"WebPage","@id":"https:\/\/preprod.olympic.ca\/olympique\/team-canada\/maelle-ricker\/","url":"https:\/\/preprod.olympic.ca\/olympique\/team-canada\/maelle-ricker\/","name":"Ma\u00eblle Ricker - \u00c9quipe Canada | Site officiel de l&#039;\u00e9quipe olympique","isPartOf":{"@id":"https:\/\/preprod.olympic.ca\/olympique\/#website"},"primaryImageOfPage":{"@id":"https:\/\/preprod.olympic.ca\/olympique\/team-canada\/maelle-ricker\/#primaryimage"},"image":{"@id":"https:\/\/preprod.olympic.ca\/olympique\/team-canada\/maelle-ricker\/#primaryimage"},"thumbnailUrl":"https:\/\/preprod.olympic.ca\/olympique\/wp-content\/uploads\/sites\/2\/2011\/09\/maelle_ricker_2010_action_e_1340px.jpg?quality=100","datePublished":"2011-09-19T02:18:12+00:00","dateModified":"2020-04-07T15:42:54+00:00","inLanguage":"fr-FR","potentialAction":[{"@type":"ReadAction","target":["https:\/\/preprod.olympic.ca\/olympique\/team-canada\/maelle-ricker\/"]}]},{"@type":"ImageObject","inLanguage":"fr-FR","@id":"https:\/\/preprod.olympic.ca\/olympique\/team-canada\/maelle-ricker\/#primaryimage","url":"https:\/\/preprod.olympic.ca\/olympique\/wp-content\/uploads\/sites\/2\/2011\/09\/maelle_ricker_2010_action_e_1340px.jpg?quality=100","contentUrl":"https:\/\/preprod.olympic.ca\/olympique\/wp-content\/uploads\/sites\/2\/2011\/09\/maelle_ricker_2010_action_e_1340px.jpg?quality=100","width":1340,"height":801},{"@type":"WebSite","@id":"https:\/\/preprod.olympic.ca\/olympique\/#website","url":"https:\/\/preprod.olympic.ca\/olympique\/","name":"\u00c9quipe Canada | Site officiel de l&#039;\u00e9quipe olympique","description":"Votre source pour l\u2019\u00c9quipe olympique canadienne. Retrouvez les r\u00e9cits, vid\u00e9os et photos des athl\u00e8tes canadiens, sports olympiques, Jeux olympiques de 2020 et bien plus!","potentialAction":[{"@type":"SearchAction","target":{"@type":"EntryPoint","urlTemplate":"https:\/\/preprod.olympic.ca\/olympique\/?s={search_term_string}"},"query-input":{"@type":"PropertyValueSpecification","valueRequired":true,"valueName":"search_term_string"}}],"inLanguage":"fr-FR"}]}},"featured_image_url":"https:\/\/preprod.olympic.ca\/olympique\/wp-content\/uploads\/sites\/2\/2011\/09\/maelle_ricker_2010_action_e_1340px.jpg?quality=100","category_names":[],"tag_names":["Snowboard","Sotchi 2014","surf-des-neiges"],"sport_names":[287],"game_names":["Nagano 1998","Sotchi 2014","Turin 2006","Vancouver 2010"],"season_names":[],"team_names":["Nagano 1998 - Surf des Neiges","Sotchi 2014 Surf des neiges","Turin 2006 Surf des Neiges","Vancouver 2010 Surf des Neiges"],"province_names":[],"social_facebook":"","social_twitter":"Maelle_Ricker","social_linkedin":"","social_gplus":"","social_instagram":"","social_website":"","total_medal_count_gold":"1","total_medal_count_silver":"","total_medal_count_bronze":"","athlete_headshot":"https:\/\/preprod.olympic.ca\/wp-content\/uploads\/sites\/2\/2011\/09\/2013_05_12_hdshot_m_ricker-4_1340px.jpg?quality=75","athlete_height":"169","athlete_weight":"63","athlete_hometown":"Vancouver, Colombie-Britannique","athlete_birthplace":"Vancouver, Colombie-Britannique","coc_gracenote_id":"","athlete_dob":"December 2, 1978","athlete_age":47,"jetpack_sharing_enabled":true,"_links":{"self":[{"href":"https:\/\/preprod.olympic.ca\/olympique\/wp-json\/wp\/v2\/athletes\/18494","targetHints":{"allow":["GET"]}}],"collection":[{"href":"https:\/\/preprod.olympic.ca\/olympique\/wp-json\/wp\/v2\/athletes"}],"about":[{"href":"https:\/\/preprod.olympic.ca\/olympique\/wp-json\/wp\/v2\/types\/athletes"}],"version-history":[{"count":3,"href":"https:\/\/preprod.olympic.ca\/olympique\/wp-json\/wp\/v2\/athletes\/18494\/revisions"}],"predecessor-version":[{"id":129299,"href":"https:\/\/preprod.olympic.ca\/olympique\/wp-json\/wp\/v2\/athletes\/18494\/revisions\/129299"}],"wp:featuredmedia":[{"embeddable":true,"href":"https:\/\/preprod.olympic.ca\/olympique\/wp-json\/wp\/v2\/media\/83710"}],"wp:attachment":[{"href":"https:\/\/preprod.olympic.ca\/olympique\/wp-json\/wp\/v2\/media?parent=18494"}],"wp:term":[{"taxonomy":"post_tag","embeddable":true,"href":"https:\/\/preprod.olympic.ca\/olympique\/wp-json\/wp\/v2\/tags?post=18494"},{"taxonomy":"hof-categories","embeddable":true,"href":"https:\/\/preprod.olympic.ca\/olympique\/wp-json\/wp\/v2\/hof-categories?post=18494"},{"taxonomy":"year-inducted","embeddable":true,"href":"https:\/\/preprod.olympic.ca\/olympique\/wp-json\/wp\/v2\/year-inducted?post=18494"},{"taxonomy":"gender","embeddable":true,"href":"https:\/\/preprod.olympic.ca\/olympique\/wp-json\/wp\/v2\/gender?post=18494"},{"taxonomy":"season","embeddable":true,"href":"https:\/\/preprod.olympic.ca\/olympique\/wp-json\/wp\/v2\/season?post=18494"},{"taxonomy":"sport","embeddable":true,"href":"https:\/\/preprod.olympic.ca\/olympique\/wp-json\/wp\/v2\/sport?post=18494"},{"taxonomy":"game","embeddable":true,"href":"https:\/\/preprod.olympic.ca\/olympique\/wp-json\/wp\/v2\/game?post=18494"},{"taxonomy":"team","embeddable":true,"href":"https:\/\/preprod.olympic.ca\/olympique\/wp-json\/wp\/v2\/team?post=18494"},{"taxonomy":"event","embeddable":true,"href":"https:\/\/preprod.olympic.ca\/olympique\/wp-json\/wp\/v2\/event?post=18494"},{"taxonomy":"province","embeddable":true,"href":"https:\/\/preprod.olympic.ca\/olympique\/wp-json\/wp\/v2\/province?post=18494"}],"curies":[{"name":"wp","href":"https:\/\/api.w.org\/{rel}","templated":true}]}}