{"id":19276,"date":"2011-09-18T22:23:15","date_gmt":"2011-09-19T02:23:15","guid":{"rendered":"http:\/\/preprod.olympic.ca\/team-canada\/lawrence-west-2\/"},"modified":"2021-12-09T15:38:51","modified_gmt":"2021-12-09T20:38:51","slug":"lawrence-west","status":"publish","type":"athletes","link":"https:\/\/preprod.olympic.ca\/olympique\/team-canada\/lawrence-west\/","title":{"rendered":"Lawrence West"},"content":{"rendered":"\n<p>Le rameur Lawrence \u00ab\u00a0Laurie\u00a0\u00bb West \u00e9tait membre du huit masculin de l\u2019Universit\u00e9 de la Colombie-Britannique (UBC) qui a \u00e9t\u00e9 choisi pour repr\u00e9senter le Canada \u00e0 <a href=\"https:\/\/olympique.ca\/jeux\/1956-melbourne\/\">Melbourne 1956<\/a>. Seulement la moiti\u00e9 de l\u2019\u00e9quipage poss\u00e9dait une r\u00e9elle exp\u00e9rience en aviron et avec seulement un an pour se pr\u00e9parer pour les Jeux, une \u00e9quipe comp\u00e9titive a \u00e9t\u00e9 b\u00e2tie et a \u00e9t\u00e9 jusqu\u2019\u00e0 menacer les \u00e9ventuels m\u00e9daill\u00e9s d\u2019or olympiques. West a remport\u00e9 une m\u00e9daille d\u2019argent pour le Canada, derri\u00e8re les Am\u00e9ricains par seulement deux secondes d\u2019\u00e9cart, avec ses co\u00e9quipiers David Helliwell, Philip Kueber, Richard McClure, Doug MacDonald, Bill McKerlich, Carl Ogawa, Donald Pretty et Robert Wilson.\u00a0<\/p>\n\n\n\n<p>En remportant le titre national du huit en 1954, West et son \u00e9quipage compos\u00e9 de McDonald, Robert Wilson, Ken Drummond, Mike Harris, Ray Sierpina, Glen Smith, Tom Tonybee et Herman Zloklikovits ont ensuite repr\u00e9sent\u00e9 le Canada aux Jeux du Commonwealth de 1954, o\u00f9 ils ont remport\u00e9 la m\u00e9daille d\u2019or. En remportant son deuxi\u00e8me titre national \u00e0 l\u2019UBC, il a \u00e9t\u00e9 choisi au sein de l\u2019\u00e9quipage pour les Jeux de Melbourne en 1956.<\/p>\n\n\n\n<p>Dipl\u00f4m\u00e9 de l\u2019UBC, West y est rest\u00e9 et a pris la rel\u00e8ve de son propre entra\u00eeneur, Frank Read, quand celui-ci a pris sa retraite. Son \u00e9quipage du huit a fini troisi\u00e8me \u00e0 la rencontre de sprints d\u2019aviron de l\u2019ouest des \u00c9tats-Unis en 1961 \u00e0 Seattle, une victoire n\u00e9cessaire pour obtenir le financement pour participer \u00e0 la r\u00e9gate du Royal Henley. West a compt\u00e9 sur le m\u00eame groupe en 1962 et a r\u00e9ussi un record du monde contre St. Catharines, envoyant l\u2019\u00e9quipage aux Championnats du monde de Lucerne.<\/p>\n\n\n\n<p>En compagnie de ses co\u00e9quipiers de l\u2019\u00e9quipage gagnant de l\u2019or aux Jeux du Commonwealth de 1954, West a \u00e9t\u00e9 intronis\u00e9 au Temple de la renomm\u00e9e olympique du Canada en 1958, au Temple de la renomm\u00e9e des sports de la Colombie-Britannique en 1966, au Temple de la renomm\u00e9e des sports de l\u2019Universit\u00e9 de la Colombie-Britannique en 1999 et encore une fois au Temple de la renomm\u00e9e des sports de la Colombie-Britannique avec son \u00e9quipage gagnant de la m\u00e9daille d\u2019argent de 1956, en 2010.<\/p>\n","protected":false},"excerpt":{"rendered":"<p>Le rameur Lawrence \u00ab\u00a0Laurie\u00a0\u00bb West \u00e9tait membre du huit masculin de l\u2019Universit\u00e9 de la Colombie-Britannique (UBC) qui a \u00e9t\u00e9 choisi&#8230;<\/p>\n","protected":false},"featured_media":83203,"template":"","tags":[415966755,9949311,9274940],"hof-categories":[682162651],"year-inducted":[682162665],"gender":[42123],"season":[415983968],"sport":[392824],"game":[9241357],"team":[415983550],"event":[181822689],"province":[415983153],"class_list":["post-19276","athletes","type-athletes","status-publish","has-post-thumbnail","hentry","tag-aviron","tag-medaille-dargent","tag-melbourne-1956","hof-categories-athlete","year-inducted-682162665","gender-masculin","season-ete","sport-aviron","game-1956-melbourne","team-melbourne-1956-aviron","event-huit-en-pointe-avec-barreur-hommes","province-colombie-britannique"],"acf":[],"yoast_head":"<!-- This site is optimized with the Yoast SEO plugin v27.3 - https:\/\/yoast.com\/product\/yoast-seo-wordpress\/ -->\n<title>Lawrence West - \u00c9quipe Canada | Site officiel de l&#039;\u00e9quipe olympique<\/title>\n<meta name=\"description\" content=\"Le rameur canadien Lawrence West a \u00e9t\u00e9 membre de l\u2019\u00e9quipage du huit qui a remport\u00e9 la m\u00e9daille d\u2019argent \u00e0 Melbourne 1956.\" \/>\n<meta name=\"robots\" content=\"index, follow, max-snippet:-1, max-image-preview:large, max-video-preview:-1\" \/>\n<link rel=\"canonical\" href=\"https:\/\/preprod.olympic.ca\/olympique\/team-canada\/lawrence-west\/\" \/>\n<meta property=\"og:locale\" content=\"fr_FR\" \/>\n<meta property=\"og:type\" content=\"article\" \/>\n<meta property=\"og:title\" content=\"Lawrence West - \u00c9quipe Canada | Site officiel de l&#039;\u00e9quipe olympique\" \/>\n<meta property=\"og:description\" content=\"Le rameur canadien Lawrence West a \u00e9t\u00e9 membre de l\u2019\u00e9quipage du huit qui a remport\u00e9 la m\u00e9daille d\u2019argent \u00e0 Melbourne 1956.\" \/>\n<meta property=\"og:url\" content=\"https:\/\/preprod.olympic.ca\/olympique\/team-canada\/lawrence-west\/\" \/>\n<meta property=\"og:site_name\" content=\"\u00c9quipe Canada | Site officiel de l&#039;\u00e9quipe olympique\" \/>\n<meta property=\"article:modified_time\" content=\"2021-12-09T20:38:51+00:00\" \/>\n<meta property=\"og:image\" content=\"https:\/\/preprod.olympic.ca\/olympique\/wp-content\/uploads\/sites\/2\/2013\/08\/coc_men_ph_1340x754.png\" \/>\n\t<meta property=\"og:image:width\" content=\"1340\" \/>\n\t<meta property=\"og:image:height\" content=\"755\" \/>\n\t<meta property=\"og:image:type\" content=\"image\/png\" \/>\n<meta name=\"twitter:card\" content=\"summary_large_image\" \/>\n<meta name=\"twitter:label1\" content=\"Est. reading time\" \/>\n\t<meta name=\"twitter:data1\" content=\"2 minutes\" \/>\n\t<meta name=\"twitter:label2\" content=\"Written by\" \/>\n\t<meta name=\"twitter:data2\" content=\"Florence Gauthier\" \/>\n<script type=\"application\/ld+json\" class=\"yoast-schema-graph\">{\"@context\":\"https:\\\/\\\/schema.org\",\"@graph\":[{\"@type\":\"WebPage\",\"@id\":\"https:\\\/\\\/preprod.olympic.ca\\\/olympique\\\/team-canada\\\/lawrence-west\\\/\",\"url\":\"https:\\\/\\\/preprod.olympic.ca\\\/olympique\\\/team-canada\\\/lawrence-west\\\/\",\"name\":\"Lawrence West - \u00c9quipe Canada | Site officiel de l&#039;\u00e9quipe olympique\",\"isPartOf\":{\"@id\":\"https:\\\/\\\/preprod.olympic.ca\\\/olympique\\\/#website\"},\"primaryImageOfPage\":{\"@id\":\"https:\\\/\\\/preprod.olympic.ca\\\/olympique\\\/team-canada\\\/lawrence-west\\\/#primaryimage\"},\"image\":{\"@id\":\"https:\\\/\\\/preprod.olympic.ca\\\/olympique\\\/team-canada\\\/lawrence-west\\\/#primaryimage\"},\"thumbnailUrl\":\"https:\\\/\\\/preprod.olympic.ca\\\/olympique\\\/wp-content\\\/uploads\\\/sites\\\/2\\\/2013\\\/08\\\/coc_men_ph_1340x754.png\",\"datePublished\":\"2011-09-19T02:23:15+00:00\",\"dateModified\":\"2021-12-09T20:38:51+00:00\",\"description\":\"Le rameur canadien Lawrence West a \u00e9t\u00e9 membre de l\u2019\u00e9quipage du huit qui a remport\u00e9 la m\u00e9daille d\u2019argent \u00e0 Melbourne 1956.\",\"inLanguage\":\"fr-FR\",\"potentialAction\":[{\"@type\":\"ReadAction\",\"target\":[\"https:\\\/\\\/preprod.olympic.ca\\\/olympique\\\/team-canada\\\/lawrence-west\\\/\"]}]},{\"@type\":\"ImageObject\",\"inLanguage\":\"fr-FR\",\"@id\":\"https:\\\/\\\/preprod.olympic.ca\\\/olympique\\\/team-canada\\\/lawrence-west\\\/#primaryimage\",\"url\":\"https:\\\/\\\/preprod.olympic.ca\\\/olympique\\\/wp-content\\\/uploads\\\/sites\\\/2\\\/2013\\\/08\\\/coc_men_ph_1340x754.png\",\"contentUrl\":\"https:\\\/\\\/preprod.olympic.ca\\\/olympique\\\/wp-content\\\/uploads\\\/sites\\\/2\\\/2013\\\/08\\\/coc_men_ph_1340x754.png\",\"width\":1340,\"height\":755},{\"@type\":\"WebSite\",\"@id\":\"https:\\\/\\\/preprod.olympic.ca\\\/olympique\\\/#website\",\"url\":\"https:\\\/\\\/preprod.olympic.ca\\\/olympique\\\/\",\"name\":\"\u00c9quipe Canada | Site officiel de l&#039;\u00e9quipe olympique\",\"description\":\"Votre source pour l\u2019\u00c9quipe olympique canadienne. Retrouvez les r\u00e9cits, vid\u00e9os et photos des athl\u00e8tes canadiens, sports olympiques, Jeux olympiques de 2020 et bien plus!\",\"potentialAction\":[{\"@type\":\"SearchAction\",\"target\":{\"@type\":\"EntryPoint\",\"urlTemplate\":\"https:\\\/\\\/preprod.olympic.ca\\\/olympique\\\/?s={search_term_string}\"},\"query-input\":{\"@type\":\"PropertyValueSpecification\",\"valueRequired\":true,\"valueName\":\"search_term_string\"}}],\"inLanguage\":\"fr-FR\"}]}<\/script>\n<!-- \/ Yoast SEO plugin. -->","yoast_head_json":{"title":"Lawrence West - \u00c9quipe Canada | Site officiel de l&#039;\u00e9quipe olympique","description":"Le rameur canadien Lawrence West a \u00e9t\u00e9 membre de l\u2019\u00e9quipage du huit qui a remport\u00e9 la m\u00e9daille d\u2019argent \u00e0 Melbourne 1956.","robots":{"index":"index","follow":"follow","max-snippet":"max-snippet:-1","max-image-preview":"max-image-preview:large","max-video-preview":"max-video-preview:-1"},"canonical":"https:\/\/preprod.olympic.ca\/olympique\/team-canada\/lawrence-west\/","og_locale":"fr_FR","og_type":"article","og_title":"Lawrence West - \u00c9quipe Canada | Site officiel de l&#039;\u00e9quipe olympique","og_description":"Le rameur canadien Lawrence West a \u00e9t\u00e9 membre de l\u2019\u00e9quipage du huit qui a remport\u00e9 la m\u00e9daille d\u2019argent \u00e0 Melbourne 1956.","og_url":"https:\/\/preprod.olympic.ca\/olympique\/team-canada\/lawrence-west\/","og_site_name":"\u00c9quipe Canada | Site officiel de l&#039;\u00e9quipe olympique","article_modified_time":"2021-12-09T20:38:51+00:00","og_image":[{"width":1340,"height":755,"url":"https:\/\/preprod.olympic.ca\/olympique\/wp-content\/uploads\/sites\/2\/2013\/08\/coc_men_ph_1340x754.png","type":"image\/png"}],"twitter_card":"summary_large_image","twitter_misc":{"Est. reading time":"2 minutes","Written by":"Florence Gauthier"},"schema":{"@context":"https:\/\/schema.org","@graph":[{"@type":"WebPage","@id":"https:\/\/preprod.olympic.ca\/olympique\/team-canada\/lawrence-west\/","url":"https:\/\/preprod.olympic.ca\/olympique\/team-canada\/lawrence-west\/","name":"Lawrence West - \u00c9quipe Canada | Site officiel de l&#039;\u00e9quipe olympique","isPartOf":{"@id":"https:\/\/preprod.olympic.ca\/olympique\/#website"},"primaryImageOfPage":{"@id":"https:\/\/preprod.olympic.ca\/olympique\/team-canada\/lawrence-west\/#primaryimage"},"image":{"@id":"https:\/\/preprod.olympic.ca\/olympique\/team-canada\/lawrence-west\/#primaryimage"},"thumbnailUrl":"https:\/\/preprod.olympic.ca\/olympique\/wp-content\/uploads\/sites\/2\/2013\/08\/coc_men_ph_1340x754.png","datePublished":"2011-09-19T02:23:15+00:00","dateModified":"2021-12-09T20:38:51+00:00","description":"Le rameur canadien Lawrence West a \u00e9t\u00e9 membre de l\u2019\u00e9quipage du huit qui a remport\u00e9 la m\u00e9daille d\u2019argent \u00e0 Melbourne 1956.","inLanguage":"fr-FR","potentialAction":[{"@type":"ReadAction","target":["https:\/\/preprod.olympic.ca\/olympique\/team-canada\/lawrence-west\/"]}]},{"@type":"ImageObject","inLanguage":"fr-FR","@id":"https:\/\/preprod.olympic.ca\/olympique\/team-canada\/lawrence-west\/#primaryimage","url":"https:\/\/preprod.olympic.ca\/olympique\/wp-content\/uploads\/sites\/2\/2013\/08\/coc_men_ph_1340x754.png","contentUrl":"https:\/\/preprod.olympic.ca\/olympique\/wp-content\/uploads\/sites\/2\/2013\/08\/coc_men_ph_1340x754.png","width":1340,"height":755},{"@type":"WebSite","@id":"https:\/\/preprod.olympic.ca\/olympique\/#website","url":"https:\/\/preprod.olympic.ca\/olympique\/","name":"\u00c9quipe Canada | Site officiel de l&#039;\u00e9quipe olympique","description":"Votre source pour l\u2019\u00c9quipe olympique canadienne. Retrouvez les r\u00e9cits, vid\u00e9os et photos des athl\u00e8tes canadiens, sports olympiques, Jeux olympiques de 2020 et bien plus!","potentialAction":[{"@type":"SearchAction","target":{"@type":"EntryPoint","urlTemplate":"https:\/\/preprod.olympic.ca\/olympique\/?s={search_term_string}"},"query-input":{"@type":"PropertyValueSpecification","valueRequired":true,"valueName":"search_term_string"}}],"inLanguage":"fr-FR"}]}},"featured_image_url":"https:\/\/preprod.olympic.ca\/olympique\/wp-content\/uploads\/sites\/2\/2013\/08\/coc_men_ph_1340x754.png","category_names":[],"tag_names":["aviron","M\u00e9daille d'Argent","Melbourne 1956"],"sport_names":[515],"game_names":["Melbourne 1956"],"season_names":["\u00c9t\u00e9"],"team_names":["Melbourne 1956 Aviron"],"province_names":["Colombie-Britannique"],"social_facebook":"","social_twitter":"","social_linkedin":"","social_gplus":"","social_instagram":"","social_website":"","total_medal_count_gold":"","total_medal_count_silver":"1","total_medal_count_bronze":"","athlete_headshot":"","athlete_height":"","athlete_weight":"","athlete_hometown":"","athlete_birthplace":"Vancouver, Colombie-Britannique","coc_gracenote_id":"","athlete_dob":"January 1, 1935","athlete_age":"","jetpack_sharing_enabled":true,"_links":{"self":[{"href":"https:\/\/preprod.olympic.ca\/olympique\/wp-json\/wp\/v2\/athletes\/19276","targetHints":{"allow":["GET"]}}],"collection":[{"href":"https:\/\/preprod.olympic.ca\/olympique\/wp-json\/wp\/v2\/athletes"}],"about":[{"href":"https:\/\/preprod.olympic.ca\/olympique\/wp-json\/wp\/v2\/types\/athletes"}],"version-history":[{"count":3,"href":"https:\/\/preprod.olympic.ca\/olympique\/wp-json\/wp\/v2\/athletes\/19276\/revisions"}],"predecessor-version":[{"id":195786,"href":"https:\/\/preprod.olympic.ca\/olympique\/wp-json\/wp\/v2\/athletes\/19276\/revisions\/195786"}],"wp:featuredmedia":[{"embeddable":true,"href":"https:\/\/preprod.olympic.ca\/olympique\/wp-json\/wp\/v2\/media\/83203"}],"wp:attachment":[{"href":"https:\/\/preprod.olympic.ca\/olympique\/wp-json\/wp\/v2\/media?parent=19276"}],"wp:term":[{"taxonomy":"post_tag","embeddable":true,"href":"https:\/\/preprod.olympic.ca\/olympique\/wp-json\/wp\/v2\/tags?post=19276"},{"taxonomy":"hof-categories","embeddable":true,"href":"https:\/\/preprod.olympic.ca\/olympique\/wp-json\/wp\/v2\/hof-categories?post=19276"},{"taxonomy":"year-inducted","embeddable":true,"href":"https:\/\/preprod.olympic.ca\/olympique\/wp-json\/wp\/v2\/year-inducted?post=19276"},{"taxonomy":"gender","embeddable":true,"href":"https:\/\/preprod.olympic.ca\/olympique\/wp-json\/wp\/v2\/gender?post=19276"},{"taxonomy":"season","embeddable":true,"href":"https:\/\/preprod.olympic.ca\/olympique\/wp-json\/wp\/v2\/season?post=19276"},{"taxonomy":"sport","embeddable":true,"href":"https:\/\/preprod.olympic.ca\/olympique\/wp-json\/wp\/v2\/sport?post=19276"},{"taxonomy":"game","embeddable":true,"href":"https:\/\/preprod.olympic.ca\/olympique\/wp-json\/wp\/v2\/game?post=19276"},{"taxonomy":"team","embeddable":true,"href":"https:\/\/preprod.olympic.ca\/olympique\/wp-json\/wp\/v2\/team?post=19276"},{"taxonomy":"event","embeddable":true,"href":"https:\/\/preprod.olympic.ca\/olympique\/wp-json\/wp\/v2\/event?post=19276"},{"taxonomy":"province","embeddable":true,"href":"https:\/\/preprod.olympic.ca\/olympique\/wp-json\/wp\/v2\/province?post=19276"}],"curies":[{"name":"wp","href":"https:\/\/api.w.org\/{rel}","templated":true}]}}