{"id":197438,"date":"2022-01-17T14:27:00","date_gmt":"2022-01-17T19:27:00","guid":{"rendered":"https:\/\/olympique.ca\/?post_type=athletes&#038;p=197438"},"modified":"2022-04-24T13:58:22","modified_gmt":"2022-04-24T17:58:22","slug":"graeme-fish","status":"publish","type":"athletes","link":"https:\/\/preprod.olympic.ca\/olympique\/team-canada\/graeme-fish\/","title":{"rendered":"Graeme Fish"},"content":{"rendered":"\n<p>Graeme Fish a fait sa marque en 2019-2020, lorsqu&rsquo;il a r\u00e9ussi \u00e0 \u00e9tablir un nouveau record du monde et ainsi d\u00e9crocher la victoire au 10 000 m des Championnats du monde de distances individuelles \u00e0 Salt Lake City. Son temps de 12:33,86 a retranch\u00e9 pr\u00e8s de 2,5 secondes \u00e0 la marque pr\u00e9c\u00e9dente que son co\u00e9quipier Ted-Jan Bloemen avait enregistr\u00e9e en novembre 2015. \u00c0 ces m\u00eames Mondiaux, Fish a aussi mis la main sur le bronze au 5000 m, partageant alors le podium avec le m\u00e9daill\u00e9 d\u2019or Bloemen.&nbsp;<\/p>\n\n\n\n<p>C\u2019est plus t\u00f4t au cours de la saison 2019-2020 que Fish a d\u00e9croch\u00e9 ses premi\u00e8res m\u00e9dailles sur le circuit de la Coupe du monde. \u00c0 l\u2019occasion de la troisi\u00e8me \u00e9tape disput\u00e9e \u00e0 Nour-Soultan, au Kazakhstan, Fish a obtenu le bronze au 10 000 m et il a particip\u00e9 \u00e0 la conqu\u00eate de la m\u00e9daille d\u2019argent en poursuite par \u00e9quipes. Il a ajout\u00e9 une m\u00e9daille de bronze au 5000 m \u00e0 Calgary et une d\u2019argent au 5000 m des Finales de la Coupe du monde disput\u00e9es \u00e0 Heerenveen pour finir troisi\u00e8me au classement g\u00e9n\u00e9ral de la Coupe du monde au combin\u00e9 5000 m\/10 000 m. Fish a \u00e9t\u00e9 proclam\u00e9 Athl\u00e8te masculin de l\u2019ann\u00e9e sur longue piste par Patinage de vitesse Canada en 2020.&nbsp;<\/p>\n\n\n\n<p>Pr\u00e9occup\u00e9 par la pand\u00e9mie de la COVID-19, Fish a d\u00e9cid\u00e9 de ne pas se joindre \u00e0 la bulle de comp\u00e9tition de Heerenveen, en janvier et f\u00e9vrier 2021, en vue des \u00e9preuves de la Coupe du monde et des Championnats du monde qui s&rsquo;y sont d\u00e9roul\u00e9es. Il a plut\u00f4t pr\u00e9f\u00e9r\u00e9 s\u2019entra\u00eener \u00e0 la maison. En octobre 2021, il a fini deuxi\u00e8me derri\u00e8re Bloemen autant dans l\u2019\u00e9preuve du 5000 m que celle du 10 000 m aux Championnats canadiens sur longue piste. Fish a \u00e9t\u00e9 retenu dans l\u2019\u00e9quipe de la Coupe du monde et il a pris part aux deux premi\u00e8res \u00e9tapes, prenant notamment la quatri\u00e8me place au 10 000 m disput\u00e9 \u00e0 Stavanger. Un r\u00e9sultat positif \u00e0 la suite d\u2019un test pour la COVID-19 l\u2019a toutefois forc\u00e9 \u00e0 renoncer aux deux derni\u00e8res \u00e9tapes de la Coupe du monde tenues avant les Jeux.\u00a0Alors qu&rsquo;il faisait ses d\u00e9buts olympiques \u00e0 Beijing 2022, Fish a termin\u00e9 sixi\u00e8me au 10 000 m.<\/p>\n\n\n\n<p>Fish a fait ses d\u00e9buts sur le circuit de la Coupe du monde en novembre 2017, participant alors \u00e0 la seule \u00e9preuve de 10 000 m de la saison \u00e0 Stavanger. Il a pris part \u00e0 trois autres \u00e9tapes de la Coupe du monde en 2018-2019 \u00e0 l\u2019approche de ses premiers Championnats du monde de distances individuelles, tenus plus tard cette saison-l\u00e0.<\/p>\n\n\n\n<p>Fish a repr\u00e9sent\u00e9 le Canada aux Championnats du monde juniors 2017, o\u00f9 il a remport\u00e9 des m\u00e9dailles de bronze au 5000 m et au d\u00e9part group\u00e9.&nbsp;<\/p>\n\n\n\n<h3 class=\"wp-block-heading\" id=\"a-propos-de-graeme\"><strong>\u00c0 propos de Graeme<\/strong><\/h3>\n\n\n\n<p><strong>D\u00e9buts:<\/strong> A commenc\u00e9 \u00e0 pratiquer le patinage de vitesse \u00e0 l\u2019\u00e2ge de 3 ans et a commenc\u00e9 \u00e0 prendre part \u00e0 des comp\u00e9titions \u00e0 5 ans\u2026 Enfant, avait peur du bruit que faisait le pistolet de d\u00e9part et se mettait toujours les mains sur les oreilles\u2026 A d\u2019abord pr\u00e9f\u00e9r\u00e9 la courte piste mais \u00e0 l\u2019\u00e2ge de 15 ans, a r\u00e9alis\u00e9 que la longue piste lui convenait davantage en raison de son endurance\u2026 <strong>Autres int\u00e9r\u00eats: <\/strong>\u00c9tudie en kin\u00e9siologie \u00e0 l\u2019Universit\u00e9 de Calgary\u2026 Aime regarder des films, skier, faire de la randonn\u00e9e p\u00e9destre ou du v\u00e9lo de montagne en plein air\u2026 <strong>De tout et de rien: <\/strong>Ses plus grands mod\u00e8les sont ses co\u00e9quipiers Ted-Jan Bloemen (en raison de ses grandes qualit\u00e9s techniques) et Jordan Belchos (pour son \u00e9thique de travail sans pareil)\u2026 <strong>Citation favorite:<\/strong> \u00ab Ne laissez pas vos r\u00eaves rester des r\u00eaves \u00bb -Shia Laboeuf\u2026 A remport\u00e9 une m\u00e9daille d\u2019argent au 5000 m avec \u00c9quipe Saskatchewan aux Jeux d\u2019hiver du Canada 2015\u2026&nbsp;<\/p>\n","protected":false},"excerpt":{"rendered":"<p>Graeme Fish a fait sa marque en 2019-2020, saison au cours de laquelle il a notamment \u00e9tabli son record du monde en route vers la victoire au 10 000 m aux Championnats du monde de distances individuelles \u00e0 Salt Lake City. Son temps de 12:33,86 a retranch\u00e9 pr\u00e8s de 2,5 secondes \u00e0 la marque pr\u00e9c\u00e9dente que son co\u00e9quipier Ted-Jan Bloemen avait enregistr\u00e9e en novembre 2015. <\/p>\n","protected":false},"featured_media":207492,"template":"","tags":[415986612,1104411,682163128,682164850,415987541,213472063],"hof-categories":[],"year-inducted":[],"gender":[42123],"season":[415983969],"sport":[51196763],"game":[415986610],"team":[682164758],"event":[181821788],"province":[415983159],"class_list":["post-197438","athletes","type-athletes","status-publish","has-post-thumbnail","hentry","tag-beijing-2022","tag-equipe-canada","tag-graeme-fish","tag-graham-fish","tag-olympiques-dhiver","tag-patinage-de-vitesse-sur-longue-piste","gender-masculin","season-hiver","sport-patinage-de-vitesse-piste-longue","game-beijing-2022","team-beijing-2022-patinage-de-vitesse-sur-longue-piste","event-10-000-m-hommes","province-saskatchewan"],"acf":[],"yoast_head":"<!-- This site is optimized with the Yoast SEO plugin v27.3 - https:\/\/yoast.com\/product\/yoast-seo-wordpress\/ -->\n<title>Graeme Fish - \u00c9quipe Canada | Site officiel de l&#039;\u00e9quipe olympique<\/title>\n<meta name=\"description\" content=\"Graeme Fish a fait sa marque en 2019-2020, lorsqu&#039;il a r\u00e9ussi \u00e0 \u00e9tablir un nouveau record du monde et ainsi d\u00e9crocher la victoire au 10 000 m des Championnats du monde de distances individuelles \u00e0 Salt Lake City. Son temps de 12:33,86 a retranch\u00e9 pr\u00e8s de 2,5 secondes \u00e0 la marque pr\u00e9c\u00e9dente que son co\u00e9quipier Ted-Jan Bloemen avait enregistr\u00e9e en novembre 2015.\" \/>\n<meta name=\"robots\" content=\"index, follow, max-snippet:-1, max-image-preview:large, max-video-preview:-1\" \/>\n<link rel=\"canonical\" href=\"https:\/\/preprod.olympic.ca\/olympique\/team-canada\/graeme-fish\/\" \/>\n<meta property=\"og:locale\" content=\"fr_FR\" \/>\n<meta property=\"og:type\" content=\"article\" \/>\n<meta property=\"og:title\" content=\"Graeme Fish - \u00c9quipe Canada | Site officiel de l&#039;\u00e9quipe olympique\" \/>\n<meta property=\"og:description\" content=\"Graeme Fish a fait sa marque en 2019-2020, lorsqu&#039;il a r\u00e9ussi \u00e0 \u00e9tablir un nouveau record du monde et ainsi d\u00e9crocher la victoire au 10 000 m des Championnats du monde de distances individuelles \u00e0 Salt Lake City. Son temps de 12:33,86 a retranch\u00e9 pr\u00e8s de 2,5 secondes \u00e0 la marque pr\u00e9c\u00e9dente que son co\u00e9quipier Ted-Jan Bloemen avait enregistr\u00e9e en novembre 2015.\" \/>\n<meta property=\"og:url\" content=\"https:\/\/preprod.olympic.ca\/olympique\/team-canada\/graeme-fish\/\" \/>\n<meta property=\"og:site_name\" content=\"\u00c9quipe Canada | Site officiel de l&#039;\u00e9quipe olympique\" \/>\n<meta property=\"article:modified_time\" content=\"2022-04-24T17:58:22+00:00\" \/>\n<meta property=\"og:image\" content=\"https:\/\/preprod.olympic.ca\/olympique\/wp-content\/uploads\/sites\/2\/2022\/01\/Graeme-Fish-2-e1650462215346.jpg?quality=100\" \/>\n\t<meta property=\"og:image:width\" content=\"1080\" \/>\n\t<meta property=\"og:image:height\" content=\"610\" \/>\n\t<meta property=\"og:image:type\" content=\"image\/jpeg\" \/>\n<meta name=\"twitter:card\" content=\"summary_large_image\" \/>\n<meta name=\"twitter:label1\" content=\"Est. reading time\" \/>\n\t<meta name=\"twitter:data1\" content=\"4 minutes\" \/>\n\t<meta name=\"twitter:label2\" content=\"Written by\" \/>\n\t<meta name=\"twitter:data2\" content=\"Marie-Eve Leclerc\" \/>\n<script type=\"application\/ld+json\" class=\"yoast-schema-graph\">{\"@context\":\"https:\\\/\\\/schema.org\",\"@graph\":[{\"@type\":\"WebPage\",\"@id\":\"https:\\\/\\\/preprod.olympic.ca\\\/olympique\\\/team-canada\\\/graeme-fish\\\/\",\"url\":\"https:\\\/\\\/preprod.olympic.ca\\\/olympique\\\/team-canada\\\/graeme-fish\\\/\",\"name\":\"Graeme Fish - \u00c9quipe Canada | Site officiel de l&#039;\u00e9quipe olympique\",\"isPartOf\":{\"@id\":\"https:\\\/\\\/preprod.olympic.ca\\\/olympique\\\/#website\"},\"primaryImageOfPage\":{\"@id\":\"https:\\\/\\\/preprod.olympic.ca\\\/olympique\\\/team-canada\\\/graeme-fish\\\/#primaryimage\"},\"image\":{\"@id\":\"https:\\\/\\\/preprod.olympic.ca\\\/olympique\\\/team-canada\\\/graeme-fish\\\/#primaryimage\"},\"thumbnailUrl\":\"https:\\\/\\\/preprod.olympic.ca\\\/olympique\\\/wp-content\\\/uploads\\\/sites\\\/2\\\/2022\\\/01\\\/Graeme-Fish-2-e1650462215346.jpg?quality=100\",\"datePublished\":\"2022-01-17T19:27:00+00:00\",\"dateModified\":\"2022-04-24T17:58:22+00:00\",\"description\":\"Graeme Fish a fait sa marque en 2019-2020, lorsqu'il a r\u00e9ussi \u00e0 \u00e9tablir un nouveau record du monde et ainsi d\u00e9crocher la victoire au 10 000 m des Championnats du monde de distances individuelles \u00e0 Salt Lake City. Son temps de 12:33,86 a retranch\u00e9 pr\u00e8s de 2,5 secondes \u00e0 la marque pr\u00e9c\u00e9dente que son co\u00e9quipier Ted-Jan Bloemen avait enregistr\u00e9e en novembre 2015.\",\"inLanguage\":\"fr-FR\",\"potentialAction\":[{\"@type\":\"ReadAction\",\"target\":[\"https:\\\/\\\/preprod.olympic.ca\\\/olympique\\\/team-canada\\\/graeme-fish\\\/\"]}]},{\"@type\":\"ImageObject\",\"inLanguage\":\"fr-FR\",\"@id\":\"https:\\\/\\\/preprod.olympic.ca\\\/olympique\\\/team-canada\\\/graeme-fish\\\/#primaryimage\",\"url\":\"https:\\\/\\\/preprod.olympic.ca\\\/olympique\\\/wp-content\\\/uploads\\\/sites\\\/2\\\/2022\\\/01\\\/Graeme-Fish-2-e1650462215346.jpg?quality=100\",\"contentUrl\":\"https:\\\/\\\/preprod.olympic.ca\\\/olympique\\\/wp-content\\\/uploads\\\/sites\\\/2\\\/2022\\\/01\\\/Graeme-Fish-2-e1650462215346.jpg?quality=100\",\"width\":1080,\"height\":610,\"caption\":\"Un patineur de vitesse en action sur la longue piste\"},{\"@type\":\"WebSite\",\"@id\":\"https:\\\/\\\/preprod.olympic.ca\\\/olympique\\\/#website\",\"url\":\"https:\\\/\\\/preprod.olympic.ca\\\/olympique\\\/\",\"name\":\"\u00c9quipe Canada | Site officiel de l&#039;\u00e9quipe olympique\",\"description\":\"Votre source pour l\u2019\u00c9quipe olympique canadienne. Retrouvez les r\u00e9cits, vid\u00e9os et photos des athl\u00e8tes canadiens, sports olympiques, Jeux olympiques de 2020 et bien plus!\",\"potentialAction\":[{\"@type\":\"SearchAction\",\"target\":{\"@type\":\"EntryPoint\",\"urlTemplate\":\"https:\\\/\\\/preprod.olympic.ca\\\/olympique\\\/?s={search_term_string}\"},\"query-input\":{\"@type\":\"PropertyValueSpecification\",\"valueRequired\":true,\"valueName\":\"search_term_string\"}}],\"inLanguage\":\"fr-FR\"}]}<\/script>\n<!-- \/ Yoast SEO plugin. -->","yoast_head_json":{"title":"Graeme Fish - \u00c9quipe Canada | Site officiel de l&#039;\u00e9quipe olympique","description":"Graeme Fish a fait sa marque en 2019-2020, lorsqu'il a r\u00e9ussi \u00e0 \u00e9tablir un nouveau record du monde et ainsi d\u00e9crocher la victoire au 10 000 m des Championnats du monde de distances individuelles \u00e0 Salt Lake City. Son temps de 12:33,86 a retranch\u00e9 pr\u00e8s de 2,5 secondes \u00e0 la marque pr\u00e9c\u00e9dente que son co\u00e9quipier Ted-Jan Bloemen avait enregistr\u00e9e en novembre 2015.","robots":{"index":"index","follow":"follow","max-snippet":"max-snippet:-1","max-image-preview":"max-image-preview:large","max-video-preview":"max-video-preview:-1"},"canonical":"https:\/\/preprod.olympic.ca\/olympique\/team-canada\/graeme-fish\/","og_locale":"fr_FR","og_type":"article","og_title":"Graeme Fish - \u00c9quipe Canada | Site officiel de l&#039;\u00e9quipe olympique","og_description":"Graeme Fish a fait sa marque en 2019-2020, lorsqu'il a r\u00e9ussi \u00e0 \u00e9tablir un nouveau record du monde et ainsi d\u00e9crocher la victoire au 10 000 m des Championnats du monde de distances individuelles \u00e0 Salt Lake City. Son temps de 12:33,86 a retranch\u00e9 pr\u00e8s de 2,5 secondes \u00e0 la marque pr\u00e9c\u00e9dente que son co\u00e9quipier Ted-Jan Bloemen avait enregistr\u00e9e en novembre 2015.","og_url":"https:\/\/preprod.olympic.ca\/olympique\/team-canada\/graeme-fish\/","og_site_name":"\u00c9quipe Canada | Site officiel de l&#039;\u00e9quipe olympique","article_modified_time":"2022-04-24T17:58:22+00:00","og_image":[{"width":1080,"height":610,"url":"https:\/\/preprod.olympic.ca\/olympique\/wp-content\/uploads\/sites\/2\/2022\/01\/Graeme-Fish-2-e1650462215346.jpg?quality=100","type":"image\/jpeg"}],"twitter_card":"summary_large_image","twitter_misc":{"Est. reading time":"4 minutes","Written by":"Marie-Eve Leclerc"},"schema":{"@context":"https:\/\/schema.org","@graph":[{"@type":"WebPage","@id":"https:\/\/preprod.olympic.ca\/olympique\/team-canada\/graeme-fish\/","url":"https:\/\/preprod.olympic.ca\/olympique\/team-canada\/graeme-fish\/","name":"Graeme Fish - \u00c9quipe Canada | Site officiel de l&#039;\u00e9quipe olympique","isPartOf":{"@id":"https:\/\/preprod.olympic.ca\/olympique\/#website"},"primaryImageOfPage":{"@id":"https:\/\/preprod.olympic.ca\/olympique\/team-canada\/graeme-fish\/#primaryimage"},"image":{"@id":"https:\/\/preprod.olympic.ca\/olympique\/team-canada\/graeme-fish\/#primaryimage"},"thumbnailUrl":"https:\/\/preprod.olympic.ca\/olympique\/wp-content\/uploads\/sites\/2\/2022\/01\/Graeme-Fish-2-e1650462215346.jpg?quality=100","datePublished":"2022-01-17T19:27:00+00:00","dateModified":"2022-04-24T17:58:22+00:00","description":"Graeme Fish a fait sa marque en 2019-2020, lorsqu'il a r\u00e9ussi \u00e0 \u00e9tablir un nouveau record du monde et ainsi d\u00e9crocher la victoire au 10 000 m des Championnats du monde de distances individuelles \u00e0 Salt Lake City. Son temps de 12:33,86 a retranch\u00e9 pr\u00e8s de 2,5 secondes \u00e0 la marque pr\u00e9c\u00e9dente que son co\u00e9quipier Ted-Jan Bloemen avait enregistr\u00e9e en novembre 2015.","inLanguage":"fr-FR","potentialAction":[{"@type":"ReadAction","target":["https:\/\/preprod.olympic.ca\/olympique\/team-canada\/graeme-fish\/"]}]},{"@type":"ImageObject","inLanguage":"fr-FR","@id":"https:\/\/preprod.olympic.ca\/olympique\/team-canada\/graeme-fish\/#primaryimage","url":"https:\/\/preprod.olympic.ca\/olympique\/wp-content\/uploads\/sites\/2\/2022\/01\/Graeme-Fish-2-e1650462215346.jpg?quality=100","contentUrl":"https:\/\/preprod.olympic.ca\/olympique\/wp-content\/uploads\/sites\/2\/2022\/01\/Graeme-Fish-2-e1650462215346.jpg?quality=100","width":1080,"height":610,"caption":"Un patineur de vitesse en action sur la longue piste"},{"@type":"WebSite","@id":"https:\/\/preprod.olympic.ca\/olympique\/#website","url":"https:\/\/preprod.olympic.ca\/olympique\/","name":"\u00c9quipe Canada | Site officiel de l&#039;\u00e9quipe olympique","description":"Votre source pour l\u2019\u00c9quipe olympique canadienne. Retrouvez les r\u00e9cits, vid\u00e9os et photos des athl\u00e8tes canadiens, sports olympiques, Jeux olympiques de 2020 et bien plus!","potentialAction":[{"@type":"SearchAction","target":{"@type":"EntryPoint","urlTemplate":"https:\/\/preprod.olympic.ca\/olympique\/?s={search_term_string}"},"query-input":{"@type":"PropertyValueSpecification","valueRequired":true,"valueName":"search_term_string"}}],"inLanguage":"fr-FR"}]}},"featured_image_url":"https:\/\/preprod.olympic.ca\/olympique\/wp-content\/uploads\/sites\/2\/2022\/01\/Graeme-Fish-2-e1650462215346.jpg?quality=100","category_names":[],"tag_names":["Beijing 2022","\u00c9quipe canada","Graeme Fish","graham fish","Olympiques d'hiver","Patinage de vitesse sur longue piste"],"sport_names":[296],"game_names":["Beijing 2022"],"season_names":["Hiver"],"team_names":["Beijing 2022 Patinage de vitesse sur longue piste"],"province_names":["Saskatchewan"],"social_facebook":"","social_twitter":"gfish_33","social_linkedin":"","social_gplus":"","social_instagram":"speedskatingfish","social_website":"","total_medal_count_gold":"","total_medal_count_silver":"","total_medal_count_bronze":"","athlete_headshot":"https:\/\/olympique.ca\/wp-content\/uploads\/sites\/2\/2022\/01\/Graeme-Fish-e1642452524247.jpg?quality=100","athlete_height":"180","athlete_weight":"","athlete_hometown":"Moose Jaw, Saskatchewan","athlete_birthplace":"","coc_gracenote_id":"","athlete_dob":"August 23, 1997","athlete_age":28,"jetpack_sharing_enabled":true,"_links":{"self":[{"href":"https:\/\/preprod.olympic.ca\/olympique\/wp-json\/wp\/v2\/athletes\/197438","targetHints":{"allow":["GET"]}}],"collection":[{"href":"https:\/\/preprod.olympic.ca\/olympique\/wp-json\/wp\/v2\/athletes"}],"about":[{"href":"https:\/\/preprod.olympic.ca\/olympique\/wp-json\/wp\/v2\/types\/athletes"}],"version-history":[{"count":6,"href":"https:\/\/preprod.olympic.ca\/olympique\/wp-json\/wp\/v2\/athletes\/197438\/revisions"}],"predecessor-version":[{"id":207495,"href":"https:\/\/preprod.olympic.ca\/olympique\/wp-json\/wp\/v2\/athletes\/197438\/revisions\/207495"}],"wp:featuredmedia":[{"embeddable":true,"href":"https:\/\/preprod.olympic.ca\/olympique\/wp-json\/wp\/v2\/media\/207492"}],"wp:attachment":[{"href":"https:\/\/preprod.olympic.ca\/olympique\/wp-json\/wp\/v2\/media?parent=197438"}],"wp:term":[{"taxonomy":"post_tag","embeddable":true,"href":"https:\/\/preprod.olympic.ca\/olympique\/wp-json\/wp\/v2\/tags?post=197438"},{"taxonomy":"hof-categories","embeddable":true,"href":"https:\/\/preprod.olympic.ca\/olympique\/wp-json\/wp\/v2\/hof-categories?post=197438"},{"taxonomy":"year-inducted","embeddable":true,"href":"https:\/\/preprod.olympic.ca\/olympique\/wp-json\/wp\/v2\/year-inducted?post=197438"},{"taxonomy":"gender","embeddable":true,"href":"https:\/\/preprod.olympic.ca\/olympique\/wp-json\/wp\/v2\/gender?post=197438"},{"taxonomy":"season","embeddable":true,"href":"https:\/\/preprod.olympic.ca\/olympique\/wp-json\/wp\/v2\/season?post=197438"},{"taxonomy":"sport","embeddable":true,"href":"https:\/\/preprod.olympic.ca\/olympique\/wp-json\/wp\/v2\/sport?post=197438"},{"taxonomy":"game","embeddable":true,"href":"https:\/\/preprod.olympic.ca\/olympique\/wp-json\/wp\/v2\/game?post=197438"},{"taxonomy":"team","embeddable":true,"href":"https:\/\/preprod.olympic.ca\/olympique\/wp-json\/wp\/v2\/team?post=197438"},{"taxonomy":"event","embeddable":true,"href":"https:\/\/preprod.olympic.ca\/olympique\/wp-json\/wp\/v2\/event?post=197438"},{"taxonomy":"province","embeddable":true,"href":"https:\/\/preprod.olympic.ca\/olympique\/wp-json\/wp\/v2\/province?post=197438"}],"curies":[{"name":"wp","href":"https:\/\/api.w.org\/{rel}","templated":true}]}}