{"id":228464,"date":"2023-09-27T10:00:00","date_gmt":"2023-09-27T14:00:00","guid":{"rendered":"https:\/\/olympique.ca\/?post_type=athletes&#038;p=228464"},"modified":"2024-06-28T13:52:27","modified_gmt":"2024-06-28T17:52:27","slug":"aurelie-tran","status":"publish","type":"athletes","link":"https:\/\/preprod.olympic.ca\/olympique\/team-canada\/aurelie-tran\/","title":{"rendered":"Aur\u00e9lie Tran"},"content":{"rendered":"\n<ul class=\"wp-block-list\">\n<li>A remport\u00e9 le titre du concours multiple chez les seniors \u00e0 la comp\u00e9tition \u00c9lite Canada 2023; a aussi d\u00e9croch\u00e9 l\u2019or \u00e0 la poutre et aux barres asym\u00e9triques; c\u2019\u00e9tait sa premi\u00e8re participation au concours multiple depuis qu\u2019elle avait rat\u00e9 pratiquement toute la saison 2022 en raison d\u2019une d\u00e9chirure au tendon d\u2019Achille subie en d\u00e9but d\u2019ann\u00e9e&nbsp;<\/li>\n\n\n\n<li>A remport\u00e9 le titre du concours multiple chez les seniors aux Championnats canadiens 2023&nbsp;<\/li>\n\n\n\n<li>A fait ses d\u00e9buts aux Championnats du monde de gymnastique artistique de la FIG en 2023&nbsp;<\/li>\n\n\n\n<li>A obtenu trois m\u00e9dailles de bronze (par \u00e9quipes, concours multiple, poutre) aux Championnats panam\u00e9ricains 2023&nbsp;<\/li>\n\n\n\n<li>A remport\u00e9 deux m\u00e9dailles aux Jeux panam\u00e9ricains juniors 2021, mettant la main sur le bronze au concours multiple individuel et l\u2019argent aux barres asym\u00e9triques&nbsp;<\/li>\n\n\n\n<li>En 2021, a remport\u00e9 l\u2019or au concours multiple dans la cat\u00e9gorie junior \u00e0 la comp\u00e9tition \u00c9lite Canada ainsi qu\u2019aux Championnats canadiens<\/li>\n<\/ul>\n\n\n\n<h4 class=\"wp-block-heading\">\u00c0 propos d&rsquo;Aur\u00e9lie<\/h4>\n\n\n\n<p><strong>D\u00e9buts :<\/strong>&nbsp;A commenc\u00e9 \u00e0 pratiquer la&nbsp;gymnastique \u00e0 l\u2019\u00e2ge de cinq ans avec sa classe de maternelle et a commenc\u00e9 \u00e0 faire de la comp\u00e9tition \u00e0 l\u2019\u00e2ge de sept ans\u2026&nbsp;<strong>Autres int\u00e9r\u00eats :<\/strong>&nbsp;Aime dessiner,&nbsp;peindre \u00e0 l\u2019aquarelle et jardiner\u2026&nbsp;Aimerait faire carri\u00e8re en pharmacie ou en m\u00e9decine\u2026&nbsp;<strong>De tout et de rien :<\/strong>&nbsp;Devise favorite:&nbsp;Entra\u00eene-toi comme si tu n\u2019avais jamais gagn\u00e9, performe comme si tu n\u2019avais jamais perdu&#8230;<\/p>\n","protected":false},"excerpt":{"rendered":"<p>\u00c0 propos d&rsquo;Aur\u00e9lie D\u00e9buts :&nbsp;A commenc\u00e9 \u00e0 pratiquer la&nbsp;gymnastique \u00e0 l\u2019\u00e2ge de cinq ans avec sa classe de maternelle et&#8230;<\/p>\n","protected":false},"featured_media":247457,"template":"","tags":[682166163,1104411,367359560,415985124,682165310],"hof-categories":[],"year-inducted":[],"gender":[23319],"season":[415983968],"sport":[9127036],"game":[415985140,682165315],"team":[682166691,682166159],"event":[],"province":[415983157],"class_list":["post-228464","athletes","type-athletes","status-publish","has-post-thumbnail","hentry","tag-aurelie-tran","tag-equipe-canada","tag-gymnastique-artistique-2","tag-paris-2024","tag-santiago-2023","gender-feminin","season-ete","sport-gymnastique-artistique","game-paris-2024","game-santiago-2023","team-paris-2024-gymnastique-artistique","team-santiago-2023-gymnastique-artistique","province-quebec"],"acf":[],"yoast_head":"<!-- This site is optimized with the Yoast SEO plugin v27.3 - https:\/\/yoast.com\/product\/yoast-seo-wordpress\/ -->\n<title>Aur\u00e9lie Tran - \u00c9quipe Canada | Site officiel de l&#039;\u00e9quipe olympique<\/title>\n<meta name=\"description\" content=\"Une biographie de l&#039;athl\u00e8te de gymnastique artistique Aur\u00e9lie Tran.\" \/>\n<meta name=\"robots\" content=\"index, follow, max-snippet:-1, max-image-preview:large, max-video-preview:-1\" \/>\n<link rel=\"canonical\" href=\"https:\/\/preprod.olympic.ca\/olympique\/team-canada\/aurelie-tran\/\" \/>\n<meta property=\"og:locale\" content=\"fr_FR\" \/>\n<meta property=\"og:type\" content=\"article\" \/>\n<meta property=\"og:title\" content=\"Aur\u00e9lie Tran - \u00c9quipe Canada | Site officiel de l&#039;\u00e9quipe olympique\" \/>\n<meta property=\"og:description\" content=\"Une biographie de l&#039;athl\u00e8te de gymnastique artistique Aur\u00e9lie Tran.\" \/>\n<meta property=\"og:url\" content=\"https:\/\/preprod.olympic.ca\/olympique\/team-canada\/aurelie-tran\/\" \/>\n<meta property=\"og:site_name\" content=\"\u00c9quipe Canada | Site officiel de l&#039;\u00e9quipe olympique\" \/>\n<meta property=\"article:modified_time\" content=\"2024-06-28T17:52:27+00:00\" \/>\n<meta property=\"og:image\" content=\"https:\/\/preprod.olympic.ca\/olympique\/wp-content\/uploads\/sites\/2\/2023\/09\/LH_20231022_5571-e1719322033862.jpg?quality=100\" \/>\n\t<meta property=\"og:image:width\" content=\"1200\" \/>\n\t<meta property=\"og:image:height\" content=\"678\" \/>\n\t<meta property=\"og:image:type\" content=\"image\/jpeg\" \/>\n<meta name=\"twitter:card\" content=\"summary_large_image\" \/>\n<meta name=\"twitter:label1\" content=\"Est. reading time\" \/>\n\t<meta name=\"twitter:data1\" content=\"2 minutes\" \/>\n\t<meta name=\"twitter:label2\" content=\"Written by\" \/>\n\t<meta name=\"twitter:data2\" content=\"Paula Nichols\" \/>\n<script type=\"application\/ld+json\" class=\"yoast-schema-graph\">{\"@context\":\"https:\\\/\\\/schema.org\",\"@graph\":[{\"@type\":\"WebPage\",\"@id\":\"https:\\\/\\\/preprod.olympic.ca\\\/olympique\\\/team-canada\\\/aurelie-tran\\\/\",\"url\":\"https:\\\/\\\/preprod.olympic.ca\\\/olympique\\\/team-canada\\\/aurelie-tran\\\/\",\"name\":\"Aur\u00e9lie Tran - \u00c9quipe Canada | Site officiel de l&#039;\u00e9quipe olympique\",\"isPartOf\":{\"@id\":\"https:\\\/\\\/preprod.olympic.ca\\\/olympique\\\/#website\"},\"primaryImageOfPage\":{\"@id\":\"https:\\\/\\\/preprod.olympic.ca\\\/olympique\\\/team-canada\\\/aurelie-tran\\\/#primaryimage\"},\"image\":{\"@id\":\"https:\\\/\\\/preprod.olympic.ca\\\/olympique\\\/team-canada\\\/aurelie-tran\\\/#primaryimage\"},\"thumbnailUrl\":\"https:\\\/\\\/preprod.olympic.ca\\\/olympique\\\/wp-content\\\/uploads\\\/sites\\\/2\\\/2023\\\/09\\\/LH_20231022_5571-e1719322033862.jpg?quality=100\",\"datePublished\":\"2023-09-27T14:00:00+00:00\",\"dateModified\":\"2024-06-28T17:52:27+00:00\",\"description\":\"Une biographie de l'athl\u00e8te de gymnastique artistique Aur\u00e9lie Tran.\",\"inLanguage\":\"fr-FR\",\"potentialAction\":[{\"@type\":\"ReadAction\",\"target\":[\"https:\\\/\\\/preprod.olympic.ca\\\/olympique\\\/team-canada\\\/aurelie-tran\\\/\"]}]},{\"@type\":\"ImageObject\",\"inLanguage\":\"fr-FR\",\"@id\":\"https:\\\/\\\/preprod.olympic.ca\\\/olympique\\\/team-canada\\\/aurelie-tran\\\/#primaryimage\",\"url\":\"https:\\\/\\\/preprod.olympic.ca\\\/olympique\\\/wp-content\\\/uploads\\\/sites\\\/2\\\/2023\\\/09\\\/LH_20231022_5571-e1719322033862.jpg?quality=100\",\"contentUrl\":\"https:\\\/\\\/preprod.olympic.ca\\\/olympique\\\/wp-content\\\/uploads\\\/sites\\\/2\\\/2023\\\/09\\\/LH_20231022_5571-e1719322033862.jpg?quality=100\",\"width\":1200,\"height\":678,\"caption\":\"Aurelie Tran du Canada participe \u00e0 la finale de l'\u00e9quipe f\u00e9minine de gymnastique artistique lors des Jeux panam\u00e9ricains de Santiago 2023, le dimanche 22 octobre 2023. Photo par Leah Hennel\\\/COC *CREDIT OBLIGATOIRE*\"},{\"@type\":\"WebSite\",\"@id\":\"https:\\\/\\\/preprod.olympic.ca\\\/olympique\\\/#website\",\"url\":\"https:\\\/\\\/preprod.olympic.ca\\\/olympique\\\/\",\"name\":\"\u00c9quipe Canada | Site officiel de l&#039;\u00e9quipe olympique\",\"description\":\"Votre source pour l\u2019\u00c9quipe olympique canadienne. Retrouvez les r\u00e9cits, vid\u00e9os et photos des athl\u00e8tes canadiens, sports olympiques, Jeux olympiques de 2020 et bien plus!\",\"potentialAction\":[{\"@type\":\"SearchAction\",\"target\":{\"@type\":\"EntryPoint\",\"urlTemplate\":\"https:\\\/\\\/preprod.olympic.ca\\\/olympique\\\/?s={search_term_string}\"},\"query-input\":{\"@type\":\"PropertyValueSpecification\",\"valueRequired\":true,\"valueName\":\"search_term_string\"}}],\"inLanguage\":\"fr-FR\"}]}<\/script>\n<!-- \/ Yoast SEO plugin. -->","yoast_head_json":{"title":"Aur\u00e9lie Tran - \u00c9quipe Canada | Site officiel de l&#039;\u00e9quipe olympique","description":"Une biographie de l'athl\u00e8te de gymnastique artistique Aur\u00e9lie Tran.","robots":{"index":"index","follow":"follow","max-snippet":"max-snippet:-1","max-image-preview":"max-image-preview:large","max-video-preview":"max-video-preview:-1"},"canonical":"https:\/\/preprod.olympic.ca\/olympique\/team-canada\/aurelie-tran\/","og_locale":"fr_FR","og_type":"article","og_title":"Aur\u00e9lie Tran - \u00c9quipe Canada | Site officiel de l&#039;\u00e9quipe olympique","og_description":"Une biographie de l'athl\u00e8te de gymnastique artistique Aur\u00e9lie Tran.","og_url":"https:\/\/preprod.olympic.ca\/olympique\/team-canada\/aurelie-tran\/","og_site_name":"\u00c9quipe Canada | Site officiel de l&#039;\u00e9quipe olympique","article_modified_time":"2024-06-28T17:52:27+00:00","og_image":[{"width":1200,"height":678,"url":"https:\/\/preprod.olympic.ca\/olympique\/wp-content\/uploads\/sites\/2\/2023\/09\/LH_20231022_5571-e1719322033862.jpg?quality=100","type":"image\/jpeg"}],"twitter_card":"summary_large_image","twitter_misc":{"Est. reading time":"2 minutes","Written by":"Paula Nichols"},"schema":{"@context":"https:\/\/schema.org","@graph":[{"@type":"WebPage","@id":"https:\/\/preprod.olympic.ca\/olympique\/team-canada\/aurelie-tran\/","url":"https:\/\/preprod.olympic.ca\/olympique\/team-canada\/aurelie-tran\/","name":"Aur\u00e9lie Tran - \u00c9quipe Canada | Site officiel de l&#039;\u00e9quipe olympique","isPartOf":{"@id":"https:\/\/preprod.olympic.ca\/olympique\/#website"},"primaryImageOfPage":{"@id":"https:\/\/preprod.olympic.ca\/olympique\/team-canada\/aurelie-tran\/#primaryimage"},"image":{"@id":"https:\/\/preprod.olympic.ca\/olympique\/team-canada\/aurelie-tran\/#primaryimage"},"thumbnailUrl":"https:\/\/preprod.olympic.ca\/olympique\/wp-content\/uploads\/sites\/2\/2023\/09\/LH_20231022_5571-e1719322033862.jpg?quality=100","datePublished":"2023-09-27T14:00:00+00:00","dateModified":"2024-06-28T17:52:27+00:00","description":"Une biographie de l'athl\u00e8te de gymnastique artistique Aur\u00e9lie Tran.","inLanguage":"fr-FR","potentialAction":[{"@type":"ReadAction","target":["https:\/\/preprod.olympic.ca\/olympique\/team-canada\/aurelie-tran\/"]}]},{"@type":"ImageObject","inLanguage":"fr-FR","@id":"https:\/\/preprod.olympic.ca\/olympique\/team-canada\/aurelie-tran\/#primaryimage","url":"https:\/\/preprod.olympic.ca\/olympique\/wp-content\/uploads\/sites\/2\/2023\/09\/LH_20231022_5571-e1719322033862.jpg?quality=100","contentUrl":"https:\/\/preprod.olympic.ca\/olympique\/wp-content\/uploads\/sites\/2\/2023\/09\/LH_20231022_5571-e1719322033862.jpg?quality=100","width":1200,"height":678,"caption":"Aurelie Tran du Canada participe \u00e0 la finale de l'\u00e9quipe f\u00e9minine de gymnastique artistique lors des Jeux panam\u00e9ricains de Santiago 2023, le dimanche 22 octobre 2023. Photo par Leah Hennel\/COC *CREDIT OBLIGATOIRE*"},{"@type":"WebSite","@id":"https:\/\/preprod.olympic.ca\/olympique\/#website","url":"https:\/\/preprod.olympic.ca\/olympique\/","name":"\u00c9quipe Canada | Site officiel de l&#039;\u00e9quipe olympique","description":"Votre source pour l\u2019\u00c9quipe olympique canadienne. Retrouvez les r\u00e9cits, vid\u00e9os et photos des athl\u00e8tes canadiens, sports olympiques, Jeux olympiques de 2020 et bien plus!","potentialAction":[{"@type":"SearchAction","target":{"@type":"EntryPoint","urlTemplate":"https:\/\/preprod.olympic.ca\/olympique\/?s={search_term_string}"},"query-input":{"@type":"PropertyValueSpecification","valueRequired":true,"valueName":"search_term_string"}}],"inLanguage":"fr-FR"}]}},"featured_image_url":"https:\/\/preprod.olympic.ca\/olympique\/wp-content\/uploads\/sites\/2\/2023\/09\/LH_20231022_5571-e1719322033862.jpg?quality=100","category_names":[],"tag_names":["Aur\u00e9lie Tran","\u00c9quipe canada","gymnastique artistique","Paris 2024","Santiago 2023"],"sport_names":[454],"game_names":["Paris 2024","Santiago 2023"],"season_names":["\u00c9t\u00e9"],"team_names":["Paris 2024 Gymnastique artistique","Santiago 2023 Gymnastique artistique"],"province_names":["Qu\u00e9bec"],"social_facebook":"https:\/\/www.facebook.com\/aurelie.tran.52","social_twitter":"","social_linkedin":"","social_gplus":"","social_instagram":"aurelie_tran","social_website":"","total_medal_count_gold":"","total_medal_count_silver":"","total_medal_count_bronze":"","athlete_headshot":"https:\/\/preprod.olympic.ca\/olympique\/wp-content\/uploads\/sites\/2\/2023\/09\/Tran_Aurelie-e1713455699974.jpg?quality=100","athlete_height":"","athlete_weight":"","athlete_hometown":"Repentigny, Qu\u00e9bec","athlete_birthplace":"Qu\u00e9bec, Qu\u00e9bec","coc_gracenote_id":"","athlete_dob":"August 21, 1970","athlete_age":55,"jetpack_sharing_enabled":true,"_links":{"self":[{"href":"https:\/\/preprod.olympic.ca\/olympique\/wp-json\/wp\/v2\/athletes\/228464","targetHints":{"allow":["GET"]}}],"collection":[{"href":"https:\/\/preprod.olympic.ca\/olympique\/wp-json\/wp\/v2\/athletes"}],"about":[{"href":"https:\/\/preprod.olympic.ca\/olympique\/wp-json\/wp\/v2\/types\/athletes"}],"version-history":[{"count":8,"href":"https:\/\/preprod.olympic.ca\/olympique\/wp-json\/wp\/v2\/athletes\/228464\/revisions"}],"predecessor-version":[{"id":247458,"href":"https:\/\/preprod.olympic.ca\/olympique\/wp-json\/wp\/v2\/athletes\/228464\/revisions\/247458"}],"wp:featuredmedia":[{"embeddable":true,"href":"https:\/\/preprod.olympic.ca\/olympique\/wp-json\/wp\/v2\/media\/247457"}],"wp:attachment":[{"href":"https:\/\/preprod.olympic.ca\/olympique\/wp-json\/wp\/v2\/media?parent=228464"}],"wp:term":[{"taxonomy":"post_tag","embeddable":true,"href":"https:\/\/preprod.olympic.ca\/olympique\/wp-json\/wp\/v2\/tags?post=228464"},{"taxonomy":"hof-categories","embeddable":true,"href":"https:\/\/preprod.olympic.ca\/olympique\/wp-json\/wp\/v2\/hof-categories?post=228464"},{"taxonomy":"year-inducted","embeddable":true,"href":"https:\/\/preprod.olympic.ca\/olympique\/wp-json\/wp\/v2\/year-inducted?post=228464"},{"taxonomy":"gender","embeddable":true,"href":"https:\/\/preprod.olympic.ca\/olympique\/wp-json\/wp\/v2\/gender?post=228464"},{"taxonomy":"season","embeddable":true,"href":"https:\/\/preprod.olympic.ca\/olympique\/wp-json\/wp\/v2\/season?post=228464"},{"taxonomy":"sport","embeddable":true,"href":"https:\/\/preprod.olympic.ca\/olympique\/wp-json\/wp\/v2\/sport?post=228464"},{"taxonomy":"game","embeddable":true,"href":"https:\/\/preprod.olympic.ca\/olympique\/wp-json\/wp\/v2\/game?post=228464"},{"taxonomy":"team","embeddable":true,"href":"https:\/\/preprod.olympic.ca\/olympique\/wp-json\/wp\/v2\/team?post=228464"},{"taxonomy":"event","embeddable":true,"href":"https:\/\/preprod.olympic.ca\/olympique\/wp-json\/wp\/v2\/event?post=228464"},{"taxonomy":"province","embeddable":true,"href":"https:\/\/preprod.olympic.ca\/olympique\/wp-json\/wp\/v2\/province?post=228464"}],"curies":[{"name":"wp","href":"https:\/\/api.w.org\/{rel}","templated":true}]}}