{"id":26974,"date":"2011-10-25T12:12:50","date_gmt":"2011-10-25T16:12:50","guid":{"rendered":"http:\/\/preprod.olympic.ca\/team-canada\/mary-spencer-2"},"modified":"2016-06-14T09:51:24","modified_gmt":"2016-06-14T13:51:24","slug":"mary-spencer","status":"publish","type":"athletes","link":"https:\/\/preprod.olympic.ca\/olympique\/team-canada\/mary-spencer\/","title":{"rendered":"Mary Spencer"},"content":{"rendered":"<p><a href=\"http:\/\/preprod.olympic.ca\/wp-content\/uploads\/sites\/2\/2011\/10\/spencer_mary_copy_1340px.jpg\"><img loading=\"lazy\" decoding=\"async\" class=\"alignleft wp-image-83882\" src=\"http:\/\/preprod.olympic.ca\/wp-content\/uploads\/sites\/2\/2011\/10\/spencer_mary_copy_1340px.jpg?w=247\" alt=\"Spencer_Mary_copy_1340px\" width=\"173\" height=\"260\" srcset=\"https:\/\/preprod.olympic.ca\/olympique\/wp-content\/uploads\/sites\/2\/2011\/10\/spencer_mary_copy_1340px.jpg 893w, https:\/\/preprod.olympic.ca\/olympique\/wp-content\/uploads\/sites\/2\/2011\/10\/spencer_mary_copy_1340px.jpg?resize=105,158 105w, https:\/\/preprod.olympic.ca\/olympique\/wp-content\/uploads\/sites\/2\/2011\/10\/spencer_mary_copy_1340px.jpg?resize=247,371 247w, https:\/\/preprod.olympic.ca\/olympique\/wp-content\/uploads\/sites\/2\/2011\/10\/spencer_mary_copy_1340px.jpg?resize=768,1152 768w, https:\/\/preprod.olympic.ca\/olympique\/wp-content\/uploads\/sites\/2\/2011\/10\/spencer_mary_copy_1340px.jpg?resize=502,754 502w\" sizes=\"(max-width: 173px) 100vw, 173px\" \/><\/a>Mary Spencer a fait ses d\u00e9buts olympiques en 2012, \u00e0 Londres, et s\u2019est class\u00e9e en cinqui\u00e8me place dans la cat\u00e9gorie des poids mi-lourds (69-75kg).<\/p>\n<p>Tandis que la boxe f\u00e9minine a fait son entr\u00e9e comme discipline olympique en 2012, la triple championne du monde et quintuple championne des Jeux panam\u00e9ricains, a assum\u00e9 les grandes responsabilit\u00e9s de mod\u00e8le pour la jeunesse et d\u2019ambassadrice nationale.<\/p>\n<p>N\u00e9e \u00e0 Cape Croker en Ontario, Mary Spencer est une fi\u00e8re repr\u00e9sentante de la nation Ojibway. Elle s\u2019entra\u00eene au Windsor Amateur Boxing Club sous la supervision de l\u2019entra\u00eeneur olympique renomm\u00e9 Charlie Stewart.<\/p>\n<p>Elle figure au palmar\u00e8s des Femmes les plus influentes de l\u2019Association canadienne pour l\u2019avancement des femmes, du sport et de l\u2019activit\u00e9 physique qui lui a \u00e9galement d\u00e9cern\u00e9 la distinction \u00ab \u00e0 surveiller \u00bb. Membre de l\u2019initiative des mod\u00e8les autochtones GEN 7 de Motivate Canada, elle a \u00e9galement \u00e9t\u00e9 choisie comme ambassadrice CoverGirl pour l\u2019ann\u00e9e 2012 par Proctor &amp; Gamble.<\/p>\n<p>Elle a remport\u00e9 des titres mondiaux en 2005 et 2008 dans la cat\u00e9gorie des 66 kg ainsi qu\u2019en 2010 dans la cat\u00e9gorie des 75 kilogrammes. Elle est championne canadienne en titre depuis 2004. Mary Spencer s\u2019est initi\u00e9e \u00e0 la boxe \u00e0 l\u2019\u00e2ge de 17 ans.<\/p>\n","protected":false},"excerpt":{"rendered":"<p>Mary Spencer a fait ses d\u00e9buts olympiques en 2012, \u00e0 Londres, et s\u2019est class\u00e9e en cinqui\u00e8me place dans la cat\u00e9gorie&#8230;<\/p>\n","protected":false},"featured_media":83883,"template":"","tags":[],"hof-categories":[],"year-inducted":[],"gender":[23319],"season":[],"sport":[420465],"game":[31757719],"team":[],"event":[181823212],"province":[],"class_list":["post-26974","athletes","type-athletes","status-publish","has-post-thumbnail","hentry","gender-feminin","sport-boxe","game-2012-londres","event-poids-moyen-femmes"],"acf":[],"yoast_head":"<!-- This site is optimized with the Yoast SEO plugin v27.3 - https:\/\/yoast.com\/product\/yoast-seo-wordpress\/ -->\n<title>Mary Spencer - \u00c9quipe Canada | Site officiel de l&#039;\u00e9quipe olympique<\/title>\n<meta name=\"robots\" content=\"index, follow, max-snippet:-1, max-image-preview:large, max-video-preview:-1\" \/>\n<link rel=\"canonical\" href=\"https:\/\/preprod.olympic.ca\/olympique\/team-canada\/mary-spencer\/\" \/>\n<meta property=\"og:locale\" content=\"fr_FR\" \/>\n<meta property=\"og:type\" content=\"article\" \/>\n<meta property=\"og:title\" content=\"Mary Spencer - \u00c9quipe Canada | Site officiel de l&#039;\u00e9quipe olympique\" \/>\n<meta property=\"og:description\" content=\"Mary Spencer a fait ses d\u00e9buts olympiques en 2012, \u00e0 Londres, et s\u2019est class\u00e9e en cinqui\u00e8me place dans la cat\u00e9gorie...\" \/>\n<meta property=\"og:url\" content=\"https:\/\/preprod.olympic.ca\/olympique\/team-canada\/mary-spencer\/\" \/>\n<meta property=\"og:site_name\" content=\"\u00c9quipe Canada | Site officiel de l&#039;\u00e9quipe olympique\" \/>\n<meta property=\"article:modified_time\" content=\"2016-06-14T13:51:24+00:00\" \/>\n<meta property=\"og:image\" content=\"https:\/\/preprod.olympic.ca\/olympique\/wp-content\/uploads\/sites\/2\/2011\/10\/mary-spencer_2012_1340px.jpg?quality=100\" \/>\n\t<meta property=\"og:image:width\" content=\"1340\" \/>\n\t<meta property=\"og:image:height\" content=\"871\" \/>\n\t<meta property=\"og:image:type\" content=\"image\/jpeg\" \/>\n<meta name=\"twitter:card\" content=\"summary_large_image\" \/>\n<meta name=\"twitter:label1\" content=\"Est. reading time\" \/>\n\t<meta name=\"twitter:data1\" content=\"1 minute\" \/>\n\t<meta name=\"twitter:label2\" content=\"Written by\" \/>\n\t<meta name=\"twitter:data2\" content=\"cdnolympicteam\" \/>\n<script type=\"application\/ld+json\" class=\"yoast-schema-graph\">{\"@context\":\"https:\\\/\\\/schema.org\",\"@graph\":[{\"@type\":\"WebPage\",\"@id\":\"https:\\\/\\\/preprod.olympic.ca\\\/olympique\\\/team-canada\\\/mary-spencer\\\/\",\"url\":\"https:\\\/\\\/preprod.olympic.ca\\\/olympique\\\/team-canada\\\/mary-spencer\\\/\",\"name\":\"Mary Spencer - \u00c9quipe Canada | Site officiel de l&#039;\u00e9quipe olympique\",\"isPartOf\":{\"@id\":\"https:\\\/\\\/preprod.olympic.ca\\\/olympique\\\/#website\"},\"primaryImageOfPage\":{\"@id\":\"https:\\\/\\\/preprod.olympic.ca\\\/olympique\\\/team-canada\\\/mary-spencer\\\/#primaryimage\"},\"image\":{\"@id\":\"https:\\\/\\\/preprod.olympic.ca\\\/olympique\\\/team-canada\\\/mary-spencer\\\/#primaryimage\"},\"thumbnailUrl\":\"https:\\\/\\\/preprod.olympic.ca\\\/olympique\\\/wp-content\\\/uploads\\\/sites\\\/2\\\/2011\\\/10\\\/mary-spencer_2012_1340px.jpg?quality=100\",\"datePublished\":\"2011-10-25T16:12:50+00:00\",\"dateModified\":\"2016-06-14T13:51:24+00:00\",\"inLanguage\":\"fr-FR\",\"potentialAction\":[{\"@type\":\"ReadAction\",\"target\":[\"https:\\\/\\\/preprod.olympic.ca\\\/olympique\\\/team-canada\\\/mary-spencer\\\/\"]}]},{\"@type\":\"ImageObject\",\"inLanguage\":\"fr-FR\",\"@id\":\"https:\\\/\\\/preprod.olympic.ca\\\/olympique\\\/team-canada\\\/mary-spencer\\\/#primaryimage\",\"url\":\"https:\\\/\\\/preprod.olympic.ca\\\/olympique\\\/wp-content\\\/uploads\\\/sites\\\/2\\\/2011\\\/10\\\/mary-spencer_2012_1340px.jpg?quality=100\",\"contentUrl\":\"https:\\\/\\\/preprod.olympic.ca\\\/olympique\\\/wp-content\\\/uploads\\\/sites\\\/2\\\/2011\\\/10\\\/mary-spencer_2012_1340px.jpg?quality=100\",\"width\":1340,\"height\":871,\"caption\":\"Mary Spencer, cat\u00e9gorie des poids moyens, \u00e0 Londres 2012 THE CANADIAN PRESS\\\/HO, COC - Jason Ransom\"},{\"@type\":\"WebSite\",\"@id\":\"https:\\\/\\\/preprod.olympic.ca\\\/olympique\\\/#website\",\"url\":\"https:\\\/\\\/preprod.olympic.ca\\\/olympique\\\/\",\"name\":\"\u00c9quipe Canada | Site officiel de l&#039;\u00e9quipe olympique\",\"description\":\"Votre source pour l\u2019\u00c9quipe olympique canadienne. Retrouvez les r\u00e9cits, vid\u00e9os et photos des athl\u00e8tes canadiens, sports olympiques, Jeux olympiques de 2020 et bien plus!\",\"potentialAction\":[{\"@type\":\"SearchAction\",\"target\":{\"@type\":\"EntryPoint\",\"urlTemplate\":\"https:\\\/\\\/preprod.olympic.ca\\\/olympique\\\/?s={search_term_string}\"},\"query-input\":{\"@type\":\"PropertyValueSpecification\",\"valueRequired\":true,\"valueName\":\"search_term_string\"}}],\"inLanguage\":\"fr-FR\"}]}<\/script>\n<!-- \/ Yoast SEO plugin. -->","yoast_head_json":{"title":"Mary Spencer - \u00c9quipe Canada | Site officiel de l&#039;\u00e9quipe olympique","robots":{"index":"index","follow":"follow","max-snippet":"max-snippet:-1","max-image-preview":"max-image-preview:large","max-video-preview":"max-video-preview:-1"},"canonical":"https:\/\/preprod.olympic.ca\/olympique\/team-canada\/mary-spencer\/","og_locale":"fr_FR","og_type":"article","og_title":"Mary Spencer - \u00c9quipe Canada | Site officiel de l&#039;\u00e9quipe olympique","og_description":"Mary Spencer a fait ses d\u00e9buts olympiques en 2012, \u00e0 Londres, et s\u2019est class\u00e9e en cinqui\u00e8me place dans la cat\u00e9gorie...","og_url":"https:\/\/preprod.olympic.ca\/olympique\/team-canada\/mary-spencer\/","og_site_name":"\u00c9quipe Canada | Site officiel de l&#039;\u00e9quipe olympique","article_modified_time":"2016-06-14T13:51:24+00:00","og_image":[{"width":1340,"height":871,"url":"https:\/\/preprod.olympic.ca\/olympique\/wp-content\/uploads\/sites\/2\/2011\/10\/mary-spencer_2012_1340px.jpg?quality=100","type":"image\/jpeg"}],"twitter_card":"summary_large_image","twitter_misc":{"Est. reading time":"1 minute","Written by":"cdnolympicteam"},"schema":{"@context":"https:\/\/schema.org","@graph":[{"@type":"WebPage","@id":"https:\/\/preprod.olympic.ca\/olympique\/team-canada\/mary-spencer\/","url":"https:\/\/preprod.olympic.ca\/olympique\/team-canada\/mary-spencer\/","name":"Mary Spencer - \u00c9quipe Canada | Site officiel de l&#039;\u00e9quipe olympique","isPartOf":{"@id":"https:\/\/preprod.olympic.ca\/olympique\/#website"},"primaryImageOfPage":{"@id":"https:\/\/preprod.olympic.ca\/olympique\/team-canada\/mary-spencer\/#primaryimage"},"image":{"@id":"https:\/\/preprod.olympic.ca\/olympique\/team-canada\/mary-spencer\/#primaryimage"},"thumbnailUrl":"https:\/\/preprod.olympic.ca\/olympique\/wp-content\/uploads\/sites\/2\/2011\/10\/mary-spencer_2012_1340px.jpg?quality=100","datePublished":"2011-10-25T16:12:50+00:00","dateModified":"2016-06-14T13:51:24+00:00","inLanguage":"fr-FR","potentialAction":[{"@type":"ReadAction","target":["https:\/\/preprod.olympic.ca\/olympique\/team-canada\/mary-spencer\/"]}]},{"@type":"ImageObject","inLanguage":"fr-FR","@id":"https:\/\/preprod.olympic.ca\/olympique\/team-canada\/mary-spencer\/#primaryimage","url":"https:\/\/preprod.olympic.ca\/olympique\/wp-content\/uploads\/sites\/2\/2011\/10\/mary-spencer_2012_1340px.jpg?quality=100","contentUrl":"https:\/\/preprod.olympic.ca\/olympique\/wp-content\/uploads\/sites\/2\/2011\/10\/mary-spencer_2012_1340px.jpg?quality=100","width":1340,"height":871,"caption":"Mary Spencer, cat\u00e9gorie des poids moyens, \u00e0 Londres 2012 THE CANADIAN PRESS\/HO, COC - Jason Ransom"},{"@type":"WebSite","@id":"https:\/\/preprod.olympic.ca\/olympique\/#website","url":"https:\/\/preprod.olympic.ca\/olympique\/","name":"\u00c9quipe Canada | Site officiel de l&#039;\u00e9quipe olympique","description":"Votre source pour l\u2019\u00c9quipe olympique canadienne. Retrouvez les r\u00e9cits, vid\u00e9os et photos des athl\u00e8tes canadiens, sports olympiques, Jeux olympiques de 2020 et bien plus!","potentialAction":[{"@type":"SearchAction","target":{"@type":"EntryPoint","urlTemplate":"https:\/\/preprod.olympic.ca\/olympique\/?s={search_term_string}"},"query-input":{"@type":"PropertyValueSpecification","valueRequired":true,"valueName":"search_term_string"}}],"inLanguage":"fr-FR"}]}},"featured_image_url":"https:\/\/preprod.olympic.ca\/olympique\/wp-content\/uploads\/sites\/2\/2011\/10\/mary-spencer_2012_1340px.jpg?quality=100","category_names":[],"tag_names":[],"sport_names":[365],"game_names":["Londres 2012"],"season_names":[],"team_names":[],"province_names":[],"social_facebook":"http:\/\/www.facebook.com\/pages\/Mary-Spencer\/237667279628565","social_twitter":"canadianboxer","social_linkedin":"","social_gplus":"","social_instagram":"","social_website":"maryspencer.ca","total_medal_count_gold":"","total_medal_count_silver":"","total_medal_count_bronze":"","athlete_headshot":"","athlete_height":"180","athlete_weight":"73","athlete_hometown":"","athlete_birthplace":"Wiarton, ON","coc_gracenote_id":"","athlete_dob":"December 12, 1984","athlete_age":41,"jetpack_sharing_enabled":true,"_links":{"self":[{"href":"https:\/\/preprod.olympic.ca\/olympique\/wp-json\/wp\/v2\/athletes\/26974","targetHints":{"allow":["GET"]}}],"collection":[{"href":"https:\/\/preprod.olympic.ca\/olympique\/wp-json\/wp\/v2\/athletes"}],"about":[{"href":"https:\/\/preprod.olympic.ca\/olympique\/wp-json\/wp\/v2\/types\/athletes"}],"version-history":[{"count":0,"href":"https:\/\/preprod.olympic.ca\/olympique\/wp-json\/wp\/v2\/athletes\/26974\/revisions"}],"wp:featuredmedia":[{"embeddable":true,"href":"https:\/\/preprod.olympic.ca\/olympique\/wp-json\/wp\/v2\/media\/83883"}],"wp:attachment":[{"href":"https:\/\/preprod.olympic.ca\/olympique\/wp-json\/wp\/v2\/media?parent=26974"}],"wp:term":[{"taxonomy":"post_tag","embeddable":true,"href":"https:\/\/preprod.olympic.ca\/olympique\/wp-json\/wp\/v2\/tags?post=26974"},{"taxonomy":"hof-categories","embeddable":true,"href":"https:\/\/preprod.olympic.ca\/olympique\/wp-json\/wp\/v2\/hof-categories?post=26974"},{"taxonomy":"year-inducted","embeddable":true,"href":"https:\/\/preprod.olympic.ca\/olympique\/wp-json\/wp\/v2\/year-inducted?post=26974"},{"taxonomy":"gender","embeddable":true,"href":"https:\/\/preprod.olympic.ca\/olympique\/wp-json\/wp\/v2\/gender?post=26974"},{"taxonomy":"season","embeddable":true,"href":"https:\/\/preprod.olympic.ca\/olympique\/wp-json\/wp\/v2\/season?post=26974"},{"taxonomy":"sport","embeddable":true,"href":"https:\/\/preprod.olympic.ca\/olympique\/wp-json\/wp\/v2\/sport?post=26974"},{"taxonomy":"game","embeddable":true,"href":"https:\/\/preprod.olympic.ca\/olympique\/wp-json\/wp\/v2\/game?post=26974"},{"taxonomy":"team","embeddable":true,"href":"https:\/\/preprod.olympic.ca\/olympique\/wp-json\/wp\/v2\/team?post=26974"},{"taxonomy":"event","embeddable":true,"href":"https:\/\/preprod.olympic.ca\/olympique\/wp-json\/wp\/v2\/event?post=26974"},{"taxonomy":"province","embeddable":true,"href":"https:\/\/preprod.olympic.ca\/olympique\/wp-json\/wp\/v2\/province?post=26974"}],"curies":[{"name":"wp","href":"https:\/\/api.w.org\/{rel}","templated":true}]}}