{"id":36517,"date":"2012-07-16T15:40:05","date_gmt":"2012-07-16T19:46:13","guid":{"rendered":"http:\/\/preprod.olympic.ca\/?post_type=athletes&#038;p=36517"},"modified":"2018-07-24T14:05:04","modified_gmt":"2018-07-24T18:05:04","slug":"marie-eve-beauchemin-nadeau","status":"publish","type":"athletes","link":"https:\/\/preprod.olympic.ca\/olympique\/team-canada\/marie-eve-beauchemin-nadeau\/","title":{"rendered":"Marie-\u00c8ve Beauchemin-Nadeau"},"content":{"rendered":"<p>C\u2019est aux Jeux du Commonwealth de 2014 \u00e0 Glasgow que Marie-\u00c8ve Beauchemin-Nadeau a d\u00e9croch\u00e9 sa premi\u00e8re m\u00e9daille d\u2019or lors d\u2019une comp\u00e9tition internationale majeure, quatre ans apr\u00e8s avoir termin\u00e9 2<sup>e<\/sup> \u00e0 Delhi, les deux m\u00e9dailles dans la cat\u00e9gorie des 75\u00a0kg. Elle a encha\u00een\u00e9 avec une deuxi\u00e8me m\u00e9daille d\u2019or la m\u00eame ann\u00e9e, aux Championnats mondiaux universitaires de 2014, comp\u00e9tition o\u00f9 elle avait pris le bronze en 2010. Elle est aussi double m\u00e9daill\u00e9e de bronze des Universiades d\u2019\u00e9t\u00e9. Marie-\u00c8ve cumule huit participations en Championnats du monde seniors, son meilleur r\u00e9sultat (5<sup>e<\/sup>) remontant \u00e0 2013 dans la cat\u00e9gorie des 75\u00a0kg.<\/p>\n<p>Aux Championnats du monde de 2015, elle a concouru dans la cat\u00e9gorie des 69\u00a0kg pour la premi\u00e8re fois \u00e0 l\u2019occasion d\u2019une \u00e9preuve importante depuis sa 6<sup>e<\/sup> place \u00e0 ses d\u00e9buts olympiques \u00e0 Londres\u00a02012. Elle a remport\u00e9 la m\u00e9daille de bronze chez les 69\u00a0kg aux Championnats panam\u00e9ricains de 2016 et a tout juste rat\u00e9 le podium aux Jeux panam\u00e9ricains de 2015 \u00e0 Toronto avec sa 4<sup>e<\/sup> place dans la cat\u00e9gorie des 75\u00a0kg, avant de terminer 9<sup>e<\/sup> aux Jeux de 2016 \u00e0 Rio. Elle d\u00e9tient le record national du poids total lev\u00e9 dans les cat\u00e9gories des 69\u00a0kg (240\u00a0kg) et des 75\u00a0kg (251\u00a0kg).<\/p>\n<p><strong style=\"line-height:1.5;\">\u00c0\u00a0propos de Marie-\u00c8ve<\/strong><\/p>\n<p><strong>Famille\u00a0:<\/strong> Elle est la fille de Guy-Paul Beauchemin et Sylvie Nadeau. Elle a une s\u0153ur cadette, Andr\u00e9anne. <strong>D\u00e9buts\u00a0: <\/strong>Elle a d\u00e9couvert l\u2019halt\u00e9rophilie \u00e0 l\u2019\u00e2ge de 15\u00a0ans. Elle faisait de l\u2019athl\u00e9tisme quand son entra\u00eeneur l\u2019a encourag\u00e9e \u00e0 essayer l\u2019halt\u00e9rophilie pour am\u00e9liorer sa puissance, et ce fut le coup de foudre. <strong>Au-del\u00e0 de l\u2019halt\u00e9rophilie\u00a0:<\/strong> Elle a termin\u00e9 sa formation postdoctorale en m\u00e9decine de famille \u00e0 l\u2019Universit\u00e9 de Sherbrooke et a fait son stage de r\u00e9sidence dans un h\u00f4pital de Rouyn-Noranda. Elle a pass\u00e9 ses examens du Coll\u00e8ge des m\u00e9decins en octobre 2015 et a \u00e9t\u00e9 accept\u00e9e. Elle aime regarder des films, lire et cuisiner. Sa devise\u00a0: S\u2019il vaut la peine de faire quelque chose, il vaut la peine de bien le faire.<\/p>\n","protected":false},"excerpt":{"rendered":"<p>C\u2019est aux Jeux du Commonwealth de 2014 \u00e0 Glasgow que Marie-\u00c8ve Beauchemin-Nadeau a d\u00e9croch\u00e9 sa premi\u00e8re m\u00e9daille d\u2019or lors d\u2019une comp\u00e9tition internationale majeure, quatre ans apr\u00e8s avoir termin\u00e9 2e \u00e0 Delhi, les deux m\u00e9dailles dans la cat\u00e9gorie des 75\u00a0kg.<\/p>\n","protected":false},"featured_media":121799,"template":"","tags":[2443,1104411,415984500,415984528,1379432,254749196,713425,20292794],"hof-categories":[],"year-inducted":[],"gender":[23319],"season":[415983968],"sport":[4623732],"game":[31757719,415984561,334881982],"team":[415983652,415983096,415982981],"event":[181822039],"province":[415983157],"class_list":["post-36517","athletes","type-athletes","status-publish","has-post-thumbnail","hentry","tag-canada","tag-equipe-canada","tag-halterophilie","tag-jeux-olympiques-dete","tag-londres-2012","tag-marie-eve-beauchemin-nadeau","tag-rio-2016","tag-toronto-2015","gender-feminin","season-ete","sport-halterophilie","game-2012-londres","game-2016-rio","game-2015-toronto","team-londres-2012-halterophilie","team-rio-2016-halterophilie","team-toronto-2015-halterophilie","event-75-kg-femmes","province-quebec"],"acf":[],"yoast_head":"<!-- This site is optimized with the Yoast SEO plugin v27.3 - https:\/\/yoast.com\/product\/yoast-seo-wordpress\/ -->\n<title>Marie-\u00c8ve Beauchemin-Nadeau - \u00c9quipe Canada | Site officiel de l&#039;\u00e9quipe olympique<\/title>\n<meta name=\"robots\" content=\"index, follow, max-snippet:-1, max-image-preview:large, max-video-preview:-1\" \/>\n<link rel=\"canonical\" href=\"https:\/\/preprod.olympic.ca\/olympique\/team-canada\/marie-eve-beauchemin-nadeau\/\" \/>\n<meta property=\"og:locale\" content=\"fr_FR\" \/>\n<meta property=\"og:type\" content=\"article\" \/>\n<meta property=\"og:title\" content=\"Marie-\u00c8ve Beauchemin-Nadeau - \u00c9quipe Canada | Site officiel de l&#039;\u00e9quipe olympique\" \/>\n<meta property=\"og:description\" content=\"C\u2019est aux Jeux du Commonwealth de 2014 \u00e0 Glasgow que Marie-\u00c8ve Beauchemin-Nadeau a d\u00e9croch\u00e9 sa premi\u00e8re m\u00e9daille d\u2019or lors d\u2019une comp\u00e9tition internationale majeure, quatre ans apr\u00e8s avoir termin\u00e9 2e \u00e0 Delhi, les deux m\u00e9dailles dans la cat\u00e9gorie des 75\u00a0kg.\" \/>\n<meta property=\"og:url\" content=\"https:\/\/preprod.olympic.ca\/olympique\/team-canada\/marie-eve-beauchemin-nadeau\/\" \/>\n<meta property=\"og:site_name\" content=\"\u00c9quipe Canada | Site officiel de l&#039;\u00e9quipe olympique\" \/>\n<meta property=\"article:modified_time\" content=\"2018-07-24T18:05:04+00:00\" \/>\n<meta property=\"og:image\" content=\"https:\/\/preprod.olympic.ca\/olympique\/wp-content\/uploads\/sites\/2\/2012\/07\/beauchemin-nadeau.png\" \/>\n\t<meta property=\"og:image:width\" content=\"1340\" \/>\n\t<meta property=\"og:image:height\" content=\"754\" \/>\n\t<meta property=\"og:image:type\" content=\"image\/png\" \/>\n<meta name=\"twitter:card\" content=\"summary_large_image\" \/>\n<meta name=\"twitter:label1\" content=\"Est. reading time\" \/>\n\t<meta name=\"twitter:data1\" content=\"2 minutes\" \/>\n\t<meta name=\"twitter:label2\" content=\"Written by\" \/>\n\t<meta name=\"twitter:data2\" content=\"cdnolympicteam\" \/>\n<script type=\"application\/ld+json\" class=\"yoast-schema-graph\">{\"@context\":\"https:\\\/\\\/schema.org\",\"@graph\":[{\"@type\":\"WebPage\",\"@id\":\"https:\\\/\\\/preprod.olympic.ca\\\/olympique\\\/team-canada\\\/marie-eve-beauchemin-nadeau\\\/\",\"url\":\"https:\\\/\\\/preprod.olympic.ca\\\/olympique\\\/team-canada\\\/marie-eve-beauchemin-nadeau\\\/\",\"name\":\"Marie-\u00c8ve Beauchemin-Nadeau - \u00c9quipe Canada | Site officiel de l&#039;\u00e9quipe olympique\",\"isPartOf\":{\"@id\":\"https:\\\/\\\/preprod.olympic.ca\\\/olympique\\\/#website\"},\"primaryImageOfPage\":{\"@id\":\"https:\\\/\\\/preprod.olympic.ca\\\/olympique\\\/team-canada\\\/marie-eve-beauchemin-nadeau\\\/#primaryimage\"},\"image\":{\"@id\":\"https:\\\/\\\/preprod.olympic.ca\\\/olympique\\\/team-canada\\\/marie-eve-beauchemin-nadeau\\\/#primaryimage\"},\"thumbnailUrl\":\"https:\\\/\\\/preprod.olympic.ca\\\/olympique\\\/wp-content\\\/uploads\\\/sites\\\/2\\\/2012\\\/07\\\/beauchemin-nadeau.png\",\"datePublished\":\"2012-07-16T19:46:13+00:00\",\"dateModified\":\"2018-07-24T18:05:04+00:00\",\"inLanguage\":\"fr-FR\",\"potentialAction\":[{\"@type\":\"ReadAction\",\"target\":[\"https:\\\/\\\/preprod.olympic.ca\\\/olympique\\\/team-canada\\\/marie-eve-beauchemin-nadeau\\\/\"]}]},{\"@type\":\"ImageObject\",\"inLanguage\":\"fr-FR\",\"@id\":\"https:\\\/\\\/preprod.olympic.ca\\\/olympique\\\/team-canada\\\/marie-eve-beauchemin-nadeau\\\/#primaryimage\",\"url\":\"https:\\\/\\\/preprod.olympic.ca\\\/olympique\\\/wp-content\\\/uploads\\\/sites\\\/2\\\/2012\\\/07\\\/beauchemin-nadeau.png\",\"contentUrl\":\"https:\\\/\\\/preprod.olympic.ca\\\/olympique\\\/wp-content\\\/uploads\\\/sites\\\/2\\\/2012\\\/07\\\/beauchemin-nadeau.png\",\"width\":1340,\"height\":754},{\"@type\":\"WebSite\",\"@id\":\"https:\\\/\\\/preprod.olympic.ca\\\/olympique\\\/#website\",\"url\":\"https:\\\/\\\/preprod.olympic.ca\\\/olympique\\\/\",\"name\":\"\u00c9quipe Canada | Site officiel de l&#039;\u00e9quipe olympique\",\"description\":\"Votre source pour l\u2019\u00c9quipe olympique canadienne. Retrouvez les r\u00e9cits, vid\u00e9os et photos des athl\u00e8tes canadiens, sports olympiques, Jeux olympiques de 2020 et bien plus!\",\"potentialAction\":[{\"@type\":\"SearchAction\",\"target\":{\"@type\":\"EntryPoint\",\"urlTemplate\":\"https:\\\/\\\/preprod.olympic.ca\\\/olympique\\\/?s={search_term_string}\"},\"query-input\":{\"@type\":\"PropertyValueSpecification\",\"valueRequired\":true,\"valueName\":\"search_term_string\"}}],\"inLanguage\":\"fr-FR\"}]}<\/script>\n<!-- \/ Yoast SEO plugin. -->","yoast_head_json":{"title":"Marie-\u00c8ve Beauchemin-Nadeau - \u00c9quipe Canada | Site officiel de l&#039;\u00e9quipe olympique","robots":{"index":"index","follow":"follow","max-snippet":"max-snippet:-1","max-image-preview":"max-image-preview:large","max-video-preview":"max-video-preview:-1"},"canonical":"https:\/\/preprod.olympic.ca\/olympique\/team-canada\/marie-eve-beauchemin-nadeau\/","og_locale":"fr_FR","og_type":"article","og_title":"Marie-\u00c8ve Beauchemin-Nadeau - \u00c9quipe Canada | Site officiel de l&#039;\u00e9quipe olympique","og_description":"C\u2019est aux Jeux du Commonwealth de 2014 \u00e0 Glasgow que Marie-\u00c8ve Beauchemin-Nadeau a d\u00e9croch\u00e9 sa premi\u00e8re m\u00e9daille d\u2019or lors d\u2019une comp\u00e9tition internationale majeure, quatre ans apr\u00e8s avoir termin\u00e9 2e \u00e0 Delhi, les deux m\u00e9dailles dans la cat\u00e9gorie des 75\u00a0kg.","og_url":"https:\/\/preprod.olympic.ca\/olympique\/team-canada\/marie-eve-beauchemin-nadeau\/","og_site_name":"\u00c9quipe Canada | Site officiel de l&#039;\u00e9quipe olympique","article_modified_time":"2018-07-24T18:05:04+00:00","og_image":[{"width":1340,"height":754,"url":"https:\/\/preprod.olympic.ca\/olympique\/wp-content\/uploads\/sites\/2\/2012\/07\/beauchemin-nadeau.png","type":"image\/png"}],"twitter_card":"summary_large_image","twitter_misc":{"Est. reading time":"2 minutes","Written by":"cdnolympicteam"},"schema":{"@context":"https:\/\/schema.org","@graph":[{"@type":"WebPage","@id":"https:\/\/preprod.olympic.ca\/olympique\/team-canada\/marie-eve-beauchemin-nadeau\/","url":"https:\/\/preprod.olympic.ca\/olympique\/team-canada\/marie-eve-beauchemin-nadeau\/","name":"Marie-\u00c8ve Beauchemin-Nadeau - \u00c9quipe Canada | Site officiel de l&#039;\u00e9quipe olympique","isPartOf":{"@id":"https:\/\/preprod.olympic.ca\/olympique\/#website"},"primaryImageOfPage":{"@id":"https:\/\/preprod.olympic.ca\/olympique\/team-canada\/marie-eve-beauchemin-nadeau\/#primaryimage"},"image":{"@id":"https:\/\/preprod.olympic.ca\/olympique\/team-canada\/marie-eve-beauchemin-nadeau\/#primaryimage"},"thumbnailUrl":"https:\/\/preprod.olympic.ca\/olympique\/wp-content\/uploads\/sites\/2\/2012\/07\/beauchemin-nadeau.png","datePublished":"2012-07-16T19:46:13+00:00","dateModified":"2018-07-24T18:05:04+00:00","inLanguage":"fr-FR","potentialAction":[{"@type":"ReadAction","target":["https:\/\/preprod.olympic.ca\/olympique\/team-canada\/marie-eve-beauchemin-nadeau\/"]}]},{"@type":"ImageObject","inLanguage":"fr-FR","@id":"https:\/\/preprod.olympic.ca\/olympique\/team-canada\/marie-eve-beauchemin-nadeau\/#primaryimage","url":"https:\/\/preprod.olympic.ca\/olympique\/wp-content\/uploads\/sites\/2\/2012\/07\/beauchemin-nadeau.png","contentUrl":"https:\/\/preprod.olympic.ca\/olympique\/wp-content\/uploads\/sites\/2\/2012\/07\/beauchemin-nadeau.png","width":1340,"height":754},{"@type":"WebSite","@id":"https:\/\/preprod.olympic.ca\/olympique\/#website","url":"https:\/\/preprod.olympic.ca\/olympique\/","name":"\u00c9quipe Canada | Site officiel de l&#039;\u00e9quipe olympique","description":"Votre source pour l\u2019\u00c9quipe olympique canadienne. Retrouvez les r\u00e9cits, vid\u00e9os et photos des athl\u00e8tes canadiens, sports olympiques, Jeux olympiques de 2020 et bien plus!","potentialAction":[{"@type":"SearchAction","target":{"@type":"EntryPoint","urlTemplate":"https:\/\/preprod.olympic.ca\/olympique\/?s={search_term_string}"},"query-input":{"@type":"PropertyValueSpecification","valueRequired":true,"valueName":"search_term_string"}}],"inLanguage":"fr-FR"}]}},"featured_image_url":"https:\/\/preprod.olympic.ca\/olympique\/wp-content\/uploads\/sites\/2\/2012\/07\/beauchemin-nadeau.png","category_names":[],"tag_names":["Canada","\u00c9quipe canada","Halt\u00e9rophilie","Jeux olympiques d'\u00e9t\u00e9","Londres 2012","Marie-\u00c8ve Beauchemin-Nadeau","Rio 2016","Toronto 2015"],"sport_names":[591],"game_names":["Londres 2012","Rio 2016","Toronto 2015"],"season_names":["\u00c9t\u00e9"],"team_names":["Londres 2012 - Halt\u00e9rophilie","Rio 2016 Halt\u00e9rophilie","Toronto 2015 - Halt\u00e9rophilie"],"province_names":["Qu\u00e9bec"],"social_facebook":"http:\/\/www.facebook.com\/marieeve.beaucheminnadeau","social_twitter":"","social_linkedin":"","social_gplus":"","social_instagram":"me_beauchemin","social_website":"","total_medal_count_gold":"","total_medal_count_silver":"","total_medal_count_bronze":"","athlete_headshot":"https:\/\/preprod.olympic.ca\/wp-content\/uploads\/sites\/2\/2012\/07\/marie-c3a8ve-beachemin-nadeau.jpg?quality=100","athlete_height":"166","athlete_weight":"69","athlete_hometown":"Candiac (Qc)","athlete_birthplace":"Montr\u00e9al (Qc)","coc_gracenote_id":"","athlete_dob":"October 13, 1988","athlete_age":37,"jetpack_sharing_enabled":true,"_links":{"self":[{"href":"https:\/\/preprod.olympic.ca\/olympique\/wp-json\/wp\/v2\/athletes\/36517","targetHints":{"allow":["GET"]}}],"collection":[{"href":"https:\/\/preprod.olympic.ca\/olympique\/wp-json\/wp\/v2\/athletes"}],"about":[{"href":"https:\/\/preprod.olympic.ca\/olympique\/wp-json\/wp\/v2\/types\/athletes"}],"version-history":[{"count":4,"href":"https:\/\/preprod.olympic.ca\/olympique\/wp-json\/wp\/v2\/athletes\/36517\/revisions"}],"predecessor-version":[{"id":141832,"href":"https:\/\/preprod.olympic.ca\/olympique\/wp-json\/wp\/v2\/athletes\/36517\/revisions\/141832"}],"wp:featuredmedia":[{"embeddable":true,"href":"https:\/\/preprod.olympic.ca\/olympique\/wp-json\/wp\/v2\/media\/121799"}],"wp:attachment":[{"href":"https:\/\/preprod.olympic.ca\/olympique\/wp-json\/wp\/v2\/media?parent=36517"}],"wp:term":[{"taxonomy":"post_tag","embeddable":true,"href":"https:\/\/preprod.olympic.ca\/olympique\/wp-json\/wp\/v2\/tags?post=36517"},{"taxonomy":"hof-categories","embeddable":true,"href":"https:\/\/preprod.olympic.ca\/olympique\/wp-json\/wp\/v2\/hof-categories?post=36517"},{"taxonomy":"year-inducted","embeddable":true,"href":"https:\/\/preprod.olympic.ca\/olympique\/wp-json\/wp\/v2\/year-inducted?post=36517"},{"taxonomy":"gender","embeddable":true,"href":"https:\/\/preprod.olympic.ca\/olympique\/wp-json\/wp\/v2\/gender?post=36517"},{"taxonomy":"season","embeddable":true,"href":"https:\/\/preprod.olympic.ca\/olympique\/wp-json\/wp\/v2\/season?post=36517"},{"taxonomy":"sport","embeddable":true,"href":"https:\/\/preprod.olympic.ca\/olympique\/wp-json\/wp\/v2\/sport?post=36517"},{"taxonomy":"game","embeddable":true,"href":"https:\/\/preprod.olympic.ca\/olympique\/wp-json\/wp\/v2\/game?post=36517"},{"taxonomy":"team","embeddable":true,"href":"https:\/\/preprod.olympic.ca\/olympique\/wp-json\/wp\/v2\/team?post=36517"},{"taxonomy":"event","embeddable":true,"href":"https:\/\/preprod.olympic.ca\/olympique\/wp-json\/wp\/v2\/event?post=36517"},{"taxonomy":"province","embeddable":true,"href":"https:\/\/preprod.olympic.ca\/olympique\/wp-json\/wp\/v2\/province?post=36517"}],"curies":[{"name":"wp","href":"https:\/\/api.w.org\/{rel}","templated":true}]}}