{"id":8686,"date":"2011-09-18T22:22:39","date_gmt":"2011-09-19T02:22:39","guid":{"rendered":"http:\/\/preprod.olympic.ca\/team-canada\/oliver-bone-2\/"},"modified":"2021-09-23T21:14:51","modified_gmt":"2021-09-24T01:14:51","slug":"oliver-bone","status":"publish","type":"athletes","link":"https:\/\/preprod.olympic.ca\/olympique\/team-canada\/oliver-bone\/","title":{"rendered":"Oliver Bone"},"content":{"rendered":"<p><span style=\"font-weight: 400\">Oliver Bone a fait sa premi\u00e8re apparition olympique \u00e0 Beijing 2008, dans la cat\u00e9gorie 470 avec St\u00e9phane Locas. Il a poursuivi son parcours international, esp\u00e9rant se qualifier pour Londres 2012, mais il s\u2019est retir\u00e9 en 2011 aux prises avec des difficult\u00e9s de sant\u00e9 mentale. Il a d\u00e9cid\u00e9 \u00e0 l\u2019\u00e9poque qu\u2019il en avait termin\u00e9 avec le sport, afflig\u00e9 par des sentiments d\u2019\u00e9chec et des dettes financi\u00e8res. Il est devenu entra\u00eeneur et a travaill\u00e9 avec de nombreux \u00e9quipages de jeunes, notamment les fr\u00e8res Jacob et Graeme Saunders, qui ont repr\u00e9sent\u00e9 le pays aux Jeux de Rio en 2016 dans la cat\u00e9gorie du 470.&nbsp;<\/span><\/p>\n<p><span style=\"font-weight: 400\">Gr\u00e2ce \u00e0 diff\u00e9rentes formes de traitements, Bone a \u00e9t\u00e9 en mesure de se refaire une sant\u00e9 mentale et il a d\u00e9cid\u00e9 de revenir \u00e0 la comp\u00e9tition apr\u00e8s une absence de neuf ans&#8230; Avant la derni\u00e8re occasion de qualification pour les embarcations nord-am\u00e9ricaines pour Tokyo 2020, il a contact\u00e9 Saunders et ils ont commenc\u00e9 \u00e0 s\u2019entra\u00eener \u00e0 l\u2019automne 2019, pour ensuite participer \u00e0 une premi\u00e8re comp\u00e9tition en janvier 2020, obtenant un classement suffisamment \u00e9lev\u00e9 \u00e0 l\u2019\u00e9tape de la Coupe du monde \u00e0 Miami pour d\u00e9crocher une place olympique pour le Canada au 470. Ils ont particip\u00e9 \u00e0 cette \u00e9preuve avec de l\u2019\u00e9quipement de rechange offert par les Am\u00e9ricains Stu McNay et David Hughes, qui occupaient le premier rang mondial.<\/span><\/p>\n<p><b>\u00c0 propos d\u2019Oliver<\/b><\/p>\n<p><b>D\u00e9buts : <\/b><span style=\"font-weight: 400\">Il a appris \u00e0 faire de la voile \u00e0 l\u2019\u00e2ge de huit ans et a particip\u00e9 \u00e0 ses premi\u00e8res comp\u00e9titions \u00e0 l\u2019\u00e2ge de 14 ans\u2026 Il affirme que ses parents l\u2019ont gard\u00e9 dans le sport en ne le laissant pas abandonner. Il est plus tard tomb\u00e9 en amour avec la voile et il a commenc\u00e9 \u00e0 faire de la comp\u00e9tition\u2026 <\/span><b>Autres int\u00e9r\u00eats :<\/b><span style=\"font-weight: 400\"> Oliver est un sommelier de formation et travaille comme sous-chef\u2026 Il aime le yoga, cuisiner, lire, faire du jogging et de la randonn\u00e9e\u2026 Il \u00e9tudie pour obtenir un baccalaur\u00e9at en commerce de l\u2019Universit\u00e9 St. Mary\u2019s\u2026 <\/span><b>De tout et de rien : <\/b><span style=\"font-weight: 400\">Il est dirig\u00e9 par l\u2019entra\u00eeneur Paul Tingley, un quintuple paralympien et triple m\u00e9daill\u00e9 paralympique\u2026<\/span><\/p>\n","protected":false},"excerpt":{"rendered":"<p>Oliver Bone a fait sa premi\u00e8re apparition olympique \u00e0 Beijing 2008. Apr\u00e8s avoir pris sa retraite en 2011, il a fait son retour en janvier 2020 en \u00e9quipe avec Jacob Saunders.<\/p>\n","protected":false},"featured_media":170083,"template":"","tags":[415987742,11631,1104411,415640233,682164216,57868344,11828],"hof-categories":[],"year-inducted":[],"gender":[42123],"season":[415983968],"sport":[49360],"game":[2184746,193413370],"team":[415983583,682163209],"event":[181822385],"province":[415983157],"class_list":["post-8686","athletes","type-athletes","status-publish","has-post-thumbnail","hentry","tag-415987742","tag-beijing-2008","tag-equipe-canada","tag-jacob-saunders","tag-oliver-bone","tag-tokyo-2020","tag-voile","gender-masculin","season-ete","sport-voile","game-2008-beijing","game-tokyo-2020","team-beijing-2008-voile","team-tokyo-2020-voile","event-deriveur-biplace-hommes","province-quebec"],"acf":[],"yoast_head":"<!-- This site is optimized with the Yoast SEO plugin v27.3 - https:\/\/yoast.com\/product\/yoast-seo-wordpress\/ -->\n<title>Oliver Bone - \u00c9quipe Canada | Site officiel de l&#039;\u00e9quipe olympique<\/title>\n<meta name=\"description\" content=\"Oliver Bone a fait sa premi\u00e8re apparition olympique \u00e0 Beijing 2008. Apr\u00e8s avoir pris sa retraite en 2011, il a fait son retour en janvier 2020 en \u00e9quipe avec Jacob Saunders.\" \/>\n<meta name=\"robots\" content=\"index, follow, max-snippet:-1, max-image-preview:large, max-video-preview:-1\" \/>\n<link rel=\"canonical\" href=\"https:\/\/preprod.olympic.ca\/olympique\/team-canada\/oliver-bone\/\" \/>\n<meta property=\"og:locale\" content=\"fr_FR\" \/>\n<meta property=\"og:type\" content=\"article\" \/>\n<meta property=\"og:title\" content=\"Oliver Bone - \u00c9quipe Canada | Site officiel de l&#039;\u00e9quipe olympique\" \/>\n<meta property=\"og:description\" content=\"Oliver Bone a fait sa premi\u00e8re apparition olympique \u00e0 Beijing 2008. Apr\u00e8s avoir pris sa retraite en 2011, il a fait son retour en janvier 2020 en \u00e9quipe avec Jacob Saunders.\" \/>\n<meta property=\"og:url\" content=\"https:\/\/preprod.olympic.ca\/olympique\/team-canada\/oliver-bone\/\" \/>\n<meta property=\"og:site_name\" content=\"\u00c9quipe Canada | Site officiel de l&#039;\u00e9quipe olympique\" \/>\n<meta property=\"article:modified_time\" content=\"2021-09-24T01:14:51+00:00\" \/>\n<meta name=\"twitter:card\" content=\"summary_large_image\" \/>\n<meta name=\"twitter:image\" content=\"https:\/\/preprod.olympic.ca\/olympique\/wp-content\/uploads\/sites\/2\/2011\/09\/Saunders-Bone-action-4-e1621278210565.jpg?quality=100\" \/>\n<meta name=\"twitter:label1\" content=\"Est. reading time\" \/>\n\t<meta name=\"twitter:data1\" content=\"2 minutes\" \/>\n\t<meta name=\"twitter:label2\" content=\"Written by\" \/>\n\t<meta name=\"twitter:data2\" content=\"Marie-Eve Leclerc\" \/>\n<script type=\"application\/ld+json\" class=\"yoast-schema-graph\">{\"@context\":\"https:\\\/\\\/schema.org\",\"@graph\":[{\"@type\":\"WebPage\",\"@id\":\"https:\\\/\\\/preprod.olympic.ca\\\/olympique\\\/team-canada\\\/oliver-bone\\\/\",\"url\":\"https:\\\/\\\/preprod.olympic.ca\\\/olympique\\\/team-canada\\\/oliver-bone\\\/\",\"name\":\"Oliver Bone - \u00c9quipe Canada | Site officiel de l&#039;\u00e9quipe olympique\",\"isPartOf\":{\"@id\":\"https:\\\/\\\/preprod.olympic.ca\\\/olympique\\\/#website\"},\"primaryImageOfPage\":{\"@id\":\"https:\\\/\\\/preprod.olympic.ca\\\/olympique\\\/team-canada\\\/oliver-bone\\\/#primaryimage\"},\"image\":{\"@id\":\"https:\\\/\\\/preprod.olympic.ca\\\/olympique\\\/team-canada\\\/oliver-bone\\\/#primaryimage\"},\"thumbnailUrl\":\"https:\\\/\\\/preprod.olympic.ca\\\/olympique\\\/wp-content\\\/uploads\\\/sites\\\/2\\\/2011\\\/09\\\/Saunders-Bone-action-4-e1621278210565.jpg?quality=100\",\"datePublished\":\"2011-09-19T02:22:39+00:00\",\"dateModified\":\"2021-09-24T01:14:51+00:00\",\"description\":\"Oliver Bone a fait sa premi\u00e8re apparition olympique \u00e0 Beijing 2008. Apr\u00e8s avoir pris sa retraite en 2011, il a fait son retour en janvier 2020 en \u00e9quipe avec Jacob Saunders.\",\"inLanguage\":\"fr-FR\",\"potentialAction\":[{\"@type\":\"ReadAction\",\"target\":[\"https:\\\/\\\/preprod.olympic.ca\\\/olympique\\\/team-canada\\\/oliver-bone\\\/\"]}]},{\"@type\":\"ImageObject\",\"inLanguage\":\"fr-FR\",\"@id\":\"https:\\\/\\\/preprod.olympic.ca\\\/olympique\\\/team-canada\\\/oliver-bone\\\/#primaryimage\",\"url\":\"https:\\\/\\\/preprod.olympic.ca\\\/olympique\\\/wp-content\\\/uploads\\\/sites\\\/2\\\/2011\\\/09\\\/Saunders-Bone-action-4-e1621278210565.jpg?quality=100\",\"contentUrl\":\"https:\\\/\\\/preprod.olympic.ca\\\/olympique\\\/wp-content\\\/uploads\\\/sites\\\/2\\\/2011\\\/09\\\/Saunders-Bone-action-4-e1621278210565.jpg?quality=100\",\"width\":2160,\"height\":1215,\"caption\":\"2020 Hempel World Cup Series Miami \u00a9 Pedro Martinez \\\/ Sailing Energy 22 January, 2020.\"},{\"@type\":\"WebSite\",\"@id\":\"https:\\\/\\\/preprod.olympic.ca\\\/olympique\\\/#website\",\"url\":\"https:\\\/\\\/preprod.olympic.ca\\\/olympique\\\/\",\"name\":\"\u00c9quipe Canada | Site officiel de l&#039;\u00e9quipe olympique\",\"description\":\"Votre source pour l\u2019\u00c9quipe olympique canadienne. Retrouvez les r\u00e9cits, vid\u00e9os et photos des athl\u00e8tes canadiens, sports olympiques, Jeux olympiques de 2020 et bien plus!\",\"potentialAction\":[{\"@type\":\"SearchAction\",\"target\":{\"@type\":\"EntryPoint\",\"urlTemplate\":\"https:\\\/\\\/preprod.olympic.ca\\\/olympique\\\/?s={search_term_string}\"},\"query-input\":{\"@type\":\"PropertyValueSpecification\",\"valueRequired\":true,\"valueName\":\"search_term_string\"}}],\"inLanguage\":\"fr-FR\"}]}<\/script>\n<!-- \/ Yoast SEO plugin. -->","yoast_head_json":{"title":"Oliver Bone - \u00c9quipe Canada | Site officiel de l&#039;\u00e9quipe olympique","description":"Oliver Bone a fait sa premi\u00e8re apparition olympique \u00e0 Beijing 2008. Apr\u00e8s avoir pris sa retraite en 2011, il a fait son retour en janvier 2020 en \u00e9quipe avec Jacob Saunders.","robots":{"index":"index","follow":"follow","max-snippet":"max-snippet:-1","max-image-preview":"max-image-preview:large","max-video-preview":"max-video-preview:-1"},"canonical":"https:\/\/preprod.olympic.ca\/olympique\/team-canada\/oliver-bone\/","og_locale":"fr_FR","og_type":"article","og_title":"Oliver Bone - \u00c9quipe Canada | Site officiel de l&#039;\u00e9quipe olympique","og_description":"Oliver Bone a fait sa premi\u00e8re apparition olympique \u00e0 Beijing 2008. Apr\u00e8s avoir pris sa retraite en 2011, il a fait son retour en janvier 2020 en \u00e9quipe avec Jacob Saunders.","og_url":"https:\/\/preprod.olympic.ca\/olympique\/team-canada\/oliver-bone\/","og_site_name":"\u00c9quipe Canada | Site officiel de l&#039;\u00e9quipe olympique","article_modified_time":"2021-09-24T01:14:51+00:00","twitter_card":"summary_large_image","twitter_image":"https:\/\/preprod.olympic.ca\/olympique\/wp-content\/uploads\/sites\/2\/2011\/09\/Saunders-Bone-action-4-e1621278210565.jpg?quality=100","twitter_misc":{"Est. reading time":"2 minutes","Written by":"Marie-Eve Leclerc"},"schema":{"@context":"https:\/\/schema.org","@graph":[{"@type":"WebPage","@id":"https:\/\/preprod.olympic.ca\/olympique\/team-canada\/oliver-bone\/","url":"https:\/\/preprod.olympic.ca\/olympique\/team-canada\/oliver-bone\/","name":"Oliver Bone - \u00c9quipe Canada | Site officiel de l&#039;\u00e9quipe olympique","isPartOf":{"@id":"https:\/\/preprod.olympic.ca\/olympique\/#website"},"primaryImageOfPage":{"@id":"https:\/\/preprod.olympic.ca\/olympique\/team-canada\/oliver-bone\/#primaryimage"},"image":{"@id":"https:\/\/preprod.olympic.ca\/olympique\/team-canada\/oliver-bone\/#primaryimage"},"thumbnailUrl":"https:\/\/preprod.olympic.ca\/olympique\/wp-content\/uploads\/sites\/2\/2011\/09\/Saunders-Bone-action-4-e1621278210565.jpg?quality=100","datePublished":"2011-09-19T02:22:39+00:00","dateModified":"2021-09-24T01:14:51+00:00","description":"Oliver Bone a fait sa premi\u00e8re apparition olympique \u00e0 Beijing 2008. Apr\u00e8s avoir pris sa retraite en 2011, il a fait son retour en janvier 2020 en \u00e9quipe avec Jacob Saunders.","inLanguage":"fr-FR","potentialAction":[{"@type":"ReadAction","target":["https:\/\/preprod.olympic.ca\/olympique\/team-canada\/oliver-bone\/"]}]},{"@type":"ImageObject","inLanguage":"fr-FR","@id":"https:\/\/preprod.olympic.ca\/olympique\/team-canada\/oliver-bone\/#primaryimage","url":"https:\/\/preprod.olympic.ca\/olympique\/wp-content\/uploads\/sites\/2\/2011\/09\/Saunders-Bone-action-4-e1621278210565.jpg?quality=100","contentUrl":"https:\/\/preprod.olympic.ca\/olympique\/wp-content\/uploads\/sites\/2\/2011\/09\/Saunders-Bone-action-4-e1621278210565.jpg?quality=100","width":2160,"height":1215,"caption":"2020 Hempel World Cup Series Miami \u00a9 Pedro Martinez \/ Sailing Energy 22 January, 2020."},{"@type":"WebSite","@id":"https:\/\/preprod.olympic.ca\/olympique\/#website","url":"https:\/\/preprod.olympic.ca\/olympique\/","name":"\u00c9quipe Canada | Site officiel de l&#039;\u00e9quipe olympique","description":"Votre source pour l\u2019\u00c9quipe olympique canadienne. Retrouvez les r\u00e9cits, vid\u00e9os et photos des athl\u00e8tes canadiens, sports olympiques, Jeux olympiques de 2020 et bien plus!","potentialAction":[{"@type":"SearchAction","target":{"@type":"EntryPoint","urlTemplate":"https:\/\/preprod.olympic.ca\/olympique\/?s={search_term_string}"},"query-input":{"@type":"PropertyValueSpecification","valueRequired":true,"valueName":"search_term_string"}}],"inLanguage":"fr-FR"}]}},"featured_image_url":"https:\/\/preprod.olympic.ca\/olympique\/wp-content\/uploads\/sites\/2\/2011\/09\/Saunders-Bone-action-4-e1621278210565.jpg?quality=100","category_names":[],"tag_names":["470","beijing 2008","\u00c9quipe canada","Jacob Saunders","oliver bone","Tokyo 2020","Voile"],"sport_names":[520],"game_names":["Beijing 2008","Tokyo 2020"],"season_names":["\u00c9t\u00e9"],"team_names":["Beijing 2008 - Voile","Tokyo 2020 Voile"],"province_names":["Qu\u00e9bec"],"social_facebook":"","social_twitter":"","social_linkedin":"","social_gplus":"","social_instagram":"oliverbone_oly","social_website":"","total_medal_count_gold":"","total_medal_count_silver":"","total_medal_count_bronze":"","athlete_headshot":"https:\/\/olympique.ca\/wp-content\/uploads\/sites\/2\/2011\/09\/OLIVER_BONE.jpg?quality=100","athlete_height":"180","athlete_weight":"","athlete_hometown":"Montr\u00e9al, Qu\u00e9bec","athlete_birthplace":"Montr\u00e9al, Quebec","coc_gracenote_id":"","athlete_dob":"April 29, 1981","athlete_age":"","jetpack_sharing_enabled":true,"_links":{"self":[{"href":"https:\/\/preprod.olympic.ca\/olympique\/wp-json\/wp\/v2\/athletes\/8686","targetHints":{"allow":["GET"]}}],"collection":[{"href":"https:\/\/preprod.olympic.ca\/olympique\/wp-json\/wp\/v2\/athletes"}],"about":[{"href":"https:\/\/preprod.olympic.ca\/olympique\/wp-json\/wp\/v2\/types\/athletes"}],"version-history":[{"count":0,"href":"https:\/\/preprod.olympic.ca\/olympique\/wp-json\/wp\/v2\/athletes\/8686\/revisions"}],"wp:featuredmedia":[{"embeddable":true,"href":"https:\/\/preprod.olympic.ca\/olympique\/wp-json\/wp\/v2\/media\/170083"}],"wp:attachment":[{"href":"https:\/\/preprod.olympic.ca\/olympique\/wp-json\/wp\/v2\/media?parent=8686"}],"wp:term":[{"taxonomy":"post_tag","embeddable":true,"href":"https:\/\/preprod.olympic.ca\/olympique\/wp-json\/wp\/v2\/tags?post=8686"},{"taxonomy":"hof-categories","embeddable":true,"href":"https:\/\/preprod.olympic.ca\/olympique\/wp-json\/wp\/v2\/hof-categories?post=8686"},{"taxonomy":"year-inducted","embeddable":true,"href":"https:\/\/preprod.olympic.ca\/olympique\/wp-json\/wp\/v2\/year-inducted?post=8686"},{"taxonomy":"gender","embeddable":true,"href":"https:\/\/preprod.olympic.ca\/olympique\/wp-json\/wp\/v2\/gender?post=8686"},{"taxonomy":"season","embeddable":true,"href":"https:\/\/preprod.olympic.ca\/olympique\/wp-json\/wp\/v2\/season?post=8686"},{"taxonomy":"sport","embeddable":true,"href":"https:\/\/preprod.olympic.ca\/olympique\/wp-json\/wp\/v2\/sport?post=8686"},{"taxonomy":"game","embeddable":true,"href":"https:\/\/preprod.olympic.ca\/olympique\/wp-json\/wp\/v2\/game?post=8686"},{"taxonomy":"team","embeddable":true,"href":"https:\/\/preprod.olympic.ca\/olympique\/wp-json\/wp\/v2\/team?post=8686"},{"taxonomy":"event","embeddable":true,"href":"https:\/\/preprod.olympic.ca\/olympique\/wp-json\/wp\/v2\/event?post=8686"},{"taxonomy":"province","embeddable":true,"href":"https:\/\/preprod.olympic.ca\/olympique\/wp-json\/wp\/v2\/province?post=8686"}],"curies":[{"name":"wp","href":"https:\/\/api.w.org\/{rel}","templated":true}]}}