{"id":8738,"date":"2011-09-18T22:22:52","date_gmt":"2011-09-19T02:22:52","guid":{"rendered":"http:\/\/preprod.olympic.ca\/team-canada\/elise-marcotte-2\/"},"modified":"2019-02-06T09:56:21","modified_gmt":"2019-02-06T14:56:21","slug":"elise-marcotte","status":"publish","type":"athletes","link":"https:\/\/preprod.olympic.ca\/olympique\/team-canada\/elise-marcotte\/","title":{"rendered":"\u00c9lise Marcotte"},"content":{"rendered":"<p>La double olympienne \u00c9lise Marcotte a fait son entr\u00e9e sur la sc\u00e8ne olympique \u00e0 <a href=\"http:\/\/olympique.ca\/jeux\/2008-beijing\/\" target=\"_blank\" rel=\"noopener\">Beijing 2008<\/a> o\u00f9 elle a conclu la comp\u00e9tition de nage synchronis\u00e9e au quatri\u00e8me rang de l\u2019\u00e9preuve par \u00e9quipes.<\/p>\n<p>Elle a concouru \u00e0 ses deuxi\u00e8mes <a href=\"https:\/\/olympique.ca\/jeux\/2012-londres\/\" target=\"_blank\" rel=\"noopener\">Jeux olympiques en 2012, \u00e0 Londres<\/a>, o\u00f9 elle a termin\u00e9 au pied du podium avec sa partenaire <a href=\"http:\/\/olympique.ca\/team-canada\/marie-pier-boudreau-gagnon\/\" target=\"_blank\" rel=\"noopener\">Marie-Pier Boudreau Gagnon<\/a> ainsi qu\u2019\u00e0 l\u2019\u00e9preuve par \u00e9quipes. Au lendemain de Londres 2012, \u00c9lise a annonc\u00e9 sa retraite apr\u00e8s avoir pass\u00e9 sept ans au sein de l\u2019\u00e9quipe nationale.<\/p>\n<p>\u00c9lise est double m\u00e9daill\u00e9e d\u2019or des Jeux panam\u00e9ricains de 2011 \u00e0 Guadalajara o\u00f9 elle avait termin\u00e9 \u00e0 la premi\u00e8re place en \u00e9quipe et en duo avec sa partenaire Marie-Pier Boudreau Gagnon, ce qui a permis la qualification du Canada dans les deux \u00e9preuves pour Londres 2012. Elle avait aussi particip\u00e9 aux jeux panam\u00e9ricains de 2007 \u00e0 Rio, remportant la m\u00e9daille d\u2019argent \u00e0 l\u2019\u00e9preuve par \u00e9quipes.<\/p>\n<p>\u00c9lise faisait \u00e9galement partie de la formation qui a termin\u00e9 en quatri\u00e8me place en duo et en \u00e9quipe aux Championnats mondiaux aquatiques FINA de 2011, conservant le rang de l\u2019\u00e9quipe de 2009, tout en am\u00e9liorant sa sixi\u00e8me place en duo. Elle a aid\u00e9 l\u2019\u00e9quipe \u00e0 remporter le bronze aux Mondiaux de la FINA en 2009 et 2011 dans les deux \u00e9preuves.<\/p>\n<p>Aux Jeux du Commonwealth de 2010 \u00e0 Delhi, auxquels elle a particip\u00e9 en tant que substitut, \u00c9lise a gagn\u00e9 l\u2019or en duo. Plus t\u00f4t durant la m\u00eame ann\u00e9e, elle avait d\u00e9croch\u00e9 le bronze \u00e0 l\u2019\u00e9preuve par \u00e9quipes \u00e0 la Coupe du monde FINA. En 2005, elle a remport\u00e9 la m\u00e9daille d\u2019or et deux m\u00e9dailles d\u2019argent aux Championnats juniors panam\u00e9ricains aux \u00e9preuves par \u00e9quipes, en duo et en solo.<\/p>\n<p>Parfaitement bilingue, \u00c9lise Marcotte poss\u00e8de un baccalaur\u00e9at en marketing de l\u2019Universit\u00e9 du Qu\u00e9bec \u00e0 Montr\u00e9al (UQAM) et une ma\u00eetrise en marketing des HEC Montr\u00e9al. Apr\u00e8s avoir pris sa retraite de l\u2019\u00e9quipe nationale, elle a travaill\u00e9 en tant que vice-pr\u00e9sidente, Marketing dans une jeune entreprise, Mission Graduation, et a fond\u00e9 l\u2019Acad\u00e9mie de Synchro. C\u2019est \u00e0 ce moment qu\u2019elle a lanc\u00e9 une initiative permettant aux olympiens d\u2019appuyer la rel\u00e8ve par une s\u00e9rie de s\u00e9minaires pour les athl\u00e8tes allant du niveau provincial au niveau international.<\/p>\n<p>\u00c0 l\u2019\u00e9t\u00e9 2013, elle a particip\u00e9 \u00e0 l\u2019Acad\u00e9mie internationale olympique, en Gr\u00e8ce, o\u00f9 elle a \u00e9tudi\u00e9 l\u2019olympisme aux c\u00f4t\u00e9s de repr\u00e9sentants de plus de 95 pays. En janvier 2015, elle a \u00e9t\u00e9 engag\u00e9e comme responsable des communications \u00e0 l\u2019Institut canadien du sport de Calgary.<\/p>\n","protected":false},"excerpt":{"rendered":"<p>La double olympienne \u00c9lise Marcotte a fait son entr\u00e9e sur la sc\u00e8ne olympique \u00e0 Beijing 2008 o\u00f9 elle a conclu la comp\u00e9tition de nage synchronis\u00e9e au quatri\u00e8me rang de l\u2019\u00e9preuve par \u00e9quipes.<\/p>\n","protected":false},"featured_media":100851,"template":"","tags":[415986548,415987910,11631,78690851,1104411,739228,1379432,40176239,415983004,415987984,1789546],"hof-categories":[],"year-inducted":[],"gender":[23319],"season":[415983968],"sport":[181823654],"game":[2184746,31757719],"team":[415983225,415983226],"event":[181822471,181822490],"province":[415983157],"class_list":["post-8738","athletes","type-athletes","status-publish","has-post-thumbnail","hentry","tag-athlete","tag-athlete-olympique","tag-beijing-2008","tag-elise-marcotte","tag-equipe-canada","tag-jeux-olympiques","tag-londres-2012","tag-marie-pier-boudreau-gagnon","tag-nage-synchronisee","tag-natation-artistique","tag-olympiques","gender-feminin","season-ete","sport-sports-aquatiques-nage-synchronisee","game-2008-beijing","game-2012-londres","team-beijing-2008-nage-synchronisee","team-londres-2012-nage-synchronisee","event-duo-femmes","event-equipes-femmes","province-quebec"],"acf":[],"yoast_head":"<!-- This site is optimized with the Yoast SEO plugin v27.3 - https:\/\/yoast.com\/product\/yoast-seo-wordpress\/ -->\n<title>\u00c9lise Marcotte - \u00c9quipe Canada | Site officiel de l&#039;\u00e9quipe olympique<\/title>\n<meta name=\"robots\" content=\"index, follow, max-snippet:-1, max-image-preview:large, max-video-preview:-1\" \/>\n<link rel=\"canonical\" href=\"https:\/\/preprod.olympic.ca\/olympique\/team-canada\/elise-marcotte\/\" \/>\n<meta property=\"og:locale\" content=\"fr_FR\" \/>\n<meta property=\"og:type\" content=\"article\" \/>\n<meta property=\"og:title\" content=\"\u00c9lise Marcotte - \u00c9quipe Canada | Site officiel de l&#039;\u00e9quipe olympique\" \/>\n<meta property=\"og:description\" content=\"La double olympienne \u00c9lise Marcotte a fait son entr\u00e9e sur la sc\u00e8ne olympique \u00e0 Beijing 2008 o\u00f9 elle a conclu la comp\u00e9tition de nage synchronis\u00e9e au quatri\u00e8me rang de l\u2019\u00e9preuve par \u00e9quipes.\" \/>\n<meta property=\"og:url\" content=\"https:\/\/preprod.olympic.ca\/olympique\/team-canada\/elise-marcotte\/\" \/>\n<meta property=\"og:site_name\" content=\"\u00c9quipe Canada | Site officiel de l&#039;\u00e9quipe olympique\" \/>\n<meta property=\"article:modified_time\" content=\"2019-02-06T14:56:21+00:00\" \/>\n<meta property=\"og:image\" content=\"https:\/\/preprod.olympic.ca\/olympique\/wp-content\/uploads\/sites\/2\/2011\/09\/capture-d_ecc81cran-2015-03-12-acc80-9-07-03-pm.png\" \/>\n\t<meta property=\"og:image:width\" content=\"900\" \/>\n\t<meta property=\"og:image:height\" content=\"505\" \/>\n\t<meta property=\"og:image:type\" content=\"image\/png\" \/>\n<meta name=\"twitter:card\" content=\"summary_large_image\" \/>\n<meta name=\"twitter:label1\" content=\"Est. reading time\" \/>\n\t<meta name=\"twitter:data1\" content=\"2 minutes\" \/>\n\t<meta name=\"twitter:label2\" content=\"Written by\" \/>\n\t<meta name=\"twitter:data2\" content=\"cdnolympicteam\" \/>\n<script type=\"application\/ld+json\" class=\"yoast-schema-graph\">{\"@context\":\"https:\\\/\\\/schema.org\",\"@graph\":[{\"@type\":\"WebPage\",\"@id\":\"https:\\\/\\\/preprod.olympic.ca\\\/olympique\\\/team-canada\\\/elise-marcotte\\\/\",\"url\":\"https:\\\/\\\/preprod.olympic.ca\\\/olympique\\\/team-canada\\\/elise-marcotte\\\/\",\"name\":\"\u00c9lise Marcotte - \u00c9quipe Canada | Site officiel de l&#039;\u00e9quipe olympique\",\"isPartOf\":{\"@id\":\"https:\\\/\\\/preprod.olympic.ca\\\/olympique\\\/#website\"},\"primaryImageOfPage\":{\"@id\":\"https:\\\/\\\/preprod.olympic.ca\\\/olympique\\\/team-canada\\\/elise-marcotte\\\/#primaryimage\"},\"image\":{\"@id\":\"https:\\\/\\\/preprod.olympic.ca\\\/olympique\\\/team-canada\\\/elise-marcotte\\\/#primaryimage\"},\"thumbnailUrl\":\"https:\\\/\\\/preprod.olympic.ca\\\/olympique\\\/wp-content\\\/uploads\\\/sites\\\/2\\\/2011\\\/09\\\/capture-d_ecc81cran-2015-03-12-acc80-9-07-03-pm.png\",\"datePublished\":\"2011-09-19T02:22:52+00:00\",\"dateModified\":\"2019-02-06T14:56:21+00:00\",\"inLanguage\":\"fr-FR\",\"potentialAction\":[{\"@type\":\"ReadAction\",\"target\":[\"https:\\\/\\\/preprod.olympic.ca\\\/olympique\\\/team-canada\\\/elise-marcotte\\\/\"]}]},{\"@type\":\"ImageObject\",\"inLanguage\":\"fr-FR\",\"@id\":\"https:\\\/\\\/preprod.olympic.ca\\\/olympique\\\/team-canada\\\/elise-marcotte\\\/#primaryimage\",\"url\":\"https:\\\/\\\/preprod.olympic.ca\\\/olympique\\\/wp-content\\\/uploads\\\/sites\\\/2\\\/2011\\\/09\\\/capture-d_ecc81cran-2015-03-12-acc80-9-07-03-pm.png\",\"contentUrl\":\"https:\\\/\\\/preprod.olympic.ca\\\/olympique\\\/wp-content\\\/uploads\\\/sites\\\/2\\\/2011\\\/09\\\/capture-d_ecc81cran-2015-03-12-acc80-9-07-03-pm.png\",\"width\":900,\"height\":505},{\"@type\":\"WebSite\",\"@id\":\"https:\\\/\\\/preprod.olympic.ca\\\/olympique\\\/#website\",\"url\":\"https:\\\/\\\/preprod.olympic.ca\\\/olympique\\\/\",\"name\":\"\u00c9quipe Canada | Site officiel de l&#039;\u00e9quipe olympique\",\"description\":\"Votre source pour l\u2019\u00c9quipe olympique canadienne. Retrouvez les r\u00e9cits, vid\u00e9os et photos des athl\u00e8tes canadiens, sports olympiques, Jeux olympiques de 2020 et bien plus!\",\"potentialAction\":[{\"@type\":\"SearchAction\",\"target\":{\"@type\":\"EntryPoint\",\"urlTemplate\":\"https:\\\/\\\/preprod.olympic.ca\\\/olympique\\\/?s={search_term_string}\"},\"query-input\":{\"@type\":\"PropertyValueSpecification\",\"valueRequired\":true,\"valueName\":\"search_term_string\"}}],\"inLanguage\":\"fr-FR\"}]}<\/script>\n<!-- \/ Yoast SEO plugin. -->","yoast_head_json":{"title":"\u00c9lise Marcotte - \u00c9quipe Canada | Site officiel de l&#039;\u00e9quipe olympique","robots":{"index":"index","follow":"follow","max-snippet":"max-snippet:-1","max-image-preview":"max-image-preview:large","max-video-preview":"max-video-preview:-1"},"canonical":"https:\/\/preprod.olympic.ca\/olympique\/team-canada\/elise-marcotte\/","og_locale":"fr_FR","og_type":"article","og_title":"\u00c9lise Marcotte - \u00c9quipe Canada | Site officiel de l&#039;\u00e9quipe olympique","og_description":"La double olympienne \u00c9lise Marcotte a fait son entr\u00e9e sur la sc\u00e8ne olympique \u00e0 Beijing 2008 o\u00f9 elle a conclu la comp\u00e9tition de nage synchronis\u00e9e au quatri\u00e8me rang de l\u2019\u00e9preuve par \u00e9quipes.","og_url":"https:\/\/preprod.olympic.ca\/olympique\/team-canada\/elise-marcotte\/","og_site_name":"\u00c9quipe Canada | Site officiel de l&#039;\u00e9quipe olympique","article_modified_time":"2019-02-06T14:56:21+00:00","og_image":[{"width":900,"height":505,"url":"https:\/\/preprod.olympic.ca\/olympique\/wp-content\/uploads\/sites\/2\/2011\/09\/capture-d_ecc81cran-2015-03-12-acc80-9-07-03-pm.png","type":"image\/png"}],"twitter_card":"summary_large_image","twitter_misc":{"Est. reading time":"2 minutes","Written by":"cdnolympicteam"},"schema":{"@context":"https:\/\/schema.org","@graph":[{"@type":"WebPage","@id":"https:\/\/preprod.olympic.ca\/olympique\/team-canada\/elise-marcotte\/","url":"https:\/\/preprod.olympic.ca\/olympique\/team-canada\/elise-marcotte\/","name":"\u00c9lise Marcotte - \u00c9quipe Canada | Site officiel de l&#039;\u00e9quipe olympique","isPartOf":{"@id":"https:\/\/preprod.olympic.ca\/olympique\/#website"},"primaryImageOfPage":{"@id":"https:\/\/preprod.olympic.ca\/olympique\/team-canada\/elise-marcotte\/#primaryimage"},"image":{"@id":"https:\/\/preprod.olympic.ca\/olympique\/team-canada\/elise-marcotte\/#primaryimage"},"thumbnailUrl":"https:\/\/preprod.olympic.ca\/olympique\/wp-content\/uploads\/sites\/2\/2011\/09\/capture-d_ecc81cran-2015-03-12-acc80-9-07-03-pm.png","datePublished":"2011-09-19T02:22:52+00:00","dateModified":"2019-02-06T14:56:21+00:00","inLanguage":"fr-FR","potentialAction":[{"@type":"ReadAction","target":["https:\/\/preprod.olympic.ca\/olympique\/team-canada\/elise-marcotte\/"]}]},{"@type":"ImageObject","inLanguage":"fr-FR","@id":"https:\/\/preprod.olympic.ca\/olympique\/team-canada\/elise-marcotte\/#primaryimage","url":"https:\/\/preprod.olympic.ca\/olympique\/wp-content\/uploads\/sites\/2\/2011\/09\/capture-d_ecc81cran-2015-03-12-acc80-9-07-03-pm.png","contentUrl":"https:\/\/preprod.olympic.ca\/olympique\/wp-content\/uploads\/sites\/2\/2011\/09\/capture-d_ecc81cran-2015-03-12-acc80-9-07-03-pm.png","width":900,"height":505},{"@type":"WebSite","@id":"https:\/\/preprod.olympic.ca\/olympique\/#website","url":"https:\/\/preprod.olympic.ca\/olympique\/","name":"\u00c9quipe Canada | Site officiel de l&#039;\u00e9quipe olympique","description":"Votre source pour l\u2019\u00c9quipe olympique canadienne. Retrouvez les r\u00e9cits, vid\u00e9os et photos des athl\u00e8tes canadiens, sports olympiques, Jeux olympiques de 2020 et bien plus!","potentialAction":[{"@type":"SearchAction","target":{"@type":"EntryPoint","urlTemplate":"https:\/\/preprod.olympic.ca\/olympique\/?s={search_term_string}"},"query-input":{"@type":"PropertyValueSpecification","valueRequired":true,"valueName":"search_term_string"}}],"inLanguage":"fr-FR"}]}},"featured_image_url":"https:\/\/preprod.olympic.ca\/olympique\/wp-content\/uploads\/sites\/2\/2011\/09\/capture-d_ecc81cran-2015-03-12-acc80-9-07-03-pm.png","category_names":[],"tag_names":["athl\u00e8te","Athl\u00e8te olympique","beijing 2008","Elise Marcotte","\u00c9quipe canada","Jeux Olympiques","Londres 2012","Marie-Pier Boudreau-Gagnon","nage synchronis\u00e9e","Natation artistique","Olympiques"],"sport_names":[],"game_names":["Beijing 2008","Londres 2012"],"season_names":["\u00c9t\u00e9"],"team_names":["Beijing 2008 - Nage synchronis\u00e9e","Londres 2012 Nage synchronis\u00e9e"],"province_names":["Qu\u00e9bec"],"social_facebook":"","social_twitter":"EliseMarcotte","social_linkedin":"","social_gplus":"","social_instagram":"","social_website":"","total_medal_count_gold":"","total_medal_count_silver":"","total_medal_count_bronze":"","athlete_headshot":"https:\/\/preprod.olympic.ca\/wp-content\/uploads\/sites\/2\/2011\/09\/marcotte_elise-nage-synchronisecc81e.jpg?quality=100","athlete_height":"171","athlete_weight":"56","athlete_hometown":"Qu\u00e9bec, QC","athlete_birthplace":"L'Ancienne-Lorette, QC","coc_gracenote_id":"","athlete_dob":"September 27, 1988","athlete_age":37,"jetpack_sharing_enabled":true,"_links":{"self":[{"href":"https:\/\/preprod.olympic.ca\/olympique\/wp-json\/wp\/v2\/athletes\/8738","targetHints":{"allow":["GET"]}}],"collection":[{"href":"https:\/\/preprod.olympic.ca\/olympique\/wp-json\/wp\/v2\/athletes"}],"about":[{"href":"https:\/\/preprod.olympic.ca\/olympique\/wp-json\/wp\/v2\/types\/athletes"}],"version-history":[{"count":1,"href":"https:\/\/preprod.olympic.ca\/olympique\/wp-json\/wp\/v2\/athletes\/8738\/revisions"}],"predecessor-version":[{"id":149885,"href":"https:\/\/preprod.olympic.ca\/olympique\/wp-json\/wp\/v2\/athletes\/8738\/revisions\/149885"}],"wp:featuredmedia":[{"embeddable":true,"href":"https:\/\/preprod.olympic.ca\/olympique\/wp-json\/wp\/v2\/media\/100851"}],"wp:attachment":[{"href":"https:\/\/preprod.olympic.ca\/olympique\/wp-json\/wp\/v2\/media?parent=8738"}],"wp:term":[{"taxonomy":"post_tag","embeddable":true,"href":"https:\/\/preprod.olympic.ca\/olympique\/wp-json\/wp\/v2\/tags?post=8738"},{"taxonomy":"hof-categories","embeddable":true,"href":"https:\/\/preprod.olympic.ca\/olympique\/wp-json\/wp\/v2\/hof-categories?post=8738"},{"taxonomy":"year-inducted","embeddable":true,"href":"https:\/\/preprod.olympic.ca\/olympique\/wp-json\/wp\/v2\/year-inducted?post=8738"},{"taxonomy":"gender","embeddable":true,"href":"https:\/\/preprod.olympic.ca\/olympique\/wp-json\/wp\/v2\/gender?post=8738"},{"taxonomy":"season","embeddable":true,"href":"https:\/\/preprod.olympic.ca\/olympique\/wp-json\/wp\/v2\/season?post=8738"},{"taxonomy":"sport","embeddable":true,"href":"https:\/\/preprod.olympic.ca\/olympique\/wp-json\/wp\/v2\/sport?post=8738"},{"taxonomy":"game","embeddable":true,"href":"https:\/\/preprod.olympic.ca\/olympique\/wp-json\/wp\/v2\/game?post=8738"},{"taxonomy":"team","embeddable":true,"href":"https:\/\/preprod.olympic.ca\/olympique\/wp-json\/wp\/v2\/team?post=8738"},{"taxonomy":"event","embeddable":true,"href":"https:\/\/preprod.olympic.ca\/olympique\/wp-json\/wp\/v2\/event?post=8738"},{"taxonomy":"province","embeddable":true,"href":"https:\/\/preprod.olympic.ca\/olympique\/wp-json\/wp\/v2\/province?post=8738"}],"curies":[{"name":"wp","href":"https:\/\/api.w.org\/{rel}","templated":true}]}}