{"id":89622,"date":"2014-01-07T10:55:38","date_gmt":"2014-01-07T15:55:38","guid":{"rendered":"http:\/\/olympique.ca\/?post_type=athletes&#038;p=89622"},"modified":"2014-03-19T16:07:49","modified_gmt":"2014-03-19T20:07:49","slug":"jeff-carter","status":"publish","type":"athletes","link":"https:\/\/preprod.olympic.ca\/olympique\/team-canada\/jeff-carter\/","title":{"rendered":"Jeff Carter"},"content":{"rendered":"<p><a href=\"http:\/\/preprod.olympic.ca\/wp-content\/uploads\/sites\/2\/2014\/01\/carter_jeff.jpg\"><img loading=\"lazy\" decoding=\"async\" class=\"alignleft  wp-image-89630\" alt=\"CARTER_Jeff\" src=\"http:\/\/preprod.olympic.ca\/wp-content\/uploads\/sites\/2\/2014\/01\/carter_jeff.jpg?w=281\" width=\"197\" height=\"260\" srcset=\"https:\/\/preprod.olympic.ca\/olympique\/wp-content\/uploads\/sites\/2\/2014\/01\/carter_jeff.jpg 1017w, https:\/\/preprod.olympic.ca\/olympique\/wp-content\/uploads\/sites\/2\/2014\/01\/carter_jeff.jpg?resize=120,158 120w, https:\/\/preprod.olympic.ca\/olympique\/wp-content\/uploads\/sites\/2\/2014\/01\/carter_jeff.jpg?resize=282,371 282w, https:\/\/preprod.olympic.ca\/olympique\/wp-content\/uploads\/sites\/2\/2014\/01\/carter_jeff.jpg?resize=768,1011 768w, https:\/\/preprod.olympic.ca\/olympique\/wp-content\/uploads\/sites\/2\/2014\/01\/carter_jeff.jpg?resize=573,754 573w\" sizes=\"(max-width: 197px) 100vw, 197px\" \/><\/a>Il s\u2019en est fallu de peu que Jeff Carter fasse ses d\u00e9buts olympiques \u00e0 Vancouver 2010, o\u00f9 il attendait dans les coulisses comme rempla\u00e7ant en cas de blessure; mais \u00c9quipe Canada n\u2019a finalement pas fait appel \u00e0 ses services. Il s\u2019est toutefois taill\u00e9 une place au sein de l\u2019\u00e9quipe nationale masculine une seule fois, soit aux Championnats du monde de l\u2019IIHF de 2006, o\u00f9 le Canada a obtenu la quatri\u00e8me place.<\/p>\n<p>Jeff Carter a endoss\u00e9 l\u2019uniforme de la redoutable formation nationale \u00e0 deux reprises\u00a0: aux Championnats du monde de hockey junior de l\u2019IIHF en 2004 et en 2005, ann\u00e9es o\u00f9 le Canada a remport\u00e9 la m\u00e9daille d\u2019argent et la m\u00e9daille d\u2019or respectivement. Carter a termin\u00e9 sa carri\u00e8re chez les moins de 20 ans avec 12 buts sur la sc\u00e8ne du hockey mondial junior. Il a aussi gagn\u00e9 une m\u00e9daille d\u2019or aux Championnats du monde de hockey des moins de 18 ans de l\u2019IIHF de 2003.<\/p>\n<h2>FAITS SAILLANTS EN CARRI\u00c8RE<\/h2>\n<p>Champion olympique de 2014.\u00a0Champion de la Coupe du monde de 2012. Champion du monde junior de 2005.<\/p>\n<h2>\u00c0 PROPOS DE L\u2019ATHL\u00c8TE<\/h2>\n<p>Ses parents s\u2019appellent Jim et Sue, et il a une s\u0153ur nomm\u00e9e Christine. Son surnom\u00a0: Carts. Joueur favori de la LNH quand il \u00e9tait jeune\u00a0: Doug Gilmour. \u00c9quipe favorite quand il \u00e9tait jeune\u00a0: les Maple Leafs de Toronto. Il est mont\u00e9 sur sc\u00e8ne pendant un concert donn\u00e9 par Kid Rock. Il est fervent amateur du circuit de course automobile NASCAR et du pilote Kevin Harvick. \u00c9mission de t\u00e9l\u00e9vision favorite\u00a0: <i>Mon oncle Charlie<\/i>. Il aime faire du bateau.<\/p>\n<h2>PALMARES INTERNATIONAL<\/h2>\n<p>Championnats du monde de l\u2019IIHF\u00a0: <b>2006<\/b> \u2013 4<sup>e<\/sup><\/p>\n","protected":false},"excerpt":{"rendered":"<p>Il s\u2019en est fallu de peu que Jeff Carter fasse ses d\u00e9buts olympiques \u00e0 Vancouver 2010, o\u00f9 il attendait dans&#8230;<\/p>\n","protected":false},"featured_media":89714,"template":"","tags":[23694705],"hof-categories":[],"year-inducted":[],"gender":[42123],"season":[],"sport":[891977],"game":[191933058],"team":[209268884],"event":[46639],"province":[],"class_list":["post-89622","athletes","type-athletes","status-publish","has-post-thumbnail","hentry","tag-hockey-masculin","gender-masculin","sport-hockey-sur-glace","game-2014-sotchi","team-sotchi-2014-hockey-sur-glace-masculin","event-hommes"],"acf":[],"yoast_head":"<!-- This site is optimized with the Yoast SEO plugin v27.3 - https:\/\/yoast.com\/product\/yoast-seo-wordpress\/ -->\n<title>Jeff Carter - \u00c9quipe Canada | Site officiel de l&#039;\u00e9quipe olympique<\/title>\n<meta name=\"robots\" content=\"index, follow, max-snippet:-1, max-image-preview:large, max-video-preview:-1\" \/>\n<link rel=\"canonical\" href=\"https:\/\/preprod.olympic.ca\/olympique\/team-canada\/jeff-carter\/\" \/>\n<meta property=\"og:locale\" content=\"fr_FR\" \/>\n<meta property=\"og:type\" content=\"article\" \/>\n<meta property=\"og:title\" content=\"Jeff Carter - \u00c9quipe Canada | Site officiel de l&#039;\u00e9quipe olympique\" \/>\n<meta property=\"og:description\" content=\"Il s\u2019en est fallu de peu que Jeff Carter fasse ses d\u00e9buts olympiques \u00e0 Vancouver 2010, o\u00f9 il attendait dans...\" \/>\n<meta property=\"og:url\" content=\"https:\/\/preprod.olympic.ca\/olympique\/team-canada\/jeff-carter\/\" \/>\n<meta property=\"og:site_name\" content=\"\u00c9quipe Canada | Site officiel de l&#039;\u00e9quipe olympique\" \/>\n<meta property=\"article:modified_time\" content=\"2014-03-19T20:07:49+00:00\" \/>\n<meta property=\"og:image\" content=\"https:\/\/preprod.olympic.ca\/olympique\/wp-content\/uploads\/sites\/2\/2014\/01\/7263024.jpg?quality=100\" \/>\n\t<meta property=\"og:image:width\" content=\"1340\" \/>\n\t<meta property=\"og:image:height\" content=\"754\" \/>\n\t<meta property=\"og:image:type\" content=\"image\/jpeg\" \/>\n<meta name=\"twitter:card\" content=\"summary_large_image\" \/>\n<meta name=\"twitter:label1\" content=\"Est. reading time\" \/>\n\t<meta name=\"twitter:data1\" content=\"1 minute\" \/>\n\t<meta name=\"twitter:label2\" content=\"Written by\" \/>\n\t<meta name=\"twitter:data2\" content=\"Jessica Sammut\" \/>\n<script type=\"application\/ld+json\" class=\"yoast-schema-graph\">{\"@context\":\"https:\\\/\\\/schema.org\",\"@graph\":[{\"@type\":\"WebPage\",\"@id\":\"https:\\\/\\\/preprod.olympic.ca\\\/olympique\\\/team-canada\\\/jeff-carter\\\/\",\"url\":\"https:\\\/\\\/preprod.olympic.ca\\\/olympique\\\/team-canada\\\/jeff-carter\\\/\",\"name\":\"Jeff Carter - \u00c9quipe Canada | Site officiel de l&#039;\u00e9quipe olympique\",\"isPartOf\":{\"@id\":\"https:\\\/\\\/preprod.olympic.ca\\\/olympique\\\/#website\"},\"primaryImageOfPage\":{\"@id\":\"https:\\\/\\\/preprod.olympic.ca\\\/olympique\\\/team-canada\\\/jeff-carter\\\/#primaryimage\"},\"image\":{\"@id\":\"https:\\\/\\\/preprod.olympic.ca\\\/olympique\\\/team-canada\\\/jeff-carter\\\/#primaryimage\"},\"thumbnailUrl\":\"https:\\\/\\\/preprod.olympic.ca\\\/olympique\\\/wp-content\\\/uploads\\\/sites\\\/2\\\/2014\\\/01\\\/7263024.jpg?quality=100\",\"datePublished\":\"2014-01-07T15:55:38+00:00\",\"dateModified\":\"2014-03-19T20:07:49+00:00\",\"inLanguage\":\"fr-FR\",\"potentialAction\":[{\"@type\":\"ReadAction\",\"target\":[\"https:\\\/\\\/preprod.olympic.ca\\\/olympique\\\/team-canada\\\/jeff-carter\\\/\"]}]},{\"@type\":\"ImageObject\",\"inLanguage\":\"fr-FR\",\"@id\":\"https:\\\/\\\/preprod.olympic.ca\\\/olympique\\\/team-canada\\\/jeff-carter\\\/#primaryimage\",\"url\":\"https:\\\/\\\/preprod.olympic.ca\\\/olympique\\\/wp-content\\\/uploads\\\/sites\\\/2\\\/2014\\\/01\\\/7263024.jpg?quality=100\",\"contentUrl\":\"https:\\\/\\\/preprod.olympic.ca\\\/olympique\\\/wp-content\\\/uploads\\\/sites\\\/2\\\/2014\\\/01\\\/7263024.jpg?quality=100\",\"width\":1340,\"height\":754},{\"@type\":\"WebSite\",\"@id\":\"https:\\\/\\\/preprod.olympic.ca\\\/olympique\\\/#website\",\"url\":\"https:\\\/\\\/preprod.olympic.ca\\\/olympique\\\/\",\"name\":\"\u00c9quipe Canada | Site officiel de l&#039;\u00e9quipe olympique\",\"description\":\"Votre source pour l\u2019\u00c9quipe olympique canadienne. Retrouvez les r\u00e9cits, vid\u00e9os et photos des athl\u00e8tes canadiens, sports olympiques, Jeux olympiques de 2020 et bien plus!\",\"potentialAction\":[{\"@type\":\"SearchAction\",\"target\":{\"@type\":\"EntryPoint\",\"urlTemplate\":\"https:\\\/\\\/preprod.olympic.ca\\\/olympique\\\/?s={search_term_string}\"},\"query-input\":{\"@type\":\"PropertyValueSpecification\",\"valueRequired\":true,\"valueName\":\"search_term_string\"}}],\"inLanguage\":\"fr-FR\"}]}<\/script>\n<!-- \/ Yoast SEO plugin. -->","yoast_head_json":{"title":"Jeff Carter - \u00c9quipe Canada | Site officiel de l&#039;\u00e9quipe olympique","robots":{"index":"index","follow":"follow","max-snippet":"max-snippet:-1","max-image-preview":"max-image-preview:large","max-video-preview":"max-video-preview:-1"},"canonical":"https:\/\/preprod.olympic.ca\/olympique\/team-canada\/jeff-carter\/","og_locale":"fr_FR","og_type":"article","og_title":"Jeff Carter - \u00c9quipe Canada | Site officiel de l&#039;\u00e9quipe olympique","og_description":"Il s\u2019en est fallu de peu que Jeff Carter fasse ses d\u00e9buts olympiques \u00e0 Vancouver 2010, o\u00f9 il attendait dans...","og_url":"https:\/\/preprod.olympic.ca\/olympique\/team-canada\/jeff-carter\/","og_site_name":"\u00c9quipe Canada | Site officiel de l&#039;\u00e9quipe olympique","article_modified_time":"2014-03-19T20:07:49+00:00","og_image":[{"width":1340,"height":754,"url":"https:\/\/preprod.olympic.ca\/olympique\/wp-content\/uploads\/sites\/2\/2014\/01\/7263024.jpg?quality=100","type":"image\/jpeg"}],"twitter_card":"summary_large_image","twitter_misc":{"Est. reading time":"1 minute","Written by":"Jessica Sammut"},"schema":{"@context":"https:\/\/schema.org","@graph":[{"@type":"WebPage","@id":"https:\/\/preprod.olympic.ca\/olympique\/team-canada\/jeff-carter\/","url":"https:\/\/preprod.olympic.ca\/olympique\/team-canada\/jeff-carter\/","name":"Jeff Carter - \u00c9quipe Canada | Site officiel de l&#039;\u00e9quipe olympique","isPartOf":{"@id":"https:\/\/preprod.olympic.ca\/olympique\/#website"},"primaryImageOfPage":{"@id":"https:\/\/preprod.olympic.ca\/olympique\/team-canada\/jeff-carter\/#primaryimage"},"image":{"@id":"https:\/\/preprod.olympic.ca\/olympique\/team-canada\/jeff-carter\/#primaryimage"},"thumbnailUrl":"https:\/\/preprod.olympic.ca\/olympique\/wp-content\/uploads\/sites\/2\/2014\/01\/7263024.jpg?quality=100","datePublished":"2014-01-07T15:55:38+00:00","dateModified":"2014-03-19T20:07:49+00:00","inLanguage":"fr-FR","potentialAction":[{"@type":"ReadAction","target":["https:\/\/preprod.olympic.ca\/olympique\/team-canada\/jeff-carter\/"]}]},{"@type":"ImageObject","inLanguage":"fr-FR","@id":"https:\/\/preprod.olympic.ca\/olympique\/team-canada\/jeff-carter\/#primaryimage","url":"https:\/\/preprod.olympic.ca\/olympique\/wp-content\/uploads\/sites\/2\/2014\/01\/7263024.jpg?quality=100","contentUrl":"https:\/\/preprod.olympic.ca\/olympique\/wp-content\/uploads\/sites\/2\/2014\/01\/7263024.jpg?quality=100","width":1340,"height":754},{"@type":"WebSite","@id":"https:\/\/preprod.olympic.ca\/olympique\/#website","url":"https:\/\/preprod.olympic.ca\/olympique\/","name":"\u00c9quipe Canada | Site officiel de l&#039;\u00e9quipe olympique","description":"Votre source pour l\u2019\u00c9quipe olympique canadienne. Retrouvez les r\u00e9cits, vid\u00e9os et photos des athl\u00e8tes canadiens, sports olympiques, Jeux olympiques de 2020 et bien plus!","potentialAction":[{"@type":"SearchAction","target":{"@type":"EntryPoint","urlTemplate":"https:\/\/preprod.olympic.ca\/olympique\/?s={search_term_string}"},"query-input":{"@type":"PropertyValueSpecification","valueRequired":true,"valueName":"search_term_string"}}],"inLanguage":"fr-FR"}]}},"featured_image_url":"https:\/\/preprod.olympic.ca\/olympique\/wp-content\/uploads\/sites\/2\/2014\/01\/7263024.jpg?quality=100","category_names":[],"tag_names":["Hockey masculin"],"sport_names":[253],"game_names":["Sotchi 2014"],"season_names":[],"team_names":["Sotchi 2014 Hockey sur glace (hommes)"],"province_names":[],"social_facebook":"","social_twitter":"","social_linkedin":"","social_gplus":"","social_instagram":"","social_website":"","total_medal_count_gold":"","total_medal_count_silver":"","total_medal_count_bronze":"","athlete_headshot":"","athlete_height":"193","athlete_weight":"95","athlete_hometown":"London, Ontario","athlete_birthplace":"London, Ontario","coc_gracenote_id":"","athlete_dob":"January 1, 1985","athlete_age":41,"jetpack_sharing_enabled":true,"_links":{"self":[{"href":"https:\/\/preprod.olympic.ca\/olympique\/wp-json\/wp\/v2\/athletes\/89622","targetHints":{"allow":["GET"]}}],"collection":[{"href":"https:\/\/preprod.olympic.ca\/olympique\/wp-json\/wp\/v2\/athletes"}],"about":[{"href":"https:\/\/preprod.olympic.ca\/olympique\/wp-json\/wp\/v2\/types\/athletes"}],"version-history":[{"count":2,"href":"https:\/\/preprod.olympic.ca\/olympique\/wp-json\/wp\/v2\/athletes\/89622\/revisions"}],"predecessor-version":[{"id":93789,"href":"https:\/\/preprod.olympic.ca\/olympique\/wp-json\/wp\/v2\/athletes\/89622\/revisions\/93789"}],"wp:featuredmedia":[{"embeddable":true,"href":"https:\/\/preprod.olympic.ca\/olympique\/wp-json\/wp\/v2\/media\/89714"}],"wp:attachment":[{"href":"https:\/\/preprod.olympic.ca\/olympique\/wp-json\/wp\/v2\/media?parent=89622"}],"wp:term":[{"taxonomy":"post_tag","embeddable":true,"href":"https:\/\/preprod.olympic.ca\/olympique\/wp-json\/wp\/v2\/tags?post=89622"},{"taxonomy":"hof-categories","embeddable":true,"href":"https:\/\/preprod.olympic.ca\/olympique\/wp-json\/wp\/v2\/hof-categories?post=89622"},{"taxonomy":"year-inducted","embeddable":true,"href":"https:\/\/preprod.olympic.ca\/olympique\/wp-json\/wp\/v2\/year-inducted?post=89622"},{"taxonomy":"gender","embeddable":true,"href":"https:\/\/preprod.olympic.ca\/olympique\/wp-json\/wp\/v2\/gender?post=89622"},{"taxonomy":"season","embeddable":true,"href":"https:\/\/preprod.olympic.ca\/olympique\/wp-json\/wp\/v2\/season?post=89622"},{"taxonomy":"sport","embeddable":true,"href":"https:\/\/preprod.olympic.ca\/olympique\/wp-json\/wp\/v2\/sport?post=89622"},{"taxonomy":"game","embeddable":true,"href":"https:\/\/preprod.olympic.ca\/olympique\/wp-json\/wp\/v2\/game?post=89622"},{"taxonomy":"team","embeddable":true,"href":"https:\/\/preprod.olympic.ca\/olympique\/wp-json\/wp\/v2\/team?post=89622"},{"taxonomy":"event","embeddable":true,"href":"https:\/\/preprod.olympic.ca\/olympique\/wp-json\/wp\/v2\/event?post=89622"},{"taxonomy":"province","embeddable":true,"href":"https:\/\/preprod.olympic.ca\/olympique\/wp-json\/wp\/v2\/province?post=89622"}],"curies":[{"name":"wp","href":"https:\/\/api.w.org\/{rel}","templated":true}]}}