{"id":89660,"date":"2014-01-07T10:55:32","date_gmt":"2014-01-07T15:55:32","guid":{"rendered":"http:\/\/olympique.ca\/?post_type=athletes&#038;p=89660"},"modified":"2014-03-19T16:09:13","modified_gmt":"2014-03-19T20:09:13","slug":"matt-duchene","status":"publish","type":"athletes","link":"https:\/\/preprod.olympic.ca\/olympique\/team-canada\/matt-duchene\/","title":{"rendered":"Matt Duchene"},"content":{"rendered":"<p><a href=\"http:\/\/preprod.olympic.ca\/wp-content\/uploads\/sites\/2\/2014\/01\/duchene_matt.jpg\"><img loading=\"lazy\" decoding=\"async\" class=\"alignleft  wp-image-89696\" alt=\"DUCHENE_Matt\" src=\"http:\/\/preprod.olympic.ca\/wp-content\/uploads\/sites\/2\/2014\/01\/duchene_matt.jpg?w=281\" width=\"197\" height=\"260\" srcset=\"https:\/\/preprod.olympic.ca\/olympique\/wp-content\/uploads\/sites\/2\/2014\/01\/duchene_matt.jpg 1017w, https:\/\/preprod.olympic.ca\/olympique\/wp-content\/uploads\/sites\/2\/2014\/01\/duchene_matt.jpg?resize=120,158 120w, https:\/\/preprod.olympic.ca\/olympique\/wp-content\/uploads\/sites\/2\/2014\/01\/duchene_matt.jpg?resize=282,371 282w, https:\/\/preprod.olympic.ca\/olympique\/wp-content\/uploads\/sites\/2\/2014\/01\/duchene_matt.jpg?resize=768,1011 768w, https:\/\/preprod.olympic.ca\/olympique\/wp-content\/uploads\/sites\/2\/2014\/01\/duchene_matt.jpg?resize=573,754 573w\" sizes=\"(max-width: 197px) 100vw, 197px\" \/><\/a>Matt Duchene a repr\u00e9sent\u00e9 le Canada \u00e0 trois \u00e9ditions des Championnats du monde de l\u2019IIHF\u00a0: en 2013 et en 2011, o\u00f9 le Canada a termin\u00e9 en 5<sup>e<\/sup> place apr\u00e8s s\u2019\u00eatre class\u00e9 au 7<sup>e<\/sup> rang en 2010.<\/p>\n<p>Duchene avait endoss\u00e9 l\u2019uniforme de l\u2019\u00e9quipe canadienne pour la premi\u00e8re fois en comp\u00e9tition internationale lorsqu\u2019il faisait partie de l\u2019\u00e9quipe m\u00e9daill\u00e9e d\u2019or des Championnats du monde de hockey des moins de 18 ans de l\u2019IIHF de 2008. Il a aussi remport\u00e9 la m\u00e9daille d\u2019or comme membre d\u2019\u00c9quipe Canada au tournoi de la Coupe Spengler de 2012, ann\u00e9e interrompue par le lockout de la LNH.<\/p>\n<h2>FAITS SAILLANTS EN CARRI\u00c8RE<\/h2>\n<p>Champion olympique de 2014.\u00a0Champion de la Coupe Spengler de 2012.<\/p>\n<h2>\u00c0 PROPOS DE L\u2019ATHL\u00c8TE<\/h2>\n<p>Ses parents s\u2019appellent Vince et Christine. Il a une s\u0153ur, Jessica. Son oncle, Newell Brown, a fait partie de l\u2019\u00e9quipe gagnante de la Coupe Memorial de 1980 et de l\u2019\u00e9quipe des Ducks d\u2019Anaheim, \u00e0 titre d\u2019entra\u00eeneur adjoint, qui a gagn\u00e9 la Coupe Stanley en 2007. Il porte le num\u00e9ro 9 en l\u2019honneur de Maurice Richard. Son \u00e9quipe favorite quand il \u00e9tait jeune\u00a0: les Canadiens de Montr\u00e9al. Son joueur favori quand il \u00e9tait jeune\u00a0: Sidney Crosby. Idole sportive\u00a0: Peter Forsberg. Film pr\u00e9f\u00e9r\u00e9\u00a0: <i>Gar\u00e7ons sans honneur<\/i>. \u00c9mission de t\u00e9l\u00e9vision favorite\u00a0: <i>Nashville<\/i>. Il aime la musique country, en plus de jouer de la guitare et de s\u2019adonner \u00e0 la p\u00eache.<\/p>\n<h2><b>PALMAR\u00c8S\u00a0<\/b>INTERNATIONAL<\/h2>\n<p>Championnats du monde de l\u2019IIHF\u00a0: <b>2013<\/b>\u00a0&#8211; 5<sup>e<\/sup>;\u00a0<b>2011<\/b>\u00a0\u2013 5<sup>e<\/sup>;\u00a0<b>2010<\/b>\u00a0\u2013 7<sup>e<\/sup><\/p>\n","protected":false},"excerpt":{"rendered":"<p>Matt Duchene a repr\u00e9sent\u00e9 le Canada \u00e0 trois \u00e9ditions des Championnats du monde de l\u2019IIHF\u00a0: en 2013 et en 2011,&#8230;<\/p>\n","protected":false},"featured_media":89698,"template":"","tags":[23694705],"hof-categories":[],"year-inducted":[],"gender":[42123],"season":[],"sport":[891977],"game":[191933058],"team":[209268884],"event":[46639],"province":[],"class_list":["post-89660","athletes","type-athletes","status-publish","has-post-thumbnail","hentry","tag-hockey-masculin","gender-masculin","sport-hockey-sur-glace","game-2014-sotchi","team-sotchi-2014-hockey-sur-glace-masculin","event-hommes"],"acf":[],"yoast_head":"<!-- This site is optimized with the Yoast SEO plugin v27.3 - https:\/\/yoast.com\/product\/yoast-seo-wordpress\/ -->\n<title>Matt Duchene - \u00c9quipe Canada | Site officiel de l&#039;\u00e9quipe olympique<\/title>\n<meta name=\"robots\" content=\"index, follow, max-snippet:-1, max-image-preview:large, max-video-preview:-1\" \/>\n<link rel=\"canonical\" href=\"https:\/\/preprod.olympic.ca\/olympique\/team-canada\/matt-duchene\/\" \/>\n<meta property=\"og:locale\" content=\"fr_FR\" \/>\n<meta property=\"og:type\" content=\"article\" \/>\n<meta property=\"og:title\" content=\"Matt Duchene - \u00c9quipe Canada | Site officiel de l&#039;\u00e9quipe olympique\" \/>\n<meta property=\"og:description\" content=\"Matt Duchene a repr\u00e9sent\u00e9 le Canada \u00e0 trois \u00e9ditions des Championnats du monde de l\u2019IIHF\u00a0: en 2013 et en 2011,...\" \/>\n<meta property=\"og:url\" content=\"https:\/\/preprod.olympic.ca\/olympique\/team-canada\/matt-duchene\/\" \/>\n<meta property=\"og:site_name\" content=\"\u00c9quipe Canada | Site officiel de l&#039;\u00e9quipe olympique\" \/>\n<meta property=\"article:modified_time\" content=\"2014-03-19T20:09:13+00:00\" \/>\n<meta property=\"og:image\" content=\"https:\/\/preprod.olympic.ca\/olympique\/wp-content\/uploads\/sites\/2\/2014\/01\/04395849.jpg?quality=100\" \/>\n\t<meta property=\"og:image:width\" content=\"1340\" \/>\n\t<meta property=\"og:image:height\" content=\"754\" \/>\n\t<meta property=\"og:image:type\" content=\"image\/jpeg\" \/>\n<meta name=\"twitter:card\" content=\"summary_large_image\" \/>\n<meta name=\"twitter:label1\" content=\"Est. reading time\" \/>\n\t<meta name=\"twitter:data1\" content=\"1 minute\" \/>\n\t<meta name=\"twitter:label2\" content=\"Written by\" \/>\n\t<meta name=\"twitter:data2\" content=\"Jessica Sammut\" \/>\n<script type=\"application\/ld+json\" class=\"yoast-schema-graph\">{\"@context\":\"https:\\\/\\\/schema.org\",\"@graph\":[{\"@type\":\"WebPage\",\"@id\":\"https:\\\/\\\/preprod.olympic.ca\\\/olympique\\\/team-canada\\\/matt-duchene\\\/\",\"url\":\"https:\\\/\\\/preprod.olympic.ca\\\/olympique\\\/team-canada\\\/matt-duchene\\\/\",\"name\":\"Matt Duchene - \u00c9quipe Canada | Site officiel de l&#039;\u00e9quipe olympique\",\"isPartOf\":{\"@id\":\"https:\\\/\\\/preprod.olympic.ca\\\/olympique\\\/#website\"},\"primaryImageOfPage\":{\"@id\":\"https:\\\/\\\/preprod.olympic.ca\\\/olympique\\\/team-canada\\\/matt-duchene\\\/#primaryimage\"},\"image\":{\"@id\":\"https:\\\/\\\/preprod.olympic.ca\\\/olympique\\\/team-canada\\\/matt-duchene\\\/#primaryimage\"},\"thumbnailUrl\":\"https:\\\/\\\/preprod.olympic.ca\\\/olympique\\\/wp-content\\\/uploads\\\/sites\\\/2\\\/2014\\\/01\\\/04395849.jpg?quality=100\",\"datePublished\":\"2014-01-07T15:55:32+00:00\",\"dateModified\":\"2014-03-19T20:09:13+00:00\",\"inLanguage\":\"fr-FR\",\"potentialAction\":[{\"@type\":\"ReadAction\",\"target\":[\"https:\\\/\\\/preprod.olympic.ca\\\/olympique\\\/team-canada\\\/matt-duchene\\\/\"]}]},{\"@type\":\"ImageObject\",\"inLanguage\":\"fr-FR\",\"@id\":\"https:\\\/\\\/preprod.olympic.ca\\\/olympique\\\/team-canada\\\/matt-duchene\\\/#primaryimage\",\"url\":\"https:\\\/\\\/preprod.olympic.ca\\\/olympique\\\/wp-content\\\/uploads\\\/sites\\\/2\\\/2014\\\/01\\\/04395849.jpg?quality=100\",\"contentUrl\":\"https:\\\/\\\/preprod.olympic.ca\\\/olympique\\\/wp-content\\\/uploads\\\/sites\\\/2\\\/2014\\\/01\\\/04395849.jpg?quality=100\",\"width\":1340,\"height\":754},{\"@type\":\"WebSite\",\"@id\":\"https:\\\/\\\/preprod.olympic.ca\\\/olympique\\\/#website\",\"url\":\"https:\\\/\\\/preprod.olympic.ca\\\/olympique\\\/\",\"name\":\"\u00c9quipe Canada | Site officiel de l&#039;\u00e9quipe olympique\",\"description\":\"Votre source pour l\u2019\u00c9quipe olympique canadienne. Retrouvez les r\u00e9cits, vid\u00e9os et photos des athl\u00e8tes canadiens, sports olympiques, Jeux olympiques de 2020 et bien plus!\",\"potentialAction\":[{\"@type\":\"SearchAction\",\"target\":{\"@type\":\"EntryPoint\",\"urlTemplate\":\"https:\\\/\\\/preprod.olympic.ca\\\/olympique\\\/?s={search_term_string}\"},\"query-input\":{\"@type\":\"PropertyValueSpecification\",\"valueRequired\":true,\"valueName\":\"search_term_string\"}}],\"inLanguage\":\"fr-FR\"}]}<\/script>\n<!-- \/ Yoast SEO plugin. -->","yoast_head_json":{"title":"Matt Duchene - \u00c9quipe Canada | Site officiel de l&#039;\u00e9quipe olympique","robots":{"index":"index","follow":"follow","max-snippet":"max-snippet:-1","max-image-preview":"max-image-preview:large","max-video-preview":"max-video-preview:-1"},"canonical":"https:\/\/preprod.olympic.ca\/olympique\/team-canada\/matt-duchene\/","og_locale":"fr_FR","og_type":"article","og_title":"Matt Duchene - \u00c9quipe Canada | Site officiel de l&#039;\u00e9quipe olympique","og_description":"Matt Duchene a repr\u00e9sent\u00e9 le Canada \u00e0 trois \u00e9ditions des Championnats du monde de l\u2019IIHF\u00a0: en 2013 et en 2011,...","og_url":"https:\/\/preprod.olympic.ca\/olympique\/team-canada\/matt-duchene\/","og_site_name":"\u00c9quipe Canada | Site officiel de l&#039;\u00e9quipe olympique","article_modified_time":"2014-03-19T20:09:13+00:00","og_image":[{"width":1340,"height":754,"url":"https:\/\/preprod.olympic.ca\/olympique\/wp-content\/uploads\/sites\/2\/2014\/01\/04395849.jpg?quality=100","type":"image\/jpeg"}],"twitter_card":"summary_large_image","twitter_misc":{"Est. reading time":"1 minute","Written by":"Jessica Sammut"},"schema":{"@context":"https:\/\/schema.org","@graph":[{"@type":"WebPage","@id":"https:\/\/preprod.olympic.ca\/olympique\/team-canada\/matt-duchene\/","url":"https:\/\/preprod.olympic.ca\/olympique\/team-canada\/matt-duchene\/","name":"Matt Duchene - \u00c9quipe Canada | Site officiel de l&#039;\u00e9quipe olympique","isPartOf":{"@id":"https:\/\/preprod.olympic.ca\/olympique\/#website"},"primaryImageOfPage":{"@id":"https:\/\/preprod.olympic.ca\/olympique\/team-canada\/matt-duchene\/#primaryimage"},"image":{"@id":"https:\/\/preprod.olympic.ca\/olympique\/team-canada\/matt-duchene\/#primaryimage"},"thumbnailUrl":"https:\/\/preprod.olympic.ca\/olympique\/wp-content\/uploads\/sites\/2\/2014\/01\/04395849.jpg?quality=100","datePublished":"2014-01-07T15:55:32+00:00","dateModified":"2014-03-19T20:09:13+00:00","inLanguage":"fr-FR","potentialAction":[{"@type":"ReadAction","target":["https:\/\/preprod.olympic.ca\/olympique\/team-canada\/matt-duchene\/"]}]},{"@type":"ImageObject","inLanguage":"fr-FR","@id":"https:\/\/preprod.olympic.ca\/olympique\/team-canada\/matt-duchene\/#primaryimage","url":"https:\/\/preprod.olympic.ca\/olympique\/wp-content\/uploads\/sites\/2\/2014\/01\/04395849.jpg?quality=100","contentUrl":"https:\/\/preprod.olympic.ca\/olympique\/wp-content\/uploads\/sites\/2\/2014\/01\/04395849.jpg?quality=100","width":1340,"height":754},{"@type":"WebSite","@id":"https:\/\/preprod.olympic.ca\/olympique\/#website","url":"https:\/\/preprod.olympic.ca\/olympique\/","name":"\u00c9quipe Canada | Site officiel de l&#039;\u00e9quipe olympique","description":"Votre source pour l\u2019\u00c9quipe olympique canadienne. Retrouvez les r\u00e9cits, vid\u00e9os et photos des athl\u00e8tes canadiens, sports olympiques, Jeux olympiques de 2020 et bien plus!","potentialAction":[{"@type":"SearchAction","target":{"@type":"EntryPoint","urlTemplate":"https:\/\/preprod.olympic.ca\/olympique\/?s={search_term_string}"},"query-input":{"@type":"PropertyValueSpecification","valueRequired":true,"valueName":"search_term_string"}}],"inLanguage":"fr-FR"}]}},"featured_image_url":"https:\/\/preprod.olympic.ca\/olympique\/wp-content\/uploads\/sites\/2\/2014\/01\/04395849.jpg?quality=100","category_names":[],"tag_names":["Hockey masculin"],"sport_names":[253],"game_names":["Sotchi 2014"],"season_names":[],"team_names":["Sotchi 2014 Hockey sur glace (hommes)"],"province_names":[],"social_facebook":"","social_twitter":"Matt9Duchene","social_linkedin":"","social_gplus":"","social_instagram":"","social_website":"","total_medal_count_gold":"","total_medal_count_silver":"","total_medal_count_bronze":"","athlete_headshot":"","athlete_height":"180","athlete_weight":"91","athlete_hometown":"Haliburton, Ontario","athlete_birthplace":"Haliburton, Ontario","coc_gracenote_id":"","athlete_dob":"January 16, 1991","athlete_age":35,"jetpack_sharing_enabled":true,"_links":{"self":[{"href":"https:\/\/preprod.olympic.ca\/olympique\/wp-json\/wp\/v2\/athletes\/89660","targetHints":{"allow":["GET"]}}],"collection":[{"href":"https:\/\/preprod.olympic.ca\/olympique\/wp-json\/wp\/v2\/athletes"}],"about":[{"href":"https:\/\/preprod.olympic.ca\/olympique\/wp-json\/wp\/v2\/types\/athletes"}],"version-history":[{"count":2,"href":"https:\/\/preprod.olympic.ca\/olympique\/wp-json\/wp\/v2\/athletes\/89660\/revisions"}],"predecessor-version":[{"id":93790,"href":"https:\/\/preprod.olympic.ca\/olympique\/wp-json\/wp\/v2\/athletes\/89660\/revisions\/93790"}],"wp:featuredmedia":[{"embeddable":true,"href":"https:\/\/preprod.olympic.ca\/olympique\/wp-json\/wp\/v2\/media\/89698"}],"wp:attachment":[{"href":"https:\/\/preprod.olympic.ca\/olympique\/wp-json\/wp\/v2\/media?parent=89660"}],"wp:term":[{"taxonomy":"post_tag","embeddable":true,"href":"https:\/\/preprod.olympic.ca\/olympique\/wp-json\/wp\/v2\/tags?post=89660"},{"taxonomy":"hof-categories","embeddable":true,"href":"https:\/\/preprod.olympic.ca\/olympique\/wp-json\/wp\/v2\/hof-categories?post=89660"},{"taxonomy":"year-inducted","embeddable":true,"href":"https:\/\/preprod.olympic.ca\/olympique\/wp-json\/wp\/v2\/year-inducted?post=89660"},{"taxonomy":"gender","embeddable":true,"href":"https:\/\/preprod.olympic.ca\/olympique\/wp-json\/wp\/v2\/gender?post=89660"},{"taxonomy":"season","embeddable":true,"href":"https:\/\/preprod.olympic.ca\/olympique\/wp-json\/wp\/v2\/season?post=89660"},{"taxonomy":"sport","embeddable":true,"href":"https:\/\/preprod.olympic.ca\/olympique\/wp-json\/wp\/v2\/sport?post=89660"},{"taxonomy":"game","embeddable":true,"href":"https:\/\/preprod.olympic.ca\/olympique\/wp-json\/wp\/v2\/game?post=89660"},{"taxonomy":"team","embeddable":true,"href":"https:\/\/preprod.olympic.ca\/olympique\/wp-json\/wp\/v2\/team?post=89660"},{"taxonomy":"event","embeddable":true,"href":"https:\/\/preprod.olympic.ca\/olympique\/wp-json\/wp\/v2\/event?post=89660"},{"taxonomy":"province","embeddable":true,"href":"https:\/\/preprod.olympic.ca\/olympique\/wp-json\/wp\/v2\/province?post=89660"}],"curies":[{"name":"wp","href":"https:\/\/api.w.org\/{rel}","templated":true}]}}