{"id":90996,"date":"2014-01-26T11:30:38","date_gmt":"2014-01-26T16:30:38","guid":{"rendered":"http:\/\/olympique.ca\/?post_type=athletes&#038;p=90996"},"modified":"2014-03-21T13:44:45","modified_gmt":"2014-03-21T17:44:45","slug":"matthew-rowley","status":"publish","type":"athletes","link":"https:\/\/preprod.olympic.ca\/olympique\/team-canada\/matthew-rowley\/","title":{"rendered":"Matthew Rowley"},"content":{"rendered":"<p><span style=\"color:#000000;\"><a href=\"http:\/\/preprod.olympic.ca\/wp-content\/uploads\/sites\/2\/2014\/01\/coc-bio-ski-jumping-rowley2c-matthew.jpg\"><img loading=\"lazy\" decoding=\"async\" class=\"alignleft  wp-image-90999\" alt=\"COC Bio-Ski Jumping-Rowley%2c Matthew\" src=\"http:\/\/preprod.olympic.ca\/wp-content\/uploads\/sites\/2\/2014\/01\/coc-bio-ski-jumping-rowley2c-matthew.jpg?w=208\" width=\"146\" height=\"260\" srcset=\"https:\/\/preprod.olympic.ca\/olympique\/wp-content\/uploads\/sites\/2\/2014\/01\/coc-bio-ski-jumping-rowley2c-matthew.jpg 807w, https:\/\/preprod.olympic.ca\/olympique\/wp-content\/uploads\/sites\/2\/2014\/01\/coc-bio-ski-jumping-rowley2c-matthew.jpg?resize=89,158 89w, https:\/\/preprod.olympic.ca\/olympique\/wp-content\/uploads\/sites\/2\/2014\/01\/coc-bio-ski-jumping-rowley2c-matthew.jpg?resize=209,371 209w, https:\/\/preprod.olympic.ca\/olympique\/wp-content\/uploads\/sites\/2\/2014\/01\/coc-bio-ski-jumping-rowley2c-matthew.jpg?resize=768,1366 768w, https:\/\/preprod.olympic.ca\/olympique\/wp-content\/uploads\/sites\/2\/2014\/01\/coc-bio-ski-jumping-rowley2c-matthew.jpg?resize=424,754 424w\" sizes=\"(max-width: 146px) 100vw, 146px\" \/><\/a>Matthew Rowley n\u2019avait que 16 ans lorsqu\u2019il a \u00e9t\u00e9 s\u00e9lectionn\u00e9 comme ouvreur de piste pour les \u00e9preuves de saut \u00e0 ski et de combin\u00e9 nordique des Jeux olympiques d\u2019hiver de 2010 \u00e0 Vancouver. \u00c0 ce moment-l\u00e0, il ne concourait que depuis deux ans sur la sc\u00e8ne internationale, soit sur les circuits de la Coupe FIS et de la Coupe continentale. Il a beaucoup appris en voyant les meilleurs sauteurs au monde de pr\u00e8s et en observant ce qu\u2019ils faisaient avant et durant la comp\u00e9tition.<\/span><\/p>\n<p><span style=\"color:#000000;\">Rowley a concouru principalement aux \u00e9preuves de la Coupe continentale. Il s\u2019est class\u00e9 \u00e0 quatre reprises parmi les 30 premiers sur ce circuit, dont son meilleur r\u00e9sultat en carri\u00e8re en janvier 2014, une 27<sup>e<\/sup> place.<\/span><\/p>\n<h2>\u00c0 PROPOS DE L\u2019ATHL\u00c8TE<\/h2>\n<p><strong>Introduction au sport :\u00a0<\/strong>Matthew a commenc\u00e9 le saut \u00e0 ski \u00e0 l\u2019\u00e2ge de sept ans. Il a chauss\u00e9 des skis pour la premi\u00e8re fois \u00e0 l\u2019\u00e2ge de deux ans, mais lorsqu\u2019il a vu les sauts \u00e0 Calgary, il a \u00e9t\u00e9 attir\u00e9 par ce nouveau d\u00e9fi, alors il s\u2019est inscrit \u00e0 un programme d\u2019\u00e9t\u00e9 \u00e0 Parc olympique Canada&#8230;\u00a0<strong>Autres int\u00e9r\u00eats :\u00a0<\/strong>Il pratique le golf et il aime travailler sur des motocyclettes. Il a re\u00e7u sa premi\u00e8re motocyclette \u00e0 l\u2019\u00e2ge de 16\u00a0ans et a suivi une formation avec son p\u00e8re. Il travaille en tant que g\u00e9rant de bar et technicien en r\u00e9paration et entretien de motocyclette&#8230;\u00a0<strong>De tout et de rien :\u00a0<\/strong>Le surnom de Matthew est \u00ab\u00a0Fun Bobby\u00a0\u00bb. Il a obtenu son dipl\u00f4me d\u2019\u00e9tudes secondaires en juin 2011. Il voyage toujours avec un livre et son ordinateur portable.<\/p>\n","protected":false},"excerpt":{"rendered":"<p>Matthew Rowley n\u2019avait que 16 ans lorsqu\u2019il a \u00e9t\u00e9 s\u00e9lectionn\u00e9 comme ouvreur de piste pour les \u00e9preuves de saut \u00e0&#8230;<\/p>\n","protected":false},"featured_media":90998,"template":"","tags":[],"hof-categories":[],"year-inducted":[],"gender":[42123],"season":[],"sport":[181823548],"game":[191933058],"team":[210081951],"event":[],"province":[],"class_list":["post-90996","athletes","type-athletes","status-publish","has-post-thumbnail","hentry","gender-masculin","sport-ski-saut-a-ski","game-2014-sotchi","team-sotchi-2014-saut-a-ski"],"acf":[],"yoast_head":"<!-- This site is optimized with the Yoast SEO plugin v27.3 - https:\/\/yoast.com\/product\/yoast-seo-wordpress\/ -->\n<title>Matthew Rowley - \u00c9quipe Canada | Site officiel de l&#039;\u00e9quipe olympique<\/title>\n<meta name=\"robots\" content=\"index, follow, max-snippet:-1, max-image-preview:large, max-video-preview:-1\" \/>\n<link rel=\"canonical\" href=\"https:\/\/preprod.olympic.ca\/olympique\/team-canada\/matthew-rowley\/\" \/>\n<meta property=\"og:locale\" content=\"fr_FR\" \/>\n<meta property=\"og:type\" content=\"article\" \/>\n<meta property=\"og:title\" content=\"Matthew Rowley - \u00c9quipe Canada | Site officiel de l&#039;\u00e9quipe olympique\" \/>\n<meta property=\"og:description\" content=\"Matthew Rowley n\u2019avait que 16 ans lorsqu\u2019il a \u00e9t\u00e9 s\u00e9lectionn\u00e9 comme ouvreur de piste pour les \u00e9preuves de saut \u00e0...\" \/>\n<meta property=\"og:url\" content=\"https:\/\/preprod.olympic.ca\/olympique\/team-canada\/matthew-rowley\/\" \/>\n<meta property=\"og:site_name\" content=\"\u00c9quipe Canada | Site officiel de l&#039;\u00e9quipe olympique\" \/>\n<meta property=\"article:modified_time\" content=\"2014-03-21T17:44:45+00:00\" \/>\n<meta property=\"og:image\" content=\"https:\/\/preprod.olympic.ca\/olympique\/wp-content\/uploads\/sites\/2\/2014\/01\/rowley3-e1390687001487.jpg?quality=100\" \/>\n\t<meta property=\"og:image:width\" content=\"1339\" \/>\n\t<meta property=\"og:image:height\" content=\"753\" \/>\n\t<meta property=\"og:image:type\" content=\"image\/jpeg\" \/>\n<meta name=\"twitter:card\" content=\"summary_large_image\" \/>\n<meta name=\"twitter:label1\" content=\"Est. reading time\" \/>\n\t<meta name=\"twitter:data1\" content=\"1 minute\" \/>\n\t<meta name=\"twitter:label2\" content=\"Written by\" \/>\n\t<meta name=\"twitter:data2\" content=\"Mark Nadolny\" \/>\n<script type=\"application\/ld+json\" class=\"yoast-schema-graph\">{\"@context\":\"https:\\\/\\\/schema.org\",\"@graph\":[{\"@type\":\"WebPage\",\"@id\":\"https:\\\/\\\/preprod.olympic.ca\\\/olympique\\\/team-canada\\\/matthew-rowley\\\/\",\"url\":\"https:\\\/\\\/preprod.olympic.ca\\\/olympique\\\/team-canada\\\/matthew-rowley\\\/\",\"name\":\"Matthew Rowley - \u00c9quipe Canada | Site officiel de l&#039;\u00e9quipe olympique\",\"isPartOf\":{\"@id\":\"https:\\\/\\\/preprod.olympic.ca\\\/olympique\\\/#website\"},\"primaryImageOfPage\":{\"@id\":\"https:\\\/\\\/preprod.olympic.ca\\\/olympique\\\/team-canada\\\/matthew-rowley\\\/#primaryimage\"},\"image\":{\"@id\":\"https:\\\/\\\/preprod.olympic.ca\\\/olympique\\\/team-canada\\\/matthew-rowley\\\/#primaryimage\"},\"thumbnailUrl\":\"https:\\\/\\\/preprod.olympic.ca\\\/olympique\\\/wp-content\\\/uploads\\\/sites\\\/2\\\/2014\\\/01\\\/rowley3-e1390687001487.jpg?quality=100\",\"datePublished\":\"2014-01-26T16:30:38+00:00\",\"dateModified\":\"2014-03-21T17:44:45+00:00\",\"inLanguage\":\"fr-FR\",\"potentialAction\":[{\"@type\":\"ReadAction\",\"target\":[\"https:\\\/\\\/preprod.olympic.ca\\\/olympique\\\/team-canada\\\/matthew-rowley\\\/\"]}]},{\"@type\":\"ImageObject\",\"inLanguage\":\"fr-FR\",\"@id\":\"https:\\\/\\\/preprod.olympic.ca\\\/olympique\\\/team-canada\\\/matthew-rowley\\\/#primaryimage\",\"url\":\"https:\\\/\\\/preprod.olympic.ca\\\/olympique\\\/wp-content\\\/uploads\\\/sites\\\/2\\\/2014\\\/01\\\/rowley3-e1390687001487.jpg?quality=100\",\"contentUrl\":\"https:\\\/\\\/preprod.olympic.ca\\\/olympique\\\/wp-content\\\/uploads\\\/sites\\\/2\\\/2014\\\/01\\\/rowley3-e1390687001487.jpg?quality=100\",\"width\":1339,\"height\":753},{\"@type\":\"WebSite\",\"@id\":\"https:\\\/\\\/preprod.olympic.ca\\\/olympique\\\/#website\",\"url\":\"https:\\\/\\\/preprod.olympic.ca\\\/olympique\\\/\",\"name\":\"\u00c9quipe Canada | Site officiel de l&#039;\u00e9quipe olympique\",\"description\":\"Votre source pour l\u2019\u00c9quipe olympique canadienne. Retrouvez les r\u00e9cits, vid\u00e9os et photos des athl\u00e8tes canadiens, sports olympiques, Jeux olympiques de 2020 et bien plus!\",\"potentialAction\":[{\"@type\":\"SearchAction\",\"target\":{\"@type\":\"EntryPoint\",\"urlTemplate\":\"https:\\\/\\\/preprod.olympic.ca\\\/olympique\\\/?s={search_term_string}\"},\"query-input\":{\"@type\":\"PropertyValueSpecification\",\"valueRequired\":true,\"valueName\":\"search_term_string\"}}],\"inLanguage\":\"fr-FR\"}]}<\/script>\n<!-- \/ Yoast SEO plugin. -->","yoast_head_json":{"title":"Matthew Rowley - \u00c9quipe Canada | Site officiel de l&#039;\u00e9quipe olympique","robots":{"index":"index","follow":"follow","max-snippet":"max-snippet:-1","max-image-preview":"max-image-preview:large","max-video-preview":"max-video-preview:-1"},"canonical":"https:\/\/preprod.olympic.ca\/olympique\/team-canada\/matthew-rowley\/","og_locale":"fr_FR","og_type":"article","og_title":"Matthew Rowley - \u00c9quipe Canada | Site officiel de l&#039;\u00e9quipe olympique","og_description":"Matthew Rowley n\u2019avait que 16 ans lorsqu\u2019il a \u00e9t\u00e9 s\u00e9lectionn\u00e9 comme ouvreur de piste pour les \u00e9preuves de saut \u00e0...","og_url":"https:\/\/preprod.olympic.ca\/olympique\/team-canada\/matthew-rowley\/","og_site_name":"\u00c9quipe Canada | Site officiel de l&#039;\u00e9quipe olympique","article_modified_time":"2014-03-21T17:44:45+00:00","og_image":[{"width":1339,"height":753,"url":"https:\/\/preprod.olympic.ca\/olympique\/wp-content\/uploads\/sites\/2\/2014\/01\/rowley3-e1390687001487.jpg?quality=100","type":"image\/jpeg"}],"twitter_card":"summary_large_image","twitter_misc":{"Est. reading time":"1 minute","Written by":"Mark Nadolny"},"schema":{"@context":"https:\/\/schema.org","@graph":[{"@type":"WebPage","@id":"https:\/\/preprod.olympic.ca\/olympique\/team-canada\/matthew-rowley\/","url":"https:\/\/preprod.olympic.ca\/olympique\/team-canada\/matthew-rowley\/","name":"Matthew Rowley - \u00c9quipe Canada | Site officiel de l&#039;\u00e9quipe olympique","isPartOf":{"@id":"https:\/\/preprod.olympic.ca\/olympique\/#website"},"primaryImageOfPage":{"@id":"https:\/\/preprod.olympic.ca\/olympique\/team-canada\/matthew-rowley\/#primaryimage"},"image":{"@id":"https:\/\/preprod.olympic.ca\/olympique\/team-canada\/matthew-rowley\/#primaryimage"},"thumbnailUrl":"https:\/\/preprod.olympic.ca\/olympique\/wp-content\/uploads\/sites\/2\/2014\/01\/rowley3-e1390687001487.jpg?quality=100","datePublished":"2014-01-26T16:30:38+00:00","dateModified":"2014-03-21T17:44:45+00:00","inLanguage":"fr-FR","potentialAction":[{"@type":"ReadAction","target":["https:\/\/preprod.olympic.ca\/olympique\/team-canada\/matthew-rowley\/"]}]},{"@type":"ImageObject","inLanguage":"fr-FR","@id":"https:\/\/preprod.olympic.ca\/olympique\/team-canada\/matthew-rowley\/#primaryimage","url":"https:\/\/preprod.olympic.ca\/olympique\/wp-content\/uploads\/sites\/2\/2014\/01\/rowley3-e1390687001487.jpg?quality=100","contentUrl":"https:\/\/preprod.olympic.ca\/olympique\/wp-content\/uploads\/sites\/2\/2014\/01\/rowley3-e1390687001487.jpg?quality=100","width":1339,"height":753},{"@type":"WebSite","@id":"https:\/\/preprod.olympic.ca\/olympique\/#website","url":"https:\/\/preprod.olympic.ca\/olympique\/","name":"\u00c9quipe Canada | Site officiel de l&#039;\u00e9quipe olympique","description":"Votre source pour l\u2019\u00c9quipe olympique canadienne. Retrouvez les r\u00e9cits, vid\u00e9os et photos des athl\u00e8tes canadiens, sports olympiques, Jeux olympiques de 2020 et bien plus!","potentialAction":[{"@type":"SearchAction","target":{"@type":"EntryPoint","urlTemplate":"https:\/\/preprod.olympic.ca\/olympique\/?s={search_term_string}"},"query-input":{"@type":"PropertyValueSpecification","valueRequired":true,"valueName":"search_term_string"}}],"inLanguage":"fr-FR"}]}},"featured_image_url":"https:\/\/preprod.olympic.ca\/olympique\/wp-content\/uploads\/sites\/2\/2014\/01\/rowley3-e1390687001487.jpg?quality=100","category_names":[],"tag_names":[],"sport_names":[281],"game_names":["Sotchi 2014"],"season_names":[],"team_names":["Sotchi 2014 Saut \u00e0 ski"],"province_names":[],"social_facebook":"","social_twitter":"","social_linkedin":"","social_gplus":"","social_instagram":"","social_website":"","total_medal_count_gold":"","total_medal_count_silver":"","total_medal_count_bronze":"","athlete_headshot":"","athlete_height":"183","athlete_weight":"67","athlete_hometown":"Red Deer, Alberta","athlete_birthplace":"Red Deer, Alberta","coc_gracenote_id":"","athlete_dob":"June 4, 1993","athlete_age":32,"jetpack_sharing_enabled":true,"_links":{"self":[{"href":"https:\/\/preprod.olympic.ca\/olympique\/wp-json\/wp\/v2\/athletes\/90996","targetHints":{"allow":["GET"]}}],"collection":[{"href":"https:\/\/preprod.olympic.ca\/olympique\/wp-json\/wp\/v2\/athletes"}],"about":[{"href":"https:\/\/preprod.olympic.ca\/olympique\/wp-json\/wp\/v2\/types\/athletes"}],"version-history":[{"count":1,"href":"https:\/\/preprod.olympic.ca\/olympique\/wp-json\/wp\/v2\/athletes\/90996\/revisions"}],"predecessor-version":[{"id":93865,"href":"https:\/\/preprod.olympic.ca\/olympique\/wp-json\/wp\/v2\/athletes\/90996\/revisions\/93865"}],"wp:featuredmedia":[{"embeddable":true,"href":"https:\/\/preprod.olympic.ca\/olympique\/wp-json\/wp\/v2\/media\/90998"}],"wp:attachment":[{"href":"https:\/\/preprod.olympic.ca\/olympique\/wp-json\/wp\/v2\/media?parent=90996"}],"wp:term":[{"taxonomy":"post_tag","embeddable":true,"href":"https:\/\/preprod.olympic.ca\/olympique\/wp-json\/wp\/v2\/tags?post=90996"},{"taxonomy":"hof-categories","embeddable":true,"href":"https:\/\/preprod.olympic.ca\/olympique\/wp-json\/wp\/v2\/hof-categories?post=90996"},{"taxonomy":"year-inducted","embeddable":true,"href":"https:\/\/preprod.olympic.ca\/olympique\/wp-json\/wp\/v2\/year-inducted?post=90996"},{"taxonomy":"gender","embeddable":true,"href":"https:\/\/preprod.olympic.ca\/olympique\/wp-json\/wp\/v2\/gender?post=90996"},{"taxonomy":"season","embeddable":true,"href":"https:\/\/preprod.olympic.ca\/olympique\/wp-json\/wp\/v2\/season?post=90996"},{"taxonomy":"sport","embeddable":true,"href":"https:\/\/preprod.olympic.ca\/olympique\/wp-json\/wp\/v2\/sport?post=90996"},{"taxonomy":"game","embeddable":true,"href":"https:\/\/preprod.olympic.ca\/olympique\/wp-json\/wp\/v2\/game?post=90996"},{"taxonomy":"team","embeddable":true,"href":"https:\/\/preprod.olympic.ca\/olympique\/wp-json\/wp\/v2\/team?post=90996"},{"taxonomy":"event","embeddable":true,"href":"https:\/\/preprod.olympic.ca\/olympique\/wp-json\/wp\/v2\/event?post=90996"},{"taxonomy":"province","embeddable":true,"href":"https:\/\/preprod.olympic.ca\/olympique\/wp-json\/wp\/v2\/province?post=90996"}],"curies":[{"name":"wp","href":"https:\/\/api.w.org\/{rel}","templated":true}]}}