{"id":155915,"date":"2019-09-19T09:27:26","date_gmt":"2019-09-19T13:27:26","guid":{"rendered":"http:\/\/olympique.ca\/?post_type=coc_hall_of_fame&#038;p=155915"},"modified":"2019-10-23T16:42:23","modified_gmt":"2019-10-23T20:42:23","slug":"equipe-feminine-de-soccer-de-londres-2012","status":"publish","type":"coc_hall_of_fame","link":"https:\/\/preprod.olympic.ca\/olympique\/hall-of-fame\/equipe-feminine-de-soccer-de-londres-2012\/","title":{"rendered":"\u00c9quipe f\u00e9minine de soccer de Londres 2012"},"content":{"rendered":"<p>L\u2019\u00e9quipe f\u00e9minine de soccer de Londres 2012 a surmont\u00e9 un parcours d\u00e9cevant \u00e0 la Coupe du Monde de 2011 pour se qualifier au tournoi olympique en passant par les qualifications r\u00e9gionales pour finalement remporter la m\u00e9daille de bronze. C\u2019\u00e9tait la premi\u00e8re m\u00e9daille du Canada aux Jeux olympiques dans un sport d\u2019\u00e9quipe depuis 1936. Cette victoire a renouvel\u00e9 la passion nationale pour le ballon rond, conduisant \u00e0 l\u2019accueil de la Coupe du Monde F\u00e9minine au Canada en 2015 qui a \u00e9tabli le record d\u2019affluence de l\u2019histoire de cette comp\u00e9tition.<\/p>\n","protected":false},"excerpt":{"rendered":"<p>Kara Lang au suject de l&rsquo;\u00e9quipe de soccer de Londres 2012 &#8211; On se souviendra des Jeux de Londres 2012 comme d\u2019un moment o\u00f9 l\u2019\u00e9quipe f\u00e9minine de soccer du Canada a captiv\u00e9 l\u2019imaginaire de tout un pays. Cette demi-finale cr\u00e8ve-c\u0153ur contre les Am\u00e9ricaines a offert aux amateurs de sports un spectacle sans pareil. C\u2019\u00e9tait le point culminant de 11 douloureuses ann\u00e9es de d\u00e9faites face aux \u00c9tats-Unis. C\u2019\u00e9tait la Canadienne Christine Sinclair au sommet de son art, inscrivant trois buts magnifiques. C\u2019\u00e9tait les Am\u00e9ricaines, d\u00e9termin\u00e9es comme toujours, refusant de c\u00e9der. Mais, surtout, ce fut une d\u00e9monstration exceptionnelle de prouesses sportives, de d\u00e9termination et de r\u00e9silience. Malgr\u00e9 le r\u00e9sultat de ce match, cette performance a fait de ces femmes des ic\u00f4nes dans notre pays et a inspir\u00e9 toute une g\u00e9n\u00e9ration d\u2019athl\u00e8tes. Et le fait qu\u2019elles aient \u00e9t\u00e9 en mesure de rebondir et de remporter la m\u00e9daille de bronze quelques jours plus tard a rendu leur parcours encore plus impressionnant.<\/p>\n","protected":false},"featured_media":39938,"template":"","tags":[],"hof-categories":[682162653],"year-inducted":[682162728],"sport":[8591],"class_list":["post-155915","coc_hall_of_fame","type-coc_hall_of_fame","status-publish","has-post-thumbnail","hentry","hof-categories-equipe","year-inducted-682162728","sport-football"],"acf":[],"yoast_head":"<!-- This site is optimized with the Yoast SEO plugin v27.3 - https:\/\/yoast.com\/product\/yoast-seo-wordpress\/ -->\n<title>\u00c9quipe f\u00e9minine de soccer de Londres 2012 - \u00c9quipe Canada | Site officiel de l&#039;\u00e9quipe olympique<\/title>\n<meta name=\"robots\" content=\"index, follow, max-snippet:-1, max-image-preview:large, max-video-preview:-1\" \/>\n<link rel=\"canonical\" href=\"https:\/\/preprod.olympic.ca\/olympique\/hall-of-fame\/equipe-feminine-de-soccer-de-londres-2012\/\" \/>\n<meta property=\"og:locale\" content=\"fr_FR\" \/>\n<meta property=\"og:type\" content=\"article\" \/>\n<meta property=\"og:title\" content=\"\u00c9quipe f\u00e9minine de soccer de Londres 2012 - \u00c9quipe Canada | Site officiel de l&#039;\u00e9quipe olympique\" \/>\n<meta property=\"og:description\" content=\"Kara Lang au suject de l&#039;\u00e9quipe de soccer de Londres 2012 - On se souviendra des Jeux de Londres 2012 comme d\u2019un moment o\u00f9 l\u2019\u00e9quipe f\u00e9minine de soccer du Canada a captiv\u00e9 l\u2019imaginaire de tout un pays. Cette demi-finale cr\u00e8ve-c\u0153ur contre les Am\u00e9ricaines a offert aux amateurs de sports un spectacle sans pareil. C\u2019\u00e9tait le point culminant de 11 douloureuses ann\u00e9es de d\u00e9faites face aux \u00c9tats-Unis. C\u2019\u00e9tait la Canadienne Christine Sinclair au sommet de son art, inscrivant trois buts magnifiques. C\u2019\u00e9tait les Am\u00e9ricaines, d\u00e9termin\u00e9es comme toujours, refusant de c\u00e9der. Mais, surtout, ce fut une d\u00e9monstration exceptionnelle de prouesses sportives, de d\u00e9termination et de r\u00e9silience. Malgr\u00e9 le r\u00e9sultat de ce match, cette performance a fait de ces femmes des ic\u00f4nes dans notre pays et a inspir\u00e9 toute une g\u00e9n\u00e9ration d\u2019athl\u00e8tes. Et le fait qu\u2019elles aient \u00e9t\u00e9 en mesure de rebondir et de remporter la m\u00e9daille de bronze quelques jours plus tard a rendu leur parcours encore plus impressionnant.\" \/>\n<meta property=\"og:url\" content=\"https:\/\/preprod.olympic.ca\/olympique\/hall-of-fame\/equipe-feminine-de-soccer-de-londres-2012\/\" \/>\n<meta property=\"og:site_name\" content=\"\u00c9quipe Canada | Site officiel de l&#039;\u00e9quipe olympique\" \/>\n<meta property=\"article:modified_time\" content=\"2019-10-23T20:42:23+00:00\" \/>\n<meta property=\"og:image\" content=\"https:\/\/preprod.olympic.ca\/olympique\/wp-content\/uploads\/sites\/2\/2012\/08\/03032665_july317-e1469020748354.jpg?quality=100\" \/>\n\t<meta property=\"og:image:width\" content=\"1340\" \/>\n\t<meta property=\"og:image:height\" content=\"1102\" \/>\n\t<meta property=\"og:image:type\" content=\"image\/jpeg\" \/>\n<meta name=\"twitter:card\" content=\"summary_large_image\" \/>\n<meta name=\"twitter:label1\" content=\"Written by\" \/>\n\t<meta name=\"twitter:data1\" content=\"tdrensek\" \/>\n<script type=\"application\/ld+json\" class=\"yoast-schema-graph\">{\"@context\":\"https:\\\/\\\/schema.org\",\"@graph\":[{\"@type\":\"WebPage\",\"@id\":\"https:\\\/\\\/preprod.olympic.ca\\\/olympique\\\/hall-of-fame\\\/equipe-feminine-de-soccer-de-londres-2012\\\/\",\"url\":\"https:\\\/\\\/preprod.olympic.ca\\\/olympique\\\/hall-of-fame\\\/equipe-feminine-de-soccer-de-londres-2012\\\/\",\"name\":\"\u00c9quipe f\u00e9minine de soccer de Londres 2012 - \u00c9quipe Canada | Site officiel de l&#039;\u00e9quipe olympique\",\"isPartOf\":{\"@id\":\"https:\\\/\\\/preprod.olympic.ca\\\/olympique\\\/#website\"},\"primaryImageOfPage\":{\"@id\":\"https:\\\/\\\/preprod.olympic.ca\\\/olympique\\\/hall-of-fame\\\/equipe-feminine-de-soccer-de-londres-2012\\\/#primaryimage\"},\"image\":{\"@id\":\"https:\\\/\\\/preprod.olympic.ca\\\/olympique\\\/hall-of-fame\\\/equipe-feminine-de-soccer-de-londres-2012\\\/#primaryimage\"},\"thumbnailUrl\":\"https:\\\/\\\/preprod.olympic.ca\\\/olympique\\\/wp-content\\\/uploads\\\/sites\\\/2\\\/2012\\\/08\\\/03032665_july317-e1469020748354.jpg?quality=100\",\"datePublished\":\"2019-09-19T13:27:26+00:00\",\"dateModified\":\"2019-10-23T20:42:23+00:00\",\"inLanguage\":\"fr-FR\",\"potentialAction\":[{\"@type\":\"ReadAction\",\"target\":[\"https:\\\/\\\/preprod.olympic.ca\\\/olympique\\\/hall-of-fame\\\/equipe-feminine-de-soccer-de-londres-2012\\\/\"]}]},{\"@type\":\"ImageObject\",\"inLanguage\":\"fr-FR\",\"@id\":\"https:\\\/\\\/preprod.olympic.ca\\\/olympique\\\/hall-of-fame\\\/equipe-feminine-de-soccer-de-londres-2012\\\/#primaryimage\",\"url\":\"https:\\\/\\\/preprod.olympic.ca\\\/olympique\\\/wp-content\\\/uploads\\\/sites\\\/2\\\/2012\\\/08\\\/03032665_july317-e1469020748354.jpg?quality=100\",\"contentUrl\":\"https:\\\/\\\/preprod.olympic.ca\\\/olympique\\\/wp-content\\\/uploads\\\/sites\\\/2\\\/2012\\\/08\\\/03032665_july317-e1469020748354.jpg?quality=100\",\"width\":1340,\"height\":1102,\"caption\":\"Melissa Tancredi\"},{\"@type\":\"WebSite\",\"@id\":\"https:\\\/\\\/preprod.olympic.ca\\\/olympique\\\/#website\",\"url\":\"https:\\\/\\\/preprod.olympic.ca\\\/olympique\\\/\",\"name\":\"\u00c9quipe Canada | Site officiel de l&#039;\u00e9quipe olympique\",\"description\":\"Votre source pour l\u2019\u00c9quipe olympique canadienne. Retrouvez les r\u00e9cits, vid\u00e9os et photos des athl\u00e8tes canadiens, sports olympiques, Jeux olympiques de 2020 et bien plus!\",\"potentialAction\":[{\"@type\":\"SearchAction\",\"target\":{\"@type\":\"EntryPoint\",\"urlTemplate\":\"https:\\\/\\\/preprod.olympic.ca\\\/olympique\\\/?s={search_term_string}\"},\"query-input\":{\"@type\":\"PropertyValueSpecification\",\"valueRequired\":true,\"valueName\":\"search_term_string\"}}],\"inLanguage\":\"fr-FR\"}]}<\/script>\n<!-- \/ Yoast SEO plugin. -->","yoast_head_json":{"title":"\u00c9quipe f\u00e9minine de soccer de Londres 2012 - \u00c9quipe Canada | Site officiel de l&#039;\u00e9quipe olympique","robots":{"index":"index","follow":"follow","max-snippet":"max-snippet:-1","max-image-preview":"max-image-preview:large","max-video-preview":"max-video-preview:-1"},"canonical":"https:\/\/preprod.olympic.ca\/olympique\/hall-of-fame\/equipe-feminine-de-soccer-de-londres-2012\/","og_locale":"fr_FR","og_type":"article","og_title":"\u00c9quipe f\u00e9minine de soccer de Londres 2012 - \u00c9quipe Canada | Site officiel de l&#039;\u00e9quipe olympique","og_description":"Kara Lang au suject de l'\u00e9quipe de soccer de Londres 2012 - On se souviendra des Jeux de Londres 2012 comme d\u2019un moment o\u00f9 l\u2019\u00e9quipe f\u00e9minine de soccer du Canada a captiv\u00e9 l\u2019imaginaire de tout un pays. Cette demi-finale cr\u00e8ve-c\u0153ur contre les Am\u00e9ricaines a offert aux amateurs de sports un spectacle sans pareil. C\u2019\u00e9tait le point culminant de 11 douloureuses ann\u00e9es de d\u00e9faites face aux \u00c9tats-Unis. C\u2019\u00e9tait la Canadienne Christine Sinclair au sommet de son art, inscrivant trois buts magnifiques. C\u2019\u00e9tait les Am\u00e9ricaines, d\u00e9termin\u00e9es comme toujours, refusant de c\u00e9der. Mais, surtout, ce fut une d\u00e9monstration exceptionnelle de prouesses sportives, de d\u00e9termination et de r\u00e9silience. Malgr\u00e9 le r\u00e9sultat de ce match, cette performance a fait de ces femmes des ic\u00f4nes dans notre pays et a inspir\u00e9 toute une g\u00e9n\u00e9ration d\u2019athl\u00e8tes. Et le fait qu\u2019elles aient \u00e9t\u00e9 en mesure de rebondir et de remporter la m\u00e9daille de bronze quelques jours plus tard a rendu leur parcours encore plus impressionnant.","og_url":"https:\/\/preprod.olympic.ca\/olympique\/hall-of-fame\/equipe-feminine-de-soccer-de-londres-2012\/","og_site_name":"\u00c9quipe Canada | Site officiel de l&#039;\u00e9quipe olympique","article_modified_time":"2019-10-23T20:42:23+00:00","og_image":[{"width":1340,"height":1102,"url":"https:\/\/preprod.olympic.ca\/olympique\/wp-content\/uploads\/sites\/2\/2012\/08\/03032665_july317-e1469020748354.jpg?quality=100","type":"image\/jpeg"}],"twitter_card":"summary_large_image","twitter_misc":{"Written by":"tdrensek"},"schema":{"@context":"https:\/\/schema.org","@graph":[{"@type":"WebPage","@id":"https:\/\/preprod.olympic.ca\/olympique\/hall-of-fame\/equipe-feminine-de-soccer-de-londres-2012\/","url":"https:\/\/preprod.olympic.ca\/olympique\/hall-of-fame\/equipe-feminine-de-soccer-de-londres-2012\/","name":"\u00c9quipe f\u00e9minine de soccer de Londres 2012 - \u00c9quipe Canada | Site officiel de l&#039;\u00e9quipe olympique","isPartOf":{"@id":"https:\/\/preprod.olympic.ca\/olympique\/#website"},"primaryImageOfPage":{"@id":"https:\/\/preprod.olympic.ca\/olympique\/hall-of-fame\/equipe-feminine-de-soccer-de-londres-2012\/#primaryimage"},"image":{"@id":"https:\/\/preprod.olympic.ca\/olympique\/hall-of-fame\/equipe-feminine-de-soccer-de-londres-2012\/#primaryimage"},"thumbnailUrl":"https:\/\/preprod.olympic.ca\/olympique\/wp-content\/uploads\/sites\/2\/2012\/08\/03032665_july317-e1469020748354.jpg?quality=100","datePublished":"2019-09-19T13:27:26+00:00","dateModified":"2019-10-23T20:42:23+00:00","inLanguage":"fr-FR","potentialAction":[{"@type":"ReadAction","target":["https:\/\/preprod.olympic.ca\/olympique\/hall-of-fame\/equipe-feminine-de-soccer-de-londres-2012\/"]}]},{"@type":"ImageObject","inLanguage":"fr-FR","@id":"https:\/\/preprod.olympic.ca\/olympique\/hall-of-fame\/equipe-feminine-de-soccer-de-londres-2012\/#primaryimage","url":"https:\/\/preprod.olympic.ca\/olympique\/wp-content\/uploads\/sites\/2\/2012\/08\/03032665_july317-e1469020748354.jpg?quality=100","contentUrl":"https:\/\/preprod.olympic.ca\/olympique\/wp-content\/uploads\/sites\/2\/2012\/08\/03032665_july317-e1469020748354.jpg?quality=100","width":1340,"height":1102,"caption":"Melissa Tancredi"},{"@type":"WebSite","@id":"https:\/\/preprod.olympic.ca\/olympique\/#website","url":"https:\/\/preprod.olympic.ca\/olympique\/","name":"\u00c9quipe Canada | Site officiel de l&#039;\u00e9quipe olympique","description":"Votre source pour l\u2019\u00c9quipe olympique canadienne. Retrouvez les r\u00e9cits, vid\u00e9os et photos des athl\u00e8tes canadiens, sports olympiques, Jeux olympiques de 2020 et bien plus!","potentialAction":[{"@type":"SearchAction","target":{"@type":"EntryPoint","urlTemplate":"https:\/\/preprod.olympic.ca\/olympique\/?s={search_term_string}"},"query-input":{"@type":"PropertyValueSpecification","valueRequired":true,"valueName":"search_term_string"}}],"inLanguage":"fr-FR"}]}},"jetpack_sharing_enabled":true,"_links":{"self":[{"href":"https:\/\/preprod.olympic.ca\/olympique\/wp-json\/wp\/v2\/coc_hall_of_fame\/155915","targetHints":{"allow":["GET"]}}],"collection":[{"href":"https:\/\/preprod.olympic.ca\/olympique\/wp-json\/wp\/v2\/coc_hall_of_fame"}],"about":[{"href":"https:\/\/preprod.olympic.ca\/olympique\/wp-json\/wp\/v2\/types\/coc_hall_of_fame"}],"version-history":[{"count":1,"href":"https:\/\/preprod.olympic.ca\/olympique\/wp-json\/wp\/v2\/coc_hall_of_fame\/155915\/revisions"}],"predecessor-version":[{"id":156018,"href":"https:\/\/preprod.olympic.ca\/olympique\/wp-json\/wp\/v2\/coc_hall_of_fame\/155915\/revisions\/156018"}],"wp:featuredmedia":[{"embeddable":true,"href":"https:\/\/preprod.olympic.ca\/olympique\/wp-json\/wp\/v2\/media\/39938"}],"wp:attachment":[{"href":"https:\/\/preprod.olympic.ca\/olympique\/wp-json\/wp\/v2\/media?parent=155915"}],"wp:term":[{"taxonomy":"post_tag","embeddable":true,"href":"https:\/\/preprod.olympic.ca\/olympique\/wp-json\/wp\/v2\/tags?post=155915"},{"taxonomy":"hof-categories","embeddable":true,"href":"https:\/\/preprod.olympic.ca\/olympique\/wp-json\/wp\/v2\/hof-categories?post=155915"},{"taxonomy":"year-inducted","embeddable":true,"href":"https:\/\/preprod.olympic.ca\/olympique\/wp-json\/wp\/v2\/year-inducted?post=155915"},{"taxonomy":"sport","embeddable":true,"href":"https:\/\/preprod.olympic.ca\/olympique\/wp-json\/wp\/v2\/sport?post=155915"}],"curies":[{"name":"wp","href":"https:\/\/api.w.org\/{rel}","templated":true}]}}