{"id":1770,"date":"2011-07-29T21:31:26","date_gmt":"2011-08-17T17:51:24","guid":{"rendered":"http:\/\/preprod.olympic.ca\/?page_id=1770"},"modified":"2024-07-23T13:49:02","modified_gmt":"2024-07-23T17:49:02","slug":"accueil","status":"publish","type":"page","link":"https:\/\/preprod.olympic.ca\/olympique\/","title":{"rendered":"Accueil"},"content":{"rendered":"\n<div class=\"countdown-block\">\n  <div class=\"countdown\" style=\"background-image: url( https:\/\/preprod.olympic.ca\/olympique\/wp-content\/uploads\/sites\/2\/2017\/09\/countdown_Paris2024.png );\" role=\"img\" aria-label=\"Omega et Paris 2024\" >\n    <a href=\"https:\/\/olympique.ca\/jeux\/paris-2024\/\">\n\t\t\t<div class=\"countdown-container\">\n\t\t\t\t<div id=\"countdown\">\n\n          <!-- Example of Countdown for Admin. -->\n          \n        <\/div>\n\t\t\t<\/div>\n\t\t<\/a>\n\t<\/div>\n<\/div>\n\n\n  <script>\n    const initCountdown = function() {\n      let $dayLabel = 'Jours';\n      let $hoursLabel = 'H';\n      let $hoursLabel1 = 'H';\n      let $secLabel = 'S';\n      if ( jQuery( 'body' ).hasClass( 'english' ) ) {\n        $dayLabel = 'Days';\n        $hoursLabel = 'Hrs';\n        $hoursLabel1 = 'Hr';\n        $secLabel = 'Sec';\n      }\n      jQuery( '#countdown' ).countdown( {\n        until: new Date( '2024-07-26T14:00:00' ),\n        timezone: 0,\n        labels: [ 'Yr', 'Mo', 'Wk', $dayLabel, $hoursLabel, 'Min', $secLabel ],\n        labels1: [ 'Yr', 'Mo', 'Wk', $dayLabel, $hoursLabel1, 'Min', $secLabel ]\n      } );\n    };\n\n    \/\/Countdown\n    jQuery( function() {\n      initCountdown();\n    } );\n  <\/script>\n\n  \n\n\n<div class=\"media-post-block aligncenter\" >\n\n  \n<article class=\"post post-249969 type-post status-publish format-standard has-post-thumbnail hentry category-nouvelles category-uncategorized tag-aaliyah-edwards tag-basketball-2 tag-basketball-3x3 tag-bridget-carleton tag-canada-basketball tag-dillon-brooks tag-jamal-murray tag-jeux-olympiques-de-paris-2024 tag-kacie-bosch tag-kayla-alexander tag-natalie-achonwa tag-paige-crozon tag-paris-2024 tag-series-feminines-fiba-3x3 tag-shai-gilgeous-alexander sport-basketball game-paris-2024\">\n  <a href=\"https:\/\/preprod.olympic.ca\/olympique\/2024\/07\/23\/8-choses-a-savoir-a-propos-dequipe-canada-en-basketball-a-paris-2024\/\" class=\"card card--article-media zone\">\n\n    \n\t\t<div class=\"img-container\">\n\t\t\t<img loading=\"lazy\" decoding=\"async\" width=\"1080\" height=\"610\" src=\"https:\/\/preprod.olympic.ca\/olympique\/wp-content\/uploads\/sites\/2\/2024\/07\/Feature-images-5.png?w=1080\" class=\"attachment-1080x610 size-1080x610 wp-post-image\" alt=\"Montage photo de basketball 3x3 f\u00e9minin, basketball f\u00e9minin et basketball masculin.\" srcset=\"https:\/\/preprod.olympic.ca\/olympique\/wp-content\/uploads\/sites\/2\/2024\/07\/Feature-images-5.png 1890w, https:\/\/preprod.olympic.ca\/olympique\/wp-content\/uploads\/sites\/2\/2024\/07\/Feature-images-5.png?resize=280,158 280w, https:\/\/preprod.olympic.ca\/olympique\/wp-content\/uploads\/sites\/2\/2024\/07\/Feature-images-5.png?resize=657,371 657w, https:\/\/preprod.olympic.ca\/olympique\/wp-content\/uploads\/sites\/2\/2024\/07\/Feature-images-5.png?resize=768,434 768w, https:\/\/preprod.olympic.ca\/olympique\/wp-content\/uploads\/sites\/2\/2024\/07\/Feature-images-5.png?resize=1334,754 1334w, https:\/\/preprod.olympic.ca\/olympique\/wp-content\/uploads\/sites\/2\/2024\/07\/Feature-images-5.png?resize=1536,868 1536w\" sizes=\"(max-width: 1080px) 100vw, 1080px\" \/>\t\t<\/div>\n    <div class=\"txt-container\">\n      <h4>8 choses \u00e0 savoir \u00e0 propos d&rsquo;\u00c9quipe Canada en basketball \u00e0 Paris 2024<\/h4>\n      <p class=\"meta\">\n                <time class=\"entry-date\" datetime=\"2024-07-23T11:22:54-04:00\">23 juillet 2024<\/time>\n      <\/p>\n    <\/div>\n  <\/a>\n<\/article>\n\n<\/div>\n\n\n\n<div class=\"ad-block text-center alignfull\" aria-hidden=true>\n\t\t\t<div id=\"div-gpt-ad-1622583010433-0\">\n\t\t<script>\n \t\t\t\tdocument.addEventListener('DOMContentLoaded', function () {\n \t\t\t\t\tvar cookieValue = getCookie('coc_user_cookie_policy');\n \t\t\t\t\tif (cookieValue !== '{opt_in: true, all_cookies: false}') {\n \t\t\t\t\t\tgoogletag.cmd.push(function () {\n \t\t\t\t\t\t\tgoogletag.display(\"div-gpt-ad-1622583010433-0\");\n \t\t\t\t\t\t});\n\n \t\t\t\t\t}\n \t\t\t\t});\n \t\t<\/script>\n\t\t<\/div>\n\t\t<\/div>\n\n\n\n<div style=\"height:15px\" aria-hidden=\"true\" class=\"wp-block-spacer\"><\/div>\n\n\n<style>\na.block_c1ba6d32404e50a0634d01cea0fe4bc0 {\n  background-color: #E8112D;\n  color: #ffffff;\n}\na.block_c1ba6d32404e50a0634d01cea0fe4bc0:hover {\n  background-color: #B7202D;\n  color: #ffffff;\n}\n<\/style>\n\n<div class=\"multi-post-block alignfull\" style=background-color:#341269>\n  <div class=\"grid-container\">\n\n    \n      <div class=\"grid-x grid-padding-x\">\n        <div class=\"cell small-12\">\n          <h2>Informations sur Paris 2024<\/h2>\n        <\/div>\n      <\/div>\n\n      \n    <div class=\"grid-x grid-padding-x grid-padding-y post-type-carousel coc-slider slick-slider overflow-slider\" data-connection-target=\"block_c1ba6d32404e50a0634d01cea0fe4bc0\" data-slick='{\"slidesToShow\": 1.02, \"infinite\": false, \"arrows\": false, \"centerMode\": false, \"mobileFirst\": true, \"responsive\": [\n      { \"breakpoint\": 750, \"settings\": { \"slidesToShow\": 2.02 }},\n      { \"breakpoint\": 1020, \"settings\": \"unslick\" }\n      ]}'>\n\n      \n        <div class=\"cell small-12 large-4\">\n          \r\n<article class=\"post post-246068 page type-page status-publish format-standard has-post-thumbnail hentry\">\r\n\t<a href=\"https:\/\/preprod.olympic.ca\/olympique\/lhoraire-officiel-des-jeux-olympiques-de-paris-2024\/\" class=\"card card--article zone\">\r\n\t\t\r\n\t\t\r\n\t\t\t<div class=\"img-container has-column-layout\">\r\n\t\t\t\t<img loading=\"lazy\" decoding=\"async\" width=\"344\" height=\"193\" src=\"https:\/\/preprod.olympic.ca\/olympique\/wp-content\/uploads\/sites\/2\/2023\/07\/Tour-Eiffel-Stadium-Beach-Volley-Ball-OLY-e1717536769127.jpg?quality=100&amp;w=344\" class=\"attachment-post-thumbnail\" alt=\"Un stade avec la Tour Eiffel en toile de fond.\" srcset=\"https:\/\/preprod.olympic.ca\/olympique\/wp-content\/uploads\/sites\/2\/2023\/07\/Tour-Eiffel-Stadium-Beach-Volley-Ball-OLY-e1717536769127.jpg 2160w, https:\/\/preprod.olympic.ca\/olympique\/wp-content\/uploads\/sites\/2\/2023\/07\/Tour-Eiffel-Stadium-Beach-Volley-Ball-OLY-e1717536769127.jpg?resize=280,158 280w, https:\/\/preprod.olympic.ca\/olympique\/wp-content\/uploads\/sites\/2\/2023\/07\/Tour-Eiffel-Stadium-Beach-Volley-Ball-OLY-e1717536769127.jpg?resize=660,371 660w, https:\/\/preprod.olympic.ca\/olympique\/wp-content\/uploads\/sites\/2\/2023\/07\/Tour-Eiffel-Stadium-Beach-Volley-Ball-OLY-e1717536769127.jpg?resize=768,432 768w, https:\/\/preprod.olympic.ca\/olympique\/wp-content\/uploads\/sites\/2\/2023\/07\/Tour-Eiffel-Stadium-Beach-Volley-Ball-OLY-e1717536769127.jpg?resize=1340,754 1340w, https:\/\/preprod.olympic.ca\/olympique\/wp-content\/uploads\/sites\/2\/2023\/07\/Tour-Eiffel-Stadium-Beach-Volley-Ball-OLY-e1717536769127.jpg?resize=1536,864 1536w, https:\/\/preprod.olympic.ca\/olympique\/wp-content\/uploads\/sites\/2\/2023\/07\/Tour-Eiffel-Stadium-Beach-Volley-Ball-OLY-e1717536769127.jpg?resize=2048,1152 2048w\" sizes=\"(max-width: 344px) 100vw, 344px\" \/>\t\t\t<\/div>\r\n\t\t\r\n\t\t\t<h4>L\u2019horaire officiel des Jeux\u00a0olympiques de Paris 2024<\/h4>\r\n\t\t\t<p class=\"meta\">\r\n\t\t\t\t\r\n\t\t\t<\/p>\r\n\r\n\t\t\t\r\n\t<\/a>\r\n<\/article> <!-- #post-## -->        <\/div>\n\n        \n        <div class=\"cell small-12 large-4\">\n          \r\n<article class=\"post post-249245 page type-page status-publish format-standard has-post-thumbnail hentry\">\r\n\t<a href=\"https:\/\/preprod.olympic.ca\/olympique\/zone-info-des-jeux-olympiques-de-paris-2024\/\" class=\"card card--article zone\">\r\n\t\t\r\n\t\t\r\n\t\t\t<div class=\"img-container has-column-layout\">\r\n\t\t\t\t<img loading=\"lazy\" decoding=\"async\" width=\"344\" height=\"193\" src=\"https:\/\/preprod.olympic.ca\/olympique\/wp-content\/uploads\/sites\/2\/2024\/07\/DC_20231022_5376-1-e1720446382432.jpg?quality=100&amp;w=344\" class=\"attachment-post-thumbnail\" alt=\"Skylar Park tient un drapeau canadien.\" srcset=\"https:\/\/preprod.olympic.ca\/olympique\/wp-content\/uploads\/sites\/2\/2024\/07\/DC_20231022_5376-1-e1720446382432.jpg 1200w, https:\/\/preprod.olympic.ca\/olympique\/wp-content\/uploads\/sites\/2\/2024\/07\/DC_20231022_5376-1-e1720446382432.jpg?resize=280,158 280w, https:\/\/preprod.olympic.ca\/olympique\/wp-content\/uploads\/sites\/2\/2024\/07\/DC_20231022_5376-1-e1720446382432.jpg?resize=660,371 660w, https:\/\/preprod.olympic.ca\/olympique\/wp-content\/uploads\/sites\/2\/2024\/07\/DC_20231022_5376-1-e1720446382432.jpg?resize=768,433 768w\" sizes=\"(max-width: 344px) 100vw, 344px\" \/>\t\t\t<\/div>\r\n\t\t\r\n\t\t\t<h4>Zone Info des Jeux Olympiques de Paris 2024<\/h4>\r\n\t\t\t<p class=\"meta\">\r\n\t\t\t\t\r\n\t\t\t<\/p>\r\n\r\n\t\t\t\r\n\t<\/a>\r\n<\/article> <!-- #post-## -->        <\/div>\n\n        \n        <div class=\"cell small-12 large-4\">\n          \r\n<article class=\"post post-130516 games type-games status-publish has-post-thumbnail hentry tag-paris-2024 coc-type-jeux-olympiques-dete season-ete game-paris-2024 team-paris-2024-athletisme team-paris-2024-aviron team-paris-2024-badminton team-paris-2024-basketball-femmes team-paris-2024-basketball-hommes team-paris-2024-basketball-3x3 team-paris-2024-boxe team-paris-2024-breaking team-paris-2024-canoe-kayak-slalom team-paris-2024-canoe-kayak-vitesse team-paris-2024-bmx team-paris-2024-velo-de-montagne team-paris-2024-cyclisme-sur-piste team-paris-2024-cyclisme-sur-route team-paris-2024-escrime team-paris-2024-golf team-paris-2024-gymnastique-artistique team-paris-2024-halterophilie team-paris-2024-judo team-paris-2024-lutte team-paris-2024-natation team-paris-2024-natation-artistique team-paris-2024-plongeon team-paris-2024-rugby-femmes team-paris-2024-skateboard team-paris-2024-soccer-femmes team-paris-2024-sports-equestres-concours-complet team-paris-2024-sports-equestres-dressage team-paris-2024-sports-equestres team-paris-2024-surf team-paris-2024-taekwondo team-paris-2024-tennis team-paris-2024-tennis-de-table team-paris-2024-tir team-paris-2024-tir-a-larc team-paris-2024-trampoline team-paris-2024-triathlon team-paris-2024-voile team-paris-2024-volleyball-hommes team-paris-2024-volleyball-de-plage team-paris-2024-water-polo-femmes\">\r\n\t<a href=\"https:\/\/preprod.olympic.ca\/olympique\/jeux\/paris-2024\/\" class=\"card card--article zone\">\r\n\t\t\r\n\t\t\r\n\t\t\t<div class=\"img-container has-column-layout\">\r\n\t\t\t\t<img loading=\"lazy\" decoding=\"async\" width=\"344\" height=\"193\" src=\"https:\/\/preprod.olympic.ca\/olympique\/wp-content\/uploads\/sites\/2\/2017\/09\/16391394-e1505158614504.jpg?quality=100&amp;w=344\" class=\"attachment-post-thumbnail\" alt=\"\" srcset=\"https:\/\/preprod.olympic.ca\/olympique\/wp-content\/uploads\/sites\/2\/2017\/09\/16391394-e1505158614504.jpg 1010w, https:\/\/preprod.olympic.ca\/olympique\/wp-content\/uploads\/sites\/2\/2017\/09\/16391394-e1505158614504.jpg?resize=280,158 280w, https:\/\/preprod.olympic.ca\/olympique\/wp-content\/uploads\/sites\/2\/2017\/09\/16391394-e1505158614504.jpg?resize=660,371 660w, https:\/\/preprod.olympic.ca\/olympique\/wp-content\/uploads\/sites\/2\/2017\/09\/16391394-e1505158614504.jpg?resize=768,432 768w\" sizes=\"(max-width: 344px) 100vw, 344px\" \/>\t\t\t<\/div>\r\n\t\t\r\n\t\t\t<h4>Paris 2024<\/h4>\r\n\t\t\t<p class=\"meta\">\r\n\t\t\t\t\r\n\t\t\t<\/p>\r\n\r\n\t\t\t\r\n\t<\/a>\r\n<\/article> <!-- #post-## -->        <\/div>\n\n        \n    <\/div>\n\n    \n      <div class=\"grid-x grid-padding-x align-center\">\n        <div class=\"cell medium-6 flex-container align-center\">\n          <a data-slider=\"true\" data-nonce=\"75b1d4d4d3\" href=\"https:\/\/preprod.olympic.ca\/olympique\/jeux\/paris-2024\/?wpp_page=2\" class=\"button post-type-carousel-load-more hide-filter-button block_c1ba6d32404e50a0634d01cea0fe4bc0\" data-template=\"multi-post-block\" data-query=\"{&quot;post_type&quot;:&quot;any&quot;,&quot;posts_per_page&quot;:&quot;3&quot;,&quot;ignore_sticky_posts&quot;:true,&quot;post__in&quot;:[246068,249245,130516,133572,249731,248884,240863,213734,236577,224593,224066,165173,214186,224098,224138,224160],&quot;paged&quot;:1,&quot;orderby&quot;:&quot;post__in&quot;,&quot;post_status&quot;:&quot;publish&quot;}\" data-connection=\"block_c1ba6d32404e50a0634d01cea0fe4bc0\">Montrer Plus<\/a>\n          <span class=\"loading\"><\/span>\n        <\/div>\n      <\/div>\n\n      \n  <\/div>\n<\/div>\n\n\n\n<div style=\"height:15px\" aria-hidden=\"true\" class=\"wp-block-spacer\"><\/div>\n\n\n\n<div class=\"cta-block alignfull\" style=\"background-color:#000000\">\n  <div class=\"grid-container\">\n    <div class=\"grid-x grid-padding-x\">\n      <div class=\"cell small-12\">\n        \n\n<div class=\"wp-block-media-text is-stacked-on-mobile\"><figure class=\"wp-block-media-text__media\"><a href=\"https:\/\/olympique.ca\/invinciblecourage\/\"><img loading=\"lazy\" decoding=\"async\" width=\"2161\" height=\"1217\" src=\"https:\/\/olympique.ca\/wp-content\/uploads\/sites\/2\/2024\/04\/BIU-Banner-PR.png?w=1340\" alt=\"\" class=\"wp-image-241361 size-full\" srcset=\"https:\/\/preprod.olympic.ca\/olympique\/wp-content\/uploads\/sites\/2\/2024\/04\/BIU-Banner-PR.png 2161w, https:\/\/preprod.olympic.ca\/olympique\/wp-content\/uploads\/sites\/2\/2024\/04\/BIU-Banner-PR.png?resize=280,158 280w, https:\/\/preprod.olympic.ca\/olympique\/wp-content\/uploads\/sites\/2\/2024\/04\/BIU-Banner-PR.png?resize=660,371 660w, https:\/\/preprod.olympic.ca\/olympique\/wp-content\/uploads\/sites\/2\/2024\/04\/BIU-Banner-PR.png?resize=768,433 768w, https:\/\/preprod.olympic.ca\/olympique\/wp-content\/uploads\/sites\/2\/2024\/04\/BIU-Banner-PR.png?resize=1340,754 1340w, https:\/\/preprod.olympic.ca\/olympique\/wp-content\/uploads\/sites\/2\/2024\/04\/BIU-Banner-PR.png?resize=1536,865 1536w, https:\/\/preprod.olympic.ca\/olympique\/wp-content\/uploads\/sites\/2\/2024\/04\/BIU-Banner-PR.png?resize=2048,1153 2048w\" sizes=\"(max-width: 2161px) 100vw, 2161px\" \/><\/a><\/figure><div class=\"wp-block-media-text__content\">\n<h2 class=\"wp-block-heading\">L&rsquo;invincible courage<\/h2>\n\n\n\n<p>Ce qu\u2019on ne voit pas, c\u2019est ce qui nous d\u00e9finit.<\/p>\n\n\n\n<div class=\"wp-block-button\"><a class=\"wp-block-button__link wp-element-button\" href=\"https:\/\/olympique.ca\/invinciblecourage\/\">Voir les histoires<\/a><\/div>\n<\/div><\/div>\n\n      <\/div>\n    <\/div>\n  <\/div>\n<\/div>\n\n\n\n<div class=\"popular-posts-block alignfull\" >\n\t<div class=\"grid-container\">\n\t\t<div class=\"grid-x grid-padding-x \" data-slick=\"\" data-connection-target=\"block_18bba2665e67645836f69d77131ba759\">\n\n\t\t\t\n\t\t\t\t\t<div class=\"cell\">\n\t\t\t\t\t\t\r\n<article class=\"post post-250046 type-post status-publish format-standard has-post-thumbnail hentry category-nouvelles category-uncategorized tag-charity-williams tag-chloe-daniels tag-en-vedette tag-equipe-canada tag-keyara-wardley tag-olivia-apps tag-paris-2024 tag-rugby sport-rugby-1 game-paris-2024\">\r\n\t<a href=\"https:\/\/preprod.olympic.ca\/olympique\/2024\/07\/23\/les-joueuses-de-rugby-dequipe-canada-unies-a-lapproche-de-paris-2024\/\" class=\"card card--article zone\">\r\n\t\t\r\n\t\t\r\n\t\t\t<div class=\"img-container\">\r\n\t\t\t\t<img loading=\"lazy\" decoding=\"async\" width=\"1080\" height=\"610\" src=\"https:\/\/preprod.olympic.ca\/olympique\/wp-content\/uploads\/sites\/2\/2023\/10\/TS_20231104_8073-e1699301435369.jpg?quality=100&amp;w=1080\" class=\"attachment-post-thumbnail\" alt=\"Carissa Norsten est soulev\u00e9e par deux co\u00e9quipi\u00e8res.\" srcset=\"https:\/\/preprod.olympic.ca\/olympique\/wp-content\/uploads\/sites\/2\/2023\/10\/TS_20231104_8073-e1699301435369.jpg 1198w, https:\/\/preprod.olympic.ca\/olympique\/wp-content\/uploads\/sites\/2\/2023\/10\/TS_20231104_8073-e1699301435369.jpg?resize=280,158 280w, https:\/\/preprod.olympic.ca\/olympique\/wp-content\/uploads\/sites\/2\/2023\/10\/TS_20231104_8073-e1699301435369.jpg?resize=657,371 657w, https:\/\/preprod.olympic.ca\/olympique\/wp-content\/uploads\/sites\/2\/2023\/10\/TS_20231104_8073-e1699301435369.jpg?resize=768,433 768w\" sizes=\"(max-width: 1080px) 100vw, 1080px\" \/>\t\t\t<\/div>\r\n\t\t\r\n\t\t\t<h4>Les joueuses de rugby d\u2019\u00c9quipe Canada unies \u00e0 l\u2019approche de Paris\u00a02024<\/h4>\r\n\t\t\t<p class=\"meta\">\r\n\t\t\t\t\t\t\t\t\t\t\t<time class=\"entry-date\" datetime=\"2024-07-23T13:31:09-04:00\">23 juillet 2024<\/time>\r\n\t\t\t\t\t\t\t\r\n\t\t\t<\/p>\r\n\r\n\t\t\t\r\n\t<\/a>\r\n<\/article> <!-- #post-## -->\t\t\t\t\t<\/div>\n\n\t\t\t\t\t\n\t\t\t\t\t<div class=\"cell\">\n\t\t\t\t\t\t\r\n<article class=\"post post-249863 type-post status-publish format-standard has-post-thumbnail hentry category-nouvelles category-uncategorized tag-apollo-hess tag-en-vedette tag-equipe-canada tag-feature tag-finlay-knox tag-ilya-kharun tag-ingrid-wilm tag-javier-acevedo tag-jeremy-bagshaw tag-josh-liendo tag-kylie-masse tag-maggie-mac-neil tag-mary-sophie-harvey tag-natation tag-paris-2024 tag-penny-oleksiak tag-sophie-angus tag-summer-mcintosh tag-swimming tag-sydney-pickrem tag-taylor-ruck tag-yuri-kisil sport-sports-aquatiques-natation game-paris-2024\">\r\n\t<a href=\"https:\/\/preprod.olympic.ca\/olympique\/2024\/07\/23\/equipe-canada-vivra-certainement-de-grands-moments-a-la-piscine-des-jeux-de-paris-2024\/\" class=\"card card--article zone\">\r\n\t\t\r\n\t\t\r\n\t\t\t<div class=\"img-container\">\r\n\t\t\t\t<img loading=\"lazy\" decoding=\"async\" width=\"1080\" height=\"610\" src=\"https:\/\/preprod.olympic.ca\/olympique\/wp-content\/uploads\/sites\/2\/2023\/07\/Summer-McIntosh-e1680535069443.jpg?quality=100&amp;w=1080\" class=\"attachment-post-thumbnail\" alt=\"Summer McInstosh c\u00e9l\u00e8bre apr\u00e8s une course.\" srcset=\"https:\/\/preprod.olympic.ca\/olympique\/wp-content\/uploads\/sites\/2\/2023\/07\/Summer-McIntosh-e1680535069443.jpg 1080w, https:\/\/preprod.olympic.ca\/olympique\/wp-content\/uploads\/sites\/2\/2023\/07\/Summer-McIntosh-e1680535069443.jpg?resize=280,158 280w, https:\/\/preprod.olympic.ca\/olympique\/wp-content\/uploads\/sites\/2\/2023\/07\/Summer-McIntosh-e1680535069443.jpg?resize=657,371 657w, https:\/\/preprod.olympic.ca\/olympique\/wp-content\/uploads\/sites\/2\/2023\/07\/Summer-McIntosh-e1680535069443.jpg?resize=768,434 768w\" sizes=\"(max-width: 1080px) 100vw, 1080px\" \/>\t\t\t<\/div>\r\n\t\t\r\n\t\t\t<h4>\u00c9quipe Canada vivra certainement de grands moments \u00e0 la piscine des Jeux de Paris\u00a02024<\/h4>\r\n\t\t\t<p class=\"meta\">\r\n\t\t\t\t\t\t\t\t\t\t\t<time class=\"entry-date\" datetime=\"2024-07-23T09:00:00-04:00\">23 juillet 2024<\/time>\r\n\t\t\t\t\t\t\t\r\n\t\t\t<\/p>\r\n\r\n\t\t\t\r\n\t<\/a>\r\n<\/article> <!-- #post-## -->\t\t\t\t\t<\/div>\n\n\t\t\t\t\t\n\t\t\t\t\t<div class=\"cell\">\n\t\t\t\t\t\t\r\n<article class=\"post post-249784 type-post status-publish format-standard has-post-thumbnail hentry category-evergreen category-nouvelles category-uncategorized tag-ceremonie-douverture tag-equipe-canada tag-jeux-olympiques-de-paris-2024 tag-lululemon tag-paris-2024 game-paris-2024\">\r\n\t<a href=\"https:\/\/preprod.olympic.ca\/olympique\/2024\/07\/23\/que-porteront-les-athletes-pour-la-ceremonie-douverture-des-jeux-olympiques-de-paris-2024\/\" class=\"card card--article zone\">\r\n\t\t\r\n\t\t\r\n\t\t\t<div class=\"img-container\">\r\n\t\t\t\t<img loading=\"lazy\" decoding=\"async\" width=\"1080\" height=\"608\" src=\"https:\/\/preprod.olympic.ca\/olympique\/wp-content\/uploads\/sites\/2\/2024\/04\/1_240216_LULULEMON_HERO-WEB-srgb_email.jpg?quality=100&amp;w=1080\" class=\"attachment-post-thumbnail\" alt=\"\" srcset=\"https:\/\/preprod.olympic.ca\/olympique\/wp-content\/uploads\/sites\/2\/2024\/04\/1_240216_LULULEMON_HERO-WEB-srgb_email.jpg 4000w, https:\/\/preprod.olympic.ca\/olympique\/wp-content\/uploads\/sites\/2\/2024\/04\/1_240216_LULULEMON_HERO-WEB-srgb_email.jpg?resize=280,158 280w, https:\/\/preprod.olympic.ca\/olympique\/wp-content\/uploads\/sites\/2\/2024\/04\/1_240216_LULULEMON_HERO-WEB-srgb_email.jpg?resize=660,371 660w, https:\/\/preprod.olympic.ca\/olympique\/wp-content\/uploads\/sites\/2\/2024\/04\/1_240216_LULULEMON_HERO-WEB-srgb_email.jpg?resize=768,432 768w, https:\/\/preprod.olympic.ca\/olympique\/wp-content\/uploads\/sites\/2\/2024\/04\/1_240216_LULULEMON_HERO-WEB-srgb_email.jpg?resize=1340,754 1340w, https:\/\/preprod.olympic.ca\/olympique\/wp-content\/uploads\/sites\/2\/2024\/04\/1_240216_LULULEMON_HERO-WEB-srgb_email.jpg?resize=1536,864 1536w, https:\/\/preprod.olympic.ca\/olympique\/wp-content\/uploads\/sites\/2\/2024\/04\/1_240216_LULULEMON_HERO-WEB-srgb_email.jpg?resize=2048,1152 2048w\" sizes=\"(max-width: 1080px) 100vw, 1080px\" \/>\t\t\t<\/div>\r\n\t\t\r\n\t\t\t<h4>Que porteront les athl\u00e8tes pour la c\u00e9r\u00e9monie d&rsquo;ouverture des Jeux olympiques de Paris 2024 ?<\/h4>\r\n\t\t\t<p class=\"meta\">\r\n\t\t\t\t\t\t\t\t\t\t\t<time class=\"entry-date\" datetime=\"2024-07-23T04:41:33-04:00\">23 juillet 2024<\/time>\r\n\t\t\t\t\t\t\t\r\n\t\t\t<\/p>\r\n\r\n\t\t\t\r\n\t<\/a>\r\n<\/article> <!-- #post-## -->\t\t\t\t\t<\/div>\n\n\t\t\t\t\t\n\t\t\t\t\t<div class=\"cell\">\n\t\t\t\t\t\t\r\n<article class=\"post post-249827 type-post status-publish format-standard has-post-thumbnail hentry category-evergreen category-nouvelles category-uncategorized tag-athletisme tag-cam-levins tag-cameron-levins tag-equipe-canada tag-jean-simon-desgagnes tag-jerome-drayton tag-marco-arop tag-paris-2024 sport-athletisme game-paris-2024\">\r\n\t<a href=\"https:\/\/preprod.olympic.ca\/olympique\/2024\/07\/22\/la-carriere-du-marathonien-cameron-levins-est-une-lecon-de-perseverance\/\" class=\"card card--article zone\">\r\n\t\t\r\n\t\t\r\n\t\t\t<div class=\"img-container\">\r\n\t\t\t\t<img loading=\"lazy\" decoding=\"async\" width=\"1080\" height=\"610\" src=\"https:\/\/preprod.olympic.ca\/olympique\/wp-content\/uploads\/sites\/2\/2024\/03\/Cam-Levins-e1707318132159.jpg?quality=100&amp;w=1080\" class=\"attachment-post-thumbnail\" alt=\"Bashir Abdi de Belgique et Cameron Levins du Canada se serrent dans les bras.\" srcset=\"https:\/\/preprod.olympic.ca\/olympique\/wp-content\/uploads\/sites\/2\/2024\/03\/Cam-Levins-e1707318132159.jpg 1336w, https:\/\/preprod.olympic.ca\/olympique\/wp-content\/uploads\/sites\/2\/2024\/03\/Cam-Levins-e1707318132159.jpg?resize=280,158 280w, https:\/\/preprod.olympic.ca\/olympique\/wp-content\/uploads\/sites\/2\/2024\/03\/Cam-Levins-e1707318132159.jpg?resize=657,371 657w, https:\/\/preprod.olympic.ca\/olympique\/wp-content\/uploads\/sites\/2\/2024\/03\/Cam-Levins-e1707318132159.jpg?resize=768,433 768w\" sizes=\"(max-width: 1080px) 100vw, 1080px\" \/>\t\t\t<\/div>\r\n\t\t\r\n\t\t\t<h4>La carri\u00e8re du marathonien Cameron Levins est une le\u00e7on de pers\u00e9v\u00e9rance<\/h4>\r\n\t\t\t<p class=\"meta\">\r\n\t\t\t\t\t\t\t\t\t\t\t<time class=\"entry-date\" datetime=\"2024-07-22T15:05:40-04:00\">22 juillet 2024<\/time>\r\n\t\t\t\t\t\t\t\r\n\t\t\t<\/p>\r\n\r\n\t\t\t\r\n\t<\/a>\r\n<\/article> <!-- #post-## -->\t\t\t\t\t<\/div>\n\n\t\t\t\t\t\n\t\t\t\t\t<div class=\"cell\">\n\t\t\t\t\t\t\r\n<article class=\"post post-249715 type-post status-publish format-standard has-post-thumbnail hentry category-nouvelles category-uncategorized tag-bianca-andreescu tag-equipe-canada tag-felix-auger-aliassime-3 tag-gaby-dabrowski tag-leylah-annie-fernandez tag-paris-2024 tag-tennis-2 tag-tennis-canada sport-tennis game-paris-2024\">\r\n\t<a href=\"https:\/\/preprod.olympic.ca\/olympique\/2024\/07\/21\/andreescu-et-fernandez-apprecient-laventure-de-faire-partie-dequipe-canada-a-paris-2024\/\" class=\"card card--article zone\">\r\n\t\t\r\n\t\t\r\n\t\t\t<div class=\"img-container\">\r\n\t\t\t\t<img loading=\"lazy\" decoding=\"async\" width=\"1080\" height=\"610\" src=\"https:\/\/preprod.olympic.ca\/olympique\/wp-content\/uploads\/sites\/2\/2024\/07\/Feature-images.png?w=1080\" class=\"attachment-post-thumbnail\" alt=\"\" srcset=\"https:\/\/preprod.olympic.ca\/olympique\/wp-content\/uploads\/sites\/2\/2024\/07\/Feature-images.png 2160w, https:\/\/preprod.olympic.ca\/olympique\/wp-content\/uploads\/sites\/2\/2024\/07\/Feature-images.png?resize=280,158 280w, https:\/\/preprod.olympic.ca\/olympique\/wp-content\/uploads\/sites\/2\/2024\/07\/Feature-images.png?resize=657,371 657w, https:\/\/preprod.olympic.ca\/olympique\/wp-content\/uploads\/sites\/2\/2024\/07\/Feature-images.png?resize=768,434 768w, https:\/\/preprod.olympic.ca\/olympique\/wp-content\/uploads\/sites\/2\/2024\/07\/Feature-images.png?resize=1335,754 1335w, https:\/\/preprod.olympic.ca\/olympique\/wp-content\/uploads\/sites\/2\/2024\/07\/Feature-images.png?resize=1536,868 1536w, https:\/\/preprod.olympic.ca\/olympique\/wp-content\/uploads\/sites\/2\/2024\/07\/Feature-images.png?resize=2048,1157 2048w\" sizes=\"(max-width: 1080px) 100vw, 1080px\" \/>\t\t\t<\/div>\r\n\t\t\r\n\t\t\t<h4>Andreescu et Fernandez appr\u00e9cient l&rsquo;aventure de faire partie d&rsquo;\u00c9quipe Canada \u00e0 Paris 2024<\/h4>\r\n\t\t\t<p class=\"meta\">\r\n\t\t\t\t\t\t\t\t\t\t\t<time class=\"entry-date\" datetime=\"2024-07-21T16:33:39-04:00\">21 juillet 2024<\/time>\r\n\t\t\t\t\t\t\t\r\n\t\t\t<\/p>\r\n\r\n\t\t\t\r\n\t<\/a>\r\n<\/article> <!-- #post-## -->\t\t\t\t\t<\/div>\n\n\t\t\t\t\t\n\t\t\t\t\t<div class=\"cell\">\n\t\t\t\t\t\t\r\n<article class=\"post post-249667 type-post status-publish format-standard has-post-thumbnail hentry category-nouvelles tag-alysha-newman tag-anicka-newell tag-athletisme tag-athletisme-canada tag-brendon-rodney tag-christopher-morales-williams-2 tag-diamond-league tag-duan-asemota tag-eliezer-adjibi tag-equipe-canada tag-jerome-blake sport-athletisme\">\r\n\t<a href=\"https:\/\/preprod.olympic.ca\/olympique\/2024\/07\/20\/alysha-newman-recolte-la-medaille-dargent-avant-paris\/\" class=\"card card--article zone\">\r\n\t\t\r\n\t\t\r\n\t\t\t<div class=\"img-container\">\r\n\t\t\t\t<img loading=\"lazy\" decoding=\"async\" width=\"1080\" height=\"610\" src=\"https:\/\/preprod.olympic.ca\/olympique\/wp-content\/uploads\/sites\/2\/2024\/07\/CP172518625-1-e1721489430267.jpg?quality=100&amp;w=1080\" class=\"attachment-post-thumbnail\" alt=\"Alysha Newman fait un saut \u00e0 la perche.\" srcset=\"https:\/\/preprod.olympic.ca\/olympique\/wp-content\/uploads\/sites\/2\/2024\/07\/CP172518625-1-e1721489430267.jpg 4952w, https:\/\/preprod.olympic.ca\/olympique\/wp-content\/uploads\/sites\/2\/2024\/07\/CP172518625-1-e1721489430267.jpg?resize=280,158 280w, https:\/\/preprod.olympic.ca\/olympique\/wp-content\/uploads\/sites\/2\/2024\/07\/CP172518625-1-e1721489430267.jpg?resize=657,371 657w, https:\/\/preprod.olympic.ca\/olympique\/wp-content\/uploads\/sites\/2\/2024\/07\/CP172518625-1-e1721489430267.jpg?resize=768,434 768w, https:\/\/preprod.olympic.ca\/olympique\/wp-content\/uploads\/sites\/2\/2024\/07\/CP172518625-1-e1721489430267.jpg?resize=1335,754 1335w, https:\/\/preprod.olympic.ca\/olympique\/wp-content\/uploads\/sites\/2\/2024\/07\/CP172518625-1-e1721489430267.jpg?resize=1536,868 1536w, https:\/\/preprod.olympic.ca\/olympique\/wp-content\/uploads\/sites\/2\/2024\/07\/CP172518625-1-e1721489430267.jpg?resize=2048,1157 2048w\" sizes=\"(max-width: 1080px) 100vw, 1080px\" \/>\t\t\t<\/div>\r\n\t\t\r\n\t\t\t<h4>Alysha Newman r\u00e9colte une m\u00e9daille d&rsquo;argent en pr\u00e9paration pour Paris 2024<\/h4>\r\n\t\t\t<p class=\"meta\">\r\n\t\t\t\t\t\t\t\t\t\t\t<time class=\"entry-date\" datetime=\"2024-07-20T11:38:12-04:00\">20 juillet 2024<\/time>\r\n\t\t\t\t\t\t\t\r\n\t\t\t<\/p>\r\n\r\n\t\t\t\r\n\t<\/a>\r\n<\/article> <!-- #post-## -->\t\t\t\t\t<\/div>\n\n\t\t\t\t\t\n\t\t<\/div>\n\t\t\n      <div class=\"grid-x grid-padding-x align-center\">\n        <div class=\"cell medium-6 flex-container align-center\">\n          <a data-slider=\"true\" data-nonce=\"3e97292dc2\" href=\"https:\/\/preprod.olympic.ca\/olympique\/2024\/07\/20\/alysha-newman-recolte-la-medaille-dargent-avant-paris\/?wpp_page=2\" class=\"button popular-posts-load-more hide-filter-button block_18bba2665e67645836f69d77131ba759\" data-template=\"popular-posts-block\" data-query=\"{&quot;post_type&quot;:[&quot;post&quot;,&quot;press&quot;],&quot;posts_per_page&quot;:&quot;6&quot;,&quot;ignore_sticky_posts&quot;:true,&quot;post__in&quot;:{&quot;6&quot;:249220,&quot;7&quot;:249343,&quot;8&quot;:249280,&quot;9&quot;:248573},&quot;orderby&quot;:&quot;post__in&quot;,&quot;post_status&quot;:&quot;publish&quot;}\" data-connection=\"block_18bba2665e67645836f69d77131ba759\" data-layout=\"full_width\" data-show_image=\"1\">Montrer plus<\/a>\n          <span class=\"loading\"><\/span>\n        <\/div>\n      <\/div>\n\n      \t<\/div>\n<\/div>\n\n\n\n<div class=\"ad-block text-center alignfull padding-bottom-0\" aria-hidden=true>\n\t\t\t<div id=\"div-gpt-ad-1623789024591-0\">\n\t\t<script>\n \t\t\t\tdocument.addEventListener('DOMContentLoaded', function () {\n \t\t\t\t\tvar cookieValue = getCookie('coc_user_cookie_policy');\n \t\t\t\t\tif (cookieValue !== '{opt_in: true, all_cookies: false}') {\n \t\t\t\t\t\tgoogletag.cmd.push(function () {\n \t\t\t\t\t\t\tgoogletag.display(\"div-gpt-ad-1623789024591-0\");\n \t\t\t\t\t\t});\n\n \t\t\t\t\t}\n \t\t\t\t});\n \t\t<\/script>\n\t\t<\/div>\n\t\t<\/div>\n\n\n\n<div style=\"height:40px\" aria-hidden=\"true\" class=\"wp-block-spacer\"><\/div>\n\n\n<style>\na.block_6aac79a1a8e14cf7c9ce9b970ea31eb1 {\n  background-color: #0a0000;\n  color: #ffffff;\n}\na.block_6aac79a1a8e14cf7c9ce9b970ea31eb1:hover {\n  background-color: #B7202D;\n  color: #ffffff;\n}\n<\/style>\n<div class=\"posts-slider-block alignfull\" style=\"background-color:#9a0b1e\">\n  <div class=\"grid-container\">\n    <div class=\"grid-x grid-padding-x\"><div class=\"cell small-12\"><h2>Meilleures lectures sur la route vers Paris<\/h2><\/div><\/div>\n    <div  class=\"grid-x grid-padding-x grid-padding-y post-type-carousel coc-slider slick-slider overflow-slider\" data-connection-target=\"block_6aac79a1a8e14cf7c9ce9b970ea31eb1\" data-slick='{\"slidesToShow\": 1.02, \"infinite\": false, \"arrows\": false, \"mobileFirst\": true, \"responsive\": [\n      { \"breakpoint\": 750, \"settings\": { \"slidesToShow\": 2.02 }},\n      { \"breakpoint\": 1020, \"settings\": \"unslick\" }\n      ]}'>\n      <div class=\"cell small-12 large-4\">\r\n<article class=\"post post-250046 type-post status-publish format-standard has-post-thumbnail hentry category-nouvelles category-uncategorized tag-charity-williams tag-chloe-daniels tag-en-vedette tag-equipe-canada tag-keyara-wardley tag-olivia-apps tag-paris-2024 tag-rugby sport-rugby-1 game-paris-2024\">\r\n\t<a href=\"https:\/\/preprod.olympic.ca\/olympique\/2024\/07\/23\/les-joueuses-de-rugby-dequipe-canada-unies-a-lapproche-de-paris-2024\/\" class=\"card card--article zone\">\r\n\t\t\r\n\t\t\r\n\t\t\t<div class=\"img-container has-column-layout\">\r\n\t\t\t\t<img loading=\"lazy\" decoding=\"async\" width=\"342\" height=\"193\" src=\"https:\/\/preprod.olympic.ca\/olympique\/wp-content\/uploads\/sites\/2\/2023\/10\/TS_20231104_8073-e1699301435369.jpg?quality=100&amp;w=342\" class=\"attachment-post-thumbnail\" alt=\"Carissa Norsten est soulev\u00e9e par deux co\u00e9quipi\u00e8res.\" srcset=\"https:\/\/preprod.olympic.ca\/olympique\/wp-content\/uploads\/sites\/2\/2023\/10\/TS_20231104_8073-e1699301435369.jpg 1198w, https:\/\/preprod.olympic.ca\/olympique\/wp-content\/uploads\/sites\/2\/2023\/10\/TS_20231104_8073-e1699301435369.jpg?resize=280,158 280w, https:\/\/preprod.olympic.ca\/olympique\/wp-content\/uploads\/sites\/2\/2023\/10\/TS_20231104_8073-e1699301435369.jpg?resize=657,371 657w, https:\/\/preprod.olympic.ca\/olympique\/wp-content\/uploads\/sites\/2\/2023\/10\/TS_20231104_8073-e1699301435369.jpg?resize=768,433 768w\" sizes=\"(max-width: 342px) 100vw, 342px\" \/>\t\t\t<\/div>\r\n\t\t\r\n\t\t\t<h4>Les joueuses de rugby d\u2019\u00c9quipe Canada unies \u00e0 l\u2019approche de Paris\u00a02024<\/h4>\r\n\t\t\t<p class=\"meta\">\r\n\t\t\t\t\t\t\t\t\t\t\t<time class=\"entry-date\" datetime=\"2024-07-23T13:31:09-04:00\">23 juillet 2024<\/time>\r\n\t\t\t\t\t\t\t\r\n\t\t\t<\/p>\r\n\r\n\t\t\t\r\n\t<\/a>\r\n<\/article> <!-- #post-## --><\/div><div class=\"cell small-12 large-4\">\r\n<article class=\"post post-249863 type-post status-publish format-standard has-post-thumbnail hentry category-nouvelles category-uncategorized tag-apollo-hess tag-en-vedette tag-equipe-canada tag-feature tag-finlay-knox tag-ilya-kharun tag-ingrid-wilm tag-javier-acevedo tag-jeremy-bagshaw tag-josh-liendo tag-kylie-masse tag-maggie-mac-neil tag-mary-sophie-harvey tag-natation tag-paris-2024 tag-penny-oleksiak tag-sophie-angus tag-summer-mcintosh tag-swimming tag-sydney-pickrem tag-taylor-ruck tag-yuri-kisil sport-sports-aquatiques-natation game-paris-2024\">\r\n\t<a href=\"https:\/\/preprod.olympic.ca\/olympique\/2024\/07\/23\/equipe-canada-vivra-certainement-de-grands-moments-a-la-piscine-des-jeux-de-paris-2024\/\" class=\"card card--article zone\">\r\n\t\t\r\n\t\t\r\n\t\t\t<div class=\"img-container has-column-layout\">\r\n\t\t\t\t<img loading=\"lazy\" decoding=\"async\" width=\"342\" height=\"193\" src=\"https:\/\/preprod.olympic.ca\/olympique\/wp-content\/uploads\/sites\/2\/2023\/07\/Summer-McIntosh-e1680535069443.jpg?quality=100&amp;w=342\" class=\"attachment-post-thumbnail\" alt=\"Summer McInstosh c\u00e9l\u00e8bre apr\u00e8s une course.\" srcset=\"https:\/\/preprod.olympic.ca\/olympique\/wp-content\/uploads\/sites\/2\/2023\/07\/Summer-McIntosh-e1680535069443.jpg 1080w, https:\/\/preprod.olympic.ca\/olympique\/wp-content\/uploads\/sites\/2\/2023\/07\/Summer-McIntosh-e1680535069443.jpg?resize=280,158 280w, https:\/\/preprod.olympic.ca\/olympique\/wp-content\/uploads\/sites\/2\/2023\/07\/Summer-McIntosh-e1680535069443.jpg?resize=657,371 657w, https:\/\/preprod.olympic.ca\/olympique\/wp-content\/uploads\/sites\/2\/2023\/07\/Summer-McIntosh-e1680535069443.jpg?resize=768,434 768w\" sizes=\"(max-width: 342px) 100vw, 342px\" \/>\t\t\t<\/div>\r\n\t\t\r\n\t\t\t<h4>\u00c9quipe Canada vivra certainement de grands moments \u00e0 la piscine des Jeux de Paris\u00a02024<\/h4>\r\n\t\t\t<p class=\"meta\">\r\n\t\t\t\t\t\t\t\t\t\t\t<time class=\"entry-date\" datetime=\"2024-07-23T09:00:00-04:00\">23 juillet 2024<\/time>\r\n\t\t\t\t\t\t\t\r\n\t\t\t<\/p>\r\n\r\n\t\t\t\r\n\t<\/a>\r\n<\/article> <!-- #post-## --><\/div><div class=\"cell small-12 large-4\">\r\n<article class=\"post post-247182 type-post status-publish format-standard has-post-thumbnail hentry category-evergreen tag-ellie-black tag-en-vedette tag-equipe-canada tag-gymnastique tag-gymnastique-artistique-2 tag-jeux-olympiques-de-paris-2024 tag-paris-2024 sport-gymnastique-artistique game-paris-2024\">\r\n\t<a href=\"https:\/\/preprod.olympic.ca\/olympique\/2024\/06\/28\/ellie-black-deviendra-la-premiere-gymnaste-artistique-canadienne-a-participer-a-quatre-jeux-olympiques\/\" class=\"card card--article zone\">\r\n\t\t\r\n\t\t\r\n\t\t\t<div class=\"img-container has-column-layout\">\r\n\t\t\t\t<img loading=\"lazy\" decoding=\"async\" width=\"312\" height=\"193\" src=\"https:\/\/preprod.olympic.ca\/olympique\/wp-content\/uploads\/sites\/2\/2020\/04\/ellieblack_allaroundfinal_jasonransomphoto-6-2-e1470951213865.jpg?quality=100&amp;w=312\" class=\"attachment-post-thumbnail\" alt=\"Ellie Black en pleine performance sur la poutre aux Jeux olympiques de Rio 2016.\" srcset=\"https:\/\/preprod.olympic.ca\/olympique\/wp-content\/uploads\/sites\/2\/2020\/04\/ellieblack_allaroundfinal_jasonransomphoto-6-2-e1470951213865.jpg 1340w, https:\/\/preprod.olympic.ca\/olympique\/wp-content\/uploads\/sites\/2\/2020\/04\/ellieblack_allaroundfinal_jasonransomphoto-6-2-e1470951213865.jpg?resize=256,158 256w, https:\/\/preprod.olympic.ca\/olympique\/wp-content\/uploads\/sites\/2\/2020\/04\/ellieblack_allaroundfinal_jasonransomphoto-6-2-e1470951213865.jpg?resize=600,371 600w, https:\/\/preprod.olympic.ca\/olympique\/wp-content\/uploads\/sites\/2\/2020\/04\/ellieblack_allaroundfinal_jasonransomphoto-6-2-e1470951213865.jpg?resize=768,475 768w, https:\/\/preprod.olympic.ca\/olympique\/wp-content\/uploads\/sites\/2\/2020\/04\/ellieblack_allaroundfinal_jasonransomphoto-6-2-e1470951213865.jpg?resize=1220,754 1220w\" sizes=\"(max-width: 312px) 100vw, 312px\" \/>\t\t\t<\/div>\r\n\t\t\r\n\t\t\t<h4>Ellie Black deviendra la premi\u00e8re gymnaste artistique canadienne \u00e0 participer \u00e0 quatre Jeux olympiques\u00a0\u00a0<\/h4>\r\n\t\t\t<p class=\"meta\">\r\n\t\t\t\t\t\t\t\t\t\t\t<time class=\"entry-date\" datetime=\"2024-06-28T09:00:00-04:00\">28 juin 2024<\/time>\r\n\t\t\t\t\t\t\t\r\n\t\t\t<\/p>\r\n\r\n\t\t\t\r\n\t<\/a>\r\n<\/article> <!-- #post-## --><\/div>    <\/div>\n\n    \n      <div class=\"grid-x grid-padding-x align-center\">\n        <div class=\"cell medium-6 flex-container align-center\">\n          <a data-slider=\"true\" data-nonce=\"75b1d4d4d3\" href=\"https:\/\/preprod.olympic.ca\/olympique\/2024\/06\/28\/ellie-black-deviendra-la-premiere-gymnaste-artistique-canadienne-a-participer-a-quatre-jeux-olympiques\/?wpp_page=2\" class=\"button post-type-carousel-load-more hide-filter-button block_6aac79a1a8e14cf7c9ce9b970ea31eb1\" data-template=\"posts-slider-block\" data-query=\"{&quot;post_type&quot;:&quot;post&quot;,&quot;posts_per_page&quot;:3,&quot;ignore_sticky_posts&quot;:true,&quot;paged&quot;:1,&quot;post_status&quot;:&quot;publish&quot;,&quot;tag__in&quot;:[682166886]}\" data-connection=\"block_6aac79a1a8e14cf7c9ce9b970ea31eb1\">Montrer plus<\/a>\n          <span class=\"loading\"><\/span>\n        <\/div>\n      <\/div>\n\n        <\/div>\n<\/div>\n\n\n\n<div style=\"height:15px\" aria-hidden=\"true\" class=\"wp-block-spacer\"><\/div>\n\n\n\n<div class=\"cta-block alignfull\" style=\"background-color:#000000\">\n  <div class=\"grid-container\">\n    <div class=\"grid-x grid-padding-x\">\n      <div class=\"cell small-12\">\n        \n\n<div class=\"wp-block-media-text alignwide is-stacked-on-mobile\"><figure class=\"wp-block-media-text__media\"><a href=\"https:\/\/olympique.ca\/programme-impact\/\"><img loading=\"lazy\" decoding=\"async\" width=\"2160\" height=\"1220\" src=\"https:\/\/olympique.ca\/wp-content\/uploads\/sites\/2\/2023\/03\/TCIA-HomePage-Image_2160x1220_FR.jpg?quality=100&amp;w=1335\" alt=\"Programme Impact d'\u00c9quipe Canada\" class=\"wp-image-218730 size-full\" srcset=\"https:\/\/preprod.olympic.ca\/olympique\/wp-content\/uploads\/sites\/2\/2023\/03\/TCIA-HomePage-Image_2160x1220_FR.jpg 2160w, https:\/\/preprod.olympic.ca\/olympique\/wp-content\/uploads\/sites\/2\/2023\/03\/TCIA-HomePage-Image_2160x1220_FR.jpg?resize=280,158 280w, https:\/\/preprod.olympic.ca\/olympique\/wp-content\/uploads\/sites\/2\/2023\/03\/TCIA-HomePage-Image_2160x1220_FR.jpg?resize=657,371 657w, https:\/\/preprod.olympic.ca\/olympique\/wp-content\/uploads\/sites\/2\/2023\/03\/TCIA-HomePage-Image_2160x1220_FR.jpg?resize=768,434 768w, https:\/\/preprod.olympic.ca\/olympique\/wp-content\/uploads\/sites\/2\/2023\/03\/TCIA-HomePage-Image_2160x1220_FR.jpg?resize=1335,754 1335w, https:\/\/preprod.olympic.ca\/olympique\/wp-content\/uploads\/sites\/2\/2023\/03\/TCIA-HomePage-Image_2160x1220_FR.jpg?resize=1536,868 1536w, https:\/\/preprod.olympic.ca\/olympique\/wp-content\/uploads\/sites\/2\/2023\/03\/TCIA-HomePage-Image_2160x1220_FR.jpg?resize=2048,1157 2048w\" sizes=\"(max-width: 2160px) 100vw, 2160px\" \/><\/a><\/figure><div class=\"wp-block-media-text__content\">\n<h2 class=\"wp-block-heading\">Programme Impact d\u2019\u00c9quipe Canada<\/h2>\n\n\n\n<p>Le sport a le pouvoir de transformer le Canada. C\u2019est pourquoi nous avons cr\u00e9\u00e9 le Programme Impact d\u2019\u00c9quipe Canada. Nous travaillons \u00e0 b\u00e2tir un syst\u00e8me sportif s\u00e9curis\u00e9, inclusif et accessible o\u00f9 davantage de jeunes peuvent s\u2019\u00e9panouir.<\/p>\n\n\n\n<div class=\"wp-block-button\"><a class=\"wp-block-button__link has-black-color has-text-color has-background wp-element-button\" href=\"https:\/\/olympique.ca\/programme-impact\/\" style=\"background-color:#54f0d1\">PLUS D\u2019INFO<\/a><\/div>\n<\/div><\/div>\n\n      <\/div>\n    <\/div>\n  <\/div>\n<\/div>\n\n\n\n<div style=\"height:15px\" aria-hidden=\"true\" class=\"wp-block-spacer\"><\/div>\n\n\n<style>\na.block_ccfd858a9c596b938fa9ee7bf02a04a7 {\n  background-color: #E8112D;\n  color: #ffffff;\n}\na.block_ccfd858a9c596b938fa9ee7bf02a04a7:hover {\n  background-color: #B7202D;\n  color: #ffffff;\n}\n<\/style>\n\n<div class=\"multi-post-block alignfull\" style=background-color:#9a0b1e>\n  <div class=\"grid-container\">\n\n    \n      <div class=\"grid-x grid-padding-x\">\n        <div class=\"cell small-12\">\n          <h2>Encouragez \u00c9quipe Canada<\/h2>\n        <\/div>\n      <\/div>\n\n      \n    <div class=\"grid-x grid-padding-x grid-padding-y post-type-carousel coc-slider slick-slider overflow-slider\" data-connection-target=\"block_ccfd858a9c596b938fa9ee7bf02a04a7\" data-slick='{\"slidesToShow\": 1.02, \"infinite\": false, \"arrows\": false, \"centerMode\": false, \"mobileFirst\": true, \"responsive\": [\n      { \"breakpoint\": 750, \"settings\": { \"slidesToShow\": 2.02 }},\n      { \"breakpoint\": 1020, \"settings\": \"unslick\" }\n      ]}'>\n\n      \n        <div class=\"cell small-12 large-4\">\n          \r\n<article class=\"post post-248416 page type-page status-publish format-standard has-post-thumbnail hentry\">\r\n\t<a href=\"https:\/\/preprod.olympic.ca\/olympique\/festifan\/\" class=\"card card--article zone\">\r\n\t\t\r\n\t\t\r\n\t\t\t<div class=\"img-container has-column-layout\">\r\n\t\t\t\t<img loading=\"lazy\" decoding=\"async\" width=\"344\" height=\"175\" src=\"https:\/\/preprod.olympic.ca\/olympique\/wp-content\/uploads\/sites\/2\/2024\/07\/TCFF-WEB-ASSETS_ALL-CITIES-2.png?w=344\" class=\"attachment-post-thumbnail\" alt=\"FestiFan d&#039;\u00c9quipe Canada\" srcset=\"https:\/\/preprod.olympic.ca\/olympique\/wp-content\/uploads\/sites\/2\/2024\/07\/TCFF-WEB-ASSETS_ALL-CITIES-2.png 2160w, https:\/\/preprod.olympic.ca\/olympique\/wp-content\/uploads\/sites\/2\/2024\/07\/TCFF-WEB-ASSETS_ALL-CITIES-2.png?resize=280,143 280w, https:\/\/preprod.olympic.ca\/olympique\/wp-content\/uploads\/sites\/2\/2024\/07\/TCFF-WEB-ASSETS_ALL-CITIES-2.png?resize=660,336 660w, https:\/\/preprod.olympic.ca\/olympique\/wp-content\/uploads\/sites\/2\/2024\/07\/TCFF-WEB-ASSETS_ALL-CITIES-2.png?resize=768,391 768w, https:\/\/preprod.olympic.ca\/olympique\/wp-content\/uploads\/sites\/2\/2024\/07\/TCFF-WEB-ASSETS_ALL-CITIES-2.png?resize=1340,682 1340w, https:\/\/preprod.olympic.ca\/olympique\/wp-content\/uploads\/sites\/2\/2024\/07\/TCFF-WEB-ASSETS_ALL-CITIES-2.png?resize=1536,782 1536w, https:\/\/preprod.olympic.ca\/olympique\/wp-content\/uploads\/sites\/2\/2024\/07\/TCFF-WEB-ASSETS_ALL-CITIES-2.png?resize=2048,1043 2048w\" sizes=\"(max-width: 344px) 100vw, 344px\" \/>\t\t\t<\/div>\r\n\t\t\r\n\t\t\t<h4>FestiFan d&rsquo;\u00c9quipe Canada<\/h4>\r\n\t\t\t<p class=\"meta\">\r\n\t\t\t\t\r\n\t\t\t<\/p>\r\n\r\n\t\t\t\r\n\t<\/a>\r\n<\/article> <!-- #post-## -->        <\/div>\n\n        \n        <div class=\"cell small-12 large-4\">\n          \r\n<article class=\"post post-233494 type-post status-publish format-standard has-post-thumbnail hentry category-nouvelles tag-coh tag-coh-fr tag-coh-paris-2024 tag-equipe-canada tag-maison-olympique-du-canada tag-moc tag-moc-paris-2024 tag-paris-2024 game-paris-2024\">\r\n\t<a href=\"https:\/\/preprod.olympic.ca\/olympique\/2023\/11\/30\/ce-que-vous-devez-savoir-sur-la-maison-olympique-du-canada-en-vue-de-paris-2024\/\" class=\"card card--article zone\">\r\n\t\t\r\n\t\t\r\n\t\t\t<div class=\"img-container has-column-layout\">\r\n\t\t\t\t<img loading=\"lazy\" decoding=\"async\" width=\"344\" height=\"193\" src=\"https:\/\/preprod.olympic.ca\/olympique\/wp-content\/uploads\/sites\/2\/2023\/11\/COH-Central-Area-3.png?w=344\" class=\"attachment-post-thumbnail\" alt=\"Repr\u00e9sentation artistique de l&#039;int\u00e9rieur de la Maison Olympique du Canada \u00e0 Paris\" srcset=\"https:\/\/preprod.olympic.ca\/olympique\/wp-content\/uploads\/sites\/2\/2023\/11\/COH-Central-Area-3.png 1920w, https:\/\/preprod.olympic.ca\/olympique\/wp-content\/uploads\/sites\/2\/2023\/11\/COH-Central-Area-3.png?resize=280,158 280w, https:\/\/preprod.olympic.ca\/olympique\/wp-content\/uploads\/sites\/2\/2023\/11\/COH-Central-Area-3.png?resize=660,371 660w, https:\/\/preprod.olympic.ca\/olympique\/wp-content\/uploads\/sites\/2\/2023\/11\/COH-Central-Area-3.png?resize=768,432 768w, https:\/\/preprod.olympic.ca\/olympique\/wp-content\/uploads\/sites\/2\/2023\/11\/COH-Central-Area-3.png?resize=1340,754 1340w, https:\/\/preprod.olympic.ca\/olympique\/wp-content\/uploads\/sites\/2\/2023\/11\/COH-Central-Area-3.png?resize=1536,864 1536w\" sizes=\"(max-width: 344px) 100vw, 344px\" \/>\t\t\t<\/div>\r\n\t\t\r\n\t\t\t<h4>Tout ce que vous devez savoir sur la Maison olympique du Canada pour Paris 2024<\/h4>\r\n\t\t\t<p class=\"meta\">\r\n\t\t\t\t\r\n\t\t\t<\/p>\r\n\r\n\t\t\t\r\n\t<\/a>\r\n<\/article> <!-- #post-## -->        <\/div>\n\n        \n        <div class=\"cell small-12 large-4\">\n          \r\n<article class=\"post post-216114 type-post status-publish format-standard has-post-thumbnail hentry category-nouvelles category-uncategorized tag-billet tag-jeux-olympiques tag-jeux-olympiques-dhiver tag-paris-2024 tag-tickets game-paris-2024\">\r\n\t<a href=\"https:\/\/preprod.olympic.ca\/olympique\/2022\/12\/21\/comment-acheter-des-billets-pour-les-jeux-olympiques-de-paris-2024\/\" class=\"card card--article zone\">\r\n\t\t\r\n\t\t\r\n\t\t\t<div class=\"img-container has-column-layout\">\r\n\t\t\t\t<img loading=\"lazy\" decoding=\"async\" width=\"344\" height=\"189\" src=\"https:\/\/preprod.olympic.ca\/olympique\/wp-content\/uploads\/sites\/2\/2022\/12\/HEADER-1.jpg?quality=100&amp;w=344\" class=\"attachment-post-thumbnail\" alt=\"\" srcset=\"https:\/\/preprod.olympic.ca\/olympique\/wp-content\/uploads\/sites\/2\/2022\/12\/HEADER-1.jpg 1080w, https:\/\/preprod.olympic.ca\/olympique\/wp-content\/uploads\/sites\/2\/2022\/12\/HEADER-1.jpg?resize=280,153 280w, https:\/\/preprod.olympic.ca\/olympique\/wp-content\/uploads\/sites\/2\/2022\/12\/HEADER-1.jpg?resize=660,362 660w, https:\/\/preprod.olympic.ca\/olympique\/wp-content\/uploads\/sites\/2\/2022\/12\/HEADER-1.jpg?resize=768,421 768w\" sizes=\"(max-width: 344px) 100vw, 344px\" \/>\t\t\t<\/div>\r\n\t\t\r\n\t\t\t<h4>Comment acheter des billets pour les Jeux olympiques de Paris 2024\ufffc<\/h4>\r\n\t\t\t<p class=\"meta\">\r\n\t\t\t\t\r\n\t\t\t<\/p>\r\n\r\n\t\t\t\r\n\t<\/a>\r\n<\/article> <!-- #post-## -->        <\/div>\n\n        \n    <\/div>\n\n    \n  <\/div>\n<\/div>\n\n\n\n<div class=\"ad-block text-center alignfull\" aria-hidden=true>\n\t\t\t<div id=\"div-gpt-ad-1625593787719-0\">\n\t\t<script>\n \t\t\t\tdocument.addEventListener('DOMContentLoaded', function () {\n \t\t\t\t\tvar cookieValue = getCookie('coc_user_cookie_policy');\n \t\t\t\t\tif (cookieValue !== '{opt_in: true, all_cookies: false}') {\n \t\t\t\t\t\tgoogletag.cmd.push(function () {\n \t\t\t\t\t\t\tgoogletag.display(\"div-gpt-ad-1625593787719-0\");\n \t\t\t\t\t\t});\n\n \t\t\t\t\t}\n \t\t\t\t});\n \t\t<\/script>\n\t\t<\/div>\n\t\t<\/div>\n\n\n\n\n\n    <div class=\"contest-block alignfull\" style=background-color:#000000>\n      <div class=\"grid-container\">\n        <div class=\"grid-x grid-padding-x\">\n          <div class=\"cell small-12 large-6\">\n            <a href=\"https:\/\/preprod.olympic.ca\/olympique\/recompenses\/gagnez-un-chandail-dequipe-canada-signe-par-ellie-black\/\">\n              <img loading=\"lazy\" decoding=\"async\" width=\"1354\" height=\"754\" src=\"https:\/\/preprod.olympic.ca\/olympique\/wp-content\/uploads\/sites\/2\/2024\/07\/Ellie_1350x754_FR.png?w=1354\" class=\"attachment-post-thumbnail size-post-thumbnail wp-post-image\" alt=\"Ellie Black smiles and poses with her hands in the air\" srcset=\"https:\/\/preprod.olympic.ca\/olympique\/wp-content\/uploads\/sites\/2\/2024\/07\/Ellie_1350x754_FR.png 1354w, https:\/\/preprod.olympic.ca\/olympique\/wp-content\/uploads\/sites\/2\/2024\/07\/Ellie_1350x754_FR.png?resize=280,156 280w, https:\/\/preprod.olympic.ca\/olympique\/wp-content\/uploads\/sites\/2\/2024\/07\/Ellie_1350x754_FR.png?resize=660,368 660w, https:\/\/preprod.olympic.ca\/olympique\/wp-content\/uploads\/sites\/2\/2024\/07\/Ellie_1350x754_FR.png?resize=768,428 768w, https:\/\/preprod.olympic.ca\/olympique\/wp-content\/uploads\/sites\/2\/2024\/07\/Ellie_1350x754_FR.png?resize=1340,746 1340w\" sizes=\"(max-width: 1354px) 100vw, 1354px\" \/>            <\/a>\n          <\/div>\n          <div class=\"cell small-12 large-6\">\n            <a href=\"https:\/\/preprod.olympic.ca\/olympique\/recompenses\/gagnez-un-chandail-dequipe-canada-signe-par-ellie-black\/\" rel=\"bookmark\"><h2>Gagnez un chandail d\u2019\u00c9quipe Canada sign\u00e9 par Ellie Black<\/h2><\/a>            <p>Gagnez le chandail d\u2019\u00c9quipe Canada sign\u00e9 par quatre fois olympienne Ellie Black. Inscrivez-vous maintenant au Club olympique canadien pr\u00e9sent\u00e9 par&#8230;<\/p>\n            \n            <div class=\"entry-form\">\n                              <div class=\"gigya-rewards-contest-websdk\" data-pid=\"248726\">\n                  <span class=\"loading\"><\/span>\n                <\/div>\n                          <\/div>\n          <\/div>\n        <\/div>\n      <\/div>\n    <\/div>\n\n    \n\n\n<div style=\"height:1px\" aria-hidden=\"true\" class=\"wp-block-spacer\"><\/div>\n\n\n\n<div class=\"alignfull\">\n  <div class=\"grid-container\">\n    <div class=\"grid-x grid-padding-x\">\n      <div class=\"cell small-12\">\n        <div class=\"latest-posts-block\">\n\n                      <h2>Nouvelles<\/h2>\n            \n          <div class=\"jscroll-wrapper\">\n            <div id=\"block_2a51f121578fdca640afa95e42b8397c\" class=\"post-list\">\n              <div class=\"grid-x grid-padding-x\" data-connection-target=\"block_2a51f121578fdca640afa95e42b8397c\"data-slick=\"\">\n\n                                  <div class=\"cell small-12 medium-6 large-4\">\n                    \r\n<article class=\"post post-246053 type-post status-publish format-standard has-post-thumbnail hentry category-partenaire category-uncategorized tag-deloitte tag-equipe-canada tag-kaylie-buck tag-lea-monkhouse tag-marie-alex-belanger-2 tag-plan-de-match tag-samuel-bonin tag-steph-currie sport-ski-alpin sport-snowboard sport-voile sport-volleyball-interieur sport-volleyball-de-plage\">\r\n\t<a href=\"https:\/\/preprod.olympic.ca\/olympique\/2024\/09\/16\/journee-nationale-de-plan-de-match-preparer-une-carriere-apres-le-sport-grace-au-sport\/\" class=\"card card--article zone\">\r\n\t\t\r\n\t\t<h4>Journ\u00e9e nationale de Plan de match : Pr\u00e9parer une carri\u00e8re apr\u00e8s le sport gr\u00e2ce au sport<\/h4>\r\n\t\t\t<p class=\"meta\">\r\n\t\t\t\t\t\t\t\t\t\t\t<time class=\"entry-date\" datetime=\"2024-09-16T09:00:00-04:00\">16 septembre 2024<\/time>\r\n\t\t\t\t\t\t\t\r\n\t\t\t<\/p>\r\n\r\n\t\t\t\r\n\t<\/a>\r\n<\/article> <!-- #post-## -->                  <\/div>\n                                    <div class=\"cell small-12 medium-6 large-4\">\n                    \r\n<article class=\"post post-249630 type-post status-publish format-standard has-post-thumbnail hentry category-evergreen category-partenaire category-uncategorized tag-agot-makeer tag-amelia-gagne-2 tag-eli-bouchard tag-ella-macphee tag-equipe-canada tag-erik-siksna tag-lulu-lin tag-myla-plett tag-petro-canada sport-basketball sport-curling sport-velo-de-montagne sport-patinage-artistique sport-snowboard sport-tir-a-larc sport-volleyball-interieur\">\r\n\t<a href=\"https:\/\/preprod.olympic.ca\/olympique\/2024\/08\/14\/les-bourses-2024-du-programme-face-de-petro-canada-alimentent-les-reves-olympiques-des-athletes\/\" class=\"card card--article zone\">\r\n\t\t\r\n\t\t<h4>Les bourses 2024 du programme FACE de\u00a0Petro-Canada alimentent les r\u00eaves olympiques des athl\u00e8tes<\/h4>\r\n\t\t\t<p class=\"meta\">\r\n\t\t\t\t\t\t\t\t\t\t\t<time class=\"entry-date\" datetime=\"2024-08-14T09:00:00-04:00\">14 ao\u00fbt 2024<\/time>\r\n\t\t\t\t\t\t\t\r\n\t\t\t<\/p>\r\n\r\n\t\t\t\r\n\t<\/a>\r\n<\/article> <!-- #post-## -->                  <\/div>\n                                    <div class=\"cell small-12 medium-6 large-4\">\n                    \r\n<article class=\"post post-248915 type-post status-publish format-standard has-post-thumbnail hentry category-evergreen category-nouvelles tag-balado tag-baladodiffusion tag-beijing-2008 tag-jennifer-abel tag-jeux-olympiques tag-londres-2012 tag-plongeon tag-podcast tag-propulsion tag-rio-2016 sport-sports-aquatiques-plongeon\">\r\n\t<a href=\"https:\/\/preprod.olympic.ca\/olympique\/2024\/08\/07\/propulsion-etre-heureuse-le-grand-objectif-de-vie-de-jennifer-abel\/\" class=\"card card--article zone\">\r\n\t\t\r\n\t\t<h4>Propulsion\u00a0: \u00catre heureuse, le grand objectif de vie de Jennifer Abel<\/h4>\r\n\t\t\t<p class=\"meta\">\r\n\t\t\t\t\t\t\t\t\t\t\t<time class=\"entry-date\" datetime=\"2024-08-07T10:00:00-04:00\">7 ao\u00fbt 2024<\/time>\r\n\t\t\t\t\t\t\t\r\n\t\t\t<\/p>\r\n\r\n\t\t\t\r\n\t<\/a>\r\n<\/article> <!-- #post-## -->                  <\/div>\n                                    <div class=\"cell small-12 medium-6 large-4\">\n                    \r\n<article class=\"post post-249462 type-post status-publish format-standard has-post-thumbnail hentry category-evergreen category-nouvelles category-uncategorized tag-balado tag-diana-matheson tag-equipe-canada tag-football tag-football-soccer-2 tag-momentum tag-podcast tag-soccer sport-football\">\r\n\t<a href=\"https:\/\/preprod.olympic.ca\/olympique\/2024\/08\/07\/momentum-meme-a-la-retraite-diana-matheson-etend-les-frontieres-du-sport-feminin\/\" class=\"card card--article zone\">\r\n\t\t\r\n\t\t<h4>Momentum :\u00a0M\u00eame \u00e0 la retraite,\u00a0Diana Matheson\u00a0\u00e9tend les fronti\u00e8res du sport f\u00e9minin<\/h4>\r\n\t\t\t<p class=\"meta\">\r\n\t\t\t\t\t\t\t\t\t\t\t<time class=\"entry-date\" datetime=\"2024-08-07T09:00:00-04:00\">7 ao\u00fbt 2024<\/time>\r\n\t\t\t\t\t\t\t\r\n\t\t\t<\/p>\r\n\r\n\t\t\t\r\n\t<\/a>\r\n<\/article> <!-- #post-## -->                  <\/div>\n                                    <div class=\"cell small-12 medium-6 large-4\">\n                    \r\n<article class=\"post post-249171 type-post status-publish format-standard has-post-thumbnail hentry category-evergreen category-nouvelles category-uncategorized tag-basketball-2 tag-basketball-3x3 tag-equipe-canada tag-kacie-bosch tag-katherine-plouffe tag-michelle-plouffe tag-momentum tag-paige-crozon tag-paris-2024 sport-basketball game-paris-2024\">\r\n\t<a href=\"https:\/\/preprod.olympic.ca\/olympique\/2024\/07\/31\/momentum-la-joueuse-de-basketball-3x3-paige-crozon-porte-un-regard-particulier-sur-son-statut-dathlete-de-haut-niveau-et-son-role-de-mere\/\" class=\"card card--article zone\">\r\n\t\t\r\n\t\t<h4>Momentum\u00a0:\u00a0La joueuse de\u00a0basketball\u00a03&#215;3\u00a0Paige Crozon\u00a0porte un regard particulier sur son statut d\u2019athl\u00e8te de haut niveau et son r\u00f4le de m\u00e8re<\/h4>\r\n\t\t\t<p class=\"meta\">\r\n\t\t\t\t\t\t\t\t\t\t\t<time class=\"entry-date\" datetime=\"2024-07-31T10:00:00-04:00\">31 juillet 2024<\/time>\r\n\t\t\t\t\t\t\t\r\n\t\t\t<\/p>\r\n\r\n\t\t\t\r\n\t<\/a>\r\n<\/article> <!-- #post-## -->                  <\/div>\n                                    <div class=\"cell small-12 medium-6 large-4\">\n                    \r\n<article class=\"post post-249022 type-post status-publish format-standard has-post-thumbnail hentry category-evergreen category-uncategorized tag-equipe-canada tag-maggie-mac-neil tag-margaret-mac-neil tag-momentum tag-sports-aquatiques-natation tag-paris-2024 sport-sports-aquatiques-natation game-paris-2024\">\r\n\t<a href=\"https:\/\/preprod.olympic.ca\/olympique\/2024\/07\/24\/momentum-maggie-mac-neil-et-lheritage-quelle-veut-laisser\/\" class=\"card card--article zone\">\r\n\t\t\r\n\t\t<h4>Momentum\u00a0:\u00a0Maggie Mac Neil\u00a0et l\u2019h\u00e9ritage\u00a0qu\u2019elle veut laisser<\/h4>\r\n\t\t\t<p class=\"meta\">\r\n\t\t\t\t\t\t\t\t\t\t\t<time class=\"entry-date\" datetime=\"2024-07-24T10:00:00-04:00\">24 juillet 2024<\/time>\r\n\t\t\t\t\t\t\t\r\n\t\t\t<\/p>\r\n\r\n\t\t\t\r\n\t<\/a>\r\n<\/article> <!-- #post-## -->                  <\/div>\n                    \n              <\/div>\n  \n                                  <div id=\"infinite-handle\" class=\"flex-container align-center\">\n                      <a href=\"https:\/\/preprod.olympic.ca\/olympique\/2024\/07\/24\/momentum-maggie-mac-neil-et-lheritage-quelle-veut-laisser\/?c_paged=2\">\n                        Montrer plus                      <\/a>\n                    <\/div>\n  \n                              <\/div>\n          <\/div>\n        <\/div>\n      <\/div>\n    <\/div>\n  <\/div>\n<\/div>\n\n\n\n<div class=\"ad-block text-center alignfull padding-bottom-0 padding-top-0 ad-block-border\" aria-hidden=true>\n\t\t\t<div id=\"div-gpt-ad-1621368582886-0\">\n\t\t<script>\n \t\t\t\tdocument.addEventListener('DOMContentLoaded', function () {\n \t\t\t\t\tvar cookieValue = getCookie('coc_user_cookie_policy');\n \t\t\t\t\tif (cookieValue !== '{opt_in: true, all_cookies: false}') {\n \t\t\t\t\t\tgoogletag.cmd.push(function () {\n \t\t\t\t\t\t\tgoogletag.display(\"div-gpt-ad-1621368582886-0\");\n \t\t\t\t\t\t});\n\n \t\t\t\t\t}\n \t\t\t\t});\n \t\t<\/script>\n\t\t<\/div>\n\t\t<\/div>\n\n\n\n<p><\/p>\n","protected":false},"excerpt":{"rendered":"","protected":false},"author":47562643,"featured_media":129315,"parent":0,"menu_order":13,"comment_status":"closed","ping_status":"closed","template":"","meta":{"_edit_last":["185434513"],"_wp_page_template":["default"],"s2mail":["yes"],"_seosmart_cache":["a:2:{s:8:\"keywords\";a:0:{}s:4:\"time\";s:10:\"1335629222\";}"],"seo_title":["Olympic.ca - Acceuil"],"_original_post_id":["1770"],"_original_import_author":["joebarnett"],"_wpcom_imported":["a:2:{s:8:\"importer\";s:9:\"wordpress\";s:4:\"date\";s:19:\"2013-07-21 18:11:08\";}"],"original_post_id":["1770"],"_wp_old_slug":["1770"],"_edit_lock":["1721756914:185434513"],"_x_multifield_breaking_news":["a:2:{i:0;a:2:{s:18:\"breaking_news_text\";s:0:\"\";s:18:\"breaking_news_link\";s:0:\"\";}i:1;a:2:{s:18:\"breaking_news_text\";s:0:\"\";s:18:\"breaking_news_link\";s:0:\"\";}}"],"_elasticsearch_indexed_on":["2011-08-17 17:51:24"],"seo_translation_link":["http:\/\/preprod.olympic.ca\/"],"_thumbnail_id":["129315"],"_x_multifield_seo_accordion":["a:2:{i:0;a:2:{s:19:\"seo_accordion_title\";s:14:\"\u00c9quipe Canada\";s:25:\"seo_accordion_description\";s:542:\"Les Jeux olympiques de 2020 \u00e0 Tokyo approchent \u00e0 grands pas et les Jeux panam\u00e9ricains de 2019 \u00e0 Lima, encore plus, \u00c9quipe Canada est pr\u00eate comme toujours \u00e0 se mesurer au reste du monde. Une combinaison de v\u00e9t\u00e9rans olympiques et de jeunes \u00e9toiles montantes permettent au Canada d'\u00eatre pr\u00eat \u00e0 rivaliser avec les meilleurs athl\u00e8tes au monde dans plusieurs sports, dont quelques-uns feront partie du programme olympique pour la toute premi\u00e8re fois. Suivez nos athl\u00e8tes pendant leurs parcours olympiques \u00e0 l'aide d'#\u00c9quipeCanada.\";}i:1;a:2:{s:19:\"seo_accordion_title\";s:32:\"Jeux olympiques de 2020 \u00e0 Tokyo\";s:25:\"seo_accordion_description\";s:911:\"La plan\u00e8te se tournera de nouveau vers Tokyo en 2020 pour les Jeux de la XXXIIe Olympiade. Il s'agira de la cinqui\u00e8me ville, mais la premi\u00e8re en Asie, \u00e0 accueillir les Jeux olympiques d'\u00e9t\u00e9 plus d'une fois. Cette ville du Japon avait d'abord accueilli les meilleurs athl\u00e8tes du monde en 1964. Certaines des installations historiques de ces Jeux accueilleront \u00e0 nouveau des comp\u00e9titions olympiques tandis que de nouvelles installations temporaires seront aussi utilis\u00e9es. Toutes les disciplines olympiques traditionnelles seront disput\u00e9es, mais plusieurs \u00e9preuves ont \u00e9t\u00e9 modifi\u00e9es afin d'amener les Jeux plus pr\u00e8s de l'\u00e9galit\u00e9 des genres au profit des 11 000 athl\u00e8tes qui seront pr\u00e9sents. Ces Jeux permettront aussi de pr\u00e9senter pour la premi\u00e8re fois des disciplines passionnantes comme le basketball \u00e0 trois contre trois, le BMX freestyle, le skateboard, l'escalade sportive et le surf. \";}}"],"utility_ad_image_left":["http:\/\/preprod.olympic.ca\/wp-content\/uploads\/sites\/2\/2011\/07\/coc105_liveblog_desktop_fr.png"],"utility_ad_image_left_attachment_id":["91555"],"utility_mobile_ad_image_left":["http:\/\/preprod.olympic.ca\/wp-content\/uploads\/sites\/2\/2011\/07\/coc105_liveblog_mobile_fr.png"],"utility_mobile_ad_image_left_attachment_id":["91556"],"utility_ad_link_left":["http:\/\/wp.me\/p3DwGH-nMs"],"utility_bronze_medal":["5"],"utility_box_show":["on"],"utility_gold_medal":["10"],"utility_silver_medal":["10"],"_akismet_post_spam":["0"],"seo_meta_description":["Pour tout savoir sur l\u2019\u00c9quipe olympique canadienne. Vous y trouverez des articles, des vid\u00e9os et des photos mettant en vedette les athl\u00e8tes du Canada, les sports olympiques, les Jeux olympiques et bien plus encore! Administr\u00e9 par le Comit\u00e9 olympique canadien."],"geo_public":["0"],"homepage_seo":["<div class=\"toggle largest-12 columns\">\r\n<h2 class=\"title\"><a href=\"#\">\u00c9quipe Canada<\/a>*<\/h2>\r\n<div class=\"content\">\r\n<div class=\"row\">\r\n<div class=\"largest-6 small-12 columns\">\r\n\r\n#NousSommeslHiver! L\u2019\u00c9quipe olympique canadienne s\u2019est mesur\u00e9e \u00e0 la plan\u00e8te enti\u00e8re en 2014 aux Jeux olympiques de Sotchi. Aux Jeux d\u2019hiver, le Canada est reconnu pour briller de tous ses feux sur la sc\u00e8ne mondiale. Apr\u00e8s avoir \u00e9tabli une nouvelle marque nationale avec 26 m\u00e9dailles en 2010 \u00e0\r\n\r\n&nbsp;\r\n\r\n<\/div>\r\n<div class=\"largest-6 small-12 columns\">\r\n\r\nVancouver (incluant 14 d\u2019or, le plus grand total jamais obtenu par un pays lors de Jeux olympiques d'hiver), l\u2019\u00c9quipe olympique canadienne s'est une fois de plus class\u00e9e parmi les meilleurs pays, cumulant 25 m\u00e9dailles \u00e0 Sotchi. Suivez le parcours olympique de nos athl\u00e8tes gr\u00e2ce \u00e0 #\u00c9quipeCanada.\r\n\r\n&nbsp;\r\n<p class=\"p1\"><span class=\"s1\">*\u00c9quipe Canada est une marque interdite adopt\u00e9e et utilis\u00e9e par le COC.<\/span><\/p>\r\n\r\n<\/div>\r\n<\/div>\r\n<\/div>\r\n<\/div>"],"coc_campaign_options":["a:4:{s:16:\"coc_campaign_tag\";s:0:\"\";s:15:\"coc_campaign_bg\";N;s:25:\"coc_campaign_bg_downloads\";a:0:{}s:20:\"coc_campaign_posters\";a:0:{}}"],"coc_team_options":["a:1:{s:15:\"coc_game_select\";i:216378;}"],"coc_oc_landing_options":["a:2:{s:17:\"coc_oc_landing_bg\";N;s:22:\"coc_oc_landing_stories\";a:0:{}}"],"coc_edit_profile_options":["a:1:{s:20:\"coc_favourite_sports\";a:0:{}}"],"coc_oc_reward_options":["a:13:{s:16:\"coc_oc_reward_id\";s:0:\"\";s:19:\"coc_oc_ac_reward_id\";s:0:\"\";s:20:\"coc_oc_reward_points\";s:0:\"\";s:19:\"coc_oc_reward_rules\";N;s:31:\"coc_oc_digital_download_desktop\";N;s:30:\"coc_oc_digital_download_mobile\";N;s:32:\"coc_oc_digital_download_facebook\";N;s:29:\"coc_oc_reward_success_message\";s:0:\"\";s:23:\"coc_oc_facebook_content\";s:0:\"\";s:22:\"coc_oc_twitter_content\";s:0:\"\";s:24:\"coc_oc_social_contest_id\";s:0:\"\";s:31:\"coc_oc_reward_logged_in_message\";s:0:\"\";s:32:\"coc_oc_reward_logged_out_message\";s:0:\"\";}"],"_oembed_001846b35f602f5fa4217eda1728e22c":["<div class=\"embed-twitter\"><blockquote class=\"twitter-tweet\" width=\"550\"><p lang=\"en\" dir=\"ltr\"><a href=\"https:\/\/twitter.com\/TeamCanada\">@TeamCanada<\/a> Thanks time to rep the white even harder. <a href=\"https:\/\/twitter.com\/hashtag\/TeamCanada?src=hash\">#TeamCanada<\/a> <a href=\"https:\/\/twitter.com\/hashtag\/NowOrNever?src=hash\">#NowOrNever<\/a> <a href=\"https:\/\/twitter.com\/hashtag\/running?src=hash\">#running<\/a> <a href=\"https:\/\/twitter.com\/hashtag\/winning?src=hash\">#winning<\/a> <a href=\"http:\/\/t.co\/FvJ0iVg6mf\">pic.twitter.com\/FvJ0iVg6mf<\/a><\/p>&mdash; Danielle Carreiro (@DanielleCarrei1) <a href=\"https:\/\/twitter.com\/DanielleCarrei1\/status\/631150059594350593\">August 11, 2015<\/a><\/blockquote><script async src=\"\/\/platform.twitter.com\/widgets.js\" charset=\"utf-8\"><\/script><\/div>"],"_oembed_time_001846b35f602f5fa4217eda1728e22c":["1446242537"],"_oembed_f0e4a3dae4a8edfe8d09ac46315b125b":["<div class=\"embed-twitter\"><blockquote class=\"twitter-tweet\" width=\"550\"><p lang=\"en\" dir=\"ltr\"><a href=\"https:\/\/twitter.com\/TeamCanada\">@TeamCanada<\/a> thanks for the shoes!! <a href=\"https:\/\/twitter.com\/hashtag\/TeamCanada?src=hash\">#TeamCanada<\/a> <a href=\"https:\/\/twitter.com\/hashtag\/NowOrNever?src=hash\">#NowOrNever<\/a> <a href=\"http:\/\/t.co\/xnnOLAGyOs\">pic.twitter.com\/xnnOLAGyOs<\/a><\/p>&mdash; Rob Reider (@robreider) <a href=\"https:\/\/twitter.com\/robreider\/status\/631283071355125762\">August 12, 2015<\/a><\/blockquote><script async src=\"\/\/platform.twitter.com\/widgets.js\" charset=\"utf-8\"><\/script><\/div>"],"_oembed_time_f0e4a3dae4a8edfe8d09ac46315b125b":["1446242537"],"_x_multifield_coc_discovery_content":["a:1:{i:0;a:2:{s:26:\"coc_discovery_content_text\";s:0:\"\";s:26:\"coc_discovery_content_link\";s:0:\"\";}}"],"_g_feedback_shortcode":["[contact-field label='Nom' type='name' required='1'\/][contact-field label='Courriel' type='email' required='1'\/][contact-field label='Sujet' type='select' options='Demande de renseignements g\u00e9n\u00e9raux,Demande de photos,Demande de pr\u00e9sence d\u2019athl\u00e8tes,Request,Demande d\u2019entrevues avec les m\u00e9dias,Commentaires \u00e0 propos du site Web'\/][contact-field label='Message' type='textarea' required='1'\/]"],"coc_press_options":["a:2:{s:28:\"coc_press_additional_content\";s:0:\"\";s:27:\"coc_press_resource_category\";a:0:{}}"],"coc_breaking_news_options":["a:1:{s:25:\"coc_breaking_news_details\";a:0:{}}"],"coc_sharing_options":["a:1:{s:18:\"coc_hide_share_bar\";b:0;}"],"coc_be_olympic_options":["a:8:{s:37:\"coc_be_olympic_exclusive_content_link\";s:0:\"\";s:27:\"coc_be_olympic_videos_title\";s:0:\"\";s:21:\"coc_be_olympic_videos\";a:0:{}s:27:\"coc_be_olympic_photos_title\";s:0:\"\";s:21:\"coc_be_olympic_photos\";a:0:{}s:24:\"coc_be_olympic_downloads\";a:0:{}s:22:\"coc_be_olympic_quizzes\";a:0:{}s:26:\"coc_be_olympic_fan_fun_ads\";a:0:{}}"],"coc_fan_fun_options":["a:2:{s:23:\"coc_fan_fun_hammer_time\";a:2:{s:29:\"coc_fan_fun_hammer_time_image\";N;s:27:\"coc_fan_fun_hammer_time_url\";s:0:\"\";}s:22:\"coc_fan_fun_torch_dash\";a:2:{s:28:\"coc_fan_fun_torch_dash_image\";N;s:26:\"coc_fan_fun_torch_dash_url\";s:0:\"\";}}"],"coc_interactive_game_options":["a:3:{s:28:\"coc_interactive_game_message\";s:0:\"\";s:24:\"coc_interactive_game_url\";s:0:\"\";s:27:\"coc_interactive_game_iframe\";b:0;}"],"coc_olympic_club_options":["a:1:{s:12:\"redirect_url\";s:0:\"\";}"],"coc_favorites_options":["a:3:{s:13:\"content_types\";a:0:{}s:7:\"seasons\";a:0:{}s:4:\"gear\";a:0:{}}"],"coc_og_tags":["a:3:{s:8:\"og_title\";s:0:\"\";s:14:\"og_description\";s:0:\"\";s:8:\"og_image\";N;}"],"coc_page_options":["a:1:{s:30:\"coc_partner_takeover_ads_story\";a:5:{s:20:\"coc_ad_story_desktop\";N;s:26:\"coc_ad_story_desktop_label\";s:0:\"\";s:19:\"coc_ad_story_mobile\";N;s:25:\"coc_ad_story_mobile_label\";s:0:\"\";s:16:\"coc_ad_story_url\";s:0:\"\";}}"],"coc_education_options":["A"],"coc_donor_video_options":["a:1:{s:21:\"donor_featured_videos\";a:0:{}}"],"coc_about_video_options":["a:1:{s:11:\"about_video\";a:3:{s:21:\"coc_about_video_title\";s:0:\"\";s:20:\"coc_about_video_text\";s:0:\"\";s:21:\"coc_about_youtube_url\";s:0:\"\";}}"],"coc_about_image_options":["a:1:{s:11:\"about_image\";a:3:{s:21:\"coc_about_image_title\";s:0:\"\";s:20:\"coc_about_image_text\";s:0:\"\";s:19:\"coc_about_image_url\";N;}}"],"coc_about_reporting_options":["a:1:{s:23:\"about_reporting_options\";a:0:{}}"],"coc_about_audit_options":["a:1:{s:19:\"about_audit_options\";a:0:{}}"],"coc_giving_options":["a:1:{s:14:\"giving_options\";a:0:{}}"],"coc_homepage_video_options":["a:1:{s:13:\"video_options\";a:1:{s:18:\"coc_homepage_video\";s:0:\"\";}}"],"coc_homepage_priorities":["a:1:{s:16:\"priority_options\";a:0:{}}"],"coc_homepage_campaign_options":["a:1:{s:16:\"campaign_options\";a:3:{s:24:\"coc_campaign_video_title\";s:0:\"\";s:23:\"coc_campaign_video_text\";s:0:\"\";s:24:\"coc_campaign_youtube_url\";s:0:\"\";}}"],"hof_selected_committee":["a:1:{s:11:\"hof_members\";a:0:{}}"],"hof_partners_options":["a:1:{s:12:\"hof_partners\";a:0:{}}"],"hof_search_excerpt":["a:1:{s:18:\"coc_search_excerpt\";s:0:\"\";}"],"_last_editor_used_jetpack":["block-editor"],"coc_games":[""],"_coc_games":["field_5e83bf020f51f"],"coc_trivia":[""],"_coc_trivia":["field_5e83bacdec2aa"],"_yoast_wpseo_estimated-reading-time-minutes":["1"],"_yoast_wpseo_wordproof_timestamp":[""],"_seo_title":["field_652feeaa9308c"],"seo_focus_keyword":[""],"_seo_focus_keyword":["field_652ff0580091b"],"_seo_meta_description":["field_652feec09308d"],"_seo_translation_link":["field_652feee79308e"],"seo_accordion_module_title":[""],"_seo_accordion_module_title":["field_652fef009308f"],"seo_accordion":[""],"_seo_accordion":["field_652fef4793091"],"secondary_content":[""],"_secondary_content":["field_6530028284790"],"social_facebook":[""],"_social_facebook":["field_652ff39070798"],"social_twitter":[""],"_social_twitter":["field_652ff3a470799"],"social_instagram":[""],"_social_instagram":["field_652ff3ca7079a"],"social_linkedin":[""],"_social_linkedin":["field_652ff3e57079b"],"social_website":[""],"_social_website":["field_652ff4227079c"],"zeus_id":[""],"_zeus_id":["field_652ff4537079d"],"team_announcement_tag":[""],"_team_announcement_tag":["field_65300222e2d0d"],"video_embed_code":[""],"_video_embed_code":["field_652fecffe1114"],"facebook_video_embed_code":[""],"_facebook_video_embed_code":["field_652fedfae1121"],"coc_hide_title":["0"],"_coc_hide_title":["field_661d79f32b89b"],"_yoast_wpseo_content_score":["90"]},"coauthors":[186127234],"class_list":["post-1770","page","type-page","status-publish","format-standard","has-post-thumbnail","hentry"],"acf":[],"yoast_head":"<!-- This site is optimized with the Yoast SEO plugin v27.3 - https:\/\/yoast.com\/product\/yoast-seo-wordpress\/ -->\n<title>Accueil - \u00c9quipe Canada | Site officiel de l&#039;\u00e9quipe olympique<\/title>\n<meta name=\"robots\" content=\"index, follow, max-snippet:-1, max-image-preview:large, max-video-preview:-1\" \/>\n<link rel=\"canonical\" href=\"https:\/\/preprod.olympic.ca\/olympique\/\" \/>\n<meta property=\"og:locale\" content=\"fr_FR\" \/>\n<meta property=\"og:type\" content=\"article\" \/>\n<meta property=\"og:title\" content=\"Accueil - \u00c9quipe Canada | Site officiel de l&#039;\u00e9quipe olympique\" \/>\n<meta property=\"og:url\" content=\"https:\/\/preprod.olympic.ca\/olympique\/\" \/>\n<meta property=\"og:site_name\" content=\"\u00c9quipe Canada | Site officiel de l&#039;\u00e9quipe olympique\" \/>\n<meta property=\"article:modified_time\" content=\"2024-07-23T17:49:02+00:00\" \/>\n<meta property=\"og:image\" content=\"https:\/\/preprod.olympic.ca\/olympique\/wp-content\/uploads\/sites\/2\/2011\/07\/124279841-e1470446863344-2.jpg?quality=100\" \/>\n\t<meta property=\"og:image:width\" content=\"1340\" \/>\n\t<meta property=\"og:image:height\" content=\"895\" \/>\n\t<meta property=\"og:image:type\" content=\"image\/jpeg\" \/>\n<meta name=\"twitter:card\" content=\"summary_large_image\" \/>\n<meta name=\"twitter:label1\" content=\"Est. reading time\" \/>\n\t<meta name=\"twitter:data1\" content=\"1 minute\" \/>\n\t<meta name=\"twitter:label2\" content=\"Written by\" \/>\n\t<meta name=\"twitter:data2\" content=\"Comit\u00e9 olympique canadien\" \/>\n<script type=\"application\/ld+json\" class=\"yoast-schema-graph\">{\"@context\":\"https:\\\/\\\/schema.org\",\"@graph\":[{\"@type\":\"WebPage\",\"@id\":\"https:\\\/\\\/preprod.olympic.ca\\\/olympique\\\/\",\"url\":\"https:\\\/\\\/preprod.olympic.ca\\\/olympique\\\/\",\"name\":\"Accueil - \u00c9quipe Canada | Site officiel de l&#039;\u00e9quipe olympique\",\"isPartOf\":{\"@id\":\"https:\\\/\\\/preprod.olympic.ca\\\/olympique\\\/#website\"},\"primaryImageOfPage\":{\"@id\":\"https:\\\/\\\/preprod.olympic.ca\\\/olympique\\\/#primaryimage\"},\"image\":{\"@id\":\"https:\\\/\\\/preprod.olympic.ca\\\/olympique\\\/#primaryimage\"},\"thumbnailUrl\":\"https:\\\/\\\/preprod.olympic.ca\\\/olympique\\\/wp-content\\\/uploads\\\/sites\\\/2\\\/2011\\\/07\\\/124279841-e1470446863344-2.jpg?quality=100\",\"datePublished\":\"2011-08-17T17:51:24+00:00\",\"dateModified\":\"2024-07-23T17:49:02+00:00\",\"inLanguage\":\"fr-FR\",\"potentialAction\":[{\"@type\":\"ReadAction\",\"target\":[\"https:\\\/\\\/preprod.olympic.ca\\\/olympique\\\/\"]}]},{\"@type\":\"ImageObject\",\"inLanguage\":\"fr-FR\",\"@id\":\"https:\\\/\\\/preprod.olympic.ca\\\/olympique\\\/#primaryimage\",\"url\":\"https:\\\/\\\/preprod.olympic.ca\\\/olympique\\\/wp-content\\\/uploads\\\/sites\\\/2\\\/2011\\\/07\\\/124279841-e1470446863344-2.jpg?quality=100\",\"contentUrl\":\"https:\\\/\\\/preprod.olympic.ca\\\/olympique\\\/wp-content\\\/uploads\\\/sites\\\/2\\\/2011\\\/07\\\/124279841-e1470446863344-2.jpg?quality=100\",\"width\":1340,\"height\":895},{\"@type\":\"WebSite\",\"@id\":\"https:\\\/\\\/preprod.olympic.ca\\\/olympique\\\/#website\",\"url\":\"https:\\\/\\\/preprod.olympic.ca\\\/olympique\\\/\",\"name\":\"\u00c9quipe Canada | Site officiel de l&#039;\u00e9quipe olympique\",\"description\":\"Votre source pour l\u2019\u00c9quipe olympique canadienne. Retrouvez les r\u00e9cits, vid\u00e9os et photos des athl\u00e8tes canadiens, sports olympiques, Jeux olympiques de 2020 et bien plus!\",\"potentialAction\":[{\"@type\":\"SearchAction\",\"target\":{\"@type\":\"EntryPoint\",\"urlTemplate\":\"https:\\\/\\\/preprod.olympic.ca\\\/olympique\\\/?s={search_term_string}\"},\"query-input\":{\"@type\":\"PropertyValueSpecification\",\"valueRequired\":true,\"valueName\":\"search_term_string\"}}],\"inLanguage\":\"fr-FR\"}]}<\/script>\n<!-- \/ Yoast SEO plugin. -->","yoast_head_json":{"title":"Accueil - \u00c9quipe Canada | Site officiel de l&#039;\u00e9quipe olympique","robots":{"index":"index","follow":"follow","max-snippet":"max-snippet:-1","max-image-preview":"max-image-preview:large","max-video-preview":"max-video-preview:-1"},"canonical":"https:\/\/preprod.olympic.ca\/olympique\/","og_locale":"fr_FR","og_type":"article","og_title":"Accueil - \u00c9quipe Canada | Site officiel de l&#039;\u00e9quipe olympique","og_url":"https:\/\/preprod.olympic.ca\/olympique\/","og_site_name":"\u00c9quipe Canada | Site officiel de l&#039;\u00e9quipe olympique","article_modified_time":"2024-07-23T17:49:02+00:00","og_image":[{"width":1340,"height":895,"url":"https:\/\/preprod.olympic.ca\/olympique\/wp-content\/uploads\/sites\/2\/2011\/07\/124279841-e1470446863344-2.jpg?quality=100","type":"image\/jpeg"}],"twitter_card":"summary_large_image","twitter_misc":{"Est. reading time":"1 minute","Written by":"Comit\u00e9 olympique canadien"},"schema":{"@context":"https:\/\/schema.org","@graph":[{"@type":"WebPage","@id":"https:\/\/preprod.olympic.ca\/olympique\/","url":"https:\/\/preprod.olympic.ca\/olympique\/","name":"Accueil - \u00c9quipe Canada | Site officiel de l&#039;\u00e9quipe olympique","isPartOf":{"@id":"https:\/\/preprod.olympic.ca\/olympique\/#website"},"primaryImageOfPage":{"@id":"https:\/\/preprod.olympic.ca\/olympique\/#primaryimage"},"image":{"@id":"https:\/\/preprod.olympic.ca\/olympique\/#primaryimage"},"thumbnailUrl":"https:\/\/preprod.olympic.ca\/olympique\/wp-content\/uploads\/sites\/2\/2011\/07\/124279841-e1470446863344-2.jpg?quality=100","datePublished":"2011-08-17T17:51:24+00:00","dateModified":"2024-07-23T17:49:02+00:00","inLanguage":"fr-FR","potentialAction":[{"@type":"ReadAction","target":["https:\/\/preprod.olympic.ca\/olympique\/"]}]},{"@type":"ImageObject","inLanguage":"fr-FR","@id":"https:\/\/preprod.olympic.ca\/olympique\/#primaryimage","url":"https:\/\/preprod.olympic.ca\/olympique\/wp-content\/uploads\/sites\/2\/2011\/07\/124279841-e1470446863344-2.jpg?quality=100","contentUrl":"https:\/\/preprod.olympic.ca\/olympique\/wp-content\/uploads\/sites\/2\/2011\/07\/124279841-e1470446863344-2.jpg?quality=100","width":1340,"height":895},{"@type":"WebSite","@id":"https:\/\/preprod.olympic.ca\/olympique\/#website","url":"https:\/\/preprod.olympic.ca\/olympique\/","name":"\u00c9quipe Canada | Site officiel de l&#039;\u00e9quipe olympique","description":"Votre source pour l\u2019\u00c9quipe olympique canadienne. Retrouvez les r\u00e9cits, vid\u00e9os et photos des athl\u00e8tes canadiens, sports olympiques, Jeux olympiques de 2020 et bien plus!","potentialAction":[{"@type":"SearchAction","target":{"@type":"EntryPoint","urlTemplate":"https:\/\/preprod.olympic.ca\/olympique\/?s={search_term_string}"},"query-input":{"@type":"PropertyValueSpecification","valueRequired":true,"valueName":"search_term_string"}}],"inLanguage":"fr-FR"}]}},"jetpack_sharing_enabled":true,"jetpack-related-posts":[],"jetpack_shortlink":"https:\/\/wp.me\/PcGHcP-sy","_links":{"self":[{"href":"https:\/\/preprod.olympic.ca\/olympique\/wp-json\/wp\/v2\/pages\/1770","targetHints":{"allow":["GET"]}}],"collection":[{"href":"https:\/\/preprod.olympic.ca\/olympique\/wp-json\/wp\/v2\/pages"}],"about":[{"href":"https:\/\/preprod.olympic.ca\/olympique\/wp-json\/wp\/v2\/types\/page"}],"author":[{"embeddable":true,"href":"https:\/\/preprod.olympic.ca\/olympique\/wp-json\/wp\/v2\/users\/47562643"}],"replies":[{"embeddable":true,"href":"https:\/\/preprod.olympic.ca\/olympique\/wp-json\/wp\/v2\/comments?post=1770"}],"version-history":[{"count":3775,"href":"https:\/\/preprod.olympic.ca\/olympique\/wp-json\/wp\/v2\/pages\/1770\/revisions"}],"predecessor-version":[{"id":250058,"href":"https:\/\/preprod.olympic.ca\/olympique\/wp-json\/wp\/v2\/pages\/1770\/revisions\/250058"}],"wp:featuredmedia":[{"embeddable":true,"href":"https:\/\/preprod.olympic.ca\/olympique\/wp-json\/wp\/v2\/media\/129315"}],"wp:attachment":[{"href":"https:\/\/preprod.olympic.ca\/olympique\/wp-json\/wp\/v2\/media?parent=1770"}],"wp:term":[{"taxonomy":"author","embeddable":true,"href":"https:\/\/preprod.olympic.ca\/olympique\/wp-json\/wp\/v2\/coauthors?post=1770"}],"curies":[{"name":"wp","href":"https:\/\/api.w.org\/{rel}","templated":true}]}}