{"id":119956,"date":"2016-08-03T17:04:14","date_gmt":"2016-08-03T21:04:14","guid":{"rendered":"http:\/\/olympique.ca\/?post_type=photos&#038;p=119956"},"modified":"2018-06-26T13:26:07","modified_gmt":"2018-06-26T17:26:07","slug":"rio-2016-canada-2-0-australie-soccer-feminin","status":"publish","type":"photos","link":"https:\/\/preprod.olympic.ca\/olympique\/photos\/rio-2016-canada-2-0-australie-soccer-feminin\/","title":{"rendered":"Rio 2016: Canada 2-0 Australie | soccer f\u00e9minin"},"content":{"rendered":"<p><em>Photos prises lors du match d&rsquo;ouverture de l&rsquo;\u00e9quipe canadienne contre l&rsquo;Australie, le 3 ao\u00fbt \u00e0 S\u00e3o Paulo.<\/em><\/p>\n<div class=\"tiled-gallery type-rectangular tiled-gallery-unresized\" data-original-width=\"1360\" data-carousel-extra='null' itemscope itemtype=\"http:\/\/schema.org\/ImageGallery\" > <div class=\"gallery-row\" style=\"width: 1360px; height: 305px;\" data-original-width=\"1360\" data-original-height=\"305\" > <div class=\"gallery-group images-1\" style=\"width: 502px; height: 305px;\" data-original-width=\"502\" data-original-height=\"305\" > <div class=\"tiled-gallery-item tiled-gallery-item-large\" itemprop=\"associatedMedia\" itemscope itemtype=\"http:\/\/schema.org\/ImageObject\"> <a href=\"https:\/\/preprod.olympic.ca\/olympique\/2016\/08\/03\/les-canadiennes-menent-1-0-a-la-mi-temps\/img_2411\/#main\" border=\"0\" itemprop=\"url\"> <meta itemprop=\"width\" content=\"498\"> <meta itemprop=\"height\" content=\"301\"> <img decoding=\"async\" data-recalc-dims=\"1\" class=\"\" data-attachment-id=\"119951\" data-orig-file=\"https:\/\/preprod.olympic.ca\/olympique\/wp-content\/uploads\/sites\/2\/2016\/08\/img_2411.jpg?quality=100\" data-orig-size=\"594,359\" data-comments-opened=\"1\" data-image-meta=\"{&quot;aperture&quot;:&quot;0&quot;,&quot;credit&quot;:&quot;&quot;,&quot;camera&quot;:&quot;&quot;,&quot;caption&quot;:&quot;&quot;,&quot;created_timestamp&quot;:&quot;0&quot;,&quot;copyright&quot;:&quot;&quot;,&quot;focal_length&quot;:&quot;0&quot;,&quot;iso&quot;:&quot;0&quot;,&quot;shutter_speed&quot;:&quot;0&quot;,&quot;title&quot;:&quot;&quot;,&quot;orientation&quot;:&quot;1&quot;}\" data-image-title=\"\u00c9quipe Canada &amp;#8211; soccer &amp;#8211; Janine Beckie &amp;#8211; Rio 2016\" data-image-description=\"\" data-medium-file=\"https:\/\/preprod.olympic.ca\/olympique\/wp-content\/uploads\/sites\/2\/2016\/08\/img_2411.jpg?quality=100&#038;w=594\" data-large-file=\"https:\/\/preprod.olympic.ca\/olympique\/wp-content\/uploads\/sites\/2\/2016\/08\/img_2411.jpg?quality=100&#038;w=594\" src=\"https:\/\/preprod.olympic.ca\/olympique\/wp-content\/uploads\/sites\/2\/2016\/08\/img_2411.jpg?quality=100&#038;w=498&#038;h=301&#038;strip&#038;resize=498%2C301\" srcset=\"https:\/\/preprod.olympic.ca\/olympique\/wp-content\/uploads\/sites\/2\/2016\/08\/img_2411.jpg 594w, https:\/\/preprod.olympic.ca\/olympique\/wp-content\/uploads\/sites\/2\/2016\/08\/img_2411.jpg?resize=261,158 261w\" width=\"498\" height=\"301\" loading=\"lazy\" data-original-width=\"498\" data-original-height=\"301\" itemprop=\"http:\/\/schema.org\/image\" title=\"\u00c9quipe Canada - soccer - Janine Beckie - Rio 2016\" alt=\"La Canadienne Janine Beckie r\u00e9alisant le but le plus rapide de l&#039;histoire du soccer f\u00e9minin aux Jeux olympiques, le 3 ao\u00fbt 2016 \u00e0 S\u00e3o Paulo.\" style=\"width: 498px; height: 301px;\" \/> <\/a> <div class=\"tiled-gallery-caption\" itemprop=\"caption description\"> La Canadienne Janine Beckie r\u00e9alisant le but le plus rapide de l&rsquo;histoire du soccer f\u00e9minin aux Jeux olympiques, le 3 ao\u00fbt 2016 \u00e0 S\u00e3o Paulo. <\/div> <\/div> <\/div> <!-- close group --> <div class=\"gallery-group images-1\" style=\"width: 419px; height: 305px;\" data-original-width=\"419\" data-original-height=\"305\" > <div class=\"tiled-gallery-item tiled-gallery-item-large\" itemprop=\"associatedMedia\" itemscope itemtype=\"http:\/\/schema.org\/ImageObject\"> <a href=\"https:\/\/preprod.olympic.ca\/olympique\/2016\/08\/03\/rio-2016-un-premier-test-pour-lequipe-canadienne-de-soccer-feminin\/katrina-gorry-jessie-fleming\/#main\" border=\"0\" itemprop=\"url\"> <meta itemprop=\"width\" content=\"415\"> <meta itemprop=\"height\" content=\"301\"> <img decoding=\"async\" data-recalc-dims=\"1\" class=\"\" data-attachment-id=\"119942\" data-orig-file=\"https:\/\/preprod.olympic.ca\/olympique\/wp-content\/uploads\/sites\/2\/2016\/08\/12404385-e1470252584180.jpg?quality=100\" data-orig-size=\"1340,972\" data-comments-opened=\"1\" data-image-meta=\"{&quot;aperture&quot;:&quot;4&quot;,&quot;credit&quot;:&quot;The Associated Press&quot;,&quot;camera&quot;:&quot;Canon EOS-1D X&quot;,&quot;caption&quot;:&quot;Australia\\u0027s Katrina Gorry, top, fights for the ball with Canada\\u0027s Jessie Fleming during the 2016 Summer Olympics football match at the Arena Corinthians in Sao Paulo, Brazil, Wednesday, Aug. 3, 2016. (AP Photo\\\/Nelson Antoine)&quot;,&quot;created_timestamp&quot;:&quot;1470247874&quot;,&quot;copyright&quot;:&quot;Copyright 2016 The Associated Press. All rights reserved. This material may not be published, broadcast, rewritten or redistribu&quot;,&quot;focal_length&quot;:&quot;400&quot;,&quot;iso&quot;:&quot;320&quot;,&quot;shutter_speed&quot;:&quot;0.00125&quot;,&quot;title&quot;:&quot;Katrina Gorry, Jessie Fleming&quot;,&quot;orientation&quot;:&quot;1&quot;}\" data-image-title=\"\u00c9quipe Canada &amp;#8211; soccer &amp;#8211; Jessie Fleming &amp;#8211; Rio 2016\" data-image-description=\"\" data-medium-file=\"https:\/\/preprod.olympic.ca\/olympique\/wp-content\/uploads\/sites\/2\/2016\/08\/12404385-e1470252584180.jpg?quality=100&#038;w=511\" data-large-file=\"https:\/\/preprod.olympic.ca\/olympique\/wp-content\/uploads\/sites\/2\/2016\/08\/12404385-e1470252584180.jpg?quality=100&#038;w=1039\" src=\"https:\/\/preprod.olympic.ca\/olympique\/wp-content\/uploads\/sites\/2\/2016\/08\/12404385-e1470252584180.jpg?quality=100&#038;w=415&#038;h=301&#038;strip&#038;resize=415%2C301\" srcset=\"https:\/\/preprod.olympic.ca\/olympique\/wp-content\/uploads\/sites\/2\/2016\/08\/12404385-e1470252584180.jpg 1340w, https:\/\/preprod.olympic.ca\/olympique\/wp-content\/uploads\/sites\/2\/2016\/08\/12404385-e1470252584180.jpg?resize=218,158 218w, https:\/\/preprod.olympic.ca\/olympique\/wp-content\/uploads\/sites\/2\/2016\/08\/12404385-e1470252584180.jpg?resize=511,371 511w, https:\/\/preprod.olympic.ca\/olympique\/wp-content\/uploads\/sites\/2\/2016\/08\/12404385-e1470252584180.jpg?resize=768,557 768w, https:\/\/preprod.olympic.ca\/olympique\/wp-content\/uploads\/sites\/2\/2016\/08\/12404385-e1470252584180.jpg?resize=1039,754 1039w\" width=\"415\" height=\"301\" loading=\"lazy\" data-original-width=\"415\" data-original-height=\"301\" itemprop=\"http:\/\/schema.org\/image\" title=\"\u00c9quipe Canada - soccer - Jessie Fleming - Rio 2016\" alt=\"Jessie Fleming et l&#039;Australienne Katrina Gorrie luttent pour le ballon aux Jeux olympiques de 2016, le 3 ao\u00fbt 2016 \u00e0 S\u00e3o Paulo. (AP Photo\/Nelson Antoine)\" style=\"width: 415px; height: 301px;\" \/> <\/a> <div class=\"tiled-gallery-caption\" itemprop=\"caption description\"> Jessie Fleming et l&rsquo;Australienne Katrina Gorrie luttent pour le ballon aux Jeux olympiques de 2016, le 3 ao\u00fbt 2016 \u00e0 S\u00e3o Paulo. (AP Photo\/Nelson Antoine) <\/div> <\/div> <\/div> <!-- close group --> <div class=\"gallery-group images-1\" style=\"width: 439px; height: 305px;\" data-original-width=\"439\" data-original-height=\"305\" > <div class=\"tiled-gallery-item tiled-gallery-item-large\" itemprop=\"associatedMedia\" itemscope itemtype=\"http:\/\/schema.org\/ImageObject\"> <a href=\"https:\/\/preprod.olympic.ca\/olympique\/2016\/08\/03\/rio-2016-un-premier-test-pour-lequipe-canadienne-de-soccer-feminin\/shelina-zadorsky-katrina-gorry\/#main\" border=\"0\" itemprop=\"url\"> <meta itemprop=\"width\" content=\"435\"> <meta itemprop=\"height\" content=\"301\"> <img decoding=\"async\" data-recalc-dims=\"1\" class=\"\" data-attachment-id=\"119941\" data-orig-file=\"https:\/\/preprod.olympic.ca\/olympique\/wp-content\/uploads\/sites\/2\/2016\/08\/12404366-e1470252605376.jpg?quality=100\" data-orig-size=\"1340,927\" data-comments-opened=\"1\" data-image-meta=\"{&quot;aperture&quot;:&quot;4&quot;,&quot;credit&quot;:&quot;The Associated Press&quot;,&quot;camera&quot;:&quot;Canon EOS-1D X&quot;,&quot;caption&quot;:&quot;Australia\\u0027s Katrina Gorry, left, fights for the ball with Canada\\u0027s Shelina Zadorsky during the 2016 Summer Olympics football match at the Arena Corinthians in Sao Paulo, Brazil, Wednesday, Aug. 3, 2016. (AP Photo\\\/Nelson Antoine)&quot;,&quot;created_timestamp&quot;:&quot;1470247871&quot;,&quot;copyright&quot;:&quot;Copyright 2016 The Associated Press. All rights reserved. This material may not be published, broadcast, rewritten or redistribu&quot;,&quot;focal_length&quot;:&quot;400&quot;,&quot;iso&quot;:&quot;320&quot;,&quot;shutter_speed&quot;:&quot;0.00125&quot;,&quot;title&quot;:&quot;Shelina Zadorsky, Katrina Gorry&quot;,&quot;orientation&quot;:&quot;1&quot;}\" data-image-title=\"\u00c9quipe Canada &amp;#8211; soccer &amp;#8211; Shelina Zadorsky &amp;#8211; Rio 2016\" data-image-description=\"\" data-medium-file=\"https:\/\/preprod.olympic.ca\/olympique\/wp-content\/uploads\/sites\/2\/2016\/08\/12404366-e1470252605376.jpg?quality=100&#038;w=536\" data-large-file=\"https:\/\/preprod.olympic.ca\/olympique\/wp-content\/uploads\/sites\/2\/2016\/08\/12404366-e1470252605376.jpg?quality=100&#038;w=1090\" src=\"https:\/\/preprod.olympic.ca\/olympique\/wp-content\/uploads\/sites\/2\/2016\/08\/12404366-e1470252605376.jpg?quality=100&#038;w=435&#038;h=301&#038;strip&#038;resize=435%2C301\" srcset=\"https:\/\/preprod.olympic.ca\/olympique\/wp-content\/uploads\/sites\/2\/2016\/08\/12404366-e1470252605376.jpg 1340w, https:\/\/preprod.olympic.ca\/olympique\/wp-content\/uploads\/sites\/2\/2016\/08\/12404366-e1470252605376.jpg?resize=228,158 228w, https:\/\/preprod.olympic.ca\/olympique\/wp-content\/uploads\/sites\/2\/2016\/08\/12404366-e1470252605376.jpg?resize=536,371 536w, https:\/\/preprod.olympic.ca\/olympique\/wp-content\/uploads\/sites\/2\/2016\/08\/12404366-e1470252605376.jpg?resize=768,531 768w, https:\/\/preprod.olympic.ca\/olympique\/wp-content\/uploads\/sites\/2\/2016\/08\/12404366-e1470252605376.jpg?resize=1090,754 1090w\" width=\"435\" height=\"301\" loading=\"lazy\" data-original-width=\"435\" data-original-height=\"301\" itemprop=\"http:\/\/schema.org\/image\" title=\"\u00c9quipe Canada - soccer - Shelina Zadorsky - Rio 2016\" alt=\"Shelina Zadorsky tente de prendre possession du ballon contre une joueuse australienne aux Jeux olympiques de 2016, le 3 ao\u00fbt 2016 \u00e0 S\u00e3o Paulo. (AP Photo\/Nelson Antoine)\" style=\"width: 435px; height: 301px;\" \/> <\/a> <div class=\"tiled-gallery-caption\" itemprop=\"caption description\"> Shelina Zadorsky tente de prendre possession du ballon contre une joueuse australienne aux Jeux olympiques de 2016, le 3 ao\u00fbt 2016 \u00e0 S\u00e3o Paulo. (AP Photo\/Nelson Antoine) <\/div> <\/div> <\/div> <!-- close group --> <\/div> <!-- close row --> <div class=\"gallery-row\" style=\"width: 1360px; height: 612px;\" data-original-width=\"1360\" data-original-height=\"612\" > <div class=\"gallery-group images-1\" style=\"width: 877px; height: 612px;\" data-original-width=\"877\" data-original-height=\"612\" > <div class=\"tiled-gallery-item tiled-gallery-item-large\" itemprop=\"associatedMedia\" itemscope itemtype=\"http:\/\/schema.org\/ImageObject\"> <a href=\"https:\/\/preprod.olympic.ca\/olympique\/2016\/08\/03\/rio-2016-un-premier-test-pour-lequipe-canadienne-de-soccer-feminin\/rio-olympics-soccer-women\/#main\" border=\"0\" itemprop=\"url\"> <meta itemprop=\"width\" content=\"873\"> <meta itemprop=\"height\" content=\"608\"> <img decoding=\"async\" data-recalc-dims=\"1\" class=\"\" data-attachment-id=\"119940\" data-orig-file=\"https:\/\/preprod.olympic.ca\/olympique\/wp-content\/uploads\/sites\/2\/2016\/08\/12404359-e1470252625935.jpg?quality=100\" data-orig-size=\"1340,933\" data-comments-opened=\"1\" data-image-meta=\"{&quot;aperture&quot;:&quot;4&quot;,&quot;credit&quot;:&quot;The Associated Press&quot;,&quot;camera&quot;:&quot;Canon EOS-1D X&quot;,&quot;caption&quot;:&quot;Canada players celebrate after Janine Beckie, scored her team\\u0027s first goal during the 2016 Summer Olympics football match between Canada and Australia, at the Arena Corinthians, in Sao Paulo, Brazil, Wednesday, Aug. 3, 2016. (AP Photo\\\/Nelson Antoine)&quot;,&quot;created_timestamp&quot;:&quot;1470247262&quot;,&quot;copyright&quot;:&quot;Copyright 2016 The Associated Press. All rights reserved. This material may not be published, broadcast, rewritten or redistribu&quot;,&quot;focal_length&quot;:&quot;400&quot;,&quot;iso&quot;:&quot;200&quot;,&quot;shutter_speed&quot;:&quot;0.002&quot;,&quot;title&quot;:&quot;Rio Olympics Soccer Women&quot;,&quot;orientation&quot;:&quot;1&quot;}\" data-image-title=\"\u00c9quipe Canada &amp;#8211; soccer &amp;#8211; Janine Beckie &amp;#8211; Rio 2016\" data-image-description=\"\" data-medium-file=\"https:\/\/preprod.olympic.ca\/olympique\/wp-content\/uploads\/sites\/2\/2016\/08\/12404359-e1470252625935.jpg?quality=100&#038;w=533\" data-large-file=\"https:\/\/preprod.olympic.ca\/olympique\/wp-content\/uploads\/sites\/2\/2016\/08\/12404359-e1470252625935.jpg?quality=100&#038;w=1083\" src=\"https:\/\/preprod.olympic.ca\/olympique\/wp-content\/uploads\/sites\/2\/2016\/08\/12404359-e1470252625935.jpg?quality=100&#038;w=873&#038;h=608&#038;strip&#038;resize=873%2C608\" srcset=\"https:\/\/preprod.olympic.ca\/olympique\/wp-content\/uploads\/sites\/2\/2016\/08\/12404359-e1470252625935.jpg 1340w, https:\/\/preprod.olympic.ca\/olympique\/wp-content\/uploads\/sites\/2\/2016\/08\/12404359-e1470252625935.jpg?resize=227,158 227w, https:\/\/preprod.olympic.ca\/olympique\/wp-content\/uploads\/sites\/2\/2016\/08\/12404359-e1470252625935.jpg?resize=533,371 533w, https:\/\/preprod.olympic.ca\/olympique\/wp-content\/uploads\/sites\/2\/2016\/08\/12404359-e1470252625935.jpg?resize=768,535 768w, https:\/\/preprod.olympic.ca\/olympique\/wp-content\/uploads\/sites\/2\/2016\/08\/12404359-e1470252625935.jpg?resize=1083,754 1083w\" width=\"873\" height=\"608\" loading=\"lazy\" data-original-width=\"873\" data-original-height=\"608\" itemprop=\"http:\/\/schema.org\/image\" title=\"\u00c9quipe Canada - soccer - Janine Beckie - Rio 2016\" alt=\"L&#039;\u00e9quipe canadienne f\u00e9licite Janine Beckie apr\u00e8s qu&#039;elle ait inscrit le but le plus rapide de l&#039;histoire du soccer f\u00e9minin aux Jeux olympiques, le 3 ao\u00fbt 2016 \u00e0 S\u00e3o Paulo. (AP Photo\/Nelson Antoine)\" style=\"width: 873px; height: 608px;\" \/> <\/a> <div class=\"tiled-gallery-caption\" itemprop=\"caption description\"> L&rsquo;\u00e9quipe canadienne f\u00e9licite Janine Beckie apr\u00e8s qu&rsquo;elle ait inscrit le but le plus rapide de l&rsquo;histoire du soccer f\u00e9minin aux Jeux olympiques, le 3 ao\u00fbt 2016 \u00e0 S\u00e3o Paulo. (AP Photo\/Nelson Antoine) <\/div> <\/div> <\/div> <!-- close group --> <div class=\"gallery-group images-2\" style=\"width: 483px; height: 612px;\" data-original-width=\"483\" data-original-height=\"612\" > <div class=\"tiled-gallery-item tiled-gallery-item-large\" itemprop=\"associatedMedia\" itemscope itemtype=\"http:\/\/schema.org\/ImageObject\"> <a href=\"https:\/\/preprod.olympic.ca\/olympique\/2016\/08\/03\/rio-2016-un-premier-test-pour-lequipe-canadienne-de-soccer-feminin\/janine-beckie-4\/#main\" border=\"0\" itemprop=\"url\"> <meta itemprop=\"width\" content=\"479\"> <meta itemprop=\"height\" content=\"335\"> <img decoding=\"async\" data-recalc-dims=\"1\" class=\"\" data-attachment-id=\"119939\" data-orig-file=\"https:\/\/preprod.olympic.ca\/olympique\/wp-content\/uploads\/sites\/2\/2016\/08\/12404291-e1470252644462.jpg?quality=100\" data-orig-size=\"1340,936\" data-comments-opened=\"1\" data-image-meta=\"{&quot;aperture&quot;:&quot;3.5&quot;,&quot;credit&quot;:&quot;The Associated Press&quot;,&quot;camera&quot;:&quot;Canon EOS-1D X&quot;,&quot;caption&quot;:&quot;Canada\\u0027s Janine Beckie, right, celebrates her goal during the 2016 Summer Olympics football match between Canada and Australia at the Arena Corinthians in Sao Paulo, Brazil, Wednesday, Aug. 3, 2016. (AP Photo\\\/Nelson Antoine)&quot;,&quot;created_timestamp&quot;:&quot;1470247269&quot;,&quot;copyright&quot;:&quot;Copyright 2016 The Associated Press. All rights reserved. This material may not be published, broadcast, rewritten or redistribu&quot;,&quot;focal_length&quot;:&quot;400&quot;,&quot;iso&quot;:&quot;200&quot;,&quot;shutter_speed&quot;:&quot;0.00125&quot;,&quot;title&quot;:&quot;Janine Beckie&quot;,&quot;orientation&quot;:&quot;1&quot;}\" data-image-title=\"\u00c9quipe Canada &amp;#8211; soccer &amp;#8211; Janine Beckie &amp;#8211; Rio 2016\" data-image-description=\"\" data-medium-file=\"https:\/\/preprod.olympic.ca\/olympique\/wp-content\/uploads\/sites\/2\/2016\/08\/12404291-e1470252644462.jpg?quality=100&#038;w=531\" data-large-file=\"https:\/\/preprod.olympic.ca\/olympique\/wp-content\/uploads\/sites\/2\/2016\/08\/12404291-e1470252644462.jpg?quality=100&#038;w=1079\" src=\"https:\/\/preprod.olympic.ca\/olympique\/wp-content\/uploads\/sites\/2\/2016\/08\/12404291-e1470252644462.jpg?quality=100&#038;w=479&#038;h=335&#038;strip&#038;resize=479%2C335\" srcset=\"https:\/\/preprod.olympic.ca\/olympique\/wp-content\/uploads\/sites\/2\/2016\/08\/12404291-e1470252644462.jpg 1340w, https:\/\/preprod.olympic.ca\/olympique\/wp-content\/uploads\/sites\/2\/2016\/08\/12404291-e1470252644462.jpg?resize=226,158 226w, https:\/\/preprod.olympic.ca\/olympique\/wp-content\/uploads\/sites\/2\/2016\/08\/12404291-e1470252644462.jpg?resize=531,371 531w, https:\/\/preprod.olympic.ca\/olympique\/wp-content\/uploads\/sites\/2\/2016\/08\/12404291-e1470252644462.jpg?resize=768,536 768w, https:\/\/preprod.olympic.ca\/olympique\/wp-content\/uploads\/sites\/2\/2016\/08\/12404291-e1470252644462.jpg?resize=1079,754 1079w\" width=\"479\" height=\"335\" loading=\"lazy\" data-original-width=\"479\" data-original-height=\"335\" itemprop=\"http:\/\/schema.org\/image\" title=\"\u00c9quipe Canada - soccer - Janine Beckie - Rio 2016\" alt=\"La Canadienne Janine Beckie c\u00e9l\u00e8bre son but contre l&#039;Australie, le 3 ao\u00fbt 2016 \u00e0 S\u00e3o Paulo. (AP Photo\/Nelson Antoine)\" style=\"width: 479px; height: 335px;\" \/> <\/a> <div class=\"tiled-gallery-caption\" itemprop=\"caption description\"> La Canadienne Janine Beckie c\u00e9l\u00e8bre son but contre l&rsquo;Australie, le 3 ao\u00fbt 2016 \u00e0 S\u00e3o Paulo. (AP Photo\/Nelson Antoine) <\/div> <\/div> <div class=\"tiled-gallery-item tiled-gallery-item-large\" itemprop=\"associatedMedia\" itemscope itemtype=\"http:\/\/schema.org\/ImageObject\"> <a href=\"https:\/\/preprod.olympic.ca\/olympique\/photos\/rio-2016-canada-2-0-australie-soccer-feminin\/eugenie-bouchard-26\/#main\" border=\"0\" itemprop=\"url\"> <meta itemprop=\"width\" content=\"479\"> <meta itemprop=\"height\" content=\"269\"> <img decoding=\"async\" data-recalc-dims=\"1\" class=\"\" data-attachment-id=\"119986\" data-orig-file=\"https:\/\/preprod.olympic.ca\/olympique\/wp-content\/uploads\/sites\/2\/2016\/08\/warmup1.jpg?quality=100\" data-orig-size=\"1000,562\" data-comments-opened=\"1\" data-image-meta=\"{&quot;aperture&quot;:&quot;4.5&quot;,&quot;credit&quot;:&quot;THE CANADIAN PRESS&quot;,&quot;camera&quot;:&quot;NIKON D4&quot;,&quot;caption&quot;:&quot;Eugenie Bouchard of Canada celebrates her victory over Dominika Cibulkova of Slovakia during second round of play at the Rogers Cup tennis tournament Wednesday July 27, 2016 in Montreal. THE CANADIAN PRESS\\\/Paul Chiasson&quot;,&quot;created_timestamp&quot;:&quot;1469577600&quot;,&quot;copyright&quot;:&quot;&quot;,&quot;focal_length&quot;:&quot;240&quot;,&quot;iso&quot;:&quot;2000&quot;,&quot;shutter_speed&quot;:&quot;0.001&quot;,&quot;title&quot;:&quot;Eugenie Bouchard&quot;,&quot;orientation&quot;:&quot;1&quot;}\" data-image-title=\"\u00c9quipe Canada &amp;#8211; soccer &amp;#8211; Rio 2016\" data-image-description=\"\" data-medium-file=\"https:\/\/preprod.olympic.ca\/olympique\/wp-content\/uploads\/sites\/2\/2016\/08\/warmup1.jpg?quality=100&#038;w=660\" data-large-file=\"https:\/\/preprod.olympic.ca\/olympique\/wp-content\/uploads\/sites\/2\/2016\/08\/warmup1.jpg?quality=100&#038;w=1000\" src=\"https:\/\/preprod.olympic.ca\/olympique\/wp-content\/uploads\/sites\/2\/2016\/08\/warmup1.jpg?quality=100&#038;w=479&#038;h=269&#038;strip&#038;resize=479%2C269\" srcset=\"https:\/\/preprod.olympic.ca\/olympique\/wp-content\/uploads\/sites\/2\/2016\/08\/warmup1.jpg 1000w, https:\/\/preprod.olympic.ca\/olympique\/wp-content\/uploads\/sites\/2\/2016\/08\/warmup1.jpg?resize=280,158 280w, https:\/\/preprod.olympic.ca\/olympique\/wp-content\/uploads\/sites\/2\/2016\/08\/warmup1.jpg?resize=660,371 660w, https:\/\/preprod.olympic.ca\/olympique\/wp-content\/uploads\/sites\/2\/2016\/08\/warmup1.jpg?resize=768,432 768w\" width=\"479\" height=\"269\" loading=\"lazy\" data-original-width=\"479\" data-original-height=\"269\" itemprop=\"http:\/\/schema.org\/image\" title=\"\u00c9quipe Canada - soccer - Rio 2016\" alt=\"L&#039;\u00e9quipe canadienne de soccer f\u00e9minin s&#039;\u00e9chauffe avant son match d&#039;ouverture aux Jeux olympiques de 2016, le 3 ao\u00fbt \u00e0 S\u00e3o Paulo,\" style=\"width: 479px; height: 269px;\" \/> <\/a> <div class=\"tiled-gallery-caption\" itemprop=\"caption description\"> L&rsquo;\u00e9quipe canadienne de soccer f\u00e9minin s&rsquo;\u00e9chauffe avant son match d&rsquo;ouverture aux Jeux olympiques de 2016, le 3 ao\u00fbt \u00e0 S\u00e3o Paulo, <\/div> <\/div> <\/div> <!-- close group --> <\/div> <!-- close row --> <div class=\"gallery-row\" style=\"width: 1360px; height: 554px;\" data-original-width=\"1360\" data-original-height=\"554\" > <div class=\"gallery-group images-2\" style=\"width: 489px; height: 554px;\" data-original-width=\"489\" data-original-height=\"554\" > <div class=\"tiled-gallery-item tiled-gallery-item-large\" itemprop=\"associatedMedia\" itemscope itemtype=\"http:\/\/schema.org\/ImageObject\"> <a href=\"https:\/\/preprod.olympic.ca\/olympique\/photos\/rio-2016-canada-2-0-australie-soccer-feminin\/eugenie-bouchard-27\/#main\" border=\"0\" itemprop=\"url\"> <meta itemprop=\"width\" content=\"485\"> <meta itemprop=\"height\" content=\"273\"> <img decoding=\"async\" data-recalc-dims=\"1\" class=\"\" data-attachment-id=\"119987\" data-orig-file=\"https:\/\/preprod.olympic.ca\/olympique\/wp-content\/uploads\/sites\/2\/2016\/08\/fe.jpg?quality=100\" data-orig-size=\"1000,562\" data-comments-opened=\"1\" data-image-meta=\"{&quot;aperture&quot;:&quot;4.5&quot;,&quot;credit&quot;:&quot;THE CANADIAN PRESS&quot;,&quot;camera&quot;:&quot;NIKON D4&quot;,&quot;caption&quot;:&quot;Eugenie Bouchard of Canada celebrates her victory over Dominika Cibulkova of Slovakia during second round of play at the Rogers Cup tennis tournament Wednesday July 27, 2016 in Montreal. THE CANADIAN PRESS\\\/Paul Chiasson&quot;,&quot;created_timestamp&quot;:&quot;1469577600&quot;,&quot;copyright&quot;:&quot;&quot;,&quot;focal_length&quot;:&quot;240&quot;,&quot;iso&quot;:&quot;2000&quot;,&quot;shutter_speed&quot;:&quot;0.001&quot;,&quot;title&quot;:&quot;Eugenie Bouchard&quot;,&quot;orientation&quot;:&quot;1&quot;}\" data-image-title=\"\u00c9quipe Canada &amp;#8211; soccer &amp;#8211; Janine Beckie &amp;#8211; Rio 2016\" data-image-description=\"\" data-medium-file=\"https:\/\/preprod.olympic.ca\/olympique\/wp-content\/uploads\/sites\/2\/2016\/08\/fe.jpg?quality=100&#038;w=660\" data-large-file=\"https:\/\/preprod.olympic.ca\/olympique\/wp-content\/uploads\/sites\/2\/2016\/08\/fe.jpg?quality=100&#038;w=1000\" src=\"https:\/\/preprod.olympic.ca\/olympique\/wp-content\/uploads\/sites\/2\/2016\/08\/fe.jpg?quality=100&#038;w=485&#038;h=273&#038;strip&#038;resize=485%2C273\" srcset=\"https:\/\/preprod.olympic.ca\/olympique\/wp-content\/uploads\/sites\/2\/2016\/08\/fe.jpg 1000w, https:\/\/preprod.olympic.ca\/olympique\/wp-content\/uploads\/sites\/2\/2016\/08\/fe.jpg?resize=280,158 280w, https:\/\/preprod.olympic.ca\/olympique\/wp-content\/uploads\/sites\/2\/2016\/08\/fe.jpg?resize=660,371 660w, https:\/\/preprod.olympic.ca\/olympique\/wp-content\/uploads\/sites\/2\/2016\/08\/fe.jpg?resize=768,432 768w\" width=\"485\" height=\"273\" loading=\"lazy\" data-original-width=\"485\" data-original-height=\"273\" itemprop=\"http:\/\/schema.org\/image\" title=\"\u00c9quipe Canada - soccer - Janine Beckie - Rio 2016\" alt=\"La Canadienne Janine Beckie r\u00e9alisant le but le plus rapide de l&#039;histoire du soccer f\u00e9minin aux Jeux olympiques, le 3 ao\u00fbt 2016 \u00e0 S\u00e3o Paulo.\" style=\"width: 485px; height: 273px;\" \/> <\/a> <div class=\"tiled-gallery-caption\" itemprop=\"caption description\"> La Canadienne Janine Beckie r\u00e9alisant le but le plus rapide de l&rsquo;histoire du soccer f\u00e9minin aux Jeux olympiques, le 3 ao\u00fbt 2016 \u00e0 S\u00e3o Paulo. <\/div> <\/div> <div class=\"tiled-gallery-item tiled-gallery-item-large\" itemprop=\"associatedMedia\" itemscope itemtype=\"http:\/\/schema.org\/ImageObject\"> <a href=\"https:\/\/preprod.olympic.ca\/olympique\/photos\/rio-2016-canada-2-0-australie-soccer-feminin\/eugenie-bouchard-28\/#main\" border=\"0\" itemprop=\"url\"> <meta itemprop=\"width\" content=\"485\"> <meta itemprop=\"height\" content=\"273\"> <img decoding=\"async\" data-recalc-dims=\"1\" class=\"\" data-attachment-id=\"119988\" data-orig-file=\"https:\/\/preprod.olympic.ca\/olympique\/wp-content\/uploads\/sites\/2\/2016\/08\/beckie2.jpg?quality=100\" data-orig-size=\"1000,562\" data-comments-opened=\"1\" data-image-meta=\"{&quot;aperture&quot;:&quot;4.5&quot;,&quot;credit&quot;:&quot;THE CANADIAN PRESS&quot;,&quot;camera&quot;:&quot;NIKON D4&quot;,&quot;caption&quot;:&quot;Eugenie Bouchard of Canada celebrates her victory over Dominika Cibulkova of Slovakia during second round of play at the Rogers Cup tennis tournament Wednesday July 27, 2016 in Montreal. THE CANADIAN PRESS\\\/Paul Chiasson&quot;,&quot;created_timestamp&quot;:&quot;1469577600&quot;,&quot;copyright&quot;:&quot;&quot;,&quot;focal_length&quot;:&quot;240&quot;,&quot;iso&quot;:&quot;2000&quot;,&quot;shutter_speed&quot;:&quot;0.001&quot;,&quot;title&quot;:&quot;Eugenie Bouchard&quot;,&quot;orientation&quot;:&quot;1&quot;}\" data-image-title=\"\u00c9quipe Canada &amp;#8211; soccer &amp;#8211; Janine Beckie &amp;#8211; Rio 2016\" data-image-description=\"\" data-medium-file=\"https:\/\/preprod.olympic.ca\/olympique\/wp-content\/uploads\/sites\/2\/2016\/08\/beckie2.jpg?quality=100&#038;w=660\" data-large-file=\"https:\/\/preprod.olympic.ca\/olympique\/wp-content\/uploads\/sites\/2\/2016\/08\/beckie2.jpg?quality=100&#038;w=1000\" src=\"https:\/\/preprod.olympic.ca\/olympique\/wp-content\/uploads\/sites\/2\/2016\/08\/beckie2.jpg?quality=100&#038;w=485&#038;h=273&#038;strip&#038;resize=485%2C273\" srcset=\"https:\/\/preprod.olympic.ca\/olympique\/wp-content\/uploads\/sites\/2\/2016\/08\/beckie2.jpg 1000w, https:\/\/preprod.olympic.ca\/olympique\/wp-content\/uploads\/sites\/2\/2016\/08\/beckie2.jpg?resize=280,158 280w, https:\/\/preprod.olympic.ca\/olympique\/wp-content\/uploads\/sites\/2\/2016\/08\/beckie2.jpg?resize=660,371 660w, https:\/\/preprod.olympic.ca\/olympique\/wp-content\/uploads\/sites\/2\/2016\/08\/beckie2.jpg?resize=768,432 768w\" width=\"485\" height=\"273\" loading=\"lazy\" data-original-width=\"485\" data-original-height=\"273\" itemprop=\"http:\/\/schema.org\/image\" title=\"\u00c9quipe Canada - soccer - Janine Beckie - Rio 2016\" alt=\"La Canadienne Janine Beckie r\u00e9alisant le but le plus rapide de l&#039;histoire du soccer f\u00e9minin aux Jeux olympiques, le 3 ao\u00fbt 2016 \u00e0 S\u00e3o Paulo.\" style=\"width: 485px; height: 273px;\" \/> <\/a> <div class=\"tiled-gallery-caption\" itemprop=\"caption description\"> La Canadienne Janine Beckie r\u00e9alisant le but le plus rapide de l&rsquo;histoire du soccer f\u00e9minin aux Jeux olympiques, le 3 ao\u00fbt 2016 \u00e0 S\u00e3o Paulo. <\/div> <\/div> <\/div> <!-- close group --> <div class=\"gallery-group images-1\" style=\"width: 871px; height: 554px;\" data-original-width=\"871\" data-original-height=\"554\" > <div class=\"tiled-gallery-item tiled-gallery-item-large\" itemprop=\"associatedMedia\" itemscope itemtype=\"http:\/\/schema.org\/ImageObject\"> <a href=\"https:\/\/preprod.olympic.ca\/olympique\/photos\/rio-2016-canada-2-0-australie-soccer-feminin\/christine-sinclair-21\/#main\" border=\"0\" itemprop=\"url\"> <meta itemprop=\"width\" content=\"867\"> <meta itemprop=\"height\" content=\"550\"> <img decoding=\"async\" data-recalc-dims=\"1\" class=\"\" data-attachment-id=\"119989\" data-orig-file=\"https:\/\/preprod.olympic.ca\/olympique\/wp-content\/uploads\/sites\/2\/2016\/08\/12404670.jpg?quality=100\" data-orig-size=\"867,550\" data-comments-opened=\"1\" data-image-meta=\"{&quot;aperture&quot;:&quot;2.8&quot;,&quot;credit&quot;:&quot;The Associated Press&quot;,&quot;camera&quot;:&quot;Canon EOS-1D X&quot;,&quot;caption&quot;:&quot;Canada\\u0027s Christine Sinclair, bottom, celebrates after scoring her team\\u0027s second goal during the 2016 Summer Olympics football match between Canada and Australia, at the Arena Corinthians in Sao Paulo, Brazil, Wednesday, Aug. 3, 2016. Canada won 2-0. (AP Photo\\\/Nelson Antoine)&quot;,&quot;created_timestamp&quot;:&quot;1470253085&quot;,&quot;copyright&quot;:&quot;Copyright 2016 The Associated Press. All rights reserved. This material may not be published, broadcast, rewritten or redistribu&quot;,&quot;focal_length&quot;:&quot;400&quot;,&quot;iso&quot;:&quot;400&quot;,&quot;shutter_speed&quot;:&quot;0.00125&quot;,&quot;title&quot;:&quot;Christine Sinclair&quot;,&quot;orientation&quot;:&quot;1&quot;}\" data-image-title=\"\u00c9quipe Canada &amp;#8211; soccer &amp;#8211; Christine Sinclair &amp;#8211; Rio 2016\" data-image-description=\"\" data-medium-file=\"https:\/\/preprod.olympic.ca\/olympique\/wp-content\/uploads\/sites\/2\/2016\/08\/12404670.jpg?quality=100&#038;w=585\" data-large-file=\"https:\/\/preprod.olympic.ca\/olympique\/wp-content\/uploads\/sites\/2\/2016\/08\/12404670.jpg?quality=100&#038;w=867\" src=\"https:\/\/preprod.olympic.ca\/olympique\/wp-content\/uploads\/sites\/2\/2016\/08\/12404670.jpg?quality=100&#038;w=867&#038;h=550&#038;strip&#038;resize=867%2C550\" srcset=\"https:\/\/preprod.olympic.ca\/olympique\/wp-content\/uploads\/sites\/2\/2016\/08\/12404670.jpg 867w, https:\/\/preprod.olympic.ca\/olympique\/wp-content\/uploads\/sites\/2\/2016\/08\/12404670.jpg?resize=249,158 249w, https:\/\/preprod.olympic.ca\/olympique\/wp-content\/uploads\/sites\/2\/2016\/08\/12404670.jpg?resize=585,371 585w, https:\/\/preprod.olympic.ca\/olympique\/wp-content\/uploads\/sites\/2\/2016\/08\/12404670.jpg?resize=768,487 768w\" width=\"867\" height=\"550\" loading=\"lazy\" data-original-width=\"867\" data-original-height=\"550\" itemprop=\"http:\/\/schema.org\/image\" title=\"\u00c9quipe Canada - soccer - Christine Sinclair - Rio 2016\" alt=\"Christine Sinclair c\u00e9l\u00e8bre son but contre l&#039;Australie aux Jeux olympiques de 2016, le 3 ao\u00fbt \u00e0 S\u00e3o Paulo .(AP Photo\/Nelson Antoine)\" style=\"width: 867px; height: 550px;\" \/> <\/a> <div class=\"tiled-gallery-caption\" itemprop=\"caption description\"> Christine Sinclair c\u00e9l\u00e8bre son but contre l&rsquo;Australie aux Jeux olympiques de 2016, le 3 ao\u00fbt \u00e0 S\u00e3o Paulo .(AP Photo\/Nelson Antoine) <\/div> <\/div> <\/div> <!-- close group --> <\/div> <!-- close row --> <div class=\"gallery-row\" style=\"width: 1360px; height: 417px;\" data-original-width=\"1360\" data-original-height=\"417\" > <div class=\"gallery-group images-1\" style=\"width: 621px; height: 417px;\" data-original-width=\"621\" data-original-height=\"417\" > <div class=\"tiled-gallery-item tiled-gallery-item-large\" itemprop=\"associatedMedia\" itemscope itemtype=\"http:\/\/schema.org\/ImageObject\"> <a href=\"https:\/\/preprod.olympic.ca\/olympique\/2016\/08\/03\/rio-2016-un-premier-test-pour-lequipe-canadienne-de-soccer-feminin\/kadeisha-buchanan-amantha-kerr\/#main\" border=\"0\" itemprop=\"url\"> <meta itemprop=\"width\" content=\"617\"> <meta itemprop=\"height\" content=\"413\"> <img decoding=\"async\" data-recalc-dims=\"1\" class=\"\" data-attachment-id=\"119944\" data-orig-file=\"https:\/\/preprod.olympic.ca\/olympique\/wp-content\/uploads\/sites\/2\/2016\/08\/12404399-e1470252555114.jpg?quality=100\" data-orig-size=\"1340,897\" data-comments-opened=\"1\" data-image-meta=\"{&quot;aperture&quot;:&quot;4&quot;,&quot;credit&quot;:&quot;The Associated Press&quot;,&quot;camera&quot;:&quot;Canon EOS-1D X&quot;,&quot;caption&quot;:&quot;Canada\\u0027s Kadeisha Buchanan, left, fight for the ball with Australia\\u0027s Samantha Kerr during the 2016 Summer Olympics football match at the Arena Corinthians in Sao Paulo, Brazil, Wednesday, Aug. 3, 2016. (AP Photo\\\/Nelson Antoine)&quot;,&quot;created_timestamp&quot;:&quot;1470248170&quot;,&quot;copyright&quot;:&quot;Copyright 2016 The Associated Press. All rights reserved. This material may not be published, broadcast, rewritten or redistribu&quot;,&quot;focal_length&quot;:&quot;400&quot;,&quot;iso&quot;:&quot;320&quot;,&quot;shutter_speed&quot;:&quot;0.00125&quot;,&quot;title&quot;:&quot;Kadeisha Buchanan, amantha Kerr&quot;,&quot;orientation&quot;:&quot;1&quot;}\" data-image-title=\"\u00c9quipe Canada &amp;#8211; soccer &amp;#8211; Kadeisha Buchanan &amp;#8211; Rio 2016\" data-image-description=\"\" data-medium-file=\"https:\/\/preprod.olympic.ca\/olympique\/wp-content\/uploads\/sites\/2\/2016\/08\/12404399-e1470252555114.jpg?quality=100&#038;w=554\" data-large-file=\"https:\/\/preprod.olympic.ca\/olympique\/wp-content\/uploads\/sites\/2\/2016\/08\/12404399-e1470252555114.jpg?quality=100&#038;w=1126\" src=\"https:\/\/preprod.olympic.ca\/olympique\/wp-content\/uploads\/sites\/2\/2016\/08\/12404399-e1470252555114.jpg?quality=100&#038;w=617&#038;h=413&#038;strip&#038;resize=617%2C413\" srcset=\"https:\/\/preprod.olympic.ca\/olympique\/wp-content\/uploads\/sites\/2\/2016\/08\/12404399-e1470252555114.jpg 1340w, https:\/\/preprod.olympic.ca\/olympique\/wp-content\/uploads\/sites\/2\/2016\/08\/12404399-e1470252555114.jpg?resize=236,158 236w, https:\/\/preprod.olympic.ca\/olympique\/wp-content\/uploads\/sites\/2\/2016\/08\/12404399-e1470252555114.jpg?resize=554,371 554w, https:\/\/preprod.olympic.ca\/olympique\/wp-content\/uploads\/sites\/2\/2016\/08\/12404399-e1470252555114.jpg?resize=768,514 768w, https:\/\/preprod.olympic.ca\/olympique\/wp-content\/uploads\/sites\/2\/2016\/08\/12404399-e1470252555114.jpg?resize=1126,754 1126w\" width=\"617\" height=\"413\" loading=\"lazy\" data-original-width=\"617\" data-original-height=\"413\" itemprop=\"http:\/\/schema.org\/image\" title=\"\u00c9quipe Canada - soccer - Kadeisha Buchanan - Rio 2016\" alt=\"Kadeisha Buchanan en collision avec une joueuse australienne aux Jeux olympiques de 2016, le 3 ao\u00fbt 2016 \u00e0 S\u00e3o Paulo. (AP Photo\/Nelson Antoine)\" style=\"width: 617px; height: 413px;\" \/> <\/a> <div class=\"tiled-gallery-caption\" itemprop=\"caption description\"> Kadeisha Buchanan en collision avec une joueuse australienne aux Jeux olympiques de 2016, le 3 ao\u00fbt 2016 \u00e0 S\u00e3o Paulo. (AP Photo\/Nelson Antoine) <\/div> <\/div> <\/div> <!-- close group --> <div class=\"gallery-group images-1\" style=\"width: 739px; height: 417px;\" data-original-width=\"739\" data-original-height=\"417\" > <div class=\"tiled-gallery-item tiled-gallery-item-large\" itemprop=\"associatedMedia\" itemscope itemtype=\"http:\/\/schema.org\/ImageObject\"> <a href=\"https:\/\/preprod.olympic.ca\/olympique\/2016\/08\/03\/rio-2016-un-premier-test-pour-lequipe-canadienne-de-soccer-feminin\/canvsbra6-4-16-211-e1466459210291\/#main\" border=\"0\" itemprop=\"url\"> <meta itemprop=\"width\" content=\"735\"> <meta itemprop=\"height\" content=\"413\"> <img decoding=\"async\" data-recalc-dims=\"1\" class=\"\" data-attachment-id=\"119899\" data-orig-file=\"https:\/\/preprod.olympic.ca\/olympique\/wp-content\/uploads\/sites\/2\/2016\/08\/canvsbra6-4-16-211-e1466459210291.jpg?quality=100\" data-orig-size=\"1340,753\" data-comments-opened=\"1\" data-image-meta=\"{&quot;aperture&quot;:&quot;0&quot;,&quot;credit&quot;:&quot;&quot;,&quot;camera&quot;:&quot;&quot;,&quot;caption&quot;:&quot;&quot;,&quot;created_timestamp&quot;:&quot;0&quot;,&quot;copyright&quot;:&quot;&quot;,&quot;focal_length&quot;:&quot;0&quot;,&quot;iso&quot;:&quot;0&quot;,&quot;shutter_speed&quot;:&quot;0&quot;,&quot;title&quot;:&quot;&quot;,&quot;orientation&quot;:&quot;0&quot;}\" data-image-title=\"\u00c9quipe Canada &amp;#8211; soccer &amp;#8211; Kadeisha Buchanan &amp;#8211; Rio 2016\" data-image-description=\"\" data-medium-file=\"https:\/\/preprod.olympic.ca\/olympique\/wp-content\/uploads\/sites\/2\/2016\/08\/canvsbra6-4-16-211-e1466459210291.jpg?quality=100&#038;w=660\" data-large-file=\"https:\/\/preprod.olympic.ca\/olympique\/wp-content\/uploads\/sites\/2\/2016\/08\/canvsbra6-4-16-211-e1466459210291.jpg?quality=100&#038;w=1340\" src=\"https:\/\/preprod.olympic.ca\/olympique\/wp-content\/uploads\/sites\/2\/2016\/08\/canvsbra6-4-16-211-e1466459210291.jpg?quality=100&#038;w=735&#038;h=413&#038;strip&#038;resize=735%2C413\" srcset=\"https:\/\/preprod.olympic.ca\/olympique\/wp-content\/uploads\/sites\/2\/2016\/08\/canvsbra6-4-16-211-e1466459210291.jpg 1340w, https:\/\/preprod.olympic.ca\/olympique\/wp-content\/uploads\/sites\/2\/2016\/08\/canvsbra6-4-16-211-e1466459210291.jpg?resize=280,158 280w, https:\/\/preprod.olympic.ca\/olympique\/wp-content\/uploads\/sites\/2\/2016\/08\/canvsbra6-4-16-211-e1466459210291.jpg?resize=660,371 660w, https:\/\/preprod.olympic.ca\/olympique\/wp-content\/uploads\/sites\/2\/2016\/08\/canvsbra6-4-16-211-e1466459210291.jpg?resize=768,432 768w\" width=\"735\" height=\"413\" loading=\"lazy\" data-original-width=\"735\" data-original-height=\"413\" itemprop=\"http:\/\/schema.org\/image\" title=\"\u00c9quipe Canada - soccer - Kadeisha Buchanan - Rio 2016\" alt=\"Kadeisha Buchanan en possession du ballon dans le match opposant le Canada \u00e0 l&#039;Australie le 3 ao\u00fbt 2016, \u00e0 S\u00e3o Paulo. (AP Photo\/Nelson Antoine)\" style=\"width: 735px; height: 413px;\" \/> <\/a> <div class=\"tiled-gallery-caption\" itemprop=\"caption description\"> Kadeisha Buchanan en possession du ballon dans le match opposant le Canada \u00e0 l&rsquo;Australie le 3 ao\u00fbt 2016, \u00e0 S\u00e3o Paulo. (AP Photo\/Nelson Antoine) <\/div> <\/div> <\/div> <!-- close group --> <\/div> <!-- close row --> <div class=\"gallery-row\" style=\"width: 1360px; height: 908px;\" data-original-width=\"1360\" data-original-height=\"908\" > <div class=\"gallery-group images-1\" style=\"width: 1360px; height: 908px;\" data-original-width=\"1360\" data-original-height=\"908\" > <div class=\"tiled-gallery-item tiled-gallery-item-large\" itemprop=\"associatedMedia\" itemscope itemtype=\"http:\/\/schema.org\/ImageObject\"> <a href=\"https:\/\/preprod.olympic.ca\/olympique\/2016\/08\/03\/rio-2016-un-premier-test-pour-lequipe-canadienne-de-soccer-feminin\/canvsbra6-4-16-28-2\/#main\" border=\"0\" itemprop=\"url\"> <meta itemprop=\"width\" content=\"1356\"> <meta itemprop=\"height\" content=\"904\"> <img decoding=\"async\" data-recalc-dims=\"1\" class=\"\" data-attachment-id=\"119898\" data-orig-file=\"https:\/\/preprod.olympic.ca\/olympique\/wp-content\/uploads\/sites\/2\/2016\/08\/canvsbra6-4-16-28.jpg?quality=100\" data-orig-size=\"1340,893\" data-comments-opened=\"1\" data-image-meta=\"{&quot;aperture&quot;:&quot;5.6&quot;,&quot;credit&quot;:&quot;&quot;,&quot;camera&quot;:&quot;X-Pro2&quot;,&quot;caption&quot;:&quot;&quot;,&quot;created_timestamp&quot;:&quot;1465059362&quot;,&quot;copyright&quot;:&quot;&quot;,&quot;focal_length&quot;:&quot;400&quot;,&quot;iso&quot;:&quot;800&quot;,&quot;shutter_speed&quot;:&quot;0.00052631578947368&quot;,&quot;title&quot;:&quot;&quot;,&quot;orientation&quot;:&quot;0&quot;}\" data-image-title=\"\u00c9quipe Canada &amp;#8211; soccer &amp;#8211; Christine Sinclair &amp;#8211; Rio 2016\" data-image-description=\"\" data-medium-file=\"https:\/\/preprod.olympic.ca\/olympique\/wp-content\/uploads\/sites\/2\/2016\/08\/canvsbra6-4-16-28.jpg?quality=100&#038;w=557\" data-large-file=\"https:\/\/preprod.olympic.ca\/olympique\/wp-content\/uploads\/sites\/2\/2016\/08\/canvsbra6-4-16-28.jpg?quality=100&#038;w=1131\" src=\"https:\/\/preprod.olympic.ca\/olympique\/wp-content\/uploads\/sites\/2\/2016\/08\/canvsbra6-4-16-28.jpg?quality=100&#038;w=1356&#038;h=904&#038;strip&#038;resize=1356%2C904\" srcset=\"https:\/\/preprod.olympic.ca\/olympique\/wp-content\/uploads\/sites\/2\/2016\/08\/canvsbra6-4-16-28.jpg 1340w, https:\/\/preprod.olympic.ca\/olympique\/wp-content\/uploads\/sites\/2\/2016\/08\/canvsbra6-4-16-28.jpg?resize=237,158 237w, https:\/\/preprod.olympic.ca\/olympique\/wp-content\/uploads\/sites\/2\/2016\/08\/canvsbra6-4-16-28.jpg?resize=557,371 557w, https:\/\/preprod.olympic.ca\/olympique\/wp-content\/uploads\/sites\/2\/2016\/08\/canvsbra6-4-16-28.jpg?resize=768,512 768w, https:\/\/preprod.olympic.ca\/olympique\/wp-content\/uploads\/sites\/2\/2016\/08\/canvsbra6-4-16-28.jpg?resize=1131,754 1131w\" width=\"1356\" height=\"904\" loading=\"lazy\" data-original-width=\"1356\" data-original-height=\"904\" itemprop=\"http:\/\/schema.org\/image\" title=\"\u00c9quipe Canada - soccer - Christine Sinclair - Rio 2016\" alt=\"Christine Sinclair lors du match d&#039;ouverture du Canada contre l&#039;Australie aux Jeux olympiques de 2016, \u00e0 S\u00e3o Paulo le 3 ao\u00fbt 2016. (AP Photo\/Nelson Antoine)\" style=\"width: 1356px; height: 904px;\" \/> <\/a> <div class=\"tiled-gallery-caption\" itemprop=\"caption description\"> Christine Sinclair lors du match d&rsquo;ouverture du Canada contre l&rsquo;Australie aux Jeux olympiques de 2016, \u00e0 S\u00e3o Paulo le 3 ao\u00fbt 2016. (AP Photo\/Nelson Antoine) <\/div> <\/div> <\/div> <!-- close group --> <\/div> <!-- close row --> <\/div>\n","protected":false},"excerpt":{"rendered":"<p>Photos prises lors du match d&rsquo;ouverture de l&rsquo;\u00e9quipe canadienne contre l&rsquo;Australie, le 3 ao\u00fbt \u00e0 S\u00e3o Paulo.<\/p>\n","protected":false},"featured_media":119988,"parent":0,"template":"","format":"gallery","categories":[],"tags":[193224,891098,9815342,1104411,1134,165703836,68909591,128815032,713425,415983997,1693,47511696],"sport":[8591],"game":[415984561],"class_list":["post-119956","photos","type-photos","status-publish","format-gallery","has-post-thumbnail","hentry","tag-canada-soccer","tag-christine-sinclair","tag-diana-matheson","tag-equipe-canada","tag-football","tag-janine-beckie","tag-jessie-fleming","tag-kadeisha-buchanan","tag-rio-2016","tag-shelina-zadorsky","tag-soccer","tag-stephanie-labbe","sport-football","game-2016-rio"],"acf":[],"yoast_head":"<!-- This site is optimized with the Yoast SEO plugin v27.3 - https:\/\/yoast.com\/product\/yoast-seo-wordpress\/ -->\n<title>Rio 2016: Canada 2-0 Australie | soccer f\u00e9minin - \u00c9quipe Canada | Site officiel de l&#039;\u00e9quipe olympique<\/title>\n<meta name=\"robots\" content=\"index, follow, max-snippet:-1, max-image-preview:large, max-video-preview:-1\" \/>\n<link rel=\"canonical\" href=\"https:\/\/preprod.olympic.ca\/olympique\/photos\/rio-2016-canada-2-0-australie-soccer-feminin\/\" \/>\n<meta property=\"og:locale\" content=\"fr_FR\" \/>\n<meta property=\"og:type\" content=\"article\" \/>\n<meta property=\"og:title\" content=\"Rio 2016: Canada 2-0 Australie | soccer f\u00e9minin - \u00c9quipe Canada | Site officiel de l&#039;\u00e9quipe olympique\" \/>\n<meta property=\"og:description\" content=\"Photos prises lors du match d&rsquo;ouverture de l&rsquo;\u00e9quipe canadienne contre l&rsquo;Australie, le 3 ao\u00fbt \u00e0 S\u00e3o Paulo.\" \/>\n<meta property=\"og:url\" content=\"https:\/\/preprod.olympic.ca\/olympique\/photos\/rio-2016-canada-2-0-australie-soccer-feminin\/\" \/>\n<meta property=\"og:site_name\" content=\"\u00c9quipe Canada | Site officiel de l&#039;\u00e9quipe olympique\" \/>\n<meta property=\"article:modified_time\" content=\"2018-06-26T17:26:07+00:00\" \/>\n<meta property=\"og:image\" content=\"https:\/\/preprod.olympic.ca\/olympique\/wp-content\/uploads\/sites\/2\/2016\/08\/beckie2.jpg?quality=100\" \/>\n\t<meta property=\"og:image:width\" content=\"1000\" \/>\n\t<meta property=\"og:image:height\" content=\"562\" \/>\n\t<meta property=\"og:image:type\" content=\"image\/jpeg\" \/>\n<meta name=\"twitter:card\" content=\"summary_large_image\" \/>\n<meta name=\"twitter:label1\" content=\"Written by\" \/>\n\t<meta name=\"twitter:data1\" content=\"Ariane Desrosiers\" \/>\n<script type=\"application\/ld+json\" class=\"yoast-schema-graph\">{\"@context\":\"https:\\\/\\\/schema.org\",\"@graph\":[{\"@type\":\"WebPage\",\"@id\":\"https:\\\/\\\/preprod.olympic.ca\\\/olympique\\\/photos\\\/rio-2016-canada-2-0-australie-soccer-feminin\\\/\",\"url\":\"https:\\\/\\\/preprod.olympic.ca\\\/olympique\\\/photos\\\/rio-2016-canada-2-0-australie-soccer-feminin\\\/\",\"name\":\"Rio 2016: Canada 2-0 Australie | soccer f\u00e9minin - \u00c9quipe Canada | Site officiel de l&#039;\u00e9quipe olympique\",\"isPartOf\":{\"@id\":\"https:\\\/\\\/preprod.olympic.ca\\\/olympique\\\/#website\"},\"primaryImageOfPage\":{\"@id\":\"https:\\\/\\\/preprod.olympic.ca\\\/olympique\\\/photos\\\/rio-2016-canada-2-0-australie-soccer-feminin\\\/#primaryimage\"},\"image\":{\"@id\":\"https:\\\/\\\/preprod.olympic.ca\\\/olympique\\\/photos\\\/rio-2016-canada-2-0-australie-soccer-feminin\\\/#primaryimage\"},\"thumbnailUrl\":\"https:\\\/\\\/preprod.olympic.ca\\\/olympique\\\/wp-content\\\/uploads\\\/sites\\\/2\\\/2016\\\/08\\\/beckie2.jpg?quality=100\",\"datePublished\":\"2016-08-03T21:04:14+00:00\",\"dateModified\":\"2018-06-26T17:26:07+00:00\",\"breadcrumb\":{\"@id\":\"https:\\\/\\\/preprod.olympic.ca\\\/olympique\\\/photos\\\/rio-2016-canada-2-0-australie-soccer-feminin\\\/#breadcrumb\"},\"inLanguage\":\"fr-FR\",\"potentialAction\":[{\"@type\":\"ReadAction\",\"target\":[\"https:\\\/\\\/preprod.olympic.ca\\\/olympique\\\/photos\\\/rio-2016-canada-2-0-australie-soccer-feminin\\\/\"]}]},{\"@type\":\"ImageObject\",\"inLanguage\":\"fr-FR\",\"@id\":\"https:\\\/\\\/preprod.olympic.ca\\\/olympique\\\/photos\\\/rio-2016-canada-2-0-australie-soccer-feminin\\\/#primaryimage\",\"url\":\"https:\\\/\\\/preprod.olympic.ca\\\/olympique\\\/wp-content\\\/uploads\\\/sites\\\/2\\\/2016\\\/08\\\/beckie2.jpg?quality=100\",\"contentUrl\":\"https:\\\/\\\/preprod.olympic.ca\\\/olympique\\\/wp-content\\\/uploads\\\/sites\\\/2\\\/2016\\\/08\\\/beckie2.jpg?quality=100\",\"width\":1000,\"height\":562,\"caption\":\"La Canadienne Janine Beckie r\u00e9alisant le but le plus rapide de l'histoire du soccer f\u00e9minin aux Jeux olympiques, le 3 ao\u00fbt 2016 \u00e0 S\u00e3o Paulo.\"},{\"@type\":\"BreadcrumbList\",\"@id\":\"https:\\\/\\\/preprod.olympic.ca\\\/olympique\\\/photos\\\/rio-2016-canada-2-0-australie-soccer-feminin\\\/#breadcrumb\",\"itemListElement\":[{\"@type\":\"ListItem\",\"position\":1,\"name\":\"Album photo\",\"item\":\"https:\\\/\\\/preprod.olympic.ca\\\/olympique\\\/photos\\\/\"},{\"@type\":\"ListItem\",\"position\":2,\"name\":\"Rio 2016: Canada 2-0 Australie | soccer f\u00e9minin\"}]},{\"@type\":\"WebSite\",\"@id\":\"https:\\\/\\\/preprod.olympic.ca\\\/olympique\\\/#website\",\"url\":\"https:\\\/\\\/preprod.olympic.ca\\\/olympique\\\/\",\"name\":\"\u00c9quipe Canada | Site officiel de l&#039;\u00e9quipe olympique\",\"description\":\"Votre source pour l\u2019\u00c9quipe olympique canadienne. Retrouvez les r\u00e9cits, vid\u00e9os et photos des athl\u00e8tes canadiens, sports olympiques, Jeux olympiques de 2020 et bien plus!\",\"potentialAction\":[{\"@type\":\"SearchAction\",\"target\":{\"@type\":\"EntryPoint\",\"urlTemplate\":\"https:\\\/\\\/preprod.olympic.ca\\\/olympique\\\/?s={search_term_string}\"},\"query-input\":{\"@type\":\"PropertyValueSpecification\",\"valueRequired\":true,\"valueName\":\"search_term_string\"}}],\"inLanguage\":\"fr-FR\"}]}<\/script>\n<!-- \/ Yoast SEO plugin. -->","yoast_head_json":{"title":"Rio 2016: Canada 2-0 Australie | soccer f\u00e9minin - \u00c9quipe Canada | Site officiel de l&#039;\u00e9quipe olympique","robots":{"index":"index","follow":"follow","max-snippet":"max-snippet:-1","max-image-preview":"max-image-preview:large","max-video-preview":"max-video-preview:-1"},"canonical":"https:\/\/preprod.olympic.ca\/olympique\/photos\/rio-2016-canada-2-0-australie-soccer-feminin\/","og_locale":"fr_FR","og_type":"article","og_title":"Rio 2016: Canada 2-0 Australie | soccer f\u00e9minin - \u00c9quipe Canada | Site officiel de l&#039;\u00e9quipe olympique","og_description":"Photos prises lors du match d&rsquo;ouverture de l&rsquo;\u00e9quipe canadienne contre l&rsquo;Australie, le 3 ao\u00fbt \u00e0 S\u00e3o Paulo.","og_url":"https:\/\/preprod.olympic.ca\/olympique\/photos\/rio-2016-canada-2-0-australie-soccer-feminin\/","og_site_name":"\u00c9quipe Canada | Site officiel de l&#039;\u00e9quipe olympique","article_modified_time":"2018-06-26T17:26:07+00:00","og_image":[{"width":1000,"height":562,"url":"https:\/\/preprod.olympic.ca\/olympique\/wp-content\/uploads\/sites\/2\/2016\/08\/beckie2.jpg?quality=100","type":"image\/jpeg"}],"twitter_card":"summary_large_image","twitter_misc":{"Written by":"Ariane Desrosiers"},"schema":{"@context":"https:\/\/schema.org","@graph":[{"@type":"WebPage","@id":"https:\/\/preprod.olympic.ca\/olympique\/photos\/rio-2016-canada-2-0-australie-soccer-feminin\/","url":"https:\/\/preprod.olympic.ca\/olympique\/photos\/rio-2016-canada-2-0-australie-soccer-feminin\/","name":"Rio 2016: Canada 2-0 Australie | soccer f\u00e9minin - \u00c9quipe Canada | Site officiel de l&#039;\u00e9quipe olympique","isPartOf":{"@id":"https:\/\/preprod.olympic.ca\/olympique\/#website"},"primaryImageOfPage":{"@id":"https:\/\/preprod.olympic.ca\/olympique\/photos\/rio-2016-canada-2-0-australie-soccer-feminin\/#primaryimage"},"image":{"@id":"https:\/\/preprod.olympic.ca\/olympique\/photos\/rio-2016-canada-2-0-australie-soccer-feminin\/#primaryimage"},"thumbnailUrl":"https:\/\/preprod.olympic.ca\/olympique\/wp-content\/uploads\/sites\/2\/2016\/08\/beckie2.jpg?quality=100","datePublished":"2016-08-03T21:04:14+00:00","dateModified":"2018-06-26T17:26:07+00:00","breadcrumb":{"@id":"https:\/\/preprod.olympic.ca\/olympique\/photos\/rio-2016-canada-2-0-australie-soccer-feminin\/#breadcrumb"},"inLanguage":"fr-FR","potentialAction":[{"@type":"ReadAction","target":["https:\/\/preprod.olympic.ca\/olympique\/photos\/rio-2016-canada-2-0-australie-soccer-feminin\/"]}]},{"@type":"ImageObject","inLanguage":"fr-FR","@id":"https:\/\/preprod.olympic.ca\/olympique\/photos\/rio-2016-canada-2-0-australie-soccer-feminin\/#primaryimage","url":"https:\/\/preprod.olympic.ca\/olympique\/wp-content\/uploads\/sites\/2\/2016\/08\/beckie2.jpg?quality=100","contentUrl":"https:\/\/preprod.olympic.ca\/olympique\/wp-content\/uploads\/sites\/2\/2016\/08\/beckie2.jpg?quality=100","width":1000,"height":562,"caption":"La Canadienne Janine Beckie r\u00e9alisant le but le plus rapide de l'histoire du soccer f\u00e9minin aux Jeux olympiques, le 3 ao\u00fbt 2016 \u00e0 S\u00e3o Paulo."},{"@type":"BreadcrumbList","@id":"https:\/\/preprod.olympic.ca\/olympique\/photos\/rio-2016-canada-2-0-australie-soccer-feminin\/#breadcrumb","itemListElement":[{"@type":"ListItem","position":1,"name":"Album photo","item":"https:\/\/preprod.olympic.ca\/olympique\/photos\/"},{"@type":"ListItem","position":2,"name":"Rio 2016: Canada 2-0 Australie | soccer f\u00e9minin"}]},{"@type":"WebSite","@id":"https:\/\/preprod.olympic.ca\/olympique\/#website","url":"https:\/\/preprod.olympic.ca\/olympique\/","name":"\u00c9quipe Canada | Site officiel de l&#039;\u00e9quipe olympique","description":"Votre source pour l\u2019\u00c9quipe olympique canadienne. Retrouvez les r\u00e9cits, vid\u00e9os et photos des athl\u00e8tes canadiens, sports olympiques, Jeux olympiques de 2020 et bien plus!","potentialAction":[{"@type":"SearchAction","target":{"@type":"EntryPoint","urlTemplate":"https:\/\/preprod.olympic.ca\/olympique\/?s={search_term_string}"},"query-input":{"@type":"PropertyValueSpecification","valueRequired":true,"valueName":"search_term_string"}}],"inLanguage":"fr-FR"}]}},"featured_image_url":"https:\/\/preprod.olympic.ca\/olympique\/wp-content\/uploads\/sites\/2\/2016\/08\/beckie2.jpg?quality=100","category_names":[],"tag_names":["Canada Soccer","Christine Sinclair","Diana Matheson","\u00c9quipe canada","football","Janine Beckie","Jessie Fleming","Kadeisha Buchanan","Rio 2016","Shelina Zadorsky","Soccer","Stephanie Labb\u00e9"],"sport_names":[439],"game_names":["Rio 2016"],"jetpack_sharing_enabled":true,"_links":{"self":[{"href":"https:\/\/preprod.olympic.ca\/olympique\/wp-json\/wp\/v2\/photos\/119956","targetHints":{"allow":["GET"]}}],"collection":[{"href":"https:\/\/preprod.olympic.ca\/olympique\/wp-json\/wp\/v2\/photos"}],"about":[{"href":"https:\/\/preprod.olympic.ca\/olympique\/wp-json\/wp\/v2\/types\/photos"}],"wp:featuredmedia":[{"embeddable":true,"href":"https:\/\/preprod.olympic.ca\/olympique\/wp-json\/wp\/v2\/media\/119988"}],"wp:attachment":[{"href":"https:\/\/preprod.olympic.ca\/olympique\/wp-json\/wp\/v2\/media?parent=119956"}],"wp:term":[{"taxonomy":"category","embeddable":true,"href":"https:\/\/preprod.olympic.ca\/olympique\/wp-json\/wp\/v2\/categories?post=119956"},{"taxonomy":"post_tag","embeddable":true,"href":"https:\/\/preprod.olympic.ca\/olympique\/wp-json\/wp\/v2\/tags?post=119956"},{"taxonomy":"sport","embeddable":true,"href":"https:\/\/preprod.olympic.ca\/olympique\/wp-json\/wp\/v2\/sport?post=119956"},{"taxonomy":"game","embeddable":true,"href":"https:\/\/preprod.olympic.ca\/olympique\/wp-json\/wp\/v2\/game?post=119956"}],"curies":[{"name":"wp","href":"https:\/\/api.w.org\/{rel}","templated":true}]}}