{"id":4701,"date":"2013-01-19T18:22:14","date_gmt":"2013-01-19T18:22:14","guid":{"rendered":"http:\/\/preprod.olympic.ca\/?post_type=galleries&#038;p=4701"},"modified":"2013-08-01T01:06:06","modified_gmt":"2013-08-01T01:06:06","slug":"mexico-city-1968-2","status":"publish","type":"photos","link":"https:\/\/preprod.olympic.ca\/olympique\/photos\/mexico-city-1968-2\/","title":{"rendered":"Mexico 1968"},"content":{"rendered":"<div class=\"tiled-gallery type-rectangular tiled-gallery-unresized\" data-original-width=\"1360\" data-carousel-extra='null' itemscope itemtype=\"http:\/\/schema.org\/ImageGallery\" > <div class=\"gallery-row\" style=\"width: 1360px; height: 467px;\" data-original-width=\"1360\" data-original-height=\"467\" > <div class=\"gallery-group images-1\" style=\"width: 681px; height: 467px;\" data-original-width=\"681\" data-original-height=\"467\" > <div class=\"tiled-gallery-item tiled-gallery-item-large\" itemprop=\"associatedMedia\" itemscope itemtype=\"http:\/\/schema.org\/ImageObject\"> <a href=\"https:\/\/preprod.olympic.ca\/olympique\/wp-content\/uploads\/sites\/2\/2013\/01\/equestrian-3.jpg?quality=100&#038;strip\" border=\"0\" itemprop=\"url\"> <meta itemprop=\"width\" content=\"677\"> <meta itemprop=\"height\" content=\"463\"> <img decoding=\"async\" data-recalc-dims=\"1\" class=\"\" data-attachment-id=\"76254\" data-orig-file=\"https:\/\/preprod.olympic.ca\/olympique\/wp-content\/uploads\/sites\/2\/2013\/01\/equestrian-3.jpg?quality=100\" data-orig-size=\"3000,2051\" data-comments-opened=\"1\" data-image-meta=\"{&quot;aperture&quot;:&quot;0&quot;,&quot;credit&quot;:&quot;Canadian Olympic Committee&quot;,&quot;camera&quot;:&quot;&quot;,&quot;caption&quot;:&quot;Canada\\u0027s Jim Elder competing in the equestrian event at the 1968 Mexico City Olympics. (CP Photo\\\/COC)\\r\\n\\r\\nJim Elder du Canada participe au sports equestres aux Jeux olympique de Mexico de 1968. (Photo PC\\\/AOC)&quot;,&quot;created_timestamp&quot;:&quot;-63158400&quot;,&quot;copyright&quot;:&quot;&quot;,&quot;focal_length&quot;:&quot;0&quot;,&quot;iso&quot;:&quot;0&quot;,&quot;shutter_speed&quot;:&quot;0&quot;,&quot;title&quot;:&quot;Elder, Jim&quot;}\" data-image-title=\"Jim Elder\" data-image-description=\"&lt;p&gt;Jim Elder du Canada participe au sports equestres aux Jeux olympique de Mexico de 1968. (Photo PC\/AOC)&lt;\/p&gt; \" data-medium-file=\"https:\/\/preprod.olympic.ca\/olympique\/wp-content\/uploads\/sites\/2\/2013\/01\/equestrian-3.jpg?quality=100&#038;w=543\" data-large-file=\"https:\/\/preprod.olympic.ca\/olympique\/wp-content\/uploads\/sites\/2\/2013\/01\/equestrian-3.jpg?quality=100&#038;w=1103\" src=\"https:\/\/preprod.olympic.ca\/olympique\/wp-content\/uploads\/sites\/2\/2013\/01\/equestrian-3.jpg?quality=100&#038;w=677&#038;h=463&#038;strip&#038;resize=677%2C463\" srcset=\"https:\/\/preprod.olympic.ca\/olympique\/wp-content\/uploads\/sites\/2\/2013\/01\/equestrian-3.jpg 3000w, https:\/\/preprod.olympic.ca\/olympique\/wp-content\/uploads\/sites\/2\/2013\/01\/equestrian-3.jpg?resize=231,158 231w, https:\/\/preprod.olympic.ca\/olympique\/wp-content\/uploads\/sites\/2\/2013\/01\/equestrian-3.jpg?resize=543,371 543w, https:\/\/preprod.olympic.ca\/olympique\/wp-content\/uploads\/sites\/2\/2013\/01\/equestrian-3.jpg?resize=768,525 768w, https:\/\/preprod.olympic.ca\/olympique\/wp-content\/uploads\/sites\/2\/2013\/01\/equestrian-3.jpg?resize=1103,754 1103w, https:\/\/preprod.olympic.ca\/olympique\/wp-content\/uploads\/sites\/2\/2013\/01\/equestrian-3.jpg?resize=1536,1050 1536w, https:\/\/preprod.olympic.ca\/olympique\/wp-content\/uploads\/sites\/2\/2013\/01\/equestrian-3.jpg?resize=2048,1400 2048w\" width=\"677\" height=\"463\" loading=\"lazy\" data-original-width=\"677\" data-original-height=\"463\" itemprop=\"http:\/\/schema.org\/image\" title=\"Jim Elder\" alt=\"Jim Elder\" style=\"width: 677px; height: 463px;\" \/> <\/a> <\/div> <\/div> <!-- close group --> <div class=\"gallery-group images-1\" style=\"width: 307px; height: 467px;\" data-original-width=\"307\" data-original-height=\"467\" > <div class=\"tiled-gallery-item tiled-gallery-item-large\" itemprop=\"associatedMedia\" itemscope itemtype=\"http:\/\/schema.org\/ImageObject\"> <a href=\"https:\/\/preprod.olympic.ca\/olympique\/wp-content\/uploads\/sites\/2\/2013\/01\/equestrian.jpg?quality=100&#038;strip\" border=\"0\" itemprop=\"url\"> <meta itemprop=\"width\" content=\"303\"> <meta itemprop=\"height\" content=\"463\"> <img decoding=\"async\" data-recalc-dims=\"1\" class=\"\" data-attachment-id=\"76256\" data-orig-file=\"https:\/\/preprod.olympic.ca\/olympique\/wp-content\/uploads\/sites\/2\/2013\/01\/equestrian.jpg?quality=100\" data-orig-size=\"1964,3000\" data-comments-opened=\"1\" data-image-meta=\"{&quot;aperture&quot;:&quot;0&quot;,&quot;credit&quot;:&quot;Canadian Olympic Committee&quot;,&quot;camera&quot;:&quot;&quot;,&quot;caption&quot;:&quot;Canada\\u0027s Jim Day competes in an equestrian event at the 1968 Mexico City Olympics. (CP Photo\\\/COC)\\r\\n\\r\\nJim Day du Canada participe aux sports \\u00e9questres aux Jeux olympiques de Mexico de 1968. (Photo PC\\\/AOC)&quot;,&quot;created_timestamp&quot;:&quot;-63158400&quot;,&quot;copyright&quot;:&quot;&quot;,&quot;focal_length&quot;:&quot;0&quot;,&quot;iso&quot;:&quot;0&quot;,&quot;shutter_speed&quot;:&quot;0&quot;,&quot;title&quot;:&quot;Day, Jim&quot;}\" data-image-title=\"Jim Day\" data-image-description=\"&lt;p&gt;Jim Day du Canada participe aux sports \u00e9questres aux Jeux olympiques de Mexico de 1968. (Photo PC\/AOC)&lt;\/p&gt; \" data-medium-file=\"https:\/\/preprod.olympic.ca\/olympique\/wp-content\/uploads\/sites\/2\/2013\/01\/equestrian.jpg?quality=100&#038;w=243\" data-large-file=\"https:\/\/preprod.olympic.ca\/olympique\/wp-content\/uploads\/sites\/2\/2013\/01\/equestrian.jpg?quality=100&#038;w=494\" src=\"https:\/\/preprod.olympic.ca\/olympique\/wp-content\/uploads\/sites\/2\/2013\/01\/equestrian.jpg?quality=100&#038;w=303&#038;h=463&#038;strip&#038;resize=303%2C463\" srcset=\"https:\/\/preprod.olympic.ca\/olympique\/wp-content\/uploads\/sites\/2\/2013\/01\/equestrian.jpg 1964w, https:\/\/preprod.olympic.ca\/olympique\/wp-content\/uploads\/sites\/2\/2013\/01\/equestrian.jpg?resize=103,158 103w, https:\/\/preprod.olympic.ca\/olympique\/wp-content\/uploads\/sites\/2\/2013\/01\/equestrian.jpg?resize=243,371 243w, https:\/\/preprod.olympic.ca\/olympique\/wp-content\/uploads\/sites\/2\/2013\/01\/equestrian.jpg?resize=768,1173 768w, https:\/\/preprod.olympic.ca\/olympique\/wp-content\/uploads\/sites\/2\/2013\/01\/equestrian.jpg?resize=494,754 494w, https:\/\/preprod.olympic.ca\/olympique\/wp-content\/uploads\/sites\/2\/2013\/01\/equestrian.jpg?resize=1006,1536 1006w, https:\/\/preprod.olympic.ca\/olympique\/wp-content\/uploads\/sites\/2\/2013\/01\/equestrian.jpg?resize=1341,2048 1341w\" width=\"303\" height=\"463\" loading=\"lazy\" data-original-width=\"303\" data-original-height=\"463\" itemprop=\"http:\/\/schema.org\/image\" title=\"Jim Day\" alt=\"Jim Day\" style=\"width: 303px; height: 463px;\" \/> <\/a> <\/div> <\/div> <!-- close group --> <div class=\"gallery-group images-1\" style=\"width: 372px; height: 467px;\" data-original-width=\"372\" data-original-height=\"467\" > <div class=\"tiled-gallery-item tiled-gallery-item-large\" itemprop=\"associatedMedia\" itemscope itemtype=\"http:\/\/schema.org\/ImageObject\"> <a href=\"https:\/\/preprod.olympic.ca\/olympique\/wp-content\/uploads\/sites\/2\/2013\/01\/mexico-city-1968.jpg?quality=100&#038;strip\" border=\"0\" itemprop=\"url\"> <meta itemprop=\"width\" content=\"368\"> <meta itemprop=\"height\" content=\"463\"> <img decoding=\"async\" data-recalc-dims=\"1\" class=\"\" data-attachment-id=\"76258\" data-orig-file=\"https:\/\/preprod.olympic.ca\/olympique\/wp-content\/uploads\/sites\/2\/2013\/01\/mexico-city-1968.jpg?quality=100\" data-orig-size=\"2386,3000\" data-comments-opened=\"1\" data-image-meta=\"{&quot;aperture&quot;:&quot;0&quot;,&quot;credit&quot;:&quot;Canadian Olympic Committee&quot;,&quot;camera&quot;:&quot;&quot;,&quot;caption&quot;:&quot;Canada\\u0027s Elaine Tanner (back left) attends a medal ceremony at the 1968 Mexico City Olympics. (CP Photo\\\/COC)\\r\\n\\r\\nElaine Tanner du Canada participe \\u00e0 une c\\u00e9r\\u00e9monie de remise de m\\u00e9dailles aux Jeux olympiques de Mexico de 1968. (Photo PC\\\/AOC)&quot;,&quot;created_timestamp&quot;:&quot;-63158400&quot;,&quot;copyright&quot;:&quot;&quot;,&quot;focal_length&quot;:&quot;0&quot;,&quot;iso&quot;:&quot;0&quot;,&quot;shutter_speed&quot;:&quot;0&quot;,&quot;title&quot;:&quot;Tanner, Elaine&quot;}\" data-image-title=\"Elaine Tanner\" data-image-description=\"&lt;p&gt;Elaine Tanner du Canada participe \u00e0 une c\u00e9r\u00e9monie de remise de m\u00e9dailles aux Jeux olympiques de Mexico de 1968. (Photo PC\/AOC)&lt;\/p&gt; \" data-medium-file=\"https:\/\/preprod.olympic.ca\/olympique\/wp-content\/uploads\/sites\/2\/2013\/01\/mexico-city-1968.jpg?quality=100&#038;w=295\" data-large-file=\"https:\/\/preprod.olympic.ca\/olympique\/wp-content\/uploads\/sites\/2\/2013\/01\/mexico-city-1968.jpg?quality=100&#038;w=600\" src=\"https:\/\/preprod.olympic.ca\/olympique\/wp-content\/uploads\/sites\/2\/2013\/01\/mexico-city-1968.jpg?quality=100&#038;w=368&#038;h=463&#038;strip&#038;resize=368%2C463\" srcset=\"https:\/\/preprod.olympic.ca\/olympique\/wp-content\/uploads\/sites\/2\/2013\/01\/mexico-city-1968.jpg 2386w, https:\/\/preprod.olympic.ca\/olympique\/wp-content\/uploads\/sites\/2\/2013\/01\/mexico-city-1968.jpg?resize=126,158 126w, https:\/\/preprod.olympic.ca\/olympique\/wp-content\/uploads\/sites\/2\/2013\/01\/mexico-city-1968.jpg?resize=295,371 295w, https:\/\/preprod.olympic.ca\/olympique\/wp-content\/uploads\/sites\/2\/2013\/01\/mexico-city-1968.jpg?resize=768,966 768w, https:\/\/preprod.olympic.ca\/olympique\/wp-content\/uploads\/sites\/2\/2013\/01\/mexico-city-1968.jpg?resize=600,754 600w, https:\/\/preprod.olympic.ca\/olympique\/wp-content\/uploads\/sites\/2\/2013\/01\/mexico-city-1968.jpg?resize=1222,1536 1222w, https:\/\/preprod.olympic.ca\/olympique\/wp-content\/uploads\/sites\/2\/2013\/01\/mexico-city-1968.jpg?resize=1629,2048 1629w\" width=\"368\" height=\"463\" loading=\"lazy\" data-original-width=\"368\" data-original-height=\"463\" itemprop=\"http:\/\/schema.org\/image\" title=\"Elaine Tanner\" alt=\"Elaine Tanner\" style=\"width: 368px; height: 463px;\" \/> <\/a> <\/div> <\/div> <!-- close group --> <\/div> <!-- close row --> <div class=\"gallery-row\" style=\"width: 1360px; height: 297px;\" data-original-width=\"1360\" data-original-height=\"297\" > <div class=\"gallery-group images-1\" style=\"width: 210px; height: 297px;\" data-original-width=\"210\" data-original-height=\"297\" > <div class=\"tiled-gallery-item tiled-gallery-item-small\" itemprop=\"associatedMedia\" itemscope itemtype=\"http:\/\/schema.org\/ImageObject\"> <a href=\"https:\/\/preprod.olympic.ca\/olympique\/wp-content\/uploads\/sites\/2\/2013\/01\/swimming-womens-2.jpg?quality=100&#038;strip\" border=\"0\" itemprop=\"url\"> <meta itemprop=\"width\" content=\"206\"> <meta itemprop=\"height\" content=\"293\"> <img decoding=\"async\" data-recalc-dims=\"1\" class=\"\" data-attachment-id=\"76259\" data-orig-file=\"https:\/\/preprod.olympic.ca\/olympique\/wp-content\/uploads\/sites\/2\/2013\/01\/swimming-womens-2.jpg?quality=100\" data-orig-size=\"2113,3000\" data-comments-opened=\"1\" data-image-meta=\"{&quot;aperture&quot;:&quot;0&quot;,&quot;credit&quot;:&quot;Canadian Olympic Committee&quot;,&quot;camera&quot;:&quot;&quot;,&quot;caption&quot;:&quot;Elaine Tanner winner of two medals in the Women\\u0027s swimming event at the 1968 Olympic Games in Mexico City, Mexico. (CP PHOTO\\\/COC)&quot;,&quot;created_timestamp&quot;:&quot;-63158400&quot;,&quot;copyright&quot;:&quot;&quot;,&quot;focal_length&quot;:&quot;0&quot;,&quot;iso&quot;:&quot;0&quot;,&quot;shutter_speed&quot;:&quot;0&quot;,&quot;title&quot;:&quot;ELAINE TANNER&quot;}\" data-image-title=\"Elaine Tanner\" data-image-description=\"\" data-medium-file=\"https:\/\/preprod.olympic.ca\/olympique\/wp-content\/uploads\/sites\/2\/2013\/01\/swimming-womens-2.jpg?quality=100&#038;w=261\" data-large-file=\"https:\/\/preprod.olympic.ca\/olympique\/wp-content\/uploads\/sites\/2\/2013\/01\/swimming-womens-2.jpg?quality=100&#038;w=531\" src=\"https:\/\/preprod.olympic.ca\/olympique\/wp-content\/uploads\/sites\/2\/2013\/01\/swimming-womens-2.jpg?quality=100&#038;w=206&#038;h=293&#038;strip&#038;resize=206%2C293\" srcset=\"https:\/\/preprod.olympic.ca\/olympique\/wp-content\/uploads\/sites\/2\/2013\/01\/swimming-womens-2.jpg 2113w, https:\/\/preprod.olympic.ca\/olympique\/wp-content\/uploads\/sites\/2\/2013\/01\/swimming-womens-2.jpg?resize=111,158 111w, https:\/\/preprod.olympic.ca\/olympique\/wp-content\/uploads\/sites\/2\/2013\/01\/swimming-womens-2.jpg?resize=261,371 261w, https:\/\/preprod.olympic.ca\/olympique\/wp-content\/uploads\/sites\/2\/2013\/01\/swimming-womens-2.jpg?resize=768,1090 768w, https:\/\/preprod.olympic.ca\/olympique\/wp-content\/uploads\/sites\/2\/2013\/01\/swimming-womens-2.jpg?resize=531,754 531w, https:\/\/preprod.olympic.ca\/olympique\/wp-content\/uploads\/sites\/2\/2013\/01\/swimming-womens-2.jpg?resize=1082,1536 1082w, https:\/\/preprod.olympic.ca\/olympique\/wp-content\/uploads\/sites\/2\/2013\/01\/swimming-womens-2.jpg?resize=1442,2048 1442w\" width=\"206\" height=\"293\" loading=\"lazy\" data-original-width=\"206\" data-original-height=\"293\" itemprop=\"http:\/\/schema.org\/image\" title=\"Elaine Tanner\" alt=\"Elaine Tanner\" style=\"width: 206px; height: 293px;\" \/> <\/a> <\/div> <\/div> <!-- close group --> <div class=\"gallery-group images-1\" style=\"width: 526px; height: 297px;\" data-original-width=\"526\" data-original-height=\"297\" > <div class=\"tiled-gallery-item tiled-gallery-item-large\" itemprop=\"associatedMedia\" itemscope itemtype=\"http:\/\/schema.org\/ImageObject\"> <a href=\"https:\/\/preprod.olympic.ca\/olympique\/wp-content\/uploads\/sites\/2\/2013\/01\/swimming-womens-e1547486595921.jpg?quality=100&#038;strip\" border=\"0\" itemprop=\"url\"> <meta itemprop=\"width\" content=\"522\"> <meta itemprop=\"height\" content=\"293\"> <img decoding=\"async\" data-recalc-dims=\"1\" class=\"\" data-attachment-id=\"76261\" data-orig-file=\"https:\/\/preprod.olympic.ca\/olympique\/wp-content\/uploads\/sites\/2\/2013\/01\/swimming-womens-e1547486595921.jpg?quality=100\" data-orig-size=\"1000,562\" data-comments-opened=\"1\" data-image-meta=\"{&quot;aperture&quot;:&quot;0&quot;,&quot;credit&quot;:&quot;Canadian Press&quot;,&quot;camera&quot;:&quot;&quot;,&quot;caption&quot;:&quot;The Canadian 400-metre freestyle relay team are shown in an Oct. 26, 1968 photo displaying their bronze medals they won Saturday night with a third-place finish in the final of the Qlympic Games\\u0027event. From left are: Marion Lay, of Vancouver; Angela Coughlan, of Burlington, Ont.; Elaine Tanner, of Vancouver and Winnipeg; and Marilyn Corson, of Parry Sound, Ont. (CP PICTURE ARCHIVE\\\/STF)&quot;,&quot;created_timestamp&quot;:&quot;967825920&quot;,&quot;copyright&quot;:&quot;&quot;,&quot;focal_length&quot;:&quot;0&quot;,&quot;iso&quot;:&quot;0&quot;,&quot;shutter_speed&quot;:&quot;0&quot;,&quot;title&quot;:&quot;400-METRE FREESTYLE RELAY&quot;}\" data-image-title=\"(gauche \u00e0 droite) Marion Lay Angela Coughlan, Elaine Tanner et Marilyn Corson\" data-image-description=\"\" data-medium-file=\"https:\/\/preprod.olympic.ca\/olympique\/wp-content\/uploads\/sites\/2\/2013\/01\/swimming-womens-e1547486595921.jpg?quality=100&#038;w=660\" data-large-file=\"https:\/\/preprod.olympic.ca\/olympique\/wp-content\/uploads\/sites\/2\/2013\/01\/swimming-womens-e1547486595921.jpg?quality=100&#038;w=1000\" src=\"https:\/\/preprod.olympic.ca\/olympique\/wp-content\/uploads\/sites\/2\/2013\/01\/swimming-womens-e1547486595921.jpg?quality=100&#038;w=522&#038;h=293&#038;strip&#038;resize=522%2C293\" srcset=\"https:\/\/preprod.olympic.ca\/olympique\/wp-content\/uploads\/sites\/2\/2013\/01\/swimming-womens-e1547486595921.jpg 1000w, https:\/\/preprod.olympic.ca\/olympique\/wp-content\/uploads\/sites\/2\/2013\/01\/swimming-womens-e1547486595921.jpg?resize=280,158 280w, https:\/\/preprod.olympic.ca\/olympique\/wp-content\/uploads\/sites\/2\/2013\/01\/swimming-womens-e1547486595921.jpg?resize=660,371 660w, https:\/\/preprod.olympic.ca\/olympique\/wp-content\/uploads\/sites\/2\/2013\/01\/swimming-womens-e1547486595921.jpg?resize=768,432 768w\" width=\"522\" height=\"293\" loading=\"lazy\" data-original-width=\"522\" data-original-height=\"293\" itemprop=\"http:\/\/schema.org\/image\" title=\"(gauche \u00e0 droite) Marion Lay Angela Coughlan, Elaine Tanner et Marilyn Corson\" alt=\"(gauche \u00e0 droite) Marion Lay Angela Coughlan, Elaine Tanner et Marilyn Corson\" style=\"width: 522px; height: 293px;\" \/> <\/a> <\/div> <\/div> <!-- close group --> <div class=\"gallery-group images-1\" style=\"width: 208px; height: 297px;\" data-original-width=\"208\" data-original-height=\"297\" > <div class=\"tiled-gallery-item tiled-gallery-item-small\" itemprop=\"associatedMedia\" itemscope itemtype=\"http:\/\/schema.org\/ImageObject\"> <a href=\"https:\/\/preprod.olympic.ca\/olympique\/wp-content\/uploads\/sites\/2\/2013\/01\/boxing-mens-2.jpg?quality=100&#038;strip\" border=\"0\" itemprop=\"url\"> <meta itemprop=\"width\" content=\"204\"> <meta itemprop=\"height\" content=\"293\"> <img decoding=\"async\" data-recalc-dims=\"1\" class=\"\" data-attachment-id=\"76262\" data-orig-file=\"https:\/\/preprod.olympic.ca\/olympique\/wp-content\/uploads\/sites\/2\/2013\/01\/boxing-mens-2.jpg?quality=100\" data-orig-size=\"2087,3000\" data-comments-opened=\"1\" data-image-meta=\"{&quot;aperture&quot;:&quot;0&quot;,&quot;credit&quot;:&quot;Canadian Olympic Committee&quot;,&quot;camera&quot;:&quot;&quot;,&quot;caption&quot;:&quot;Canada\\u0027s Walter Henry participates in the boxing event at the 1968 Mexico City Olympics. (CP Photo\\\/COC)\\r\\n\\r\\nWalter Henry du Canada participe \\u00e0 la boxe aux Jeux olympiques de Mexico de 1968. (Photo PC\\\/AOC)&quot;,&quot;created_timestamp&quot;:&quot;-63158400&quot;,&quot;copyright&quot;:&quot;&quot;,&quot;focal_length&quot;:&quot;0&quot;,&quot;iso&quot;:&quot;0&quot;,&quot;shutter_speed&quot;:&quot;0&quot;,&quot;title&quot;:&quot;Henry, Walter&quot;}\" data-image-title=\"Walter Henry\" data-image-description=\"&lt;p&gt;Walter Henry du Canada participe \u00e0 la boxe aux Jeux olympiques de Mexico de 1968. (Photo PC\/AOC)&lt;\/p&gt; \" data-medium-file=\"https:\/\/preprod.olympic.ca\/olympique\/wp-content\/uploads\/sites\/2\/2013\/01\/boxing-mens-2.jpg?quality=100&#038;w=258\" data-large-file=\"https:\/\/preprod.olympic.ca\/olympique\/wp-content\/uploads\/sites\/2\/2013\/01\/boxing-mens-2.jpg?quality=100&#038;w=525\" src=\"https:\/\/preprod.olympic.ca\/olympique\/wp-content\/uploads\/sites\/2\/2013\/01\/boxing-mens-2.jpg?quality=100&#038;w=204&#038;h=293&#038;strip&#038;resize=204%2C293\" srcset=\"https:\/\/preprod.olympic.ca\/olympique\/wp-content\/uploads\/sites\/2\/2013\/01\/boxing-mens-2.jpg 2087w, https:\/\/preprod.olympic.ca\/olympique\/wp-content\/uploads\/sites\/2\/2013\/01\/boxing-mens-2.jpg?resize=110,158 110w, https:\/\/preprod.olympic.ca\/olympique\/wp-content\/uploads\/sites\/2\/2013\/01\/boxing-mens-2.jpg?resize=258,371 258w, https:\/\/preprod.olympic.ca\/olympique\/wp-content\/uploads\/sites\/2\/2013\/01\/boxing-mens-2.jpg?resize=768,1104 768w, https:\/\/preprod.olympic.ca\/olympique\/wp-content\/uploads\/sites\/2\/2013\/01\/boxing-mens-2.jpg?resize=525,754 525w, https:\/\/preprod.olympic.ca\/olympique\/wp-content\/uploads\/sites\/2\/2013\/01\/boxing-mens-2.jpg?resize=1069,1536 1069w, https:\/\/preprod.olympic.ca\/olympique\/wp-content\/uploads\/sites\/2\/2013\/01\/boxing-mens-2.jpg?resize=1425,2048 1425w\" width=\"204\" height=\"293\" loading=\"lazy\" data-original-width=\"204\" data-original-height=\"293\" itemprop=\"http:\/\/schema.org\/image\" title=\"Walter Henry\" alt=\"Walter Henry\" style=\"width: 204px; height: 293px;\" \/> <\/a> <\/div> <\/div> <!-- close group --> <div class=\"gallery-group images-1\" style=\"width: 208px; height: 297px;\" data-original-width=\"208\" data-original-height=\"297\" > <div class=\"tiled-gallery-item tiled-gallery-item-small\" itemprop=\"associatedMedia\" itemscope itemtype=\"http:\/\/schema.org\/ImageObject\"> <a href=\"https:\/\/preprod.olympic.ca\/olympique\/wp-content\/uploads\/sites\/2\/2013\/01\/boxing-mens-3.jpg?quality=100&#038;strip\" border=\"0\" itemprop=\"url\"> <meta itemprop=\"width\" content=\"204\"> <meta itemprop=\"height\" content=\"293\"> <img decoding=\"async\" data-recalc-dims=\"1\" class=\"\" data-attachment-id=\"76264\" data-orig-file=\"https:\/\/preprod.olympic.ca\/olympique\/wp-content\/uploads\/sites\/2\/2013\/01\/boxing-mens-3.jpg?quality=100\" data-orig-size=\"2087,3000\" data-comments-opened=\"1\" data-image-meta=\"{&quot;aperture&quot;:&quot;0&quot;,&quot;credit&quot;:&quot;Canadian Olympic Committee&quot;,&quot;camera&quot;:&quot;&quot;,&quot;caption&quot;:&quot;Canada\\u0027s Donato Paduano participates in the boxing event at the 1968 Mexico City Olympics. (CP Photo\\\/COC)\\r\\n\\r\\nDonato Paduano du Canada participe \\u00e0 la boxe aux Jeux olympiques de Mexico de 1968. (Photo PC\\\/AOC)&quot;,&quot;created_timestamp&quot;:&quot;-63158400&quot;,&quot;copyright&quot;:&quot;&quot;,&quot;focal_length&quot;:&quot;0&quot;,&quot;iso&quot;:&quot;0&quot;,&quot;shutter_speed&quot;:&quot;0&quot;,&quot;title&quot;:&quot;Paduano, Donato&quot;}\" data-image-title=\"Donato Paduano\" data-image-description=\"&lt;p&gt;Donato Paduano du Canada participe \u00e0 la boxe aux Jeux olympiques de Mexico de 1968. (Photo PC\/AOC)&lt;\/p&gt; \" data-medium-file=\"https:\/\/preprod.olympic.ca\/olympique\/wp-content\/uploads\/sites\/2\/2013\/01\/boxing-mens-3.jpg?quality=100&#038;w=258\" data-large-file=\"https:\/\/preprod.olympic.ca\/olympique\/wp-content\/uploads\/sites\/2\/2013\/01\/boxing-mens-3.jpg?quality=100&#038;w=525\" src=\"https:\/\/preprod.olympic.ca\/olympique\/wp-content\/uploads\/sites\/2\/2013\/01\/boxing-mens-3.jpg?quality=100&#038;w=204&#038;h=293&#038;strip&#038;resize=204%2C293\" srcset=\"https:\/\/preprod.olympic.ca\/olympique\/wp-content\/uploads\/sites\/2\/2013\/01\/boxing-mens-3.jpg 2087w, https:\/\/preprod.olympic.ca\/olympique\/wp-content\/uploads\/sites\/2\/2013\/01\/boxing-mens-3.jpg?resize=110,158 110w, https:\/\/preprod.olympic.ca\/olympique\/wp-content\/uploads\/sites\/2\/2013\/01\/boxing-mens-3.jpg?resize=258,371 258w, https:\/\/preprod.olympic.ca\/olympique\/wp-content\/uploads\/sites\/2\/2013\/01\/boxing-mens-3.jpg?resize=768,1104 768w, https:\/\/preprod.olympic.ca\/olympique\/wp-content\/uploads\/sites\/2\/2013\/01\/boxing-mens-3.jpg?resize=525,754 525w, https:\/\/preprod.olympic.ca\/olympique\/wp-content\/uploads\/sites\/2\/2013\/01\/boxing-mens-3.jpg?resize=1069,1536 1069w, https:\/\/preprod.olympic.ca\/olympique\/wp-content\/uploads\/sites\/2\/2013\/01\/boxing-mens-3.jpg?resize=1425,2048 1425w\" width=\"204\" height=\"293\" loading=\"lazy\" data-original-width=\"204\" data-original-height=\"293\" itemprop=\"http:\/\/schema.org\/image\" title=\"Donato Paduano\" alt=\"Donato Paduano\" style=\"width: 204px; height: 293px;\" \/> <\/a> <\/div> <\/div> <!-- close group --> <div class=\"gallery-group images-1\" style=\"width: 208px; height: 297px;\" data-original-width=\"208\" data-original-height=\"297\" > <div class=\"tiled-gallery-item tiled-gallery-item-small\" itemprop=\"associatedMedia\" itemscope itemtype=\"http:\/\/schema.org\/ImageObject\"> <a href=\"https:\/\/preprod.olympic.ca\/olympique\/wp-content\/uploads\/sites\/2\/2013\/01\/boxing-mens.jpg?quality=100&#038;strip\" border=\"0\" itemprop=\"url\"> <meta itemprop=\"width\" content=\"204\"> <meta itemprop=\"height\" content=\"293\"> <img decoding=\"async\" data-recalc-dims=\"1\" class=\"\" data-attachment-id=\"76266\" data-orig-file=\"https:\/\/preprod.olympic.ca\/olympique\/wp-content\/uploads\/sites\/2\/2013\/01\/boxing-mens.jpg?quality=100\" data-orig-size=\"2087,3000\" data-comments-opened=\"1\" data-image-meta=\"{&quot;aperture&quot;:&quot;0&quot;,&quot;credit&quot;:&quot;Canadian Olympic Committee&quot;,&quot;camera&quot;:&quot;&quot;,&quot;caption&quot;:&quot;Canada\\u0027s Dick Findlay participates in the boxing event at the 1968 Mexico City Olympics. (CP Photo\\\/COC)\\r\\n\\r\\nDick Findlay du Canada participe \\u00e0 la boxe aux Jeux olympiques de Mexico de 1968. (Photo PC\\\/AOC)&quot;,&quot;created_timestamp&quot;:&quot;-63158400&quot;,&quot;copyright&quot;:&quot;&quot;,&quot;focal_length&quot;:&quot;0&quot;,&quot;iso&quot;:&quot;0&quot;,&quot;shutter_speed&quot;:&quot;0&quot;,&quot;title&quot;:&quot;Findlay, Dick&quot;}\" data-image-title=\"Dick Findlay\" data-image-description=\"&lt;p&gt;Dick Findlay du Canada participe \u00e0 la boxe aux Jeux olympiques de Mexico de 1968. (Photo PC\/AOC)&lt;\/p&gt; \" data-medium-file=\"https:\/\/preprod.olympic.ca\/olympique\/wp-content\/uploads\/sites\/2\/2013\/01\/boxing-mens.jpg?quality=100&#038;w=258\" data-large-file=\"https:\/\/preprod.olympic.ca\/olympique\/wp-content\/uploads\/sites\/2\/2013\/01\/boxing-mens.jpg?quality=100&#038;w=525\" src=\"https:\/\/preprod.olympic.ca\/olympique\/wp-content\/uploads\/sites\/2\/2013\/01\/boxing-mens.jpg?quality=100&#038;w=204&#038;h=293&#038;strip&#038;resize=204%2C293\" srcset=\"https:\/\/preprod.olympic.ca\/olympique\/wp-content\/uploads\/sites\/2\/2013\/01\/boxing-mens.jpg 2087w, https:\/\/preprod.olympic.ca\/olympique\/wp-content\/uploads\/sites\/2\/2013\/01\/boxing-mens.jpg?resize=110,158 110w, https:\/\/preprod.olympic.ca\/olympique\/wp-content\/uploads\/sites\/2\/2013\/01\/boxing-mens.jpg?resize=258,371 258w, https:\/\/preprod.olympic.ca\/olympique\/wp-content\/uploads\/sites\/2\/2013\/01\/boxing-mens.jpg?resize=768,1104 768w, https:\/\/preprod.olympic.ca\/olympique\/wp-content\/uploads\/sites\/2\/2013\/01\/boxing-mens.jpg?resize=525,754 525w, https:\/\/preprod.olympic.ca\/olympique\/wp-content\/uploads\/sites\/2\/2013\/01\/boxing-mens.jpg?resize=1069,1536 1069w, https:\/\/preprod.olympic.ca\/olympique\/wp-content\/uploads\/sites\/2\/2013\/01\/boxing-mens.jpg?resize=1425,2048 1425w\" width=\"204\" height=\"293\" loading=\"lazy\" data-original-width=\"204\" data-original-height=\"293\" itemprop=\"http:\/\/schema.org\/image\" title=\"Dick Findlay\" alt=\"Dick Findlay\" style=\"width: 204px; height: 293px;\" \/> <\/a> <\/div> <\/div> <!-- close group --> <\/div> <!-- close row --> <div class=\"gallery-row\" style=\"width: 1360px; height: 655px;\" data-original-width=\"1360\" data-original-height=\"655\" > <div class=\"gallery-group images-1\" style=\"width: 457px; height: 655px;\" data-original-width=\"457\" data-original-height=\"655\" > <div class=\"tiled-gallery-item tiled-gallery-item-large\" itemprop=\"associatedMedia\" itemscope itemtype=\"http:\/\/schema.org\/ImageObject\"> <a href=\"https:\/\/preprod.olympic.ca\/olympique\/wp-content\/uploads\/sites\/2\/2013\/01\/boxing-mens1.jpg?quality=100&#038;strip\" border=\"0\" itemprop=\"url\"> <meta itemprop=\"width\" content=\"453\"> <meta itemprop=\"height\" content=\"651\"> <img decoding=\"async\" data-recalc-dims=\"1\" class=\"\" data-attachment-id=\"76267\" data-orig-file=\"https:\/\/preprod.olympic.ca\/olympique\/wp-content\/uploads\/sites\/2\/2013\/01\/boxing-mens1.jpg?quality=100\" data-orig-size=\"2087,3000\" data-comments-opened=\"1\" data-image-meta=\"{&quot;aperture&quot;:&quot;0&quot;,&quot;credit&quot;:&quot;Canadian Olympic Committee&quot;,&quot;camera&quot;:&quot;&quot;,&quot;caption&quot;:&quot;Canada\\u0027s Marvin Arneson participates in the boxing event at the 1968 Mexico City Olympics. (CP Photo\\\/COC)\\r\\n\\r\\nMarvin Arneson du Canada participe \\u00e0 la boxe aux Jeux olympiques de Mexico de 1968. (Photo PC\\\/AOC)&quot;,&quot;created_timestamp&quot;:&quot;-63158400&quot;,&quot;copyright&quot;:&quot;&quot;,&quot;focal_length&quot;:&quot;0&quot;,&quot;iso&quot;:&quot;0&quot;,&quot;shutter_speed&quot;:&quot;0&quot;,&quot;title&quot;:&quot;Arneson, Marvin&quot;}\" data-image-title=\"Marvin Arneson\" data-image-description=\"&lt;p&gt;Marvin Arneson du Canada participe \u00e0 la boxe aux Jeux olympiques de Mexico de 1968. (Photo PC\/AOC)&lt;\/p&gt; \" data-medium-file=\"https:\/\/preprod.olympic.ca\/olympique\/wp-content\/uploads\/sites\/2\/2013\/01\/boxing-mens1.jpg?quality=100&#038;w=258\" data-large-file=\"https:\/\/preprod.olympic.ca\/olympique\/wp-content\/uploads\/sites\/2\/2013\/01\/boxing-mens1.jpg?quality=100&#038;w=525\" src=\"https:\/\/preprod.olympic.ca\/olympique\/wp-content\/uploads\/sites\/2\/2013\/01\/boxing-mens1.jpg?quality=100&#038;w=453&#038;h=651&#038;strip&#038;resize=453%2C651\" srcset=\"https:\/\/preprod.olympic.ca\/olympique\/wp-content\/uploads\/sites\/2\/2013\/01\/boxing-mens1.jpg 2087w, https:\/\/preprod.olympic.ca\/olympique\/wp-content\/uploads\/sites\/2\/2013\/01\/boxing-mens1.jpg?resize=110,158 110w, https:\/\/preprod.olympic.ca\/olympique\/wp-content\/uploads\/sites\/2\/2013\/01\/boxing-mens1.jpg?resize=258,371 258w, https:\/\/preprod.olympic.ca\/olympique\/wp-content\/uploads\/sites\/2\/2013\/01\/boxing-mens1.jpg?resize=768,1104 768w, https:\/\/preprod.olympic.ca\/olympique\/wp-content\/uploads\/sites\/2\/2013\/01\/boxing-mens1.jpg?resize=525,754 525w, https:\/\/preprod.olympic.ca\/olympique\/wp-content\/uploads\/sites\/2\/2013\/01\/boxing-mens1.jpg?resize=1069,1536 1069w, https:\/\/preprod.olympic.ca\/olympique\/wp-content\/uploads\/sites\/2\/2013\/01\/boxing-mens1.jpg?resize=1425,2048 1425w\" width=\"453\" height=\"651\" loading=\"lazy\" data-original-width=\"453\" data-original-height=\"651\" itemprop=\"http:\/\/schema.org\/image\" title=\"Marvin Arneson\" alt=\"Marvin Arneson\" style=\"width: 453px; height: 651px;\" \/> <\/a> <\/div> <\/div> <!-- close group --> <div class=\"gallery-group images-1\" style=\"width: 903px; height: 655px;\" data-original-width=\"903\" data-original-height=\"655\" > <div class=\"tiled-gallery-item tiled-gallery-item-large\" itemprop=\"associatedMedia\" itemscope itemtype=\"http:\/\/schema.org\/ImageObject\"> <a href=\"https:\/\/preprod.olympic.ca\/olympique\/wp-content\/uploads\/sites\/2\/2013\/01\/equestrian-2.jpg?quality=100&#038;strip\" border=\"0\" itemprop=\"url\"> <meta itemprop=\"width\" content=\"899\"> <meta itemprop=\"height\" content=\"651\"> <img decoding=\"async\" data-recalc-dims=\"1\" class=\"\" data-attachment-id=\"76269\" data-orig-file=\"https:\/\/preprod.olympic.ca\/olympique\/wp-content\/uploads\/sites\/2\/2013\/01\/equestrian-2.jpg?quality=100\" data-orig-size=\"3000,2171\" data-comments-opened=\"1\" data-image-meta=\"{&quot;aperture&quot;:&quot;0&quot;,&quot;credit&quot;:&quot;Canadian Olympic Committee&quot;,&quot;camera&quot;:&quot;&quot;,&quot;caption&quot;:&quot;Canada\\u0027s Equestrian Team competes to a team gold medal performance in the obstacle course at the 1968 Mexico City Olympics. (CP Photo\\\/COC)\\r\\n\\r\\nLes cavaliers canadiens obtiennent l\\u0027or au saut d\\u0092obstacles par \\u00e9quipes aux Jeux olympiques de Mexico de 1968. (Photo PC\\\/AOC)&quot;,&quot;created_timestamp&quot;:&quot;-63158400&quot;,&quot;copyright&quot;:&quot;&quot;,&quot;focal_length&quot;:&quot;0&quot;,&quot;iso&quot;:&quot;0&quot;,&quot;shutter_speed&quot;:&quot;0&quot;,&quot;title&quot;:&quot;Equestrian Team&quot;}\" data-image-title=\"Les cavaliers canadiens\" data-image-description=\"&lt;p&gt;Les cavaliers canadiens obtiennent l&amp;rsquo;or au saut d\u0092obstacles par \u00e9quipes aux Jeux olympiques de Mexico de 1968. (Photo PC\/AOC)&lt;\/p&gt; \" data-medium-file=\"https:\/\/preprod.olympic.ca\/olympique\/wp-content\/uploads\/sites\/2\/2013\/01\/equestrian-2.jpg?quality=100&#038;w=513\" data-large-file=\"https:\/\/preprod.olympic.ca\/olympique\/wp-content\/uploads\/sites\/2\/2013\/01\/equestrian-2.jpg?quality=100&#038;w=1042\" src=\"https:\/\/preprod.olympic.ca\/olympique\/wp-content\/uploads\/sites\/2\/2013\/01\/equestrian-2.jpg?quality=100&#038;w=899&#038;h=651&#038;strip&#038;resize=899%2C651\" srcset=\"https:\/\/preprod.olympic.ca\/olympique\/wp-content\/uploads\/sites\/2\/2013\/01\/equestrian-2.jpg 3000w, https:\/\/preprod.olympic.ca\/olympique\/wp-content\/uploads\/sites\/2\/2013\/01\/equestrian-2.jpg?resize=218,158 218w, https:\/\/preprod.olympic.ca\/olympique\/wp-content\/uploads\/sites\/2\/2013\/01\/equestrian-2.jpg?resize=513,371 513w, https:\/\/preprod.olympic.ca\/olympique\/wp-content\/uploads\/sites\/2\/2013\/01\/equestrian-2.jpg?resize=768,556 768w, https:\/\/preprod.olympic.ca\/olympique\/wp-content\/uploads\/sites\/2\/2013\/01\/equestrian-2.jpg?resize=1042,754 1042w, https:\/\/preprod.olympic.ca\/olympique\/wp-content\/uploads\/sites\/2\/2013\/01\/equestrian-2.jpg?resize=1536,1112 1536w, https:\/\/preprod.olympic.ca\/olympique\/wp-content\/uploads\/sites\/2\/2013\/01\/equestrian-2.jpg?resize=2048,1482 2048w\" width=\"899\" height=\"651\" loading=\"lazy\" data-original-width=\"899\" data-original-height=\"651\" itemprop=\"http:\/\/schema.org\/image\" title=\"Les cavaliers canadiens\" alt=\"Les cavaliers canadiens\" style=\"width: 899px; height: 651px;\" \/> <\/a> <\/div> <\/div> <!-- close group --> <\/div> <!-- close row --> <\/div>\n","protected":false},"excerpt":{"rendered":"","protected":false},"featured_media":21134,"parent":0,"template":"","format":"gallery","categories":[],"tags":[],"sport":[],"game":[],"class_list":["post-4701","photos","type-photos","status-publish","format-gallery","has-post-thumbnail","hentry"],"acf":[],"yoast_head":"<!-- This site is optimized with the Yoast SEO plugin v27.3 - https:\/\/yoast.com\/product\/yoast-seo-wordpress\/ -->\n<title>Mexico 1968 - \u00c9quipe Canada | Site officiel de l&#039;\u00e9quipe olympique<\/title>\n<meta name=\"robots\" content=\"index, follow, max-snippet:-1, max-image-preview:large, max-video-preview:-1\" \/>\n<link rel=\"canonical\" href=\"https:\/\/preprod.olympic.ca\/olympique\/photos\/mexico-city-1968-2\/\" \/>\n<meta property=\"og:locale\" content=\"fr_FR\" \/>\n<meta property=\"og:type\" content=\"article\" \/>\n<meta property=\"og:title\" content=\"Mexico 1968 - \u00c9quipe Canada | Site officiel de l&#039;\u00e9quipe olympique\" \/>\n<meta property=\"og:url\" content=\"https:\/\/preprod.olympic.ca\/olympique\/photos\/mexico-city-1968-2\/\" \/>\n<meta property=\"og:site_name\" content=\"\u00c9quipe Canada | Site officiel de l&#039;\u00e9quipe olympique\" \/>\n<meta property=\"article:modified_time\" content=\"2013-08-01T01:06:06+00:00\" \/>\n<meta property=\"og:image\" content=\"https:\/\/preprod.olympic.ca\/olympique\/wp-content\/uploads\/sites\/2\/2011\/09\/1426758-16.jpg?quality=100\" \/>\n\t<meta property=\"og:image:width\" content=\"3000\" \/>\n\t<meta property=\"og:image:height\" content=\"2051\" \/>\n\t<meta property=\"og:image:type\" content=\"image\/jpeg\" \/>\n<meta name=\"twitter:card\" content=\"summary_large_image\" \/>\n<meta name=\"twitter:label1\" content=\"Written by\" \/>\n\t<meta name=\"twitter:data1\" content=\"cdnolympicteam\" \/>\n<script type=\"application\/ld+json\" class=\"yoast-schema-graph\">{\"@context\":\"https:\\\/\\\/schema.org\",\"@graph\":[{\"@type\":\"WebPage\",\"@id\":\"https:\\\/\\\/preprod.olympic.ca\\\/olympique\\\/photos\\\/mexico-city-1968-2\\\/\",\"url\":\"https:\\\/\\\/preprod.olympic.ca\\\/olympique\\\/photos\\\/mexico-city-1968-2\\\/\",\"name\":\"Mexico 1968 - \u00c9quipe Canada | Site officiel de l&#039;\u00e9quipe olympique\",\"isPartOf\":{\"@id\":\"https:\\\/\\\/preprod.olympic.ca\\\/olympique\\\/#website\"},\"primaryImageOfPage\":{\"@id\":\"https:\\\/\\\/preprod.olympic.ca\\\/olympique\\\/photos\\\/mexico-city-1968-2\\\/#primaryimage\"},\"image\":{\"@id\":\"https:\\\/\\\/preprod.olympic.ca\\\/olympique\\\/photos\\\/mexico-city-1968-2\\\/#primaryimage\"},\"thumbnailUrl\":\"https:\\\/\\\/preprod.olympic.ca\\\/olympique\\\/wp-content\\\/uploads\\\/sites\\\/2\\\/2011\\\/09\\\/1426758-16.jpg?quality=100\",\"datePublished\":\"2013-01-19T18:22:14+00:00\",\"dateModified\":\"2013-08-01T01:06:06+00:00\",\"breadcrumb\":{\"@id\":\"https:\\\/\\\/preprod.olympic.ca\\\/olympique\\\/photos\\\/mexico-city-1968-2\\\/#breadcrumb\"},\"inLanguage\":\"fr-FR\",\"potentialAction\":[{\"@type\":\"ReadAction\",\"target\":[\"https:\\\/\\\/preprod.olympic.ca\\\/olympique\\\/photos\\\/mexico-city-1968-2\\\/\"]}]},{\"@type\":\"ImageObject\",\"inLanguage\":\"fr-FR\",\"@id\":\"https:\\\/\\\/preprod.olympic.ca\\\/olympique\\\/photos\\\/mexico-city-1968-2\\\/#primaryimage\",\"url\":\"https:\\\/\\\/preprod.olympic.ca\\\/olympique\\\/wp-content\\\/uploads\\\/sites\\\/2\\\/2011\\\/09\\\/1426758-16.jpg?quality=100\",\"contentUrl\":\"https:\\\/\\\/preprod.olympic.ca\\\/olympique\\\/wp-content\\\/uploads\\\/sites\\\/2\\\/2011\\\/09\\\/1426758-16.jpg?quality=100\",\"width\":3000,\"height\":2051},{\"@type\":\"BreadcrumbList\",\"@id\":\"https:\\\/\\\/preprod.olympic.ca\\\/olympique\\\/photos\\\/mexico-city-1968-2\\\/#breadcrumb\",\"itemListElement\":[{\"@type\":\"ListItem\",\"position\":1,\"name\":\"Album photo\",\"item\":\"https:\\\/\\\/preprod.olympic.ca\\\/olympique\\\/photos\\\/\"},{\"@type\":\"ListItem\",\"position\":2,\"name\":\"Mexico 1968\"}]},{\"@type\":\"WebSite\",\"@id\":\"https:\\\/\\\/preprod.olympic.ca\\\/olympique\\\/#website\",\"url\":\"https:\\\/\\\/preprod.olympic.ca\\\/olympique\\\/\",\"name\":\"\u00c9quipe Canada | Site officiel de l&#039;\u00e9quipe olympique\",\"description\":\"Votre source pour l\u2019\u00c9quipe olympique canadienne. Retrouvez les r\u00e9cits, vid\u00e9os et photos des athl\u00e8tes canadiens, sports olympiques, Jeux olympiques de 2020 et bien plus!\",\"potentialAction\":[{\"@type\":\"SearchAction\",\"target\":{\"@type\":\"EntryPoint\",\"urlTemplate\":\"https:\\\/\\\/preprod.olympic.ca\\\/olympique\\\/?s={search_term_string}\"},\"query-input\":{\"@type\":\"PropertyValueSpecification\",\"valueRequired\":true,\"valueName\":\"search_term_string\"}}],\"inLanguage\":\"fr-FR\"}]}<\/script>\n<!-- \/ Yoast SEO plugin. -->","yoast_head_json":{"title":"Mexico 1968 - \u00c9quipe Canada | Site officiel de l&#039;\u00e9quipe olympique","robots":{"index":"index","follow":"follow","max-snippet":"max-snippet:-1","max-image-preview":"max-image-preview:large","max-video-preview":"max-video-preview:-1"},"canonical":"https:\/\/preprod.olympic.ca\/olympique\/photos\/mexico-city-1968-2\/","og_locale":"fr_FR","og_type":"article","og_title":"Mexico 1968 - \u00c9quipe Canada | Site officiel de l&#039;\u00e9quipe olympique","og_url":"https:\/\/preprod.olympic.ca\/olympique\/photos\/mexico-city-1968-2\/","og_site_name":"\u00c9quipe Canada | Site officiel de l&#039;\u00e9quipe olympique","article_modified_time":"2013-08-01T01:06:06+00:00","og_image":[{"width":3000,"height":2051,"url":"https:\/\/preprod.olympic.ca\/olympique\/wp-content\/uploads\/sites\/2\/2011\/09\/1426758-16.jpg?quality=100","type":"image\/jpeg"}],"twitter_card":"summary_large_image","twitter_misc":{"Written by":"cdnolympicteam"},"schema":{"@context":"https:\/\/schema.org","@graph":[{"@type":"WebPage","@id":"https:\/\/preprod.olympic.ca\/olympique\/photos\/mexico-city-1968-2\/","url":"https:\/\/preprod.olympic.ca\/olympique\/photos\/mexico-city-1968-2\/","name":"Mexico 1968 - \u00c9quipe Canada | Site officiel de l&#039;\u00e9quipe olympique","isPartOf":{"@id":"https:\/\/preprod.olympic.ca\/olympique\/#website"},"primaryImageOfPage":{"@id":"https:\/\/preprod.olympic.ca\/olympique\/photos\/mexico-city-1968-2\/#primaryimage"},"image":{"@id":"https:\/\/preprod.olympic.ca\/olympique\/photos\/mexico-city-1968-2\/#primaryimage"},"thumbnailUrl":"https:\/\/preprod.olympic.ca\/olympique\/wp-content\/uploads\/sites\/2\/2011\/09\/1426758-16.jpg?quality=100","datePublished":"2013-01-19T18:22:14+00:00","dateModified":"2013-08-01T01:06:06+00:00","breadcrumb":{"@id":"https:\/\/preprod.olympic.ca\/olympique\/photos\/mexico-city-1968-2\/#breadcrumb"},"inLanguage":"fr-FR","potentialAction":[{"@type":"ReadAction","target":["https:\/\/preprod.olympic.ca\/olympique\/photos\/mexico-city-1968-2\/"]}]},{"@type":"ImageObject","inLanguage":"fr-FR","@id":"https:\/\/preprod.olympic.ca\/olympique\/photos\/mexico-city-1968-2\/#primaryimage","url":"https:\/\/preprod.olympic.ca\/olympique\/wp-content\/uploads\/sites\/2\/2011\/09\/1426758-16.jpg?quality=100","contentUrl":"https:\/\/preprod.olympic.ca\/olympique\/wp-content\/uploads\/sites\/2\/2011\/09\/1426758-16.jpg?quality=100","width":3000,"height":2051},{"@type":"BreadcrumbList","@id":"https:\/\/preprod.olympic.ca\/olympique\/photos\/mexico-city-1968-2\/#breadcrumb","itemListElement":[{"@type":"ListItem","position":1,"name":"Album photo","item":"https:\/\/preprod.olympic.ca\/olympique\/photos\/"},{"@type":"ListItem","position":2,"name":"Mexico 1968"}]},{"@type":"WebSite","@id":"https:\/\/preprod.olympic.ca\/olympique\/#website","url":"https:\/\/preprod.olympic.ca\/olympique\/","name":"\u00c9quipe Canada | Site officiel de l&#039;\u00e9quipe olympique","description":"Votre source pour l\u2019\u00c9quipe olympique canadienne. Retrouvez les r\u00e9cits, vid\u00e9os et photos des athl\u00e8tes canadiens, sports olympiques, Jeux olympiques de 2020 et bien plus!","potentialAction":[{"@type":"SearchAction","target":{"@type":"EntryPoint","urlTemplate":"https:\/\/preprod.olympic.ca\/olympique\/?s={search_term_string}"},"query-input":{"@type":"PropertyValueSpecification","valueRequired":true,"valueName":"search_term_string"}}],"inLanguage":"fr-FR"}]}},"featured_image_url":"https:\/\/preprod.olympic.ca\/olympique\/wp-content\/uploads\/sites\/2\/2011\/09\/1426758-16.jpg?quality=100","category_names":[],"tag_names":[],"sport_names":[],"game_names":[],"jetpack_sharing_enabled":true,"_links":{"self":[{"href":"https:\/\/preprod.olympic.ca\/olympique\/wp-json\/wp\/v2\/photos\/4701","targetHints":{"allow":["GET"]}}],"collection":[{"href":"https:\/\/preprod.olympic.ca\/olympique\/wp-json\/wp\/v2\/photos"}],"about":[{"href":"https:\/\/preprod.olympic.ca\/olympique\/wp-json\/wp\/v2\/types\/photos"}],"wp:featuredmedia":[{"embeddable":true,"href":"https:\/\/preprod.olympic.ca\/olympique\/wp-json\/wp\/v2\/media\/21134"}],"wp:attachment":[{"href":"https:\/\/preprod.olympic.ca\/olympique\/wp-json\/wp\/v2\/media?parent=4701"}],"wp:term":[{"taxonomy":"category","embeddable":true,"href":"https:\/\/preprod.olympic.ca\/olympique\/wp-json\/wp\/v2\/categories?post=4701"},{"taxonomy":"post_tag","embeddable":true,"href":"https:\/\/preprod.olympic.ca\/olympique\/wp-json\/wp\/v2\/tags?post=4701"},{"taxonomy":"sport","embeddable":true,"href":"https:\/\/preprod.olympic.ca\/olympique\/wp-json\/wp\/v2\/sport?post=4701"},{"taxonomy":"game","embeddable":true,"href":"https:\/\/preprod.olympic.ca\/olympique\/wp-json\/wp\/v2\/game?post=4701"}],"curies":[{"name":"wp","href":"https:\/\/api.w.org\/{rel}","templated":true}]}}